{"id":25,"date":"2017-09-19T08:50:28","date_gmt":"2017-09-19T07:50:28","guid":{"rendered":"http:\/\/www.teatregoya.cat\/?page_id=25"},"modified":"2025-08-22T12:22:32","modified_gmt":"2025-08-22T10:22:32","slug":"el-teatro","status":"publish","type":"page","link":"https:\/\/www.teatregoya.cat\/es\/el-teatro\/","title":{"rendered":"El teatro"},"content":{"rendered":"\n<div class=\"wp-block-cover alignfull has-custom-content-position is-position-bottom-left hero hero_01\" style=\"min-height:500px;aspect-ratio:unset;\"><img loading=\"lazy\" decoding=\"async\" width=\"2048\" height=\"1363\" class=\"wp-block-cover__image-background wp-image-4078\" alt=\"\" src=\"https:\/\/www.teatregoya.cat\/wp-content\/uploads\/sites\/4\/2025\/02\/32_Teatre-Goya_\u00a9StudioRuano_240605-6334_w.jpg\" style=\"object-position:53% 67%\" data-object-fit=\"cover\" data-object-position=\"53% 67%\" srcset=\"https:\/\/www.teatregoya.cat\/wp-content\/uploads\/sites\/4\/2025\/02\/32_Teatre-Goya_\u00a9StudioRuano_240605-6334_w.jpg 2048w, https:\/\/www.teatregoya.cat\/wp-content\/uploads\/sites\/4\/2025\/02\/32_Teatre-Goya_\u00a9StudioRuano_240605-6334_w-300x200.jpg 300w, https:\/\/www.teatregoya.cat\/wp-content\/uploads\/sites\/4\/2025\/02\/32_Teatre-Goya_\u00a9StudioRuano_240605-6334_w-1124x748.jpg 1124w, https:\/\/www.teatregoya.cat\/wp-content\/uploads\/sites\/4\/2025\/02\/32_Teatre-Goya_\u00a9StudioRuano_240605-6334_w-800x532.jpg 800w, https:\/\/www.teatregoya.cat\/wp-content\/uploads\/sites\/4\/2025\/02\/32_Teatre-Goya_\u00a9StudioRuano_240605-6334_w-1536x1022.jpg 1536w, https:\/\/www.teatregoya.cat\/wp-content\/uploads\/sites\/4\/2025\/02\/32_Teatre-Goya_\u00a9StudioRuano_240605-6334_w-1500x998.jpg 1500w\" sizes=\"auto, (max-width: 2048px) 100vw, 2048px\" \/><span aria-hidden=\"true\" class=\"wp-block-cover__background has-background-dim-40 has-background-dim wp-block-cover__gradient-background has-background-gradient has-diagonal-secondary-gradient-gradient-background\" style=\"background-color:#3f3935\"><\/span><div class=\"wp-block-cover__inner-container is-layout-flow wp-block-cover-is-layout-flow\"><h1 style=\"text-transform:uppercase;\" class=\"has-text-align-center wp-block-post-title has-text-color has-background-color has-huge-font-size\">El teatro<\/h1><\/div><\/div>\n\n\n\n<div class=\"internal-nav-container\">\n\n<div data-sticky-container class=\" internal-nav \">  \n        <div class=\"sticky\" data-sticky data-top-anchor=\"intro:top\" data-btm-anchor=\"footer:bottom:bottom\" data-sticky-on=\"small\" data-margin-top=\"5\">\n\n\n\n<div id=\"internal-nav-block_043cc110c869ae8a76e1f8608c2af6d0\" class=\"row expanded\">\n  <div class=\"columns \">          \n\n                <nav class=\"internal-nav right hide-on-init\" role=\"complementary\"><ul class=\"menu\" data-magellan data-offset=\"140\"><li class=\"menu-text\"><svg class=\"icon tiny\" viewBox=\"0 0 60 60\"><use xlink:href=\"#arrow-down-45\"><\/use><\/svg>                        <\/li><li><a href=\"#historia\">Historia<\/a><\/li><li><a href=\"#gransteatrerus\">Grans Teatrerus<\/a><\/li><li><a href=\"#espais\">Espacios<\/a><\/li><li><a href=\"#oficina\">Oficina t\u00e9cnica<\/a><\/li><li><a href=\"#patrocinadors\">Patrocinadores<\/a><\/li><li><a href=\"#accessibilitat\">Accesibilidad<\/a><\/li><li><a href=\"#sostenibilidad\">Sostenibilidad<\/a><\/li><li><a href=\"#contacte\">Contacto<\/a><\/li><button id=\"internal-nav_close\" class=\"show-for-small-only\"><svg class=\"icon small white\" viewBox=\"0 0 60 60\"><use xlink:href=\"#chevron-down\"><\/use><\/svg><\/button><\/ul><\/nav>                \n            \n        \n  \n\n<\/div>\n<\/div>\n\n  <\/div> <!-- sticky -->\n<\/div> <!-- data-sticky-container -->\n\n<\/div> <!-- internal-nav-container -->\n\n\n<div id=\"intro\" class=\"wp-block-group block-section is-content-justification-center is-nowrap is-layout-flex wp-container-core-group-is-layout-23441af8 wp-block-group-is-layout-flex\">\n<div class=\"wp-block-columns is-layout-flex wp-container-core-columns-is-layout-28f84493 wp-block-columns-is-layout-flex\">\n<div class=\"wp-block-column is-layout-constrained wp-container-core-column-is-layout-6ec501fb wp-block-column-is-layout-constrained\">\n<p class=\"has-text-align-center has-medium-font-size\" id=\"intro\">Obras contempor\u00e1neas, con la complicidad de reconocidos artistas del \u00e1mbito nacional y\ninternacional, y con una l\u00ednea de programaci\u00f3n b\u00e1sicamente en catal\u00e1n.<\/p>\n<\/div>\n<\/div>\n<\/div>\n\n\n\n<div id=\"historia\" class=\"wp-block-group block-section is-layout-constrained wp-container-core-group-is-layout-287b5a18 wp-block-group-is-layout-constrained\">\n<h2 class=\"wp-block-heading has-primary-color has-text-color has-xx-large-font-size\" style=\"text-transform:uppercase\">Historia<\/h2>\n\n\n\n<p>Fundado el 1914, el <strong>Teatro Goya<\/strong> no empieza su actividad teatral hasta el 1916. Desde entonces ha sido un espacio representativo de la ciudad de Barcelona. Adem\u00e1s de ejercer como sede del Centro Aragon\u00e9s de Barcelona, como teatro ha acogido primeras figuras de la escena, de la categor\u00eda de Margarita Xirgu.<\/p>\n\n\n\n<p>En la \u00faltima \u00e9poca, por el Goya han pasado grandes \u00e9xitos de la cartelera barcelonesa como los protagonizados por Paco Mor\u00e1n, las hermanas Guti\u00e9rrez Caba, Nuria Espert, Maria Jes\u00fas Vald\u00e9s, \u00c0ngels Gonyalons, Pepe Rubianes y un largo etc\u00e9tera de grandes profesionales.<\/p>\n\n\n\n<p>La voluntad del Grup Focus de no permitir que se pierdan los centros emblem\u00e1ticos de creaci\u00f3n y difusi\u00f3n de la ciudad, le ha llevado a luchar por la recuperaci\u00f3n del <strong>Teatro Goya<\/strong>, un espacio con una fuerte personalidad que en 2004 tuvo que cerrar su actividad y que estuvo a punto de desaparecer. Bajo gesti\u00f3n del Grup Focus a partir de 2008, el Goya basa su programaci\u00f3n en un repertorio abierto y equilibrado, haciendo especial \u00e9nfasis en la producci\u00f3n propia y la colaboraci\u00f3n entre artistas, compa\u00f1\u00edas e instituciones p\u00fablicas y privadas.<\/p>\n\n\n\n<p>Bajo la direcci\u00f3n art\u00edstica de Josep Maria Pou, desde 2008 hasta el 2019, el <strong>Teatro Goya<\/strong> ha producido y exhibido principalmente piezas teatrales de grandes autores del siglo XX y obras contempor\u00e1neas, con la complicidad de reconocidos artistas del \u00e1mbito nacional, estatal o mundial y con una l\u00ednea de programaci\u00f3n b\u00e1sicamente en catal\u00e1n.<\/p>\n\n\n\n<p>Este espacio colabora desde hace a\u00f1os con festivales como Griego Festival de Barcelona, Temporada Alta o Festival de Teatro Cl\u00e1sico de M\u00e9rida. En esta etapa contamos con obras de la autor\u00eda m\u00e1s reconocida e int\u00e9rpretes de la talla de Emma Vilarasau, Joel Joan, M\u00edriam Iscla, Nuria Espert, Francesc Orella, \u00c0ngels Gonyalons, Pere Arquillu\u00e9, Merc\u00e8 Ar\u00e0nega, y el mismo Josep Maria Pou, entre otros.<\/p>\n\n\n\n<p>El&nbsp;<strong>Teatre&nbsp;Goya<\/strong>&nbsp;recibe el apoyo de las siguientes instituciones: Generalitat de Catalunya (Departamento de Cultura), ICEC (Instituto Catal\u00e1n de las Empresas Culturales), Ayuntamiento de Barcelona (Instituto de Cultura), INAEM (Gobierno de Espa\u00f1a, Ministerio de&nbsp;Cultura), Uni\u00f3n Europea (Fondo Europeo Next Generation; Plan de Recuperaci\u00f3n, Transformaci\u00f3n y Resiliencia), Next Generation Catalu\u00f1a.<\/p>\n<\/div>\n\n\n\n<div id=\"gransteatrerus\" class=\"wp-block-group block-section is-layout-constrained wp-block-group-is-layout-constrained\">\n<h2 class=\"wp-block-heading has-primary-color has-text-color has-xx-large-font-size\" style=\"text-transform:uppercase\">grans teatrerus<\/h2>\n\n\n\n<p>Proyecto social del Grup Focus que pretende contribuir a combatir la soledad no voluntaria entre las personas mayores y propiciar el envejecimiento activo a trav\u00e9s del teatro y de la cultura.<\/p>\n\n\n\n<p>Queremos recuperar como espectadores a nuestros \u00abgrandes teatreros\u00bb que, por motivos diversos, han dejado de ser p\u00fablicos de teatro, a trav\u00e9s de v\u00ednculos intergeneracionales con j\u00f3venes, con los que compartir su pasi\u00f3n y conocimiento por las artes esc\u00e9nicas.<\/p>\n\n\n\n<p>Durante la temporada 2023-24 se desarrollar\u00e1 una prueba piloto con vecinas y vecinos del barrio del Raval de Barcelona, vinculada al Teatro Romea y al Teatro Goya.<\/p>\n\n\n\n\n<a href=\"https:\/\/www.focus.cat\/es\/grans-teatrerus\/\" target=\"_blank\" id=\"button-block_16fbbbb9c456fbbc7769aae1ed2ac55f\" class=\"button alignright default default default\">\nM\u00e1s informaci\u00f3n\n\n<\/a><\/div>\n\n\n\n<div id=\"espais\" class=\"wp-block-group block-section is-layout-constrained wp-container-core-group-is-layout-59711a16 wp-block-group-is-layout-constrained\" style=\"padding-top:var(--wp--preset--spacing--80)\">\n<h2 class=\"wp-block-heading has-primary-color has-text-color has-xx-large-font-size\" style=\"text-transform:uppercase\">Espacios<\/h2>\n\n\n\n<div class=\"wp-block-group is-content-justification-left is-layout-constrained wp-container-core-group-is-layout-0e0a5664 wp-block-group-is-layout-constrained\">\n<p class=\"has-medium-font-size\">Las puertas del Teatro Goya est\u00e1n abiertas al desarrollo de acontecimientos empresariales, culturales o promocionales que busquen un entorno singular y con valor a\u00f1adido.<\/p>\n\n\n\n<div class=\"wp-block-group alignfull no-mobile-lateral-padding is-layout-flow wp-container-core-group-is-layout-b3ce9772 wp-block-group-is-layout-flow\" style=\"padding-top:0;padding-right:0;padding-bottom:0;padding-left:0\">\n<div class=\"wp-block-media-text alignwide has-media-on-the-right is-stacked-on-mobile is-vertically-aligned-center\" style=\"grid-template-columns:auto 49%\"><div class=\"wp-block-media-text__content\">\n<h2 class=\"wp-block-heading has-large-font-size\" id=\"fusce-porttitor-a-mi-at-suscipit-facilisis-dolo\"><strong>Caracter\u00edsticas<\/strong><\/h2>\n\n\n\n<p><strong>Aforo<\/strong>\nTotal: 520\n\n<strong>Relaci\u00f3n p\u00fablico\/escena:<\/strong>\nTeatro con distribuci\u00f3n de tipo \u00abitaliana\u00bb<\/p>\n\n\n\n<p><strong>\u00daltima reforma<\/strong>\nA\u00f1o 2008<\/p>\n\n\n\n<p><strong>Arquitecto<\/strong>\nBarnadas Arquitectura<\/p>\n<\/div><figure class=\"wp-block-media-text__media\"><img loading=\"lazy\" decoding=\"async\" width=\"1124\" height=\"748\" src=\"https:\/\/www.teatregoya.cat\/wp-content\/uploads\/sites\/4\/2025\/02\/25_Teatre-Goya_\u00a9StudioRuano_240605-6313_w-1124x748.jpg\" alt=\"\" class=\"wp-image-4074 size-full\" srcset=\"https:\/\/www.teatregoya.cat\/wp-content\/uploads\/sites\/4\/2025\/02\/25_Teatre-Goya_\u00a9StudioRuano_240605-6313_w-1124x748.jpg 1124w, https:\/\/www.teatregoya.cat\/wp-content\/uploads\/sites\/4\/2025\/02\/25_Teatre-Goya_\u00a9StudioRuano_240605-6313_w-300x200.jpg 300w, https:\/\/www.teatregoya.cat\/wp-content\/uploads\/sites\/4\/2025\/02\/25_Teatre-Goya_\u00a9StudioRuano_240605-6313_w-800x532.jpg 800w, https:\/\/www.teatregoya.cat\/wp-content\/uploads\/sites\/4\/2025\/02\/25_Teatre-Goya_\u00a9StudioRuano_240605-6313_w-1536x1022.jpg 1536w, https:\/\/www.teatregoya.cat\/wp-content\/uploads\/sites\/4\/2025\/02\/25_Teatre-Goya_\u00a9StudioRuano_240605-6313_w-1500x998.jpg 1500w, https:\/\/www.teatregoya.cat\/wp-content\/uploads\/sites\/4\/2025\/02\/25_Teatre-Goya_\u00a9StudioRuano_240605-6313_w.jpg 2048w\" sizes=\"auto, (max-width: 1124px) 100vw, 1124px\" \/><\/figure><\/div>\n\n\n\n<div class=\"wp-block-media-text alignwide is-stacked-on-mobile is-vertically-aligned-center\" style=\"grid-template-columns:49% auto\"><figure class=\"wp-block-media-text__media\"><img loading=\"lazy\" decoding=\"async\" width=\"1124\" height=\"748\" src=\"https:\/\/www.teatregoya.cat\/wp-content\/uploads\/sites\/4\/2025\/02\/26_Teatre-Goya_\u00a9StudioRuano_240605-6319_w-1124x748.jpg\" alt=\"\" class=\"wp-image-4076 size-full\" srcset=\"https:\/\/www.teatregoya.cat\/wp-content\/uploads\/sites\/4\/2025\/02\/26_Teatre-Goya_\u00a9StudioRuano_240605-6319_w-1124x748.jpg 1124w, https:\/\/www.teatregoya.cat\/wp-content\/uploads\/sites\/4\/2025\/02\/26_Teatre-Goya_\u00a9StudioRuano_240605-6319_w-300x200.jpg 300w, https:\/\/www.teatregoya.cat\/wp-content\/uploads\/sites\/4\/2025\/02\/26_Teatre-Goya_\u00a9StudioRuano_240605-6319_w-800x532.jpg 800w, https:\/\/www.teatregoya.cat\/wp-content\/uploads\/sites\/4\/2025\/02\/26_Teatre-Goya_\u00a9StudioRuano_240605-6319_w-1536x1022.jpg 1536w, https:\/\/www.teatregoya.cat\/wp-content\/uploads\/sites\/4\/2025\/02\/26_Teatre-Goya_\u00a9StudioRuano_240605-6319_w-1500x998.jpg 1500w, https:\/\/www.teatregoya.cat\/wp-content\/uploads\/sites\/4\/2025\/02\/26_Teatre-Goya_\u00a9StudioRuano_240605-6319_w.jpg 2048w\" sizes=\"auto, (max-width: 1124px) 100vw, 1124px\" \/><\/figure><div class=\"wp-block-media-text__content\">\n<h2 class=\"wp-block-heading has-large-font-size\" id=\"fusce-porttitor-a-mi-at-suscipit-facilisis-dolo\">Dimensiones de la sala<\/h2>\n\n\n\n<p>Ancho m\u00e1ximo: 18,20m\n\nProfundidad desde boca: 22,50m\n\nAltura m\u00e1xima platea: 7,25m\n\nAltura m\u00e1xima lonja: 3,35m<\/p>\n\n\n\n<h2 class=\"wp-block-heading has-large-font-size\" id=\"fusce-porttitor-a-mi-at-suscipit-facilisis-dolo\"><strong>Alquiler del espacio<\/strong><\/h2>\n\n\n\n<p>Para recibir m\u00e1s informaci\u00f3n sobre las caracter\u00edsticas del espacio, la disponibilidad de fechas y las tarifas de alquiler pod\u00e9is contactar con:<\/p>\n\n\n\n<p><strong>Isabel Garc\u00eda<\/strong> <br>Tel. 93 309 75 38 <br><a href=\"mailto:igarcia@focus.cat\">igarcia@focus.cat<\/a><\/p>\n<\/div><\/div>\n\n\n\n<div class=\"wp-block-media-text alignwide has-media-on-the-right is-stacked-on-mobile is-vertically-aligned-center\" style=\"grid-template-columns:auto 49%\"><div class=\"wp-block-media-text__content\">\n<h2 class=\"wp-block-heading has-large-font-size\" id=\"fusce-porttitor-a-mi-at-suscipit-facilisis-dolo\">Servicios<\/h2>\n\n\n\n<p><strong>Cafeter\u00eda<\/strong><\/p>\n\n\n\n<p>El Teatro Goya dispone de servicio de cafeter\u00eda con acceso directo desde el vest\u00edbulo del teatro. La cafeter\u00eda permanecer\u00e1 abierta desde una hora antes del comienzo de la representaci\u00f3n hasta el inicio del espect\u00e1culo.<\/p>\n<\/div><figure class=\"wp-block-media-text__media\"><img loading=\"lazy\" decoding=\"async\" width=\"741\" height=\"360\" src=\"https:\/\/www.teatregoya.cat\/wp-content\/uploads\/sites\/4\/2023\/05\/TEATRE-GOYA-IMAGEN5-1.png\" alt=\"\" class=\"wp-image-3279 size-full\" srcset=\"https:\/\/www.teatregoya.cat\/wp-content\/uploads\/sites\/4\/2023\/05\/TEATRE-GOYA-IMAGEN5-1.png 741w, https:\/\/www.teatregoya.cat\/wp-content\/uploads\/sites\/4\/2023\/05\/TEATRE-GOYA-IMAGEN5-1-300x146.png 300w\" sizes=\"auto, (max-width: 741px) 100vw, 741px\" \/><\/figure><\/div>\n<\/div>\n<\/div>\n<\/div>\n\n\n\n<div id=\"oficina\" class=\"wp-block-group block-section is-layout-constrained wp-container-core-group-is-layout-9da16794 wp-block-group-is-layout-constrained\">\n<h2 class=\"wp-block-heading has-primary-color has-text-color has-xx-large-font-size\" style=\"text-transform:uppercase\">Oficina t\u00e9cnica<\/h2>\n\n\n\n<div class=\"wp-block-columns is-layout-flex wp-container-core-columns-is-layout-c4788e2e wp-block-columns-is-layout-flex\">\n<div class=\"wp-block-column is-layout-flow wp-block-column-is-layout-flow\">\n<p class=\"has-medium-font-size\">Si necesit\u00e1is informaci\u00f3n sobre las caracter\u00edsticas t\u00e9cnicas del Teatro Goya pod\u00e9is poneros en contacto con la oficina t\u00e9cnica:<\/p>\n\n\n\n<div class=\"wp-block-group is-vertical is-layout-flex wp-container-core-group-is-layout-187baabe wp-block-group-is-layout-flex\">\n\n<a href=\"tel:933015504\" target=\"_self\" id=\"button-block_abf65a7cbc7ef0b68aff2e463a105061\" class=\"button black default hollow add-icon-on-left\">\n93 343 53 23<svg class=\"icon\" viewBox=\"0 0 60 60\"><use xlink:href=\"#phone\"><\/use><\/svg>\n\n<\/a>\n\n\n\n<a href=\"https:\/\/www.teatregoya.cat\/wp-content\/uploads\/sites\/4\/2024\/02\/GOYA_dosier-tecnico-2024CAST.pdf\" target=\"_self\" id=\"button-block_de8001cb5d074e180ed9876edc61793e\" class=\"button black default default add-icon-on-left\">\nDescargar ficha t\u00e9cnica<svg class=\"icon\" viewBox=\"0 0 60 60\"><use xlink:href=\"#download\"><\/use><\/svg>\n\n<\/a><\/div>\n<\/div>\n\n\n\n<div class=\"wp-block-column is-layout-flow wp-block-column-is-layout-flow\">\n<div class=\"wp-block-group is-layout-constrained wp-container-core-group-is-layout-7fca5b48 wp-block-group-is-layout-constrained\">\n<h3 class=\"wp-block-heading\"> Director de la oficina t\u00e9cnica<\/h3>\n\n\n\n<p>Moi Cuenca <br><a href=\"mailto:mcuenca@focus.cat\">mcuenca@focus.cat<\/a> <br>Tel. 93 309 75 38<\/p>\n<\/div>\n\n\n\n<div class=\"wp-block-group is-layout-constrained wp-container-core-group-is-layout-7fca5b48 wp-block-group-is-layout-constrained\">\n<h3 class=\"wp-block-heading\">Jefe t\u00e9cnico del teatro<\/h3>\n\n\n\n<p>Roger Mu\u00f1oz <br><a target=\"_blank\" rel=\"noreferrer noopener\">rmunoz@teatregoya.cat<\/a><\/p>\n<\/div>\n\n\n\n<div class=\"wp-block-group is-layout-constrained wp-container-core-group-is-layout-7fca5b48 wp-block-group-is-layout-constrained\"><\/div>\n<\/div>\n<\/div>\n<\/div>\n\n\n\n<div id=\"patrocinadors\" class=\"wp-block-group block-section is-layout-flow wp-block-group-is-layout-flow\">\n<h2 class=\"wp-block-heading has-primary-color has-text-color has-xx-large-font-size\" style=\"text-transform:uppercase\">Patrocinadores<\/h2>\n\n\n\n<h3 class=\"wp-block-heading\">\u00bfFORM\u00c1IS PARTE DE UNA EMPRESA COMPROMETIDA CON LA CULTURA?<\/h3>\n\n\n\n<p>El Teatro Goya ofrece la posibilidad de patrocinar el conjunto de su programaci\u00f3n anual o alguno de sus espect\u00e1culos de forma individualizada.<\/p>\n\n\n\n<p>De esta forma, las empresas pueden asociar su imagen corporativa a la trayectoria del teatro y al mismo tiempo disfrutar de un amplio programa de contraprestaciones.\nPara m\u00e1s informaci\u00f3n y elaboraci\u00f3n de una propuesta adecuada a sus necesidades puede ponerse en contacto con:<\/p>\n\n\n\n<p><strong>Fabyan Salvador<\/strong> <br><a href=\"mailto:fsalvador@grupfocus.cat\">fsalvador@grupfocus.cat<\/a> <br>Tel. 93 309 75 38<\/p>\n\n\n\n<h4 class=\"wp-block-heading\">Patrocinador principal<\/h4>\n\n\n\n<div id=\"logos-block_6643eedc0c8ef14ae61a8b97a8546dea\" class=\"logos\">\n\n <div class=\"logos-clientes clearfix\">\n       \n            <div class=\"row align-left \">\n                                                              <a href=\"https:\/\/www.estrelladamm.com\/\" target=\"_blank\" class=\"no-external-link\">\n                                  <div class=\"logo-container\">\n                   \n                    <div class=\"caption\"><\/div>\n                    <img decoding=\"async\" class=\"\" src=\"https:\/\/www.teatregoya.cat\/wp-content\/uploads\/sites\/4\/2025\/08\/Manual_Estrella_page-0010-300x129.png\" alt=\"\">\n                <\/div>\n                                         <\/a>\n                                               <\/div>\n        \n    <\/div>\n    \n<\/div>\n\n\n<h4 class=\"wp-block-heading\"> Empresas patrocinadoras<\/h4>\n\n\n\n<div id=\"logos-block_cf07154699c9fee2dce867bf47b1fe2c\" class=\"logos\">\n\n <div class=\"logos-clientes clearfix\">\n       \n            <div class=\"row align-left \">\n                                                              <a href=\"https:\/\/www.halconviajes.com\/\" target=\"_blank\" class=\"no-external-link\">\n                                  <div class=\"logo-container\">\n                   \n                    <div class=\"caption\"><\/div>\n                    <img decoding=\"async\" class=\"\" src=\"https:\/\/www.teatregoya.cat\/wp-content\/uploads\/sites\/4\/2025\/08\/HV_bn_horizontal_cat-01-300x128.jpg\" alt=\"\">\n                <\/div>\n                                         <\/a>\n                                                                                 <a href=\"https:\/\/docat.cat\/es\/inicio\/\" target=\"_blank\" class=\"no-external-link\">\n                                  <div class=\"logo-container\">\n                   \n                    <div class=\"caption\"><\/div>\n                    <img decoding=\"async\" class=\"\" src=\"https:\/\/www.teatregoya.cat\/wp-content\/uploads\/sites\/4\/2023\/05\/do-catalunya-color-300x116.png\" alt=\"\">\n                <\/div>\n                                         <\/a>\n                                                                                 <a href=\"https:\/\/www.rowenta.es\/\" target=\"_blank\" class=\"no-external-link\">\n                                  <div class=\"logo-container\">\n                   \n                    <div class=\"caption\"><\/div>\n                    <img decoding=\"async\" class=\"\" src=\"https:\/\/www.teatregoya.cat\/wp-content\/uploads\/sites\/4\/2023\/11\/rowenta-1-logo-png-transparentyi-300x56.png\" alt=\"\">\n                <\/div>\n                                         <\/a>\n                                                                                 <a href=\"https:\/\/www.coca-cola.com\/es\/es\" target=\"_blank\" class=\"no-external-link\">\n                                  <div class=\"logo-container\">\n                   \n                    <div class=\"caption\"><\/div>\n                    <img decoding=\"async\" class=\"\" src=\"https:\/\/www.teatregoya.cat\/wp-content\/uploads\/sites\/4\/2023\/05\/cocacola-REF-300x109-1.png\" alt=\"\">\n                <\/div>\n                                         <\/a>\n                                               <\/div>\n        \n    <\/div>\n    \n<\/div>\n\n\n<h4 class=\"wp-block-heading\">Medio de comunicaci\u00f3n oficial<\/h4>\n\n\n\n<div id=\"logos-block_51e4f1b303dac8f03a7e339d5691a212\" class=\"logos\">\n\n <div class=\"logos-clientes clearfix\">\n       \n            <div class=\"row align-left \">\n                                                              <a href=\"https:\/\/www.elperiodico.com\/\" target=\"_blank\" class=\"no-external-link\">\n                                  <div class=\"logo-container\">\n                   \n                    <div class=\"caption\"><\/div>\n                    <img decoding=\"async\" class=\"\" src=\"https:\/\/www.teatregoya.cat\/wp-content\/uploads\/sites\/4\/2023\/11\/logo-periodico-resized.png\" alt=\"\">\n                <\/div>\n                                         <\/a>\n                                               <\/div>\n        \n    <\/div>\n    \n<\/div>\n\n\n<h4 class=\"wp-block-heading\">Partner tecnol\u00f3gico<\/h4>\n\n\n\n<div id=\"logos-block_170c4df72f96f88926d6f6569d74ce90\" class=\"logos\">\n\n <div class=\"logos-clientes clearfix\">\n       \n            <div class=\"row align-left \">\n                                                              <a href=\"https:\/\/www.telefonica.es\/es\/\" target=\"_blank\" class=\"no-external-link\">\n                                  <div class=\"logo-container\">\n                   \n                    <div class=\"caption\"><\/div>\n                    <img decoding=\"async\" class=\"\" src=\"https:\/\/www.teatregoya.cat\/wp-content\/uploads\/sites\/4\/2025\/08\/descarga-300x72.png\" alt=\"\">\n                <\/div>\n                                         <\/a>\n                                               <\/div>\n        \n    <\/div>\n    \n<\/div>\n\n\n<h4 class=\"wp-block-heading\"> Con la colaboraci\u00f3n de<\/h4>\n\n\n\n<div id=\"logos-block_0ec218c32401ee738438b71306a9f03a\" class=\"logos\">\n\n <div class=\"logos-clientes clearfix\">\n       \n            <div class=\"row align-left \">\n                                                              <a href=\"https:\/\/www.montibello.com\/esp\/\" target=\"_blank\" class=\"no-external-link\">\n                                  <div class=\"logo-container\">\n                   \n                    <div class=\"caption\"><\/div>\n                    <img decoding=\"async\" class=\"\" src=\"https:\/\/www.teatregoya.cat\/wp-content\/uploads\/sites\/4\/2023\/05\/montibello.png\" alt=\"\">\n                <\/div>\n                                         <\/a>\n                                                                                 <a href=\"https:\/\/mikakus.com\/\" target=\"_blank\" class=\"no-external-link\">\n                                  <div class=\"logo-container\">\n                   \n                    <div class=\"caption\"><\/div>\n                    <img decoding=\"async\" class=\"\" src=\"https:\/\/www.teatregoya.cat\/wp-content\/uploads\/sites\/4\/2024\/02\/Mikakus_Barcelona_logo-bk_150x@2x.png\" alt=\"\">\n                <\/div>\n                                         <\/a>\n                                                                                 <a href=\"https:\/\/www.puntoblanco.com\/\" target=\"_blank\" class=\"no-external-link\">\n                                  <div class=\"logo-container\">\n                   \n                    <div class=\"caption\"><\/div>\n                    <img decoding=\"async\" class=\"\" src=\"https:\/\/www.teatregoya.cat\/wp-content\/uploads\/sites\/4\/2023\/05\/punto-blanco.jpg\" alt=\"\">\n                <\/div>\n                                         <\/a>\n                                                                                 <a href=\"https:\/\/colors-up.com\/\" target=\"_blank\" class=\"no-external-link\">\n                                  <div class=\"logo-container\">\n                   \n                    <div class=\"caption\"><\/div>\n                    <img decoding=\"async\" class=\"\" src=\"https:\/\/www.teatregoya.cat\/wp-content\/uploads\/sites\/4\/2025\/08\/images.png\" alt=\"\">\n                <\/div>\n                                         <\/a>\n                                                                                 <a href=\"https:\/\/teatroaccesible.com\/ca\/\" target=\"_blank\" class=\"no-external-link\">\n                                  <div class=\"logo-container\">\n                   \n                    <div class=\"caption\"><\/div>\n                    <img decoding=\"async\" class=\"\" src=\"https:\/\/www.teatregoya.cat\/wp-content\/uploads\/sites\/4\/2023\/05\/LogoCompletoTA-300x90-1.png\" alt=\"\">\n                <\/div>\n                                         <\/a>\n                                                                         <div class=\"logo-container\">\n                   \n                    <div class=\"caption\"><\/div>\n                    <img decoding=\"async\" class=\"\" src=\"https:\/\/www.teatregoya.cat\/wp-content\/uploads\/sites\/4\/2023\/05\/Raval-cultural-300x150-1.png\" alt=\"\">\n                <\/div>\n                                                                               <a href=\"https:\/\/teatroaccesible.com\/ca\/\" target=\"_blank\" class=\"no-external-link\">\n                                  <div class=\"logo-container\">\n                   \n                    <div class=\"caption\"><\/div>\n                    <img decoding=\"async\" class=\"\" src=\"https:\/\/www.teatregoya.cat\/wp-content\/uploads\/sites\/4\/2023\/05\/thumbnail_Logo-Renfe_R_2425-300x113-1.png\" alt=\"\">\n                <\/div>\n                                         <\/a>\n                                               <\/div>\n        \n    <\/div>\n    \n<\/div>\n\n\n<h4 class=\"wp-block-heading\"> Instituciones<\/h4>\n\n\n\n<div id=\"logos-block_d5ac05679a63daf29dfe8baaf3f265b1\" class=\"logos instituciones\">\n\n <div class=\"logos-clientes clearfix\">\n       \n            <div class=\"row align-left \">\n                                                      <div class=\"logo-container\">\n                   \n                    <div class=\"caption\"><\/div>\n                    <img decoding=\"async\" class=\"\" src=\"https:\/\/www.teatregoya.cat\/wp-content\/uploads\/sites\/4\/2023\/05\/gencat.png\" alt=\"\">\n                <\/div>\n                                                                       <div class=\"logo-container\">\n                   \n                    <div class=\"caption\"><\/div>\n                    <img decoding=\"async\" class=\"\" src=\"https:\/\/www.teatregoya.cat\/wp-content\/uploads\/sites\/4\/2023\/05\/icec.png\" alt=\"\">\n                <\/div>\n                                                                       <div class=\"logo-container\">\n                   \n                    <div class=\"caption\"><\/div>\n                    <img decoding=\"async\" class=\"\" src=\"https:\/\/www.teatregoya.cat\/wp-content\/uploads\/sites\/4\/2023\/05\/ajuntament-de-barcelona-limes_reduides-15_rgb-770x288-1-300x112.png\" alt=\"\">\n                <\/div>\n                                                                       <div class=\"logo-container\">\n                   \n                    <div class=\"caption\"><\/div>\n                    <img decoding=\"async\" class=\"\" src=\"https:\/\/www.teatregoya.cat\/wp-content\/uploads\/sites\/4\/2023\/10\/Sin-titulo-1.png\" alt=\"\">\n                <\/div>\n                                                                       <div class=\"logo-container\">\n                   \n                    <div class=\"caption\"><\/div>\n                    <img decoding=\"async\" class=\"\" src=\"https:\/\/www.teatregoya.cat\/wp-content\/uploads\/sites\/4\/2023\/11\/INAEM-02-CAJETIN-ROJO-1-300x53.png\" alt=\"\">\n                <\/div>\n                                                                       <div class=\"logo-container\">\n                   \n                    <div class=\"caption\"><\/div>\n                    <img decoding=\"async\" class=\"\" src=\"https:\/\/www.teatregoya.cat\/wp-content\/uploads\/sites\/4\/2023\/10\/Logo-PRTR-tres-lineas_COLOR-300x169.png\" alt=\"\">\n                <\/div>\n                                                                       <div class=\"logo-container\">\n                   \n                    <div class=\"caption\"><\/div>\n                    <img decoding=\"async\" class=\"\" src=\"https:\/\/www.teatregoya.cat\/wp-content\/uploads\/sites\/4\/2023\/06\/thumbnail_image002.png\" alt=\"\">\n                <\/div>\n                                             <\/div>\n        \n    <\/div>\n    \n<\/div><\/div>\n\n\n\n<div id=\"accessibilitat\" class=\"wp-block-group block-section is-layout-constrained wp-block-group-is-layout-constrained\">\n<h2 class=\"wp-block-heading has-primary-color has-text-color has-xx-large-font-size\" style=\"text-transform:uppercase\">Accesibilidad<\/h2>\n\n\n\n<div class=\"wp-block-group is-nowrap is-layout-flex wp-container-core-group-is-layout-6c531013 wp-block-group-is-layout-flex\">\n\n<div class=\"icon-circle black solid default\">\n<svg class=\"icon\" viewBox=\"0 0 60 60\"><use xlink:href=\"#accessible\"><\/use><\/svg><\/div>\n\n\n\n<h3 class=\"wp-block-heading\">Atenci\u00f3n especial y accesos para personas con movilidad reducida<\/h3>\n<\/div>\n\n\n\n<p>Accesos y ba\u00f1os adaptados para personas con movilidad reducida.\nPara comprar un asiento de movilidad reducida, por favor llamen a la taquilla del teatro y efectivo la reserva. El mismo d\u00eda de la funci\u00f3n la podr\u00e1n pagar hasta media hora antes del inicio.<\/p>\n\n\n\n<div class=\"wp-block-group is-nowrap is-layout-flex wp-container-core-group-is-layout-6c531013 wp-block-group-is-layout-flex\">\n\n<div class=\"icon-circle black solid default\">\n<svg class=\"icon\" viewBox=\"0 0 60 60\"><use xlink:href=\"#hearing\"><\/use><\/svg><\/div>\n\n\n\n<h3 class=\"wp-block-heading\">Atenci\u00f3n especial para personas con diversidades auditivas<\/h3>\n<\/div>\n\n\n\n<p>El teatro cuenta con la instalaci\u00f3n de un bucle magn\u00e9tico que permite mejorar la experiencia a personas con disminuci\u00f3n auditiva.\nEl personal de sala les proporcionar\u00e1 el servicio y cualquier informaci\u00f3n complementaria que necesite.<\/p>\n\n\n\n<div class=\"wp-block-group is-nowrap is-layout-flex wp-container-core-group-is-layout-6c531013 wp-block-group-is-layout-flex\">\n\n<div class=\"icon-circle black solid default\">\n<svg class=\"icon\" viewBox=\"0 0 60 60\"><use xlink:href=\"#closed-captioning\"><\/use><\/svg><\/div>\n\n\n\n<h3 class=\"wp-block-heading\"><strong>Servicio de subtitulaci\u00f3n<\/strong><\/h3>\n<\/div>\n\n\n\n<p>Este servicio se ofrece para el p\u00fablico con graves dificultades de audici\u00f3n y\/o para subtitular en catal\u00e1n espect\u00e1culos en otro idioma. El p\u00fablico podr\u00e1 seguir la funci\u00f3n sin perder el argumento y la acci\u00f3n.\nEl personal de sala les proporcionar\u00e1 cualquier informaci\u00f3n complementaria que necesiten.\nEste sistema de subtitulaci\u00f3n en directo se ofrece en funciones concretas de la temporada y se anuncian en la programaci\u00f3n.<\/p>\n\n\n\n<div class=\"wp-block-group is-nowrap is-layout-flex wp-container-core-group-is-layout-6c531013 wp-block-group-is-layout-flex\">\n\n<div class=\"icon-circle black solid default\">\n<svg class=\"icon\" viewBox=\"0 0 60 60\"><use xlink:href=\"#audio-description\"><\/use><\/svg><\/div>\n\n\n\n<h3 class=\"wp-block-heading\"><strong>Servicio de audiodescripci\u00f3n<\/strong><\/h3>\n<\/div>\n\n\n\n<p>El teatro realizar\u00e1 una serie de funciones de cada espect\u00e1culo con la adaptaci\u00f3n de audiodescripci\u00f3n.\nEste sistema de audiodescripci\u00f3n en directo se ofrece en funciones concretas de la temporada y se anuncian en la programaci\u00f3n.<\/p>\n<\/div>\n\n\n\n<div id=\"sostenibilidad\" class=\"wp-block-group block-section is-layout-constrained wp-container-core-group-is-layout-346627ba wp-block-group-is-layout-constrained\">\n<h2 class=\"wp-block-heading has-primary-color has-text-color has-xx-large-font-size\" style=\"text-transform:uppercase\">Sostenibilidad<\/h2>\n\n\n\n<p><font style=\"vertical-align: inherit;\"><font style=\"vertical-align: inherit;\">En el Teatro Goya estamos comprometidos con la protecci\u00f3n del medioambiente. Desc\u00e1rgate m\u00e1s informaci\u00f3n sobre el Distintivo de garant\u00eda de Calidad ambiental para conocer las pr\u00e1cticas sostenibles que hemos implementado, y descubre como puedes unirte para promover un futuro m\u00e1s verde.<\/font><\/font><\/p>\n\n\n\n<div class=\"wp-block-group is-vertical is-layout-flex wp-container-core-group-is-layout-fe9cc265 wp-block-group-is-layout-flex\">\n<div class=\"wp-block-columns is-layout-flex wp-container-core-columns-is-layout-28f84493 wp-block-columns-is-layout-flex\">\n<div class=\"wp-block-column is-layout-flow wp-block-column-is-layout-flow\">\n<figure class=\"wp-block-image size-full is-resized\"><img decoding=\"async\" src=\"https:\/\/www.teatrecondal.cat\/wp-content\/uploads\/sites\/3\/2024\/08\/Dgqa_Horitzontal_CAT_COLOR-1.jpg\" alt=\"\" class=\"wp-image-5102\" style=\"width:380px;height:auto\"\/><\/figure>\n<\/div>\n<\/div>\n\n\n\n\n<a href=\"https:\/\/www.teatregoya.cat\/wp-content\/uploads\/sites\/4\/2024\/03\/Inf-Distintiu-ambiental-amb-explicacio-Goya-castella.pdf\" target=\"_self\" id=\"button-block_6f77ed54303eeb9f3d1e22a3645a6813\" class=\"button black default default add-icon-on-left\">\n Buenas pr\u00e1cticas de sostenibilidad<svg class=\"icon\" viewBox=\"0 0 60 60\"><use xlink:href=\"#download\"><\/use><\/svg>\n\n<\/a>\n\n\n\n<a href=\"https:\/\/www.teatregoya.cat\/wp-content\/uploads\/sites\/4\/2024\/09\/Certificat-Goya.pdf\" target=\"_self\" id=\"button-block_38483a1e97b751f6759be4ca107f55fb\" class=\"button default default default add-icon-on-left\">\nDistintivo de garant\u00eda de calidad ambiental <svg class=\"icon\" viewBox=\"0 0 60 60\"><use xlink:href=\"#download\"><\/use><\/svg>\n\n<\/a><\/div>\n<\/div>\n\n\n\n<div id=\"contacte\" class=\"wp-block-group block-section is-layout-constrained wp-container-core-group-is-layout-9da16794 wp-block-group-is-layout-constrained\">\n<h2 class=\"wp-block-heading has-primary-color has-text-color has-xx-large-font-size\" style=\"text-transform:uppercase\">Contacto<\/h2>\n\n\n\n<div class=\"wp-block-group is-layout-constrained wp-container-core-group-is-layout-9da16794 wp-block-group-is-layout-constrained\">\n<h3 class=\"wp-block-heading has-x-large-font-size\" style=\"text-transform:uppercase\"> Como llegar<\/h3>\n\n\n\n<div class=\"wp-block-columns is-layout-flex wp-container-core-columns-is-layout-c4788e2e wp-block-columns-is-layout-flex\">\n<div class=\"wp-block-column is-layout-flow wp-block-column-is-layout-flow\">\n<p class=\"has-medium-font-size\">C\/ Joaqu\u00edn Costa, 68\n08001 Barcelona<\/p>\n\n\n\n<div class=\"wp-block-group is-vertical is-layout-flex wp-container-core-group-is-layout-187baabe wp-block-group-is-layout-flex\">\n\n<a href=\"https:\/\/goo.gl\/maps\/PL6WaJ1B9BNUsgqw7\" target=\"_self\" id=\"button-block_6879676a6ae2d9ee18293bb26ccd5c32\" class=\"button black default clear add-icon-on-left\">\nver mapa<svg class=\"icon\" viewBox=\"0 0 60 60\"><use xlink:href=\"#location\"><\/use><\/svg>\n\n<\/a><\/div>\n<\/div>\n\n\n\n<div class=\"wp-block-column is-layout-flow wp-block-column-is-layout-flow\">\n<div class=\"wp-block-group is-layout-constrained wp-container-core-group-is-layout-e0082cf6 wp-block-group-is-layout-constrained\">\n<h3 class=\"wp-block-heading\">Metro<\/h3>\n\n\n\n<p>L1 i L2 Universitat<\/p>\n<\/div>\n\n\n\n<div class=\"wp-block-group is-layout-constrained wp-container-core-group-is-layout-e0082cf6 wp-block-group-is-layout-constrained\">\n<h3 class=\"wp-block-heading\">Bus<\/h3>\n\n\n\n<p>D50, H16, H12, V13, 52, 54, 55, 59, 67, 120<\/p>\n<\/div>\n\n\n\n<div class=\"wp-block-group is-layout-constrained wp-container-core-group-is-layout-e0082cf6 wp-block-group-is-layout-constrained\">\n<h3 class=\"wp-block-heading\">Nit Bus<\/h3>\n\n\n\n<p>N1, N2, N3, N6, N8, N12, N13<\/p>\n<\/div>\n<\/div>\n\n\n\n<div class=\"wp-block-column is-layout-flow wp-block-column-is-layout-flow\">\n<h3 class=\"wp-block-heading\">Aparcamientos<\/h3>\n\n\n\n<p><strong>Parking y Servicios Muntaner Center<\/strong> <br>C\/ Muntaner, 13 Descuento presentando la entrada sellada por el teatro<\/p>\n\n\n\n<p><strong>Parking Aribau 9<\/strong> <br>C\/ Aribau, 9 Descuento presentando la entrada sellada por el teatro<\/p>\n\n\n\n<p><strong><strong>Parking Saba Barcelona Bamsa<\/strong><\/strong><br>Pl. Castella* Pl. del \u00c0ngels* <br>Pl. Catalunya* <br>Rambla Catalunya* <br><em>25%&nbsp;de dto. pidiendo el ticket al Teatro Goya<\/em> <em>Promoci\u00f3n no v\u00e1lida para ViaT<\/em><\/p>\n<\/div>\n<\/div>\n<\/div>\n\n\n\n<div class=\"wp-block-group is-layout-constrained wp-container-core-group-is-layout-9da16794 wp-block-group-is-layout-constrained\">\n<h3 class=\"wp-block-heading has-x-large-font-size\" style=\"text-transform:uppercase\">Departamentos<\/h3>\n\n\n\n<div class=\"wp-block-columns is-layout-flex wp-container-core-columns-is-layout-c4788e2e wp-block-columns-is-layout-flex\">\n<div class=\"wp-block-column is-layout-flow wp-block-column-is-layout-flow\"><\/div>\n\n\n\n<div class=\"wp-block-column is-layout-flow wp-block-column-is-layout-flow\">\n<div class=\"wp-block-group is-layout-constrained wp-container-core-group-is-layout-e0082cf6 wp-block-group-is-layout-constrained\">\n<h3 class=\"wp-block-heading\">Informaci\u00f3n General<\/h3>\n\n\n\n<p><strong>Taquilla<\/strong> (horario de tarde): 93 343 53 23 <br><a href=\"mailto:info@teatregoya.cat\">info@teatregoya.cat<\/a> Abiertas de <strong>martes a viernes<\/strong> de 17:30 h, cuando exista funci\u00f3n, hasta la hora de inicio del espect\u00e1culo. <strong>S\u00e1bados y domingos<\/strong>, a partir de las 16:30 h hasta la hora de inicio del espect\u00e1culo. <strong>Horario de atenci\u00f3n telef\u00f3nica<\/strong>: por la tarde, los d\u00edas de funci\u00f3n.<\/p>\n\n\n\n<p>* <em>Las entradas compradas en taquilla tambi\u00e9n incluyen gastos de gesti\u00f3n<\/em>.<\/p>\n<\/div>\n\n\n\n<div class=\"wp-block-group is-layout-constrained wp-container-core-group-is-layout-e0082cf6 wp-block-group-is-layout-constrained\">\n<h3 class=\"wp-block-heading\">Jefe de sala<\/h3>\n\n\n\n<p>Ruben Medina<\/p>\n<\/div>\n\n\n\n<div class=\"wp-block-group is-layout-constrained wp-container-core-group-is-layout-e0082cf6 wp-block-group-is-layout-constrained\">\n<h3 class=\"wp-block-heading\">Servicios a empresas<\/h3>\n\n\n\n<p>Irene Hern\u00e1ndez<br><a href=\"mailto:ihernandez@focus.cat\">ihernandez@focus.cat<\/a><br>Tel. 93 309 75 38<\/p>\n<\/div>\n<\/div>\n\n\n\n<div class=\"wp-block-column is-layout-flow wp-block-column-is-layout-flow\">\n<div class=\"wp-block-group is-layout-constrained wp-container-core-group-is-layout-e0082cf6 wp-block-group-is-layout-constrained\">\n<h3 class=\"wp-block-heading\">Departamento de prensa<\/h3>\n\n\n\n<p><a href=\"mailto:premsa@focus.cat\">premsa@focus.cat<\/a> <br>Tel. 93 309 75 38<\/p>\n\n\n\n\n<a href=\"https:\/\/www.focus.cat\/teatre\/#premsa\" target=\"_self\" id=\"button-block_116ff6280a5d66be5d2ad326b5883cca\" class=\"button black small default\">\nSala de Prensa\n\n<\/a><\/div>\n\n\n\n<div class=\"wp-block-group is-layout-constrained wp-container-core-group-is-layout-e0082cf6 wp-block-group-is-layout-constrained\">\n<h3 class=\"wp-block-heading\">Goya internacional<\/h3>\n\n\n\n<p><a href=\"mailto:international@focus.cat\">international@focus.cat<\/a> <br>Tel. +34 93 309 75 38<\/p>\n<\/div>\n<\/div>\n<\/div>\n<\/div>\n<\/div>\n","protected":false},"excerpt":{"rendered":"<p>Obras contempor\u00e1neas, con la complicidad de reconocidos artistas del \u00e1mbito nacional y internacional, y con una l\u00ednea de programaci\u00f3n b\u00e1sicamente en catal\u00e1n. Historia Fundado el 1914, el Teatro Goya no empieza su actividad teatral hasta el 1916. Desde entonces ha sido un espacio representativo de la ciudad de Barcelona. Adem\u00e1s de ejercer como sede del<a class=\"excerpt-read-more\" href=\"https:\/\/www.teatregoya.cat\/es\/el-teatro\/\" title=\"ReadEl teatro\"> &#8230; Leer m\u00e1s<\/a><\/p>\n","protected":false},"author":1,"featured_media":0,"parent":0,"menu_order":0,"comment_status":"closed","ping_status":"closed","template":"","meta":{"_acf_changed":false,"footnotes":""},"class_list":["post-25","page","type-page","status-publish","hentry"],"acf":{"page_description":""},"yoast_head":"<!-- This site is optimized with the Yoast SEO plugin v27.5 - https:\/\/yoast.com\/product\/yoast-seo-wordpress\/ -->\n<title>El teatro - Teatre Goya<\/title>\n<meta name=\"robots\" content=\"index, follow, max-snippet:-1, max-image-preview:large, max-video-preview:-1\" \/>\n<link rel=\"canonical\" href=\"https:\/\/www.teatregoya.cat\/es\/el-teatro\/\" \/>\n<meta name=\"twitter:label1\" content=\"Tiempo de lectura\" \/>\n\t<meta name=\"twitter:data1\" content=\"8 minutos\" \/>\n<script type=\"application\/ld+json\" class=\"yoast-schema-graph\">{\"@context\":\"https:\\\/\\\/schema.org\",\"@graph\":[{\"@type\":\"WebPage\",\"@id\":\"https:\\\/\\\/www.teatregoya.cat\\\/es\\\/el-teatro\\\/\",\"url\":\"https:\\\/\\\/www.teatregoya.cat\\\/es\\\/el-teatro\\\/\",\"name\":\"El teatro - Teatre Goya\",\"isPartOf\":{\"@id\":\"https:\\\/\\\/www.teatregoya.cat\\\/es\\\/#website\"},\"primaryImageOfPage\":{\"@id\":\"https:\\\/\\\/www.teatregoya.cat\\\/es\\\/el-teatro\\\/#primaryimage\"},\"image\":{\"@id\":\"https:\\\/\\\/www.teatregoya.cat\\\/es\\\/el-teatro\\\/#primaryimage\"},\"thumbnailUrl\":\"https:\\\/\\\/www.teatregoya.cat\\\/wp-content\\\/uploads\\\/sites\\\/4\\\/2023\\\/05\\\/TEATRE-GOYA-IMAGEN5-1.png\",\"datePublished\":\"2017-09-19T07:50:28+00:00\",\"dateModified\":\"2025-08-22T10:22:32+00:00\",\"breadcrumb\":{\"@id\":\"https:\\\/\\\/www.teatregoya.cat\\\/es\\\/el-teatro\\\/#breadcrumb\"},\"inLanguage\":\"es\",\"potentialAction\":[{\"@type\":\"ReadAction\",\"target\":[\"https:\\\/\\\/www.teatregoya.cat\\\/es\\\/el-teatro\\\/\"]}]},{\"@type\":\"ImageObject\",\"inLanguage\":\"es\",\"@id\":\"https:\\\/\\\/www.teatregoya.cat\\\/es\\\/el-teatro\\\/#primaryimage\",\"url\":\"https:\\\/\\\/www.teatregoya.cat\\\/wp-content\\\/uploads\\\/sites\\\/4\\\/2023\\\/05\\\/TEATRE-GOYA-IMAGEN5-1.png\",\"contentUrl\":\"https:\\\/\\\/www.teatregoya.cat\\\/wp-content\\\/uploads\\\/sites\\\/4\\\/2023\\\/05\\\/TEATRE-GOYA-IMAGEN5-1.png\"},{\"@type\":\"BreadcrumbList\",\"@id\":\"https:\\\/\\\/www.teatregoya.cat\\\/es\\\/el-teatro\\\/#breadcrumb\",\"itemListElement\":[{\"@type\":\"ListItem\",\"position\":1,\"name\":\"Home\",\"item\":\"https:\\\/\\\/www.teatregoya.cat\\\/es\\\/\"},{\"@type\":\"ListItem\",\"position\":2,\"name\":\"El teatro\"}]},{\"@type\":\"WebSite\",\"@id\":\"https:\\\/\\\/www.teatregoya.cat\\\/es\\\/#website\",\"url\":\"https:\\\/\\\/www.teatregoya.cat\\\/es\\\/\",\"name\":\"Teatre Goya\",\"description\":\"\",\"publisher\":{\"@id\":\"https:\\\/\\\/www.teatregoya.cat\\\/es\\\/#organization\"},\"potentialAction\":[{\"@type\":\"SearchAction\",\"target\":{\"@type\":\"EntryPoint\",\"urlTemplate\":\"https:\\\/\\\/www.teatregoya.cat\\\/es\\\/?s={search_term_string}\"},\"query-input\":{\"@type\":\"PropertyValueSpecification\",\"valueRequired\":true,\"valueName\":\"search_term_string\"}}],\"inLanguage\":\"es\"},{\"@type\":\"Organization\",\"@id\":\"https:\\\/\\\/www.teatregoya.cat\\\/es\\\/#organization\",\"name\":\"Teatre Goya\",\"url\":\"https:\\\/\\\/www.teatregoya.cat\\\/es\\\/\",\"logo\":{\"@type\":\"ImageObject\",\"inLanguage\":\"es\",\"@id\":\"https:\\\/\\\/www.teatregoya.cat\\\/es\\\/#\\\/schema\\\/logo\\\/image\\\/\",\"url\":\"https:\\\/\\\/www.teatregoya.cat\\\/wp-content\\\/uploads\\\/sites\\\/4\\\/2017\\\/09\\\/teatre-goya-logo.svg\",\"contentUrl\":\"https:\\\/\\\/www.teatregoya.cat\\\/wp-content\\\/uploads\\\/sites\\\/4\\\/2017\\\/09\\\/teatre-goya-logo.svg\",\"width\":1,\"height\":1,\"caption\":\"Teatre Goya\"},\"image\":{\"@id\":\"https:\\\/\\\/www.teatregoya.cat\\\/es\\\/#\\\/schema\\\/logo\\\/image\\\/\"},\"sameAs\":[\"http:\\\/\\\/www.facebook.com\\\/TeatreGoya\",\"https:\\\/\\\/x.com\\\/Teatre_Goya\",\"http:\\\/\\\/instagram.com\\\/teatre_goya\",\"http:\\\/\\\/www.youtube.com\\\/user\\\/TeatreGoya\"]}]}<\/script>\n<!-- \/ Yoast SEO plugin. -->","yoast_head_json":{"title":"El teatro - Teatre Goya","robots":{"index":"index","follow":"follow","max-snippet":"max-snippet:-1","max-image-preview":"max-image-preview:large","max-video-preview":"max-video-preview:-1"},"canonical":"https:\/\/www.teatregoya.cat\/es\/el-teatro\/","twitter_misc":{"Tiempo de lectura":"8 minutos"},"schema":{"@context":"https:\/\/schema.org","@graph":[{"@type":"WebPage","@id":"https:\/\/www.teatregoya.cat\/es\/el-teatro\/","url":"https:\/\/www.teatregoya.cat\/es\/el-teatro\/","name":"El teatro - Teatre Goya","isPartOf":{"@id":"https:\/\/www.teatregoya.cat\/es\/#website"},"primaryImageOfPage":{"@id":"https:\/\/www.teatregoya.cat\/es\/el-teatro\/#primaryimage"},"image":{"@id":"https:\/\/www.teatregoya.cat\/es\/el-teatro\/#primaryimage"},"thumbnailUrl":"https:\/\/www.teatregoya.cat\/wp-content\/uploads\/sites\/4\/2023\/05\/TEATRE-GOYA-IMAGEN5-1.png","datePublished":"2017-09-19T07:50:28+00:00","dateModified":"2025-08-22T10:22:32+00:00","breadcrumb":{"@id":"https:\/\/www.teatregoya.cat\/es\/el-teatro\/#breadcrumb"},"inLanguage":"es","potentialAction":[{"@type":"ReadAction","target":["https:\/\/www.teatregoya.cat\/es\/el-teatro\/"]}]},{"@type":"ImageObject","inLanguage":"es","@id":"https:\/\/www.teatregoya.cat\/es\/el-teatro\/#primaryimage","url":"https:\/\/www.teatregoya.cat\/wp-content\/uploads\/sites\/4\/2023\/05\/TEATRE-GOYA-IMAGEN5-1.png","contentUrl":"https:\/\/www.teatregoya.cat\/wp-content\/uploads\/sites\/4\/2023\/05\/TEATRE-GOYA-IMAGEN5-1.png"},{"@type":"BreadcrumbList","@id":"https:\/\/www.teatregoya.cat\/es\/el-teatro\/#breadcrumb","itemListElement":[{"@type":"ListItem","position":1,"name":"Home","item":"https:\/\/www.teatregoya.cat\/es\/"},{"@type":"ListItem","position":2,"name":"El teatro"}]},{"@type":"WebSite","@id":"https:\/\/www.teatregoya.cat\/es\/#website","url":"https:\/\/www.teatregoya.cat\/es\/","name":"Teatre Goya","description":"","publisher":{"@id":"https:\/\/www.teatregoya.cat\/es\/#organization"},"potentialAction":[{"@type":"SearchAction","target":{"@type":"EntryPoint","urlTemplate":"https:\/\/www.teatregoya.cat\/es\/?s={search_term_string}"},"query-input":{"@type":"PropertyValueSpecification","valueRequired":true,"valueName":"search_term_string"}}],"inLanguage":"es"},{"@type":"Organization","@id":"https:\/\/www.teatregoya.cat\/es\/#organization","name":"Teatre Goya","url":"https:\/\/www.teatregoya.cat\/es\/","logo":{"@type":"ImageObject","inLanguage":"es","@id":"https:\/\/www.teatregoya.cat\/es\/#\/schema\/logo\/image\/","url":"https:\/\/www.teatregoya.cat\/wp-content\/uploads\/sites\/4\/2017\/09\/teatre-goya-logo.svg","contentUrl":"https:\/\/www.teatregoya.cat\/wp-content\/uploads\/sites\/4\/2017\/09\/teatre-goya-logo.svg","width":1,"height":1,"caption":"Teatre Goya"},"image":{"@id":"https:\/\/www.teatregoya.cat\/es\/#\/schema\/logo\/image\/"},"sameAs":["http:\/\/www.facebook.com\/TeatreGoya","https:\/\/x.com\/Teatre_Goya","http:\/\/instagram.com\/teatre_goya","http:\/\/www.youtube.com\/user\/TeatreGoya"]}]}},"_links":{"self":[{"href":"https:\/\/www.teatregoya.cat\/es\/wp-json\/wp\/v2\/pages\/25","targetHints":{"allow":["GET"]}}],"collection":[{"href":"https:\/\/www.teatregoya.cat\/es\/wp-json\/wp\/v2\/pages"}],"about":[{"href":"https:\/\/www.teatregoya.cat\/es\/wp-json\/wp\/v2\/types\/page"}],"author":[{"embeddable":true,"href":"https:\/\/www.teatregoya.cat\/es\/wp-json\/wp\/v2\/users\/1"}],"replies":[{"embeddable":true,"href":"https:\/\/www.teatregoya.cat\/es\/wp-json\/wp\/v2\/comments?post=25"}],"version-history":[{"count":0,"href":"https:\/\/www.teatregoya.cat\/es\/wp-json\/wp\/v2\/pages\/25\/revisions"}],"wp:attachment":[{"href":"https:\/\/www.teatregoya.cat\/es\/wp-json\/wp\/v2\/media?parent=25"}],"curies":[{"name":"wp","href":"https:\/\/api.w.org\/{rel}","templated":true}]}}