{"id":4514,"date":"2026-09-03T17:37:58","date_gmt":"2026-09-03T15:37:58","guid":{"rendered":"https:\/\/www.teatregoya.cat\/ex\/alicia-al-pais-dels-mobils\/"},"modified":"2026-09-03T18:34:53","modified_gmt":"2026-09-03T16:34:53","slug":"alicia-al-pais-dels-mobils","status":"publish","type":"ex","link":"https:\/\/www.teatregoya.cat\/es\/ex\/alicia-al-pais-dels-mobils\/","title":{"rendered":"Al\u00edcia al pa\u00eds dels m\u00f2bils"},"content":{"rendered":"","protected":false},"excerpt":{"rendered":"","protected":false},"author":2,"featured_media":0,"comment_status":"closed","ping_status":"closed","template":"","class_list":["post-4514","ex","type-ex","status-publish","hentry"],"acf":{"txt_synopsis":"<p>El d\u00eda que Alicia cumple diez a\u00f1os, le regalan su primer m\u00f3vil. Pero el conejo blanco se lo roba, y ella tendr\u00e1 que recorrer el pa\u00eds de las maravillas hasta llegar al palacio de los m\u00f3viles para recuperarlo. \u00bfLo conseguir\u00e1? Con este viaje, Alicia se da cuenta de que no puede vivir como hasta ahora, que al estar enganchada al m\u00f3vil se pierde el valor de la comunicaci\u00f3n con las personas que la rodean. <\/p>\r\n<p>Un montaje rabiosamente contempor\u00e1neo que integra un sorprendente lenguaje audiovisual para hablar de t\u00fa a t\u00fa con las nuevas generaciones. <em>Alicia<\/em> invita a reflexionar sobre los cambios comunicativos que genera la tecnolog\u00eda en las familias.<\/p>","main_buy_link":"https:\/\/tickets.oneboxtds.com\/teatregoya\/events\/59562?hl=es-ES","main_buy_links":"[\"https:\/\/tickets.oneboxtds.com\/teatregoya\/events\/59562?hl=es-ES\"]","group_buy_link":"https:\/\/www.promentrada.com\/es\/programacion\/c\/2154-alicia-al-pais-dels-mobils-grupos.html","show_language":"Espect\u00e1culo en catal\u00e1n","show_duration":"0","show_start_date":"20270207000000","show_end_date":"20270414000000","show_sort_date":"20270207000000","txt_custom_show_dates":"","show_disciplines":"4","show_ultimes_funcions":false,"hide_tarifes_especials":false,"show_properament":false,"txt_additional_info":"<p>Recomendado a partir de <strong>6 a\u00f1os<\/strong> <\/p>","txt_present":"","show_season":false,"txt_season":"[\"2026\/27\"]","txt_cycle":"Fam\u00edlia de teatrerus","txt_claim":"<a href=\"https:\/\/www.4tickets.es\/TeatreRomea\/public\/janto\/?Nivel=Evento&idEvento=TRROM139\">\r\n<div class=\"text\" style=\"MARGIN-TOP: 10px\" align=\"left\"><img style=\"MARGIN-RIGHT: 10px\" alt=\"\" src=\"http:\/\/cdn.focus.es\/media\/sites\/common\/imgs\/regalromea.jpg\" \/><\/div><\/a>","txt_cast_excerpt":"","txt_cast":"<p>Autor\u00eda<strong>:<\/strong> <strong>Marta Buchaca<\/strong> <strong>(a partir de la obra original de <\/strong>Lewis Carroll<strong>)<\/strong> <br>Direcci\u00f3n<strong>:<\/strong> <strong>Jordi And\u00fajar<\/strong> <br>Composici\u00f3n musical<strong>:<\/strong> <strong>Keco Pujol<\/strong> <\/p><p>Int\u00e9rpretes<strong>:<\/strong> <strong>Jordi Llordella-Rub\u00e9n Albaladejo, J\u00falia Bonjoch-Xuel D\u00edaz-Judith Porta, Marc Pujol i Queralt Albinyana-Cristina Murillo-Cris Vidal<\/strong> <\/p><p>Escenograf\u00eda visual y vestuario: <strong>Desilence<\/strong> <br>Dise\u00f1o de iluminaci\u00f3n: <strong>Isidre Ortiz<\/strong> y <strong>Jaume Gomez<\/strong> <br>Dise\u00f1o de sonido: <strong>Josep Sanchez Rico<\/strong> <\/p><p>Producci\u00f3n ejecutiva: <strong>Gisela Juanet<\/strong> <\/p><p>Ayudante de producci\u00f3n:<strong> Martina De Cabo<\/strong> <br>Coordinaci\u00f3n t\u00e9cnica: <strong>Cristian Nadal, Carles Merodio <\/strong>y<strong> Ferran Peig<\/strong> <\/p><p>Ayudante de direcci\u00f3n: <strong>M\u00edriam Punt\u00ed<\/strong> <br>Core\u00f3grafa: <strong>Bealia Guerra<\/strong> <br>Regidor: <strong>Xavier Flores<\/strong> <br>Jefe t\u00e9cnico del teatro: <strong>Roger Mu\u00f1oz<\/strong>  <\/p><p>T\u00e9cnica del teatro: <strong>Eva Rotll\u00e1n<\/strong>  <\/p><p>Marketing y comunicaci\u00f3n: <strong>Viu el teatre (Khushi Espelt)<\/strong> <\/p><p>Marketing y comunicaci\u00f3n del teatro: <strong>Focus <\/strong> <br>Administraci\u00f3n: <strong>Ana M\u00aa Montero<\/strong> <\/p><p> <\/p><p>Agradecimientos:<strong> <\/strong>Llu\u00efsos de Gr\u00e0cia<strong> (residencia teatral), <\/strong>Sara Esp\u00edgul<strong>, <\/strong>Teatre Romea<strong>, <\/strong>Mar Sol\u00e0<strong> y a nuestras familias por estar siempre ah\u00ed.<\/strong> <\/p><p>Distribuci\u00f3n:  <strong>Clara Fontdevila (distribucio@viuelteatre.com)<\/strong> <\/p><p>Es una producci\u00f3n de <strong>Viu el Teatre<\/strong><\/p>","txt_reviews":"Victor Giralt| Recomana.cat|\"Sospito que aquesta Al\u00edcia \u00e9s un dels millors espectacles familiars que he vist aquesta temporada, i que la meva filla pensa el mateix.\" \rImma Mu\u00f1oz|El Peri\u00f3dico|\"Un texto divertido con m\u00e1s de una capa de lectura, unas canciones bien trabajadas; unas interpretaciones que llegan al ni\u00f1o sin expulsar al padre, y una inteligente escenograf\u00eda.\" \rAndreu Sotorra|Clip de Teatre|\"L'espectacle compta amb un suport t\u00e8cnic i digital d'animaci\u00f3 que li atorga una gran vivesa i fa que no perdi en cap moment el ritme.\"\rJordi Bordes|El Punt-Avui|\"La mirada de Buchaca contemporanitza el conte i, es m\u00e9s, el dota d'un punt de controv\u00e8rsia, sense renunciar a la fantasia ni a la m\u00fasica.\"","hashtag":"ElLle\u00f3Vergony\u00f3s","have_promo":"","slogan":"","id_exhibicio":2441,"id_versio":1142,"id_local":35,"txt_seo_desc":"Al\u00edcia al pa\u00eds dels m\u00f2bils, una obra de teatro familiar de Marta Buchaca a partir de la obra original de Lewis Carroll en el Teatre Romea.","data_images":"[{\"localizer\":\"V3SLIDE\",\"url\":\"media\/ftgalslide\/v3\/31450\/01_086_00045696\/aliciaalpaisdelesmeravellespetitromeateatreinfantilbarcelona0.jpg\",\"thumb_url\":\"media\/ftgalslide\/v3\/31450\/01_086_00045696\/aliciaalpaisdelesmeravellespetitromeateatreinfantilbarcelona0_thumb.jpg\",\"title\":\"Al\u00edcia al pa\u00eds de les meravelles\",\"description\":\"Al\u00edcia al pa\u00eds de les meravelles teatre infantil petit romea barcelona\",\"copyright\":\"https:\/\/www.youtube.com\/watch?v=AKkggykOmOM\",\"order\":51},{\"localizer\":\"V3SLIDE\",\"url\":\"media\/ftgalslide\/v3\/31450\/01_086_00045697\/aliciaalpaisdelesmeravellespetitromeateatreinfantilbarcelona1.jpg\",\"thumb_url\":\"media\/ftgalslide\/v3\/31450\/01_086_00045697\/aliciaalpaisdelesmeravellespetitromeateatreinfantilbarcelona1_thumb.jpg\",\"title\":\"Al\u00edcia al pa\u00eds de les meravelles\",\"description\":\"Al\u00edcia al pa\u00eds de les meravelles teatre infantil petit romea barcelona\",\"copyright\":\"\",\"order\":52},{\"localizer\":\"V3SLIDE\",\"url\":\"media\/ftgalslide\/v3\/31450\/01_086_00045698\/aliciaalpaisdelesmeravellespetitromeateatreinfantilbarcelona2.jpg\",\"thumb_url\":\"media\/ftgalslide\/v3\/31450\/01_086_00045698\/aliciaalpaisdelesmeravellespetitromeateatreinfantilbarcelona2_thumb.jpg\",\"title\":\"Al\u00edcia al pa\u00eds de les meravelles\",\"description\":\"Al\u00edcia al pa\u00eds de les meravelles teatre infantil petit romea barcelona\",\"copyright\":\"\",\"order\":53},{\"localizer\":\"V3SLIDE\",\"url\":\"media\/ftgalslide\/v3\/31450\/01_086_00045699\/aliciaalpaisdelesmeravellespetitromeateatreinfantilbarcelona3.jpg\",\"thumb_url\":\"media\/ftgalslide\/v3\/31450\/01_086_00045699\/aliciaalpaisdelesmeravellespetitromeateatreinfantilbarcelona3_thumb.jpg\",\"title\":\"Al\u00edcia al pa\u00eds de les meravelles\",\"description\":\"Al\u00edcia al pa\u00eds de les meravelles teatre infantil petit romea barcelona\",\"copyright\":\"\",\"order\":54},{\"localizer\":\"V4CARTELL\",\"url\":\"media\/ver\/cartell\/v4\/2026\/09\/c5e317d1-e49e-4d10-80cc-59947f609ab3.jpg\",\"thumb_url\":\"media\/ver\/cartell\/v4\/2026\/09\/a0b77288-96d1-428f-a73d-6d63260bf268.jpg\",\"title\":\"Al\u00edcia al pa\u00eds dels m\u00f3bils - Teatre Goya\",\"description\":\"<p>alicia&nbsp;al&nbsp;pais&nbsp;dels&nbsp;mobils&nbsp;al&nbsp;teatre&nbsp;goya<\/p>\",\"copyright\":\"\",\"order\":0},{\"localizer\":\"V4PORTADA\",\"url\":\"media\/ver\/port\/v4\/2026\/09\/a4de31ab-e0a5-4325-b53e-c256972f2942.jpg\",\"thumb_url\":\"media\/ver\/port\/v4\/2026\/09\/d16fa7b0-206b-49b3-a6b1-51e47dc495b6.jpg\",\"title\":\"Al\u00edcia al pais dels m\u00f2bils - Teatre Goya\",\"description\":\"<p>alicia&nbsp;als&nbsp;pais&nbsp;dels&nbsp;mobils&nbsp;al&nbsp;teatre&nbsp;goya<br>&nbsp;<\/p>\",\"copyright\":\"\",\"order\":72},{\"localizer\":\"V4PORTADAWIDE\",\"url\":\"media\/ver\/port\/wide\/v4\/3170D\/01_091_00059225\/PORTADA_0_alicia.jpg\",\"thumb_url\":\"media\/ver\/port\/wide\/v4\/3170D\/01_091_00059225\/PORTADA_0_alicia.jpg\",\"title\":\"Al\u00edcia al pais dels m\u00f2bils - Teatre Romea - Barcelona\",\"description\":\"alicia als pais dels mobils al teatre romea de barcelonarn \",\"copyright\":\"\",\"order\":71}]","material__texto_intro":"","data_material":null,"data_gallery":"","data_discounts":"[]","contract_is_open":false,"in_tour":false},"yoast_head":"<!-- This site is optimized with the Yoast SEO plugin v28.4 - https:\/\/yoast.com\/product\/yoast-seo-wordpress\/ -->\n<title>Al\u00edcia al pa\u00eds dels m\u00f2bils - Teatre Goya<\/title>\n<meta name=\"robots\" content=\"index, follow, max-snippet:-1, max-image-preview:large, max-video-preview:-1\" \/>\n<link rel=\"canonical\" href=\"https:\/\/www.teatregoya.cat\/es\/ex\/alicia-al-pais-dels-mobils\/\" \/>\n<script type=\"application\/ld+json\" class=\"yoast-schema-graph\">{\"@context\":\"https:\\\/\\\/schema.org\",\"@graph\":[{\"@type\":\"WebPage\",\"@id\":\"https:\\\/\\\/www.teatregoya.cat\\\/es\\\/ex\\\/alicia-al-pais-dels-mobils\\\/\",\"url\":\"https:\\\/\\\/www.teatregoya.cat\\\/es\\\/ex\\\/alicia-al-pais-dels-mobils\\\/\",\"name\":\"Al\u00edcia al pa\u00eds dels m\u00f2bils - Teatre Goya\",\"isPartOf\":{\"@id\":\"https:\\\/\\\/www.teatregoya.cat\\\/es\\\/#website\"},\"datePublished\":\"2026-09-03T15:37:58+00:00\",\"dateModified\":\"2026-09-03T16:34:53+00:00\",\"breadcrumb\":{\"@id\":\"https:\\\/\\\/www.teatregoya.cat\\\/es\\\/ex\\\/alicia-al-pais-dels-mobils\\\/#breadcrumb\"},\"inLanguage\":\"es\",\"potentialAction\":[{\"@type\":\"ReadAction\",\"target\":[\"https:\\\/\\\/www.teatregoya.cat\\\/es\\\/ex\\\/alicia-al-pais-dels-mobils\\\/\"]}]},{\"@type\":\"BreadcrumbList\",\"@id\":\"https:\\\/\\\/www.teatregoya.cat\\\/es\\\/ex\\\/alicia-al-pais-dels-mobils\\\/#breadcrumb\",\"itemListElement\":[{\"@type\":\"ListItem\",\"position\":1,\"name\":\"Home\",\"item\":\"https:\\\/\\\/www.teatregoya.cat\\\/es\\\/\"},{\"@type\":\"ListItem\",\"position\":2,\"name\":\"Espectacles\",\"item\":\"https:\\\/\\\/www.teatregoya.cat\\\/es\\\/ex\\\/\"},{\"@type\":\"ListItem\",\"position\":3,\"name\":\"Al\u00edcia al pa\u00eds dels m\u00f2bils\"}]},{\"@type\":\"WebSite\",\"@id\":\"https:\\\/\\\/www.teatregoya.cat\\\/es\\\/#website\",\"url\":\"https:\\\/\\\/www.teatregoya.cat\\\/es\\\/\",\"name\":\"Teatre Goya\",\"description\":\"\",\"publisher\":{\"@id\":\"https:\\\/\\\/www.teatregoya.cat\\\/es\\\/#organization\"},\"potentialAction\":[{\"@type\":\"SearchAction\",\"target\":{\"@type\":\"EntryPoint\",\"urlTemplate\":\"https:\\\/\\\/www.teatregoya.cat\\\/es\\\/?s={search_term_string}\"},\"query-input\":{\"@type\":\"PropertyValueSpecification\",\"valueRequired\":true,\"valueName\":\"search_term_string\"}}],\"inLanguage\":\"es\"},{\"@type\":\"Organization\",\"@id\":\"https:\\\/\\\/www.teatregoya.cat\\\/es\\\/#organization\",\"name\":\"Teatre Goya\",\"url\":\"https:\\\/\\\/www.teatregoya.cat\\\/es\\\/\",\"logo\":{\"@type\":\"ImageObject\",\"inLanguage\":\"es\",\"@id\":\"https:\\\/\\\/www.teatregoya.cat\\\/es\\\/#\\\/schema\\\/logo\\\/image\\\/\",\"url\":\"https:\\\/\\\/www.teatregoya.cat\\\/wp-content\\\/uploads\\\/sites\\\/4\\\/2017\\\/09\\\/teatre-goya-logo.svg\",\"contentUrl\":\"https:\\\/\\\/www.teatregoya.cat\\\/wp-content\\\/uploads\\\/sites\\\/4\\\/2017\\\/09\\\/teatre-goya-logo.svg\",\"width\":1,\"height\":1,\"caption\":\"Teatre Goya\"},\"image\":{\"@id\":\"https:\\\/\\\/www.teatregoya.cat\\\/es\\\/#\\\/schema\\\/logo\\\/image\\\/\"},\"sameAs\":[\"http:\\\/\\\/www.facebook.com\\\/TeatreGoya\",\"https:\\\/\\\/x.com\\\/Teatre_Goya\",\"http:\\\/\\\/instagram.com\\\/teatre_goya\",\"http:\\\/\\\/www.youtube.com\\\/user\\\/TeatreGoya\"]}]}<\/script>\n<!-- \/ Yoast SEO plugin. -->","yoast_head_json":{"title":"Al\u00edcia al pa\u00eds dels m\u00f2bils - Teatre Goya","robots":{"index":"index","follow":"follow","max-snippet":"max-snippet:-1","max-image-preview":"max-image-preview:large","max-video-preview":"max-video-preview:-1"},"canonical":"https:\/\/www.teatregoya.cat\/es\/ex\/alicia-al-pais-dels-mobils\/","schema":{"@context":"https:\/\/schema.org","@graph":[{"@type":"WebPage","@id":"https:\/\/www.teatregoya.cat\/es\/ex\/alicia-al-pais-dels-mobils\/","url":"https:\/\/www.teatregoya.cat\/es\/ex\/alicia-al-pais-dels-mobils\/","name":"Al\u00edcia al pa\u00eds dels m\u00f2bils - Teatre Goya","isPartOf":{"@id":"https:\/\/www.teatregoya.cat\/es\/#website"},"datePublished":"2026-09-03T15:37:58+00:00","dateModified":"2026-09-03T16:34:53+00:00","breadcrumb":{"@id":"https:\/\/www.teatregoya.cat\/es\/ex\/alicia-al-pais-dels-mobils\/#breadcrumb"},"inLanguage":"es","potentialAction":[{"@type":"ReadAction","target":["https:\/\/www.teatregoya.cat\/es\/ex\/alicia-al-pais-dels-mobils\/"]}]},{"@type":"BreadcrumbList","@id":"https:\/\/www.teatregoya.cat\/es\/ex\/alicia-al-pais-dels-mobils\/#breadcrumb","itemListElement":[{"@type":"ListItem","position":1,"name":"Home","item":"https:\/\/www.teatregoya.cat\/es\/"},{"@type":"ListItem","position":2,"name":"Espectacles","item":"https:\/\/www.teatregoya.cat\/es\/ex\/"},{"@type":"ListItem","position":3,"name":"Al\u00edcia al pa\u00eds dels m\u00f2bils"}]},{"@type":"WebSite","@id":"https:\/\/www.teatregoya.cat\/es\/#website","url":"https:\/\/www.teatregoya.cat\/es\/","name":"Teatre Goya","description":"","publisher":{"@id":"https:\/\/www.teatregoya.cat\/es\/#organization"},"potentialAction":[{"@type":"SearchAction","target":{"@type":"EntryPoint","urlTemplate":"https:\/\/www.teatregoya.cat\/es\/?s={search_term_string}"},"query-input":{"@type":"PropertyValueSpecification","valueRequired":true,"valueName":"search_term_string"}}],"inLanguage":"es"},{"@type":"Organization","@id":"https:\/\/www.teatregoya.cat\/es\/#organization","name":"Teatre Goya","url":"https:\/\/www.teatregoya.cat\/es\/","logo":{"@type":"ImageObject","inLanguage":"es","@id":"https:\/\/www.teatregoya.cat\/es\/#\/schema\/logo\/image\/","url":"https:\/\/www.teatregoya.cat\/wp-content\/uploads\/sites\/4\/2017\/09\/teatre-goya-logo.svg","contentUrl":"https:\/\/www.teatregoya.cat\/wp-content\/uploads\/sites\/4\/2017\/09\/teatre-goya-logo.svg","width":1,"height":1,"caption":"Teatre Goya"},"image":{"@id":"https:\/\/www.teatregoya.cat\/es\/#\/schema\/logo\/image\/"},"sameAs":["http:\/\/www.facebook.com\/TeatreGoya","https:\/\/x.com\/Teatre_Goya","http:\/\/instagram.com\/teatre_goya","http:\/\/www.youtube.com\/user\/TeatreGoya"]}]}},"translations":[{"id":4513,"locale":"ca"},{"id":4514,"locale":"es"}],"_links":{"self":[{"href":"https:\/\/www.teatregoya.cat\/es\/wp-json\/wp\/v2\/ex\/4514","targetHints":{"allow":["GET"]}}],"collection":[{"href":"https:\/\/www.teatregoya.cat\/es\/wp-json\/wp\/v2\/ex"}],"about":[{"href":"https:\/\/www.teatregoya.cat\/es\/wp-json\/wp\/v2\/types\/ex"}],"author":[{"embeddable":true,"href":"https:\/\/www.teatregoya.cat\/es\/wp-json\/wp\/v2\/users\/2"}],"replies":[{"embeddable":true,"href":"https:\/\/www.teatregoya.cat\/es\/wp-json\/wp\/v2\/comments?post=4514"}],"wp:attachment":[{"href":"https:\/\/www.teatregoya.cat\/es\/wp-json\/wp\/v2\/media?parent=4514"}],"curies":[{"name":"wp","href":"https:\/\/api.w.org\/{rel}","templated":true}]}}