{"id":4062,"date":"2025-01-28T10:43:51","date_gmt":"2025-01-28T09:43:51","guid":{"rendered":"https:\/\/www.teatregoya.cat\/ex\/clavells\/"},"modified":"2025-11-05T16:05:50","modified_gmt":"2025-11-05T15:05:50","slug":"clavells","status":"publish","type":"ex","link":"https:\/\/www.teatregoya.cat\/es\/ex\/clavells\/","title":{"rendered":"Clavells"},"content":{"rendered":"","protected":false},"excerpt":{"rendered":"","protected":false},"author":2,"featured_media":0,"comment_status":"closed","ping_status":"closed","template":"","class_list":["post-4062","ex","type-ex","status-publish","hentry","season-2024-25"],"acf":{"txt_synopsis":"<strong>Una conmovedora historia de amor, traici\u00f3n y esperanza<\/strong><br \/><br \/>Despu\u00e9s de d\u00e9cadas sin verse, un hombre y una mujer se reencuentran. <strong>Comparten un pasado de compromiso pol\u00edtico y amistad profunda<\/strong> que se vio truncado por la traici\u00f3n. Desde entonces, suman silencios, mentiras, rencores y el recuerdo de un momento de esperanza inmaculada: la Revoluci\u00f3n de los Claveles.","main_buy_link":"","main_buy_links":"","group_buy_link":"https:\/\/www.promentrada.com\/es\/programacion\/c\/1651-clavells-grupos.html","show_language":"Espect\u00e1culo en catalan.","show_duration":"80","show_start_date":"20250625000000","show_end_date":"20250706000000","show_sort_date":"20250625000000","txt_custom_show_dates":"del 25 de junio al 6 de julio de 2025 ","show_disciplines":"3","show_ultimes_funcions":false,"hide_tarifes_especials":false,"show_properament":false,"txt_additional_info":"<p>Recomendado a partir de<strong> 14 a\u00f1os.<\/strong><\/p>","txt_present":"","show_season":[102],"txt_season":"[\"2024\/25\"]","txt_cycle":"","txt_claim":"<strong>CLAVELES propone un viaje de ida y vuelta al lugar en el que fue alumbrada la esperanza.<\/strong>","txt_cast_excerpt":"","txt_cast":"<p>Autor\u00eda: <strong>Emma Riverola<\/strong><strong><br \/><\/strong>Direcci\u00f3n: <strong>Abel Folk<br \/><\/strong>&nbsp;<br \/>Int\u00e9rpretes <br \/><strong>Silvia Mars\u00f3<\/strong> - Violeta<br \/><strong>Abel Folk<\/strong> - Javier <br \/>&nbsp;<br \/>Escenograf\u00eda e iluminaci\u00f3n: <strong>Paco Azor\u00edn<br \/><\/strong>Vestuario: <strong>Patricia Monn\u00e9<\/strong><br \/>Espacio sonoro: <strong>Olga Santos<\/strong><br \/>&nbsp; <br \/>Direcci\u00f3n de producci\u00f3n: <strong>Gloria Casanova<\/strong><br \/>Jefe de producci\u00f3n: <strong>Maria Folk<\/strong><br \/>Producci\u00f3n ejecutiva: <strong>Gloria Casanova&nbsp; <br \/><\/strong>Productor: <strong>Hold-Principal S.L. y Lantia Esc\u00e9nica<\/strong><br \/>Direcci\u00f3n t\u00e9cnica: <strong>Elena Berm\u00fadez<br \/><\/strong>Coordinaci\u00f3n t\u00e9cnica: <strong>Alba Santiago<\/strong><br \/>&nbsp;<br \/>Ayudant\u00eda de direcci\u00f3n: <strong>Gabriel L\u00f3pez Pi\u00f1a<br \/><\/strong>Regidur\u00eda:<strong> Elisenda Caball\u00e9<\/strong> <br \/>T\u00e9cnico de luces: <strong>Elena Berm\u00fadez<\/strong><br \/>T\u00e9cnico de sonido: <strong>Alba Santiago<\/strong><br \/>Jefe t\u00e9cnico del teatro: <strong>Roger Mu\u00f1oz<\/strong><br \/>&nbsp; <br \/>Construcci\u00f3n de la escenograf\u00eda: <strong>Mambo decorados<br \/><\/strong>&nbsp;<br \/>M\u00e1rquetin y comunicaci\u00f3n:<strong> Focus<\/strong><br \/>Reportaje fotogr\u00e1fico: <strong>Raquel Rodr\u00edguez&nbsp;&nbsp;<\/strong><br \/>&nbsp;&nbsp; <br \/>Con el apoyo de: <strong>Generalitat de Catalunya \u2013 ICEC Institut Catal\u00e0 de les Empreses Culturals, AISGE y Fundaci\u00f3 Romea<br \/>&nbsp;<br \/><\/strong>Distribuci\u00f3n: <strong>Carme Tierz (<\/strong><a href=\"mailto:ctierz@mediterraneagira.com\"><strong>ctierz@mediterraneagira.com<\/strong><\/a><strong>)<\/strong><br \/>&nbsp;<br \/>Es una producci\u00f3n de <strong>Hold-Principal S.L., Faig Produccions, Lantia Esc\u00e9nica y Lamars\u00f3 produce<br \/><\/strong><\/p>","txt_reviews":"Antonio Ill\u00e1n|ABC|\u201cUn mosaico de recuerdos, de verdades que se han ocultado, de emociones, actitudes vitales, valores y contravalores\u201d\r\nAngelica Francesca Rimini|El Cultural|\u201cEl p\u00fablico aplaude, r\u00ede, llora y canta con ellos. Los personajes sacan todo tipo de emociones y consiguen penetrar en el alma del espectador.\u201d\r\nMarc Libiano|Diari de Tarragona|\u201cUn di\u00e1logo frente a frente, en una pelea carnal, viva, con di\u00e1logos de una gran brillantez\u201d","hashtag":"Clavells","have_promo":"","slogan":"","id_exhibicio":2242,"id_versio":1762,"id_local":35,"txt_seo_desc":"La obra Clavells en el Teatre Goya","data_images":"[{\"localizer\":\"V4PORTADA\",\"url\":\"media\/ver\/port\/v4\/31708\/01_090_00058874\/clavells_cat_Portada_1_760x760.jpg\",\"thumb_url\":\"\",\"title\":\"Clavells - Teatre Goya\",\"description\":\"clavells al teatre goya\",\"copyright\":\"\",\"order\":5},{\"localizer\":\"V4PORTADAWIDEMOBILE\",\"url\":\"media\/ver\/port\/wide\/mobile\/v4\/31708\/01_092_00058875\/clavells_cat_Portada_0_mobile_828x1800.jpg\",\"thumb_url\":\"\",\"title\":\"Clavells - Teatre Goya\",\"description\":\"clavells al teatre goya\",\"copyright\":\"\",\"order\":6},{\"localizer\":\"V4CARTELL\",\"url\":\"media\/ver\/cartell\/v4\/31708\/01_089_00058876\/clavells_cat_Cartell_web_720x1100.jpg\",\"thumb_url\":\"\",\"title\":\"Clavells - Teatre Goya\",\"description\":\"clavells al teatre goya\",\"copyright\":\"\",\"order\":7},{\"localizer\":\"V4PORTADAWIDE\",\"url\":\"media\/ver\/port\/wide\/v4\/31708\/01_091_00058877\/clavells_cat_Portada_0_2880x1260.jpg\",\"thumb_url\":\"\",\"title\":\"Clavells - Teatre Goya\",\"description\":\"clavells al teatre goya\",\"copyright\":\"\",\"order\":8},{\"localizer\":\"V3SLIDE\",\"url\":\"media\/ftgalslide\/v3\/31709\/01_086_00058893\/Claveles_004.jpg\",\"thumb_url\":\"media\/ftgalslide\/v3\/31709\/01_086_00058893\/Claveles_004_thumb.jpg\",\"title\":\"Clavells - Teatre Goya\",\"description\":\"clavells al teatre goya\",\"copyright\":\"https:\/\/youtu.be\/XvkeurNTbx4\",\"order\":9},{\"localizer\":\"V3SLIDE\",\"url\":\"media\/ftgalslide\/v3\/31709\/01_086_00058894\/Claveles_016.jpg\",\"thumb_url\":\"media\/ftgalslide\/v3\/31709\/01_086_00058894\/Claveles_016_thumb.jpg\",\"title\":\"Clavells - Teatre Goya\",\"description\":\"clavells al teatre goya\",\"copyright\":\"\",\"order\":10},{\"localizer\":\"V3SLIDE\",\"url\":\"media\/ftgalslide\/v3\/31709\/01_086_00058895\/Claveles_010.jpg\",\"thumb_url\":\"media\/ftgalslide\/v3\/31709\/01_086_00058895\/Claveles_010_thumb.jpg\",\"title\":\"Clavells - Teatre Goya\",\"description\":\"clavells al teatre goya\",\"copyright\":\"\",\"order\":11},{\"localizer\":\"V3SLIDE\",\"url\":\"media\/ftgalslide\/v3\/31709\/01_086_00058896\/Claveles_047.jpg\",\"thumb_url\":\"media\/ftgalslide\/v3\/31709\/01_086_00058896\/Claveles_047_thumb.jpg\",\"title\":\"Clavells - Teatre Goya\",\"description\":\"clavells al teatre goya\",\"copyright\":\"\",\"order\":12},{\"localizer\":\"V3CARTELL\",\"url\":\"media\/ver\/cartell\/v3\/31709\/01_085_00058901\/clavells_cat_Cartell_web_focus_722x1030.jpg\",\"thumb_url\":\"media\/ver\/cartell\/v3\/31709\/01_085_00058901\/clavells_cat_Cartell_web_focus_722x1030_thumb.jpg\",\"title\":\"Clavells al teatre goya de barcelona\",\"description\":\"Clavells al teatre goya de barcelona\",\"copyright\":\"\",\"order\":13}]","material__texto_intro":"","data_material":null,"data_gallery":"","data_discounts":"[]","contract_is_open":false,"in_tour":false},"yoast_head":"<!-- This site is optimized with the Yoast SEO plugin v27.5 - https:\/\/yoast.com\/product\/yoast-seo-wordpress\/ -->\n<title>Clavells - Teatre Goya<\/title>\n<meta name=\"robots\" content=\"index, follow, max-snippet:-1, max-image-preview:large, max-video-preview:-1\" \/>\n<link rel=\"canonical\" href=\"https:\/\/www.teatregoya.cat\/es\/ex\/clavells\/\" \/>\n<script type=\"application\/ld+json\" class=\"yoast-schema-graph\">{\"@context\":\"https:\\\/\\\/schema.org\",\"@graph\":[{\"@type\":\"WebPage\",\"@id\":\"https:\\\/\\\/www.teatregoya.cat\\\/es\\\/ex\\\/clavells\\\/\",\"url\":\"https:\\\/\\\/www.teatregoya.cat\\\/es\\\/ex\\\/clavells\\\/\",\"name\":\"Clavells - Teatre Goya\",\"isPartOf\":{\"@id\":\"https:\\\/\\\/www.teatregoya.cat\\\/es\\\/#website\"},\"datePublished\":\"2025-01-28T09:43:51+00:00\",\"dateModified\":\"2025-11-05T15:05:50+00:00\",\"breadcrumb\":{\"@id\":\"https:\\\/\\\/www.teatregoya.cat\\\/es\\\/ex\\\/clavells\\\/#breadcrumb\"},\"inLanguage\":\"es\",\"potentialAction\":[{\"@type\":\"ReadAction\",\"target\":[\"https:\\\/\\\/www.teatregoya.cat\\\/es\\\/ex\\\/clavells\\\/\"]}]},{\"@type\":\"BreadcrumbList\",\"@id\":\"https:\\\/\\\/www.teatregoya.cat\\\/es\\\/ex\\\/clavells\\\/#breadcrumb\",\"itemListElement\":[{\"@type\":\"ListItem\",\"position\":1,\"name\":\"Home\",\"item\":\"https:\\\/\\\/www.teatregoya.cat\\\/es\\\/\"},{\"@type\":\"ListItem\",\"position\":2,\"name\":\"Espectacles\",\"item\":\"https:\\\/\\\/www.teatregoya.cat\\\/es\\\/ex\\\/\"},{\"@type\":\"ListItem\",\"position\":3,\"name\":\"Clavells\"}]},{\"@type\":\"WebSite\",\"@id\":\"https:\\\/\\\/www.teatregoya.cat\\\/es\\\/#website\",\"url\":\"https:\\\/\\\/www.teatregoya.cat\\\/es\\\/\",\"name\":\"Teatre Goya\",\"description\":\"\",\"publisher\":{\"@id\":\"https:\\\/\\\/www.teatregoya.cat\\\/es\\\/#organization\"},\"potentialAction\":[{\"@type\":\"SearchAction\",\"target\":{\"@type\":\"EntryPoint\",\"urlTemplate\":\"https:\\\/\\\/www.teatregoya.cat\\\/es\\\/?s={search_term_string}\"},\"query-input\":{\"@type\":\"PropertyValueSpecification\",\"valueRequired\":true,\"valueName\":\"search_term_string\"}}],\"inLanguage\":\"es\"},{\"@type\":\"Organization\",\"@id\":\"https:\\\/\\\/www.teatregoya.cat\\\/es\\\/#organization\",\"name\":\"Teatre Goya\",\"url\":\"https:\\\/\\\/www.teatregoya.cat\\\/es\\\/\",\"logo\":{\"@type\":\"ImageObject\",\"inLanguage\":\"es\",\"@id\":\"https:\\\/\\\/www.teatregoya.cat\\\/es\\\/#\\\/schema\\\/logo\\\/image\\\/\",\"url\":\"https:\\\/\\\/www.teatregoya.cat\\\/wp-content\\\/uploads\\\/sites\\\/4\\\/2017\\\/09\\\/teatre-goya-logo.svg\",\"contentUrl\":\"https:\\\/\\\/www.teatregoya.cat\\\/wp-content\\\/uploads\\\/sites\\\/4\\\/2017\\\/09\\\/teatre-goya-logo.svg\",\"width\":1,\"height\":1,\"caption\":\"Teatre Goya\"},\"image\":{\"@id\":\"https:\\\/\\\/www.teatregoya.cat\\\/es\\\/#\\\/schema\\\/logo\\\/image\\\/\"},\"sameAs\":[\"http:\\\/\\\/www.facebook.com\\\/TeatreGoya\",\"https:\\\/\\\/x.com\\\/Teatre_Goya\",\"http:\\\/\\\/instagram.com\\\/teatre_goya\",\"http:\\\/\\\/www.youtube.com\\\/user\\\/TeatreGoya\"]}]}<\/script>\n<!-- \/ Yoast SEO plugin. -->","yoast_head_json":{"title":"Clavells - Teatre Goya","robots":{"index":"index","follow":"follow","max-snippet":"max-snippet:-1","max-image-preview":"max-image-preview:large","max-video-preview":"max-video-preview:-1"},"canonical":"https:\/\/www.teatregoya.cat\/es\/ex\/clavells\/","schema":{"@context":"https:\/\/schema.org","@graph":[{"@type":"WebPage","@id":"https:\/\/www.teatregoya.cat\/es\/ex\/clavells\/","url":"https:\/\/www.teatregoya.cat\/es\/ex\/clavells\/","name":"Clavells - Teatre Goya","isPartOf":{"@id":"https:\/\/www.teatregoya.cat\/es\/#website"},"datePublished":"2025-01-28T09:43:51+00:00","dateModified":"2025-11-05T15:05:50+00:00","breadcrumb":{"@id":"https:\/\/www.teatregoya.cat\/es\/ex\/clavells\/#breadcrumb"},"inLanguage":"es","potentialAction":[{"@type":"ReadAction","target":["https:\/\/www.teatregoya.cat\/es\/ex\/clavells\/"]}]},{"@type":"BreadcrumbList","@id":"https:\/\/www.teatregoya.cat\/es\/ex\/clavells\/#breadcrumb","itemListElement":[{"@type":"ListItem","position":1,"name":"Home","item":"https:\/\/www.teatregoya.cat\/es\/"},{"@type":"ListItem","position":2,"name":"Espectacles","item":"https:\/\/www.teatregoya.cat\/es\/ex\/"},{"@type":"ListItem","position":3,"name":"Clavells"}]},{"@type":"WebSite","@id":"https:\/\/www.teatregoya.cat\/es\/#website","url":"https:\/\/www.teatregoya.cat\/es\/","name":"Teatre Goya","description":"","publisher":{"@id":"https:\/\/www.teatregoya.cat\/es\/#organization"},"potentialAction":[{"@type":"SearchAction","target":{"@type":"EntryPoint","urlTemplate":"https:\/\/www.teatregoya.cat\/es\/?s={search_term_string}"},"query-input":{"@type":"PropertyValueSpecification","valueRequired":true,"valueName":"search_term_string"}}],"inLanguage":"es"},{"@type":"Organization","@id":"https:\/\/www.teatregoya.cat\/es\/#organization","name":"Teatre Goya","url":"https:\/\/www.teatregoya.cat\/es\/","logo":{"@type":"ImageObject","inLanguage":"es","@id":"https:\/\/www.teatregoya.cat\/es\/#\/schema\/logo\/image\/","url":"https:\/\/www.teatregoya.cat\/wp-content\/uploads\/sites\/4\/2017\/09\/teatre-goya-logo.svg","contentUrl":"https:\/\/www.teatregoya.cat\/wp-content\/uploads\/sites\/4\/2017\/09\/teatre-goya-logo.svg","width":1,"height":1,"caption":"Teatre Goya"},"image":{"@id":"https:\/\/www.teatregoya.cat\/es\/#\/schema\/logo\/image\/"},"sameAs":["http:\/\/www.facebook.com\/TeatreGoya","https:\/\/x.com\/Teatre_Goya","http:\/\/instagram.com\/teatre_goya","http:\/\/www.youtube.com\/user\/TeatreGoya"]}]}},"translations":[{"id":4061,"locale":"ca"},{"id":4062,"locale":"es"}],"_links":{"self":[{"href":"https:\/\/www.teatregoya.cat\/es\/wp-json\/wp\/v2\/ex\/4062","targetHints":{"allow":["GET"]}}],"collection":[{"href":"https:\/\/www.teatregoya.cat\/es\/wp-json\/wp\/v2\/ex"}],"about":[{"href":"https:\/\/www.teatregoya.cat\/es\/wp-json\/wp\/v2\/types\/ex"}],"author":[{"embeddable":true,"href":"https:\/\/www.teatregoya.cat\/es\/wp-json\/wp\/v2\/users\/2"}],"replies":[{"embeddable":true,"href":"https:\/\/www.teatregoya.cat\/es\/wp-json\/wp\/v2\/comments?post=4062"}],"acf:term":[{"embeddable":true,"taxonomy":"season","href":"https:\/\/www.teatregoya.cat\/es\/wp-json\/wp\/v2\/season\/102"}],"wp:attachment":[{"href":"https:\/\/www.teatregoya.cat\/es\/wp-json\/wp\/v2\/media?parent=4062"}],"curies":[{"name":"wp","href":"https:\/\/api.w.org\/{rel}","templated":true}]}}