{"id":3921,"date":"2024-07-24T11:21:00","date_gmt":"2024-07-24T09:21:00","guid":{"rendered":"https:\/\/www.teatregoya.cat\/ex\/un-sogre-de-lloguer\/"},"modified":"2025-11-28T13:05:59","modified_gmt":"2025-11-28T12:05:59","slug":"un-sogre-de-lloguer","status":"publish","type":"ex","link":"https:\/\/www.teatregoya.cat\/es\/ex\/un-sogre-de-lloguer\/","title":{"rendered":"Un sogre de lloguer"},"content":{"rendered":"","protected":false},"excerpt":{"rendered":"","protected":false},"author":2,"featured_media":0,"comment_status":"closed","ping_status":"closed","template":"","class_list":["post-3921","ex","type-ex","status-publish","hentry","season-2024-25"],"acf":{"txt_synopsis":"<p><strong>Una comedia donde todo es mentira. <\/strong><\/p>\r\n<p>Mar\u00e7al lleva muchos a\u00f1os sin ver a su padre, un hippie que vive en una autocaravana en el desierto de Australia, as\u00ed que cuando se ve obligado a organizar una cena para presentarlo a su prometida y a su suegra, que son de clase alta, decide contratar a un actor que se haga pasar por su padre.&nbsp;&nbsp; <br \/>&nbsp;<br \/>La historia se enreda cuando el actor que est\u00e1 por venir enferma y la agencia acaba enviando un sustituto de \u00faltima hora, Ramon, un actor de doblaje con poco trabajo, que se implicar\u00e1 tanto en su papel que lo ir\u00e1 complicando todo.&nbsp;&nbsp; <\/p>\r\n<p>Una serie de malentendidos, mentiras y medias verdades, provocar\u00e1n enredos y situaciones hilarantes, y veremos c\u00f3mo Ram\u00f3n acabar\u00e1 d\u00e1ndole un giro a la cena y la vida de todos los invitados. <\/p>","main_buy_link":"","main_buy_links":"","group_buy_link":"","show_language":"Espect\u00e1culo en catal\u00e1n\u202f\u202f  ","show_duration":"90","show_start_date":"20241108000000","show_end_date":"20250126000000","show_sort_date":"20241108000000","txt_custom_show_dates":"del 8 de noviembre de 2024 al 26 de enero de 2025 ","show_disciplines":"11","show_ultimes_funcions":false,"hide_tarifes_especials":false,"show_properament":false,"txt_additional_info":"<ul>\r\n<li>Recomendado para todas las edades <\/li><\/ul>","txt_present":"","show_season":[102],"txt_season":"[\"2024\/25\"]","txt_cycle":"","txt_claim":"","txt_cast_excerpt":"","txt_cast":"<p>Autor\u00eda: <strong>Susanna Garachana y Jaume Vi\u00f1as\u202f<\/strong> <br \/>Direcci\u00f3n: <strong>Daniel Angl\u00e8s\u202f&nbsp; <br \/><\/strong>Codirecci\u00f3n: <strong>Jaume Vi\u00f1as\u202f \u202f<\/strong>&nbsp; <\/p>\r\n<p>Int\u00e9rpretes: <strong>Joan Pera, Muntsa Alca\u00f1iz, J\u00falia Jov\u00e9 y Edu Lloveras <\/strong><\/p>\r\n<p>Escenograf\u00eda:<strong> Enric Planas<\/strong> <br \/>Vestuario y caracterizaci\u00f3n: <strong>N\u00faria Llunell<\/strong>&nbsp; <br \/>Iluminaci\u00f3n:&nbsp;<strong>Paula Costas<\/strong>&nbsp; <\/p>\r\n<p>Direcci\u00f3n de producci\u00f3n: <strong>Maite Pijuan\u202f\u202f&nbsp; <\/strong><br \/>Producci\u00f3n ejecutiva: <strong>\u00c0lvar Rovira\u202f\u202f<\/strong>&nbsp; <br \/>Direcci\u00f3n t\u00e9cnica: <strong>Moi Cuenca\u202f\u202f<\/strong>&nbsp; <br \/>Coordinaci\u00f3n t\u00e9cnica: <strong>Jordi Farr\u00e0s\u202f\u202f<\/strong>&nbsp; <br \/><br \/>Ayudant\u00eda de producci\u00f3n:<strong> Sira Castells y Marta Margarit <\/strong><\/p>\r\n<p>Regidur\u00eda:<strong> Blai Pera <br \/><\/strong>Sastrer\u00eda:<strong> Rosario Macias\u202f<\/strong> <br \/>Jefe t\u00e9cnico del teatro: <strong>Roger Mu\u00f1oz<\/strong> <\/p>\r\n<p>Marketing y comunicaci\u00f3n: <strong>Focus\u202f<\/strong>\u202f\u202f&nbsp; <br \/>Reportaje fotogr\u00e1fico:\u202f<strong>David Ruano\u202f\u202f\u202f\u202f<\/strong>&nbsp; <\/p>\r\n<p>Colaboradores: <strong>Jorge de la Garza, Montibello, Ornamante y Mikakus&nbsp; <\/strong><\/p>\r\n<p>Con el apoyo de<strong> Generalitat de Catalunya \u2013 ICEC Institut Catal\u00e0 de les Empreses Culturals <\/strong><\/p>\r\n<p>Distribuci\u00f3n: <strong>Carme Tierz<\/strong> (<a href=\"mailto:carmetierz@focus.cat\">carmetierz@focus.cat<\/a>) <\/p>\r\n<p>Es una producci\u00f3n de <strong>Focus&nbsp; <\/strong><\/p>","txt_reviews":"Andreu Sotorra|Clip de teatre|\u201cUna tradici\u00f3n que se tendr\u00eda que convertir en h\u00e1bito: montar una comedia con denominaci\u00f3n de origen contando con el principal protagonista, el actor Joan Pera\u201d\r\nJos\u00e9 Rafael Palomar|Diario Cr\u00edtico|\u201cJoan Pera conoce como nadie los secretos para hacer re\u00edr\u201d\r\nPablo-Ignacio de Dalmases|Catalunya Press|\u201cUn juguete c\u00f3mico concebido para provocar las carcajadas de un p\u00fablico fiel\u201d","hashtag":"UnSogredeLloguer","have_promo":"","slogan":"","id_exhibicio":2174,"id_versio":1716,"id_local":35,"txt_seo_desc":"Un Sogre de Lloguer en el Teatre Goya de Barcelona","data_images":"[{\"localizer\":\"V4PORTADA\",\"url\":\"media\/ver\/port\/v4\/31709\/01_090_00058913\/03_Portada_1_760x760.jpg\",\"thumb_url\":\"\",\"title\":\"Un sogre de lloguer - Teatre Condal\",\"description\":\"un sogre de lloguer al teatre condal\",\"copyright\":\"\",\"order\":26},{\"localizer\":\"V3SLIDE\",\"url\":\"media\/ftgalslide\/v3\/31709\/01_086_00058916\/T24_Un_Sogre_028.jpg\",\"thumb_url\":\"media\/ftgalslide\/v3\/31709\/01_086_00058916\/T24_Un_Sogre_028_thumb.jpg\",\"title\":\"Un sogre de lloguer - Teatre Condal\",\"description\":\"un sogre de lloguer al teatre condal\",\"copyright\":\"https:\/\/youtu.be\/OAum2znbcVQ\",\"order\":29},{\"localizer\":\"V3SLIDE\",\"url\":\"media\/ftgalslide\/v3\/31709\/01_086_00058917\/xT24_Un_Sogre_107.jpg\",\"thumb_url\":\"media\/ftgalslide\/v3\/31709\/01_086_00058917\/xT24_Un_Sogre_107_thumb.jpg\",\"title\":\"Un sogre de lloguer - Teatre Condal\",\"description\":\"un sogre de lloguer al teatre condal\",\"copyright\":\"\",\"order\":30},{\"localizer\":\"V3SLIDE\",\"url\":\"media\/ftgalslide\/v3\/31709\/01_086_00058918\/T24_Un_Sogre_124.jpg\",\"thumb_url\":\"media\/ftgalslide\/v3\/31709\/01_086_00058918\/T24_Un_Sogre_124_thumb.jpg\",\"title\":\"Un sogre de lloguer - Teatre Condal\",\"description\":\"un sogre de lloguer al teatre condal\",\"copyright\":\"\",\"order\":31},{\"localizer\":\"V3SLIDE\",\"url\":\"media\/ftgalslide\/v3\/31709\/01_086_00058919\/T24_Un_Sogre_044.jpg\",\"thumb_url\":\"media\/ftgalslide\/v3\/31709\/01_086_00058919\/T24_Un_Sogre_044_thumb.jpg\",\"title\":\"Un sogre de lloguer - Teatre Condal\",\"description\":\"un sogre de lloguer al teatre condal\",\"copyright\":\"\",\"order\":32},{\"localizer\":\"V4CARTELL\",\"url\":\"media\/ver\/cartell\/v4\/3170A\/01_089_00058980\/04_Cartell_Web_720x1100.jpg\",\"thumb_url\":\"\",\"title\":\"Un sogre de lloguer - Teatre Goya\",\"description\":\"un sogre de lloguer al teatre goya\",\"copyright\":\"\",\"order\":33},{\"localizer\":\"V3CARTELL\",\"url\":\"media\/ver\/cartell\/v3\/3170A\/01_085_00058981\/Cartell_web_focus.jpg\",\"thumb_url\":\"media\/ver\/cartell\/v3\/3170A\/01_085_00058981\/Cartell_web_focus_thumb.jpg\",\"title\":\"Un sogre de lloguer - Teatre Goya\",\"description\":\"un sogre de lloguer al teatre goya\",\"copyright\":\"\",\"order\":34},{\"localizer\":\"V4PORTADAWIDE\",\"url\":\"media\/ver\/port\/wide\/v4\/3170E\/01_091_00059402\/CONDAL-Portada_0_2880x1260.jpg\",\"thumb_url\":\"\",\"title\":\"Un sogre de lloguer - Teatre Condal\",\"description\":\"un sogre de lloguer al teatre condal\",\"copyright\":\"\",\"order\":35},{\"localizer\":\"V4PORTADAWIDEMOBILE\",\"url\":\"media\/ver\/port\/wide\/mobile\/v4\/3170E\/01_092_00059403\/CONDAL-Portada_Mobile_828x1800.jpg\",\"thumb_url\":\"\",\"title\":\"Un sogre de lloguer - Teatre Condal\",\"description\":\"un sogre de lloguer al teatre condal\",\"copyright\":\"\",\"order\":36}]","material__texto_intro":"","data_material":null,"data_gallery":"","data_discounts":"[]","contract_is_open":true,"in_tour":false},"yoast_head":"<!-- This site is optimized with the Yoast SEO plugin v27.5 - https:\/\/yoast.com\/product\/yoast-seo-wordpress\/ -->\n<title>Un sogre de lloguer - Teatre Goya<\/title>\n<meta name=\"robots\" content=\"index, follow, max-snippet:-1, max-image-preview:large, max-video-preview:-1\" \/>\n<link rel=\"canonical\" href=\"https:\/\/www.teatregoya.cat\/es\/ex\/un-sogre-de-lloguer\/\" \/>\n<script type=\"application\/ld+json\" class=\"yoast-schema-graph\">{\"@context\":\"https:\\\/\\\/schema.org\",\"@graph\":[{\"@type\":\"WebPage\",\"@id\":\"https:\\\/\\\/www.teatregoya.cat\\\/es\\\/ex\\\/un-sogre-de-lloguer\\\/\",\"url\":\"https:\\\/\\\/www.teatregoya.cat\\\/es\\\/ex\\\/un-sogre-de-lloguer\\\/\",\"name\":\"Un sogre de lloguer - Teatre Goya\",\"isPartOf\":{\"@id\":\"https:\\\/\\\/www.teatregoya.cat\\\/es\\\/#website\"},\"datePublished\":\"2024-07-24T09:21:00+00:00\",\"dateModified\":\"2025-11-28T12:05:59+00:00\",\"breadcrumb\":{\"@id\":\"https:\\\/\\\/www.teatregoya.cat\\\/es\\\/ex\\\/un-sogre-de-lloguer\\\/#breadcrumb\"},\"inLanguage\":\"es\",\"potentialAction\":[{\"@type\":\"ReadAction\",\"target\":[\"https:\\\/\\\/www.teatregoya.cat\\\/es\\\/ex\\\/un-sogre-de-lloguer\\\/\"]}]},{\"@type\":\"BreadcrumbList\",\"@id\":\"https:\\\/\\\/www.teatregoya.cat\\\/es\\\/ex\\\/un-sogre-de-lloguer\\\/#breadcrumb\",\"itemListElement\":[{\"@type\":\"ListItem\",\"position\":1,\"name\":\"Home\",\"item\":\"https:\\\/\\\/www.teatregoya.cat\\\/es\\\/\"},{\"@type\":\"ListItem\",\"position\":2,\"name\":\"Espectacles\",\"item\":\"https:\\\/\\\/www.teatregoya.cat\\\/es\\\/ex\\\/\"},{\"@type\":\"ListItem\",\"position\":3,\"name\":\"Un sogre de lloguer\"}]},{\"@type\":\"WebSite\",\"@id\":\"https:\\\/\\\/www.teatregoya.cat\\\/es\\\/#website\",\"url\":\"https:\\\/\\\/www.teatregoya.cat\\\/es\\\/\",\"name\":\"Teatre Goya\",\"description\":\"\",\"publisher\":{\"@id\":\"https:\\\/\\\/www.teatregoya.cat\\\/es\\\/#organization\"},\"potentialAction\":[{\"@type\":\"SearchAction\",\"target\":{\"@type\":\"EntryPoint\",\"urlTemplate\":\"https:\\\/\\\/www.teatregoya.cat\\\/es\\\/?s={search_term_string}\"},\"query-input\":{\"@type\":\"PropertyValueSpecification\",\"valueRequired\":true,\"valueName\":\"search_term_string\"}}],\"inLanguage\":\"es\"},{\"@type\":\"Organization\",\"@id\":\"https:\\\/\\\/www.teatregoya.cat\\\/es\\\/#organization\",\"name\":\"Teatre Goya\",\"url\":\"https:\\\/\\\/www.teatregoya.cat\\\/es\\\/\",\"logo\":{\"@type\":\"ImageObject\",\"inLanguage\":\"es\",\"@id\":\"https:\\\/\\\/www.teatregoya.cat\\\/es\\\/#\\\/schema\\\/logo\\\/image\\\/\",\"url\":\"https:\\\/\\\/www.teatregoya.cat\\\/wp-content\\\/uploads\\\/sites\\\/4\\\/2017\\\/09\\\/teatre-goya-logo.svg\",\"contentUrl\":\"https:\\\/\\\/www.teatregoya.cat\\\/wp-content\\\/uploads\\\/sites\\\/4\\\/2017\\\/09\\\/teatre-goya-logo.svg\",\"width\":1,\"height\":1,\"caption\":\"Teatre Goya\"},\"image\":{\"@id\":\"https:\\\/\\\/www.teatregoya.cat\\\/es\\\/#\\\/schema\\\/logo\\\/image\\\/\"},\"sameAs\":[\"http:\\\/\\\/www.facebook.com\\\/TeatreGoya\",\"https:\\\/\\\/x.com\\\/Teatre_Goya\",\"http:\\\/\\\/instagram.com\\\/teatre_goya\",\"http:\\\/\\\/www.youtube.com\\\/user\\\/TeatreGoya\"]}]}<\/script>\n<!-- \/ Yoast SEO plugin. -->","yoast_head_json":{"title":"Un sogre de lloguer - Teatre Goya","robots":{"index":"index","follow":"follow","max-snippet":"max-snippet:-1","max-image-preview":"max-image-preview:large","max-video-preview":"max-video-preview:-1"},"canonical":"https:\/\/www.teatregoya.cat\/es\/ex\/un-sogre-de-lloguer\/","schema":{"@context":"https:\/\/schema.org","@graph":[{"@type":"WebPage","@id":"https:\/\/www.teatregoya.cat\/es\/ex\/un-sogre-de-lloguer\/","url":"https:\/\/www.teatregoya.cat\/es\/ex\/un-sogre-de-lloguer\/","name":"Un sogre de lloguer - Teatre Goya","isPartOf":{"@id":"https:\/\/www.teatregoya.cat\/es\/#website"},"datePublished":"2024-07-24T09:21:00+00:00","dateModified":"2025-11-28T12:05:59+00:00","breadcrumb":{"@id":"https:\/\/www.teatregoya.cat\/es\/ex\/un-sogre-de-lloguer\/#breadcrumb"},"inLanguage":"es","potentialAction":[{"@type":"ReadAction","target":["https:\/\/www.teatregoya.cat\/es\/ex\/un-sogre-de-lloguer\/"]}]},{"@type":"BreadcrumbList","@id":"https:\/\/www.teatregoya.cat\/es\/ex\/un-sogre-de-lloguer\/#breadcrumb","itemListElement":[{"@type":"ListItem","position":1,"name":"Home","item":"https:\/\/www.teatregoya.cat\/es\/"},{"@type":"ListItem","position":2,"name":"Espectacles","item":"https:\/\/www.teatregoya.cat\/es\/ex\/"},{"@type":"ListItem","position":3,"name":"Un sogre de lloguer"}]},{"@type":"WebSite","@id":"https:\/\/www.teatregoya.cat\/es\/#website","url":"https:\/\/www.teatregoya.cat\/es\/","name":"Teatre Goya","description":"","publisher":{"@id":"https:\/\/www.teatregoya.cat\/es\/#organization"},"potentialAction":[{"@type":"SearchAction","target":{"@type":"EntryPoint","urlTemplate":"https:\/\/www.teatregoya.cat\/es\/?s={search_term_string}"},"query-input":{"@type":"PropertyValueSpecification","valueRequired":true,"valueName":"search_term_string"}}],"inLanguage":"es"},{"@type":"Organization","@id":"https:\/\/www.teatregoya.cat\/es\/#organization","name":"Teatre Goya","url":"https:\/\/www.teatregoya.cat\/es\/","logo":{"@type":"ImageObject","inLanguage":"es","@id":"https:\/\/www.teatregoya.cat\/es\/#\/schema\/logo\/image\/","url":"https:\/\/www.teatregoya.cat\/wp-content\/uploads\/sites\/4\/2017\/09\/teatre-goya-logo.svg","contentUrl":"https:\/\/www.teatregoya.cat\/wp-content\/uploads\/sites\/4\/2017\/09\/teatre-goya-logo.svg","width":1,"height":1,"caption":"Teatre Goya"},"image":{"@id":"https:\/\/www.teatregoya.cat\/es\/#\/schema\/logo\/image\/"},"sameAs":["http:\/\/www.facebook.com\/TeatreGoya","https:\/\/x.com\/Teatre_Goya","http:\/\/instagram.com\/teatre_goya","http:\/\/www.youtube.com\/user\/TeatreGoya"]}]}},"translations":[{"id":3920,"locale":"ca"},{"id":3921,"locale":"es"}],"_links":{"self":[{"href":"https:\/\/www.teatregoya.cat\/es\/wp-json\/wp\/v2\/ex\/3921","targetHints":{"allow":["GET"]}}],"collection":[{"href":"https:\/\/www.teatregoya.cat\/es\/wp-json\/wp\/v2\/ex"}],"about":[{"href":"https:\/\/www.teatregoya.cat\/es\/wp-json\/wp\/v2\/types\/ex"}],"author":[{"embeddable":true,"href":"https:\/\/www.teatregoya.cat\/es\/wp-json\/wp\/v2\/users\/2"}],"replies":[{"embeddable":true,"href":"https:\/\/www.teatregoya.cat\/es\/wp-json\/wp\/v2\/comments?post=3921"}],"acf:term":[{"embeddable":true,"taxonomy":"season","href":"https:\/\/www.teatregoya.cat\/es\/wp-json\/wp\/v2\/season\/102"}],"wp:attachment":[{"href":"https:\/\/www.teatregoya.cat\/es\/wp-json\/wp\/v2\/media?parent=3921"}],"curies":[{"name":"wp","href":"https:\/\/api.w.org\/{rel}","templated":true}]}}