{"id":3868,"date":"2024-04-16T11:53:08","date_gmt":"2024-04-16T09:53:08","guid":{"rendered":"https:\/\/www.teatregoya.cat\/ex\/jauria\/"},"modified":"2024-10-07T18:04:16","modified_gmt":"2024-10-07T16:04:16","slug":"jauria","status":"publish","type":"ex","link":"https:\/\/www.teatregoya.cat\/es\/ex\/jauria\/","title":{"rendered":"Jaur\u00eda"},"content":{"rendered":"","protected":false},"excerpt":{"rendered":"","protected":false},"author":2,"featured_media":0,"comment_status":"closed","ping_status":"closed","template":"","class_list":["post-3868","ex","type-ex","status-publish","hentry","season-2024-25"],"acf":{"txt_synopsis":"<p><strong>El espect\u00e1culo aclamado por la cr\u00edtica basado en las transcripciones del medi\u00e1tico juicio de \u201cla manada\u201d. <\/strong><\/p>\r\n<p>3 a.m. del 7 de julio de 2016. Fiestas de San Ferm\u00edn. Ellos son cinco amigos que se hacen llamar \"La Manada\". El m\u00e1s joven, y miembro reciente, tiene que pasar por un ritual de iniciaci\u00f3n. Despu\u00e9s de cruzarse con una chica en el centro de Pamplona, se ofrecen para acompa\u00f1arla a su coche, aparcado en las afueras de la ciudad. Durante el camino uno de ellos consigue acceder al portal de un edificio y llama al resto. Cogen a la chica y la meten dentro. <br \/>&nbsp;<br \/>Esta obra fue creada a partir de las transcripciones del medi\u00e1tico juicio que se hizo entre 2017 y 2019, con fragmentos de las declaraciones de los acusados y la denunciante publicadas en diferentes medios de comunicaci\u00f3n. Una ficci\u00f3n documental que nos permite viajar por la mente de la v\u00edctima y sus agresores. Un juicio donde la denunciante es revictimizada, obligada a dar m\u00e1s detalles de su intimidad que los propios denunciados. Un caso que sacudi\u00f3 el concepto de masculinidad, de consentimiento y de agresi\u00f3n sexual en nuestra sociedad. Un juicio que marc\u00f3 un antes y un despu\u00e9s. <\/p>","main_buy_link":"https:\/\/proticketing.com\/teatregoya\/es_ES\/entradas\/evento\/36340","main_buy_links":"[\"https:\/\/proticketing.com\/teatregoya\/es_ES\/entradas\/evento\/36340\"]","group_buy_link":"","show_language":"Espect\u00e1culo en castellano (voces en off en catal\u00e1n) ","show_duration":"85","show_start_date":"20240918000000","show_end_date":"20241020000000","show_sort_date":"20240918000000","txt_custom_show_dates":"hasta el 20 de octubre de 2024 ","show_disciplines":"11","show_ultimes_funcions":false,"hide_tarifes_especials":false,"show_properament":false,"txt_additional_info":"<ul>\r\n<li><i class=\"fa fa-deaf fa-2x fa-fw\"><\/i>Recomendado a partir de 14 a\u00f1os. \r\n<\/li><li>*Funci\u00f3n accesible: 19 de octubre a las 20h. La funci\u00f3n contar\u00e1 con:<br \/>\u00b7 Audiodescripci\u00f3n<br \/>\u00b7 Subtitulado<br \/>\u00b7 Sonido amplificado <\/li><\/ul>\r\n<p><i class=\"fa fa-info fa-2x fa-fw\"><\/i>*Visi\u00f3n \u00f3ptima del subtitulado, a partir de la fila 10 de platea hacia atr\u00e1s.<\/p>\r\n<ul>\r\n<li>En las funciones del <strong>24\/09 al 27\/09, del 01\/10 al 04\/10, el 08\/10, <\/strong><strong>el 9\/10, <\/strong><strong>el 10\/10, el 11\/10<\/strong> y del <strong>15\/10 al 18\/10<\/strong> Carlos Cuevas no efectuar\u00e1 la funci\u00f3n. En su lugar, actuar\u00e1 Adri\u00e1n de N\u00fa\u00f1ez.<br \/>&nbsp;<\/li><\/ul>","txt_present":"","show_season":[102],"txt_season":"[\"2024\/25\"]","txt_cycle":"","txt_claim":"3 a.m. del 7 de julio de 2016. Fiestas de San Ferm\u00edn. Ellos son cinco amigos que se hacen llamar \"La Manada\". El m\u00e1s joven, y miembro reciente, tiene que pasar por un ritual de iniciaci\u00f3n. Despu\u00e9s de cruzarse con una chica en el centro de Pamplona, se ofrecen para acompa\u00f1arla a su coche, aparcado en las afueras de la ciudad. ","txt_cast_excerpt":"","txt_cast":"<p>Autor\u00eda: <strong>Jordi Casanovas<\/strong> <br \/>Direcci\u00f3n: <strong>Miguel del Arco <\/strong><\/p>\r\n<p>Int\u00e9rpretes: <strong>\u00c1ngela Cervantes, Artur Busquets, Francesc Cu\u00e9llar, Quim \u00c0vila, David Men\u00e9ndez y Carlos Cuevas \/ Adri\u00e1n de N\u00fa\u00f1ez<\/strong><\/p>\r\n<p>Voces en off: <strong>Carla Tovias<\/strong> <\/p>\r\n<p>Escenograf\u00eda: <strong>Alessio Meloni <br \/><\/strong>Dise\u00f1o de vestuario: <strong>Jos\u00e9 Novoa <br \/><\/strong>Dise\u00f1o de luces: <strong>Juan G\u00f3mez Cornejo <br \/><\/strong>Dise\u00f1o de sonido: <strong>Sandra Vicente <\/strong><\/p>\r\n<p>Direcci\u00f3n de producci\u00f3n: <strong>Carles Manrique (Velvet Events) <br \/><\/strong>Direcci\u00f3n t\u00e9cnica: <strong>\u00c0ngel Puertas<\/strong> <\/p>\r\n<p>Ayudant\u00eda de direcci\u00f3n: <strong>Carla Tovias <br \/><\/strong>Ayudant\u00eda de producci\u00f3n: <strong>Laura Alonso <br \/><\/strong>Ayudant\u00eda de iluminaci\u00f3n: <strong>Leticia Rodr\u00edguez <br \/><\/strong>Coach andaluz: <strong>Pere Navarro<\/strong> <br \/>Jefes t\u00e9cnicos del teatro: <strong>Sergi Lobaco y Ra\u00fal Mart\u00ednez <\/strong><\/p>\r\n<p>Construcci\u00f3n de la escenograf\u00eda: <strong>Mambo Decorados S.L. <\/strong><\/p>\r\n<p>M\u00e1rquetin y comunicaci\u00f3n: <strong>Teatre Romea <br \/><\/strong>Fotograf\u00edas de escena: <strong>David Ruano <br \/><\/strong>Video promocional de escenas: <strong>Llu\u00eds Arb\u00f3s <\/strong><br \/>Fotograf\u00eda del cartel: <strong>Vanessa R\u00e1bade <br \/><\/strong>Dise\u00f1o gr\u00e1fico: <strong>Maria Picass\u00f3<\/strong> <br \/>Aplicaciones gr\u00e1ficas: <strong>Santi&Kco<\/strong>&nbsp; <\/p>\r\n<p>Idea: <strong>Hause&Richman<\/strong> <\/p>\r\n<p>Colaborador: <strong>Teatre de Segarra <\/strong><\/p>\r\n<p>Distribuci\u00f3n: <strong>Magn\u00e9tica Management <\/strong><\/p>\r\n<p>Es una producci\u00f3n de <strong>Velvet events<\/strong> y coproducci\u00f3n con <strong>Teatro Kamikaze<\/strong><\/p>","txt_reviews":"Diego Doncel|ABC|\"Una obra impresionante\"\r\nMarcos Ordo\u00f1ez|El Pa\u00eds|\"Jaur\u00eda va directa a la vena. Grandes trabajos de Jordi Casanovas y Miguel del Arco\"\r\nRa\u00fal Los\u00e1nez|La Raz\u00f3n|\"Un espect\u00e1culo brutal, extraordinario e inquietante\"","hashtag":"Jaur\u00eda","have_promo":"","slogan":"","id_exhibicio":2140,"id_versio":1638,"id_local":35,"txt_seo_desc":"Jaur\u00eda creada a partir de las transcripciones del medi\u00e1tico juicio que se hizo entre 2017 y 2019","data_images":"[{\"localizer\":\"V4PORTADAWIDE\",\"url\":\"media\/ver\/port\/wide\/v4\/316A2\/01_091_00057349\/PORTADA-0_(2).jpg\",\"thumb_url\":\"\",\"title\":\"Jaur\u00eda - Teatre Romea\",\"description\":\"jauria en el teatre romea\",\"copyright\":\"\",\"order\":12},{\"localizer\":\"V4PORTADAWIDEMOBILE\",\"url\":\"media\/ver\/port\/wide\/mobile\/v4\/316A2\/01_092_00057401\/Portada-mobile-jauria-teatre-romea.jpg\",\"thumb_url\":\"\",\"title\":\"Jaur\u00eda - Teatre Romea\",\"description\":\"jauria en el teatre romea\",\"copyright\":\"\",\"order\":13},{\"localizer\":\"V4PORTADA\",\"url\":\"media\/ver\/port\/v4\/316A2\/01_090_00057402\/Portada-1-jauria-teatre-romea.jpg\",\"thumb_url\":\"\",\"title\":\"Jaur\u00eda - Teatre Romea\",\"description\":\"jauria en el teatre romea\",\"copyright\":\"\",\"order\":14},{\"localizer\":\"V3SLIDE\",\"url\":\"media\/ftgalslide\/v3\/316A3\/01_086_00057553\/JAURIA_escena_(c)_David_Ruano_1.jpg\",\"thumb_url\":\"media\/ftgalslide\/v3\/316A3\/01_086_00057553\/JAURIA_escena_(c)_David_Ruano_1_thumb.jpg\",\"title\":\"Jaur\u00eda - Teatre Romea\",\"description\":\"jauria en el teatre romea de barcelona\",\"copyright\":\"https:\/\/youtu.be\/meNv_9Lj-nY\",\"order\":16},{\"localizer\":\"V3SLIDE\",\"url\":\"media\/ftgalslide\/v3\/316A3\/01_086_00057554\/JAURIA_escena_(c)_David_Ruano_13.jpg\",\"thumb_url\":\"media\/ftgalslide\/v3\/316A3\/01_086_00057554\/JAURIA_escena_(c)_David_Ruano_13_thumb.jpg\",\"title\":\"Jaur\u00eda - Teatre Romea\",\"description\":\"jauria en el teatre romea de barcelona\",\"copyright\":\"\",\"order\":17},{\"localizer\":\"V3SLIDE\",\"url\":\"media\/ftgalslide\/v3\/316A3\/01_086_00057555\/JAURIA_escena_(c)_David_Ruano_2.jpg\",\"thumb_url\":\"media\/ftgalslide\/v3\/316A3\/01_086_00057555\/JAURIA_escena_(c)_David_Ruano_2_thumb.jpg\",\"title\":\"Jaur\u00eda - Teatre Romea\",\"description\":\"jauria en el teatre romea de barcelona\",\"copyright\":\"\",\"order\":18},{\"localizer\":\"V4CARTELL\",\"url\":\"media\/ver\/cartell\/v4\/316A9\/01_089_00058377\/Cartell_web_JAURIA_V2.jpg\",\"thumb_url\":\"\",\"title\":\"Jaur\u00eda - Teatre GOya\",\"description\":\"jauria en el teatre goya\",\"copyright\":\"\",\"order\":19}]","material__texto_intro":"","data_material":null,"data_gallery":"","data_discounts":"[]","contract_is_open":false,"in_tour":false},"yoast_head":"<!-- This site is optimized with the Yoast SEO plugin v27.5 - https:\/\/yoast.com\/product\/yoast-seo-wordpress\/ -->\n<title>Jaur\u00eda - Teatre Goya<\/title>\n<meta name=\"robots\" content=\"index, follow, max-snippet:-1, max-image-preview:large, max-video-preview:-1\" \/>\n<link rel=\"canonical\" href=\"https:\/\/www.teatregoya.cat\/es\/ex\/jauria\/\" \/>\n<script type=\"application\/ld+json\" class=\"yoast-schema-graph\">{\"@context\":\"https:\\\/\\\/schema.org\",\"@graph\":[{\"@type\":\"WebPage\",\"@id\":\"https:\\\/\\\/www.teatregoya.cat\\\/es\\\/ex\\\/jauria\\\/\",\"url\":\"https:\\\/\\\/www.teatregoya.cat\\\/es\\\/ex\\\/jauria\\\/\",\"name\":\"Jaur\u00eda - Teatre Goya\",\"isPartOf\":{\"@id\":\"https:\\\/\\\/www.teatregoya.cat\\\/es\\\/#website\"},\"datePublished\":\"2024-04-16T09:53:08+00:00\",\"dateModified\":\"2024-10-07T16:04:16+00:00\",\"breadcrumb\":{\"@id\":\"https:\\\/\\\/www.teatregoya.cat\\\/es\\\/ex\\\/jauria\\\/#breadcrumb\"},\"inLanguage\":\"es\",\"potentialAction\":[{\"@type\":\"ReadAction\",\"target\":[\"https:\\\/\\\/www.teatregoya.cat\\\/es\\\/ex\\\/jauria\\\/\"]}]},{\"@type\":\"BreadcrumbList\",\"@id\":\"https:\\\/\\\/www.teatregoya.cat\\\/es\\\/ex\\\/jauria\\\/#breadcrumb\",\"itemListElement\":[{\"@type\":\"ListItem\",\"position\":1,\"name\":\"Home\",\"item\":\"https:\\\/\\\/www.teatregoya.cat\\\/es\\\/\"},{\"@type\":\"ListItem\",\"position\":2,\"name\":\"Espectacles\",\"item\":\"https:\\\/\\\/www.teatregoya.cat\\\/es\\\/ex\\\/\"},{\"@type\":\"ListItem\",\"position\":3,\"name\":\"Jaur\u00eda\"}]},{\"@type\":\"WebSite\",\"@id\":\"https:\\\/\\\/www.teatregoya.cat\\\/es\\\/#website\",\"url\":\"https:\\\/\\\/www.teatregoya.cat\\\/es\\\/\",\"name\":\"Teatre Goya\",\"description\":\"\",\"publisher\":{\"@id\":\"https:\\\/\\\/www.teatregoya.cat\\\/es\\\/#organization\"},\"potentialAction\":[{\"@type\":\"SearchAction\",\"target\":{\"@type\":\"EntryPoint\",\"urlTemplate\":\"https:\\\/\\\/www.teatregoya.cat\\\/es\\\/?s={search_term_string}\"},\"query-input\":{\"@type\":\"PropertyValueSpecification\",\"valueRequired\":true,\"valueName\":\"search_term_string\"}}],\"inLanguage\":\"es\"},{\"@type\":\"Organization\",\"@id\":\"https:\\\/\\\/www.teatregoya.cat\\\/es\\\/#organization\",\"name\":\"Teatre Goya\",\"url\":\"https:\\\/\\\/www.teatregoya.cat\\\/es\\\/\",\"logo\":{\"@type\":\"ImageObject\",\"inLanguage\":\"es\",\"@id\":\"https:\\\/\\\/www.teatregoya.cat\\\/es\\\/#\\\/schema\\\/logo\\\/image\\\/\",\"url\":\"https:\\\/\\\/www.teatregoya.cat\\\/wp-content\\\/uploads\\\/sites\\\/4\\\/2017\\\/09\\\/teatre-goya-logo.svg\",\"contentUrl\":\"https:\\\/\\\/www.teatregoya.cat\\\/wp-content\\\/uploads\\\/sites\\\/4\\\/2017\\\/09\\\/teatre-goya-logo.svg\",\"width\":1,\"height\":1,\"caption\":\"Teatre Goya\"},\"image\":{\"@id\":\"https:\\\/\\\/www.teatregoya.cat\\\/es\\\/#\\\/schema\\\/logo\\\/image\\\/\"},\"sameAs\":[\"http:\\\/\\\/www.facebook.com\\\/TeatreGoya\",\"https:\\\/\\\/x.com\\\/Teatre_Goya\",\"http:\\\/\\\/instagram.com\\\/teatre_goya\",\"http:\\\/\\\/www.youtube.com\\\/user\\\/TeatreGoya\"]}]}<\/script>\n<!-- \/ Yoast SEO plugin. -->","yoast_head_json":{"title":"Jaur\u00eda - Teatre Goya","robots":{"index":"index","follow":"follow","max-snippet":"max-snippet:-1","max-image-preview":"max-image-preview:large","max-video-preview":"max-video-preview:-1"},"canonical":"https:\/\/www.teatregoya.cat\/es\/ex\/jauria\/","schema":{"@context":"https:\/\/schema.org","@graph":[{"@type":"WebPage","@id":"https:\/\/www.teatregoya.cat\/es\/ex\/jauria\/","url":"https:\/\/www.teatregoya.cat\/es\/ex\/jauria\/","name":"Jaur\u00eda - Teatre Goya","isPartOf":{"@id":"https:\/\/www.teatregoya.cat\/es\/#website"},"datePublished":"2024-04-16T09:53:08+00:00","dateModified":"2024-10-07T16:04:16+00:00","breadcrumb":{"@id":"https:\/\/www.teatregoya.cat\/es\/ex\/jauria\/#breadcrumb"},"inLanguage":"es","potentialAction":[{"@type":"ReadAction","target":["https:\/\/www.teatregoya.cat\/es\/ex\/jauria\/"]}]},{"@type":"BreadcrumbList","@id":"https:\/\/www.teatregoya.cat\/es\/ex\/jauria\/#breadcrumb","itemListElement":[{"@type":"ListItem","position":1,"name":"Home","item":"https:\/\/www.teatregoya.cat\/es\/"},{"@type":"ListItem","position":2,"name":"Espectacles","item":"https:\/\/www.teatregoya.cat\/es\/ex\/"},{"@type":"ListItem","position":3,"name":"Jaur\u00eda"}]},{"@type":"WebSite","@id":"https:\/\/www.teatregoya.cat\/es\/#website","url":"https:\/\/www.teatregoya.cat\/es\/","name":"Teatre Goya","description":"","publisher":{"@id":"https:\/\/www.teatregoya.cat\/es\/#organization"},"potentialAction":[{"@type":"SearchAction","target":{"@type":"EntryPoint","urlTemplate":"https:\/\/www.teatregoya.cat\/es\/?s={search_term_string}"},"query-input":{"@type":"PropertyValueSpecification","valueRequired":true,"valueName":"search_term_string"}}],"inLanguage":"es"},{"@type":"Organization","@id":"https:\/\/www.teatregoya.cat\/es\/#organization","name":"Teatre Goya","url":"https:\/\/www.teatregoya.cat\/es\/","logo":{"@type":"ImageObject","inLanguage":"es","@id":"https:\/\/www.teatregoya.cat\/es\/#\/schema\/logo\/image\/","url":"https:\/\/www.teatregoya.cat\/wp-content\/uploads\/sites\/4\/2017\/09\/teatre-goya-logo.svg","contentUrl":"https:\/\/www.teatregoya.cat\/wp-content\/uploads\/sites\/4\/2017\/09\/teatre-goya-logo.svg","width":1,"height":1,"caption":"Teatre Goya"},"image":{"@id":"https:\/\/www.teatregoya.cat\/es\/#\/schema\/logo\/image\/"},"sameAs":["http:\/\/www.facebook.com\/TeatreGoya","https:\/\/x.com\/Teatre_Goya","http:\/\/instagram.com\/teatre_goya","http:\/\/www.youtube.com\/user\/TeatreGoya"]}]}},"translations":[{"id":3867,"locale":"ca"},{"id":3868,"locale":"es"}],"_links":{"self":[{"href":"https:\/\/www.teatregoya.cat\/es\/wp-json\/wp\/v2\/ex\/3868","targetHints":{"allow":["GET"]}}],"collection":[{"href":"https:\/\/www.teatregoya.cat\/es\/wp-json\/wp\/v2\/ex"}],"about":[{"href":"https:\/\/www.teatregoya.cat\/es\/wp-json\/wp\/v2\/types\/ex"}],"author":[{"embeddable":true,"href":"https:\/\/www.teatregoya.cat\/es\/wp-json\/wp\/v2\/users\/2"}],"replies":[{"embeddable":true,"href":"https:\/\/www.teatregoya.cat\/es\/wp-json\/wp\/v2\/comments?post=3868"}],"acf:term":[{"embeddable":true,"taxonomy":"season","href":"https:\/\/www.teatregoya.cat\/es\/wp-json\/wp\/v2\/season\/102"}],"wp:attachment":[{"href":"https:\/\/www.teatregoya.cat\/es\/wp-json\/wp\/v2\/media?parent=3868"}],"curies":[{"name":"wp","href":"https:\/\/api.w.org\/{rel}","templated":true}]}}