{"id":3840,"date":"2024-03-08T12:26:16","date_gmt":"2024-03-08T11:26:16","guid":{"rendered":"https:\/\/www.teatregoya.cat\/ex\/la-autora-de-las-meninas\/"},"modified":"2024-03-08T12:26:16","modified_gmt":"2024-03-08T11:26:16","slug":"la-autora-de-las-meninas","status":"publish","type":"ex","link":"https:\/\/www.teatregoya.cat\/es\/ex\/la-autora-de-las-meninas\/","title":{"rendered":"La autora de Las meninas"},"content":{"rendered":"","protected":false},"excerpt":{"rendered":"","protected":false},"author":2,"featured_media":0,"comment_status":"closed","ping_status":"closed","template":"","class_list":["post-3840","ex","type-ex","status-publish","hentry","season-2016-17"],"acf":{"txt_synopsis":"<p>En un futuro no muy lejano la crisis financiera que sacude Europa obliga al Estado espa\u00f1ol a desprenderse de su patrimonio art\u00edstico. Ante la posibilidad de la venta de <em>Las meninas<\/em>, una afamada monja copista recibe el encargo de realizar una r\u00e9plica exacta del original velazque\u00f1o. A partir de ese momento, la religiosa se va a ver atrapada en una encrucijada de intereses de diversa \u00edndole, al tiempo que sufrir\u00e1 una repentina transformaci\u00f3n de su personalidad cuando la humilde artesana del pincel inopinadamente se convierta en una reconocida figura de las artes pl\u00e1sticas y en una estrella medi\u00e1tica.<\/p>\r\n<p><em>La autora de Las meninas<\/em> es una s\u00e1tira dist\u00f3pica en la que se aborda el lugar que debe ocupar el arte en la sociedad, as\u00ed como el controvertible concepto de bienestar social. La obra, igualmente, despliega una mirada ir\u00f3nica sobre el ensimismamiento eg\u00f3latra de buena parte de la creaci\u00f3n m\u00e1s vanguardista y comprometida de los \u00faltimos a\u00f1os, as\u00ed como sobre la banalizaci\u00f3n de la experiencia art\u00edstica convertida en multitudinario acontecimiento medi\u00e1tico en sinton\u00eda con los grandes parques tem\u00e1ticos de entretenimiento de masas.<\/p>\r\n<p>El autor quiere compartir el inter\u00e9s con que contempla las sorprendentes realidades que est\u00e1 generando la democratizaci\u00f3n indiscriminada en todos los \u00e1mbitos del quehacer cultural; el derrumbe de la <em>autoritas<\/em> referida al arte y al saber, el advenimiento, en fin, de un nuevo paradigma que sit\u00faa y equipara en el mismo canon una arraigada tonadilla local con, pongamos por caso, el <em>R\u00e9quiem<\/em> de Mozart.<\/p>\r\n<p>&nbsp;<\/p>\r\n<p align=\"right\"><strong>Ernesto Caballero<\/strong><\/p>\r\n<p align=\"center\"><br \/><a href=\"http:\/\/bit.ly\/LaTemporada16-17-GrupFocus\"><strong>Consulta nuestra revista de La Temporada 2016-2017 con la programaci\u00f3n al detalle de todos los teatros del Grup Focus<\/strong><\/a>&nbsp;<\/p>","main_buy_link":"","main_buy_links":"","group_buy_link":"","show_language":"","show_duration":"","show_start_date":"20170422000000","show_end_date":"20170604000000","show_sort_date":"20160920000000","txt_custom_show_dates":"del 22 de abril al 4 de junio de 2017 ","show_disciplines":"3","show_ultimes_funcions":false,"hide_tarifes_especials":false,"show_properament":false,"txt_additional_info":"","txt_present":"","show_season":[86],"txt_season":"[\"2016\/17\"]","txt_cycle":"","txt_claim":"","txt_cast_excerpt":"","txt_cast":"<p><strong>Autor y direcci\u00f3n: <\/strong>Ernesto Caballero<\/p>\r\n<p><strong>Reparto:<br \/><\/strong>Carmen Machi<br \/>Mireia Aixal\u00e0 <br \/>Francisco Reyes<\/p>\r\n<p><strong>Escenograf\u00eda e iluminaci\u00f3n: <\/strong>Paco Azor\u00edn<br \/><strong>V\u00eddeo y la ayudant\u00eda de iluminaci\u00f3n: <\/strong>Pedro CHamizo&nbsp; <br \/><strong>Vestuario:<\/strong> Ikerne Gim\u00e9nez<br \/><strong>Espacio sonoro: <\/strong>Luis Miguel Cobo<\/p>\r\n<p><strong>Asesor dramaturgia y ayudante de direcci\u00f3n: <\/strong>Ramon Paso<br \/><strong>Ayudante de escenograf\u00eda: <\/strong>Isabel S\u00e1iz<\/p>\r\n<p><strong>Producci\u00f3n ejecutiva: <\/strong>Maite Pijuan<br \/><strong>Ayudante de producci\u00f3n: Vanessa Tejero<br \/>Direcci\u00f3n t\u00e9cnica: Moi Cuenca<\/strong><\/p>\r\n<p><strong>Regidor\/maquinista: <\/strong>Ronco<br \/><strong>T\u00e9cnico de sonido\/v\u00eddeo: <\/strong>Enric Vinyeta<br \/><strong>Sastra: <\/strong>Silvia Domingo<br \/><strong>Jefe T\u00e9cnico Teatre Goya: <\/strong>Roger Mu\u00f1oz<\/p>\r\n<p><strong>Construcci\u00f3n escenograf\u00eda: <\/strong>Taller d\u2019escenografia de Sant Cugat<\/p>\r\n<p><strong>Prensa: <\/strong>Anna Casasayas y Marta Ferr\u00e0<br \/><strong>Marketing y comunicaci\u00f3n: <\/strong>Publispec<br \/><strong>Reportaje Fotogr\u00e1fico: <\/strong>David Ruano<br \/><strong>Dise\u00f1o Gr\u00e1fico:<\/strong> Santi&Kco<\/p>\r\n<p>Es una coproducci\u00f3n de Focus y Centro Dram\u00e1tico Nacional (CDN) \u2013 INAEM.<\/p>\r\n<p><strong>Idioma: <\/strong>Castellano<br \/><strong>Duraci\u00f3n: <\/strong>1 h y 40 minutos aprox.<\/p>","txt_reviews":"","hashtag":"","have_promo":"","slogan":"","id_exhibicio":1381,"id_versio":1136,"id_local":35,"txt_seo_desc":"","data_images":"[{\"localizer\":\"V2SLIDE\",\"url\":\"media\/ftgalslide\/31389\/01_076_00038314\/La_autora_de_Las_Meninas_David_Ruano_5.jpg\",\"thumb_url\":\"media\/ftgalslide\/31389\/01_076_00038314\/La_autora_de_Las_Meninas_David_Ruano_5_thumb.jpg\",\"title\":\"La autora de Las meninas\",\"description\":\"Teatre Goya\",\"copyright\":\"David Ruano\",\"order\":4},{\"localizer\":\"V2CARTELLDISTRI\",\"url\":\"media\/cartell\/distrib\/313E5\/01_082_00039744\/Meninas_a4_cast.jpg\",\"thumb_url\":\"media\/cartell\/distrib\/313E5\/01_082_00039744\/Meninas_a4_cast_thumb.jpg\",\"title\":\"La autora de Las meninas\",\"description\":\"La autora de Las meninas\",\"copyright\":\"\",\"order\":8},{\"localizer\":\"V2CARTELL\",\"url\":\"media\/ver\/cartell\/313E5\/01_079_00039746\/v_Las_Meninas_goyaok.jpg\",\"thumb_url\":\"media\/ver\/cartell\/313E5\/01_079_00039746\/v_Las_Meninas_goyaok_thumb.jpg\",\"title\":\"La autora de Las meninas\",\"description\":\"La autora de Las meninas\",\"copyright\":\"\",\"order\":9},{\"localizer\":\"V2SLIDE\",\"url\":\"media\/ftgalslide\/313E6\/01_076_00039997\/t_meninas_5_e.JPG\",\"thumb_url\":\"media\/ftgalslide\/313E6\/01_076_00039997\/t_meninas_5_e_thumb.jpg\",\"title\":\"La autora de Las meninas\",\"description\":\"Teatre Goya\",\"copyright\":\"\",\"order\":10},{\"localizer\":\"V2SLIDE\",\"url\":\"media\/ftgalslide\/313E6\/01_076_00039998\/t_meninas_11_e.JPG\",\"thumb_url\":\"media\/ftgalslide\/313E6\/01_076_00039998\/t_meninas_11_e_thumb.jpg\",\"title\":\"La autora de Las meninas\",\"description\":\"Teatre Goya\",\"copyright\":\"\",\"order\":11},{\"localizer\":\"V2SLIDE\",\"url\":\"media\/ftgalslide\/313E6\/01_076_00039999\/t_meninas_24_e.JPG\",\"thumb_url\":\"media\/ftgalslide\/313E6\/01_076_00039999\/t_meninas_24_e_thumb.jpg\",\"title\":\"La autora de Las meninas\",\"description\":\"Teatre Goya\",\"copyright\":\"\",\"order\":12},{\"localizer\":\"V2SLIDE\",\"url\":\"media\/ftgalslide\/313E6\/01_076_00040000\/t_meninas_46_e.JPG\",\"thumb_url\":\"media\/ftgalslide\/313E6\/01_076_00040000\/t_meninas_46_e_thumb.jpg\",\"title\":\"La autora de Las meninas\",\"description\":\"Teatre Goya\",\"copyright\":\"\",\"order\":13},{\"localizer\":\"V2SLIDE\",\"url\":\"media\/ftgalslide\/313E6\/01_076_00040001\/t_meninas_91_e.JPG\",\"thumb_url\":\"media\/ftgalslide\/313E6\/01_076_00040001\/t_meninas_91_e_thumb.jpg\",\"title\":\"La autora de Las meninas\",\"description\":\"Teatre Goya\",\"copyright\":\"\",\"order\":14},{\"localizer\":\"V2SLIDE\",\"url\":\"media\/ftgalslide\/313E6\/01_076_00040002\/t_meninas_104_e.JPG\",\"thumb_url\":\"media\/ftgalslide\/313E6\/01_076_00040002\/t_meninas_104_e_thumb.jpg\",\"title\":\"La autora de Las meninas\",\"description\":\"Teatre Goya\",\"copyright\":\"\",\"order\":15},{\"localizer\":\"V2SLIDE\",\"url\":\"media\/ftgalslide\/313E6\/01_076_00040003\/t_meninas_211_e.JPG\",\"thumb_url\":\"media\/ftgalslide\/313E6\/01_076_00040003\/t_meninas_211_e_thumb.jpg\",\"title\":\"La autora de Las meninas\",\"description\":\"Teatre Goya\",\"copyright\":\"\",\"order\":16},{\"localizer\":\"V2SLIDE\",\"url\":\"media\/ftgalslide\/313E6\/01_076_00040004\/t_meninas_228_e.JPG\",\"thumb_url\":\"media\/ftgalslide\/313E6\/01_076_00040004\/t_meninas_228_e_thumb.jpg\",\"title\":\"La autora de Las meninas\",\"description\":\"Teatre Goya\",\"copyright\":\"\",\"order\":17},{\"localizer\":\"V2SLIDE\",\"url\":\"media\/ftgalslide\/313E6\/01_076_00040005\/t_meninas_291_e.JPG\",\"thumb_url\":\"media\/ftgalslide\/313E6\/01_076_00040005\/t_meninas_291_e_thumb.jpg\",\"title\":\"La autora de Las meninas\",\"description\":\"Teatre Goya\",\"copyright\":\"\",\"order\":18},{\"localizer\":\"VERS_IMATGE_ESPECTACLE\",\"url\":\"media\/ftespect\/313E6\/01_020_00040029\/t_meninas_3_e.jpg\",\"thumb_url\":\"media\/ftespect\/313E6\/01_020_00040029\/t_meninas_3_e_thumb.jpg\",\"title\":\"La autora de Las meninas\",\"description\":\"La autora de Las meninas\",\"copyright\":\"\",\"order\":19},{\"localizer\":\"VERS_IMATGE_ESPECTACLE\",\"url\":\"media\/ftespect\/313E6\/01_020_00040030\/t_meninas_5_e.jpg\",\"thumb_url\":\"media\/ftespect\/313E6\/01_020_00040030\/t_meninas_5_e_thumb.jpg\",\"title\":\"La autora de Las meninas\",\"description\":\"La autora de Las meninas\",\"copyright\":\"\",\"order\":20},{\"localizer\":\"VERS_IMATGE_ESPECTACLE\",\"url\":\"media\/ftespect\/313E6\/01_020_00040031\/t_meninas_11_e.jpg\",\"thumb_url\":\"media\/ftespect\/313E6\/01_020_00040031\/t_meninas_11_e_thumb.jpg\",\"title\":\"La autora de Las meninas\",\"description\":\"La autora de Las meninas\",\"copyright\":\"\",\"order\":21},{\"localizer\":\"VERS_IMATGE_ESPECTACLE\",\"url\":\"media\/ftespect\/313E6\/01_020_00040032\/t_meninas_24_e.jpg\",\"thumb_url\":\"media\/ftespect\/313E6\/01_020_00040032\/t_meninas_24_e_thumb.jpg\",\"title\":\"La autora de Las meninas\",\"description\":\"La autora de Las meninas\",\"copyright\":\"\",\"order\":22},{\"localizer\":\"VERS_IMATGE_ESPECTACLE\",\"url\":\"media\/ftespect\/313E6\/01_020_00040033\/t_meninas_36_e.jpg\",\"thumb_url\":\"media\/ftespect\/313E6\/01_020_00040033\/t_meninas_36_e_thumb.jpg\",\"title\":\"La autora de Las meninas\",\"description\":\"La autora de Las meninas\",\"copyright\":\"\",\"order\":23},{\"localizer\":\"VERS_IMATGE_ESPECTACLE\",\"url\":\"media\/ftespect\/313E6\/01_020_00040034\/t_meninas_46_e.jpg\",\"thumb_url\":\"media\/ftespect\/313E6\/01_020_00040034\/t_meninas_46_e_thumb.jpg\",\"title\":\"La autora de Las meninas\",\"description\":\"La autora de Las meninas\",\"copyright\":\"\",\"order\":24},{\"localizer\":\"VERS_IMATGE_ESPECTACLE\",\"url\":\"media\/ftespect\/313E6\/01_020_00040036\/t_meninas_81_e.jpg\",\"thumb_url\":\"media\/ftespect\/313E6\/01_020_00040036\/t_meninas_81_e_thumb.jpg\",\"title\":\"La autora de Las meninas\",\"description\":\"La autora de Las meninas\",\"copyright\":\"\",\"order\":25},{\"localizer\":\"VERS_IMATGE_ESPECTACLE\",\"url\":\"media\/ftespect\/313E6\/01_020_00040037\/t_meninas_91_e.jpg\",\"thumb_url\":\"media\/ftespect\/313E6\/01_020_00040037\/t_meninas_91_e_thumb.jpg\",\"title\":\"La autora de Las meninas\",\"description\":\"La autora de Las meninas\",\"copyright\":\"\",\"order\":26},{\"localizer\":\"VERS_IMATGE_ESPECTACLE\",\"url\":\"media\/ftespect\/313E6\/01_020_00040038\/t_meninas_104_e.jpg\",\"thumb_url\":\"media\/ftespect\/313E6\/01_020_00040038\/t_meninas_104_e_thumb.jpg\",\"title\":\"La autora de Las meninas\",\"description\":\"La autora de Las meninas\",\"copyright\":\"\",\"order\":27},{\"localizer\":\"VERS_IMATGE_ESPECTACLE\",\"url\":\"media\/ftespect\/313E6\/01_020_00040039\/t_meninas_125_e.jpg\",\"thumb_url\":\"media\/ftespect\/313E6\/01_020_00040039\/t_meninas_125_e_thumb.jpg\",\"title\":\"La autora de Las meninas\",\"description\":\"La autora de Las meninas\",\"copyright\":\"\",\"order\":28},{\"localizer\":\"VERS_IMATGE_ESPECTACLE\",\"url\":\"media\/ftespect\/313E6\/01_020_00040040\/t_meninas_134_e.jpg\",\"thumb_url\":\"media\/ftespect\/313E6\/01_020_00040040\/t_meninas_134_e_thumb.jpg\",\"title\":\"La autora de Las meninas\",\"description\":\"La autora de Las meninas\",\"copyright\":\"\",\"order\":29},{\"localizer\":\"VERS_IMATGE_ESPECTACLE\",\"url\":\"media\/ftespect\/313E6\/01_020_00040041\/t_meninas_155_e.jpg\",\"thumb_url\":\"media\/ftespect\/313E6\/01_020_00040041\/t_meninas_155_e_thumb.jpg\",\"title\":\"La autora de Las meninas\",\"description\":\"La autora de Las meninas\",\"copyright\":\"\",\"order\":30},{\"localizer\":\"VERS_IMATGE_ESPECTACLE\",\"url\":\"media\/ftespect\/313E6\/01_020_00040042\/t_meninas_160_e.jpg\",\"thumb_url\":\"media\/ftespect\/313E6\/01_020_00040042\/t_meninas_160_e_thumb.jpg\",\"title\":\"La autora de Las meninas\",\"description\":\"La autora de Las meninas\",\"copyright\":\"\",\"order\":31},{\"localizer\":\"VERS_IMATGE_ESPECTACLE\",\"url\":\"media\/ftespect\/313E6\/01_020_00040043\/t_meninas_211_e.jpg\",\"thumb_url\":\"media\/ftespect\/313E6\/01_020_00040043\/t_meninas_211_e_thumb.jpg\",\"title\":\"La autora de Las meninas\",\"description\":\"La autora de Las meninas\",\"copyright\":\"\",\"order\":32},{\"localizer\":\"VERS_IMATGE_ESPECTACLE\",\"url\":\"media\/ftespect\/313E6\/01_020_00040044\/t_meninas_228_e.jpg\",\"thumb_url\":\"media\/ftespect\/313E6\/01_020_00040044\/t_meninas_228_e_thumb.jpg\",\"title\":\"La autora de Las meninas\",\"description\":\"La autora de Las meninas\",\"copyright\":\"\",\"order\":33},{\"localizer\":\"VERS_IMATGE_ESPECTACLE\",\"url\":\"media\/ftespect\/313E6\/01_020_00040045\/t_meninas_289_e.jpg\",\"thumb_url\":\"media\/ftespect\/313E6\/01_020_00040045\/t_meninas_289_e_thumb.jpg\",\"title\":\"La autora de Las meninas\",\"description\":\"La autora de Las meninas\",\"copyright\":\"\",\"order\":34},{\"localizer\":\"VERS_IMATGE_ESPECTACLE\",\"url\":\"media\/ftespect\/313E6\/01_020_00040046\/t_meninas_291_e.jpg\",\"thumb_url\":\"media\/ftespect\/313E6\/01_020_00040046\/t_meninas_291_e_thumb.jpg\",\"title\":\"La autora de Las meninas\",\"description\":\"La autora de Las meninas\",\"copyright\":\"\",\"order\":35},{\"localizer\":\"VERS_IMATGE_ESPECTACLE\",\"url\":\"media\/ftespect\/313E6\/01_020_00040047\/t_meninas_311_e.jpg\",\"thumb_url\":\"media\/ftespect\/313E6\/01_020_00040047\/t_meninas_311_e_thumb.jpg\",\"title\":\"La autora de Las meninas\",\"description\":\"La autora de Las meninas\",\"copyright\":\"\",\"order\":36},{\"localizer\":\"V2SLIDE\",\"url\":\"media\/ftgalslide\/313E9\/01_076_00040836\/t_meninas_bcn_002.JPG\",\"thumb_url\":\"media\/ftgalslide\/313E9\/01_076_00040836\/t_meninas_bcn_002_thumb.jpg\",\"title\":\"La autora de Las meninas\",\"description\":\"Teatre Goya\",\"copyright\":\"\",\"order\":39},{\"localizer\":\"V2SLIDE\",\"url\":\"media\/ftgalslide\/313E9\/01_076_00040837\/t_meninas_bcn_014.JPG\",\"thumb_url\":\"media\/ftgalslide\/313E9\/01_076_00040837\/t_meninas_bcn_014_thumb.jpg\",\"title\":\"La autora de Las meninas\",\"description\":\"Teatre Goya\",\"copyright\":\"\",\"order\":40},{\"localizer\":\"V2SLIDE\",\"url\":\"media\/ftgalslide\/313E9\/01_076_00040838\/t_meninas_bcn_020.JPG\",\"thumb_url\":\"media\/ftgalslide\/313E9\/01_076_00040838\/t_meninas_bcn_020_thumb.jpg\",\"title\":\"La autora de Las meninas\",\"description\":\"Teatre Goya\",\"copyright\":\"\",\"order\":41},{\"localizer\":\"V2SLIDE\",\"url\":\"media\/ftgalslide\/313E9\/01_076_00040839\/t_meninas_bcn_018.JPG\",\"thumb_url\":\"media\/ftgalslide\/313E9\/01_076_00040839\/t_meninas_bcn_018_thumb.jpg\",\"title\":\"La autora de Las meninas\",\"description\":\"Teatre Goya\",\"copyright\":\"\",\"order\":42},{\"localizer\":\"V2SLIDE\",\"url\":\"media\/ftgalslide\/313E9\/01_076_00040840\/t_meninas_bcn_072.JPG\",\"thumb_url\":\"media\/ftgalslide\/313E9\/01_076_00040840\/t_meninas_bcn_072_thumb.jpg\",\"title\":\"La autora de Las meninas\",\"description\":\"Teatre Goya\",\"copyright\":\"\",\"order\":43},{\"localizer\":\"V2SLIDE\",\"url\":\"media\/ftgalslide\/313E9\/01_076_00040841\/t_meninas_bcn_089.JPG\",\"thumb_url\":\"media\/ftgalslide\/313E9\/01_076_00040841\/t_meninas_bcn_089_thumb.jpg\",\"title\":\"La autora de Las meninas\",\"description\":\"Teatre Goya\",\"copyright\":\"\",\"order\":44},{\"localizer\":\"V2SLIDE\",\"url\":\"media\/ftgalslide\/313E9\/01_076_00040842\/t_meninas_bcn_104.JPG\",\"thumb_url\":\"media\/ftgalslide\/313E9\/01_076_00040842\/t_meninas_bcn_104_thumb.jpg\",\"title\":\"La autora de Las meninas\",\"description\":\"Teatre Goya\",\"copyright\":\"\",\"order\":45},{\"localizer\":\"VERS_IMATGE_ESPECTACLE\",\"url\":\"media\/ftespect\/313E9\/01_020_00040843\/t_meninas_bcn_002.jpg\",\"thumb_url\":\"media\/ftespect\/313E9\/01_020_00040843\/t_meninas_bcn_002_thumb.jpg\",\"title\":\"La autora de Las meninas\",\"description\":\"La autora de Las meninas\",\"copyright\":\"\",\"order\":46},{\"localizer\":\"VERS_IMATGE_ESPECTACLE\",\"url\":\"media\/ftespect\/313E9\/01_020_00040844\/t_meninas_bcn_014.jpg\",\"thumb_url\":\"media\/ftespect\/313E9\/01_020_00040844\/t_meninas_bcn_014_thumb.jpg\",\"title\":\"La autora de Las meninas\",\"description\":\"La autora de Las meninas\",\"copyright\":\"\",\"order\":47},{\"localizer\":\"VERS_IMATGE_ESPECTACLE\",\"url\":\"media\/ftespect\/313E9\/01_020_00040845\/t_meninas_bcn_018.jpg\",\"thumb_url\":\"media\/ftespect\/313E9\/01_020_00040845\/t_meninas_bcn_018_thumb.jpg\",\"title\":\"La autora de Las meninas\",\"description\":\"La autora de Las meninas\",\"copyright\":\"\",\"order\":48},{\"localizer\":\"VERS_IMATGE_ESPECTACLE\",\"url\":\"media\/ftespect\/313E9\/01_020_00040846\/t_meninas_bcn_020.jpg\",\"thumb_url\":\"media\/ftespect\/313E9\/01_020_00040846\/t_meninas_bcn_020_thumb.jpg\",\"title\":\"La autora de Las meninas\",\"description\":\"La autora de Las meninas\",\"copyright\":\"\",\"order\":49},{\"localizer\":\"VERS_IMATGE_ESPECTACLE\",\"url\":\"media\/ftespect\/313E9\/01_020_00040847\/t_meninas_bcn_072.jpg\",\"thumb_url\":\"media\/ftespect\/313E9\/01_020_00040847\/t_meninas_bcn_072_thumb.jpg\",\"title\":\"La autora de Las meninas\",\"description\":\"La autora de Las meninas\",\"copyright\":\"\",\"order\":50},{\"localizer\":\"VERS_IMATGE_ESPECTACLE\",\"url\":\"media\/ftespect\/313E9\/01_020_00040848\/t_meninas_bcn_089.jpg\",\"thumb_url\":\"media\/ftespect\/313E9\/01_020_00040848\/t_meninas_bcn_089_thumb.jpg\",\"title\":\"La autora de Las meninas\",\"description\":\"La autora de Las meninas\",\"copyright\":\"\",\"order\":51},{\"localizer\":\"VERS_IMATGE_ESPECTACLE\",\"url\":\"media\/ftespect\/313E9\/01_020_00040849\/t_meninas_bcn_104.jpg\",\"thumb_url\":\"media\/ftespect\/313E9\/01_020_00040849\/t_meninas_bcn_104_thumb.jpg\",\"title\":\"La autora de Las meninas\",\"description\":\"La autora de Las meninas\",\"copyright\":\"\",\"order\":52},{\"localizer\":\"V2PORTADA\",\"url\":\"media\/ver\/port\/313E9\/01_078_00040998\/h_Meninas_monja_01_v2.jpg\",\"thumb_url\":\"media\/ver\/port\/313E9\/01_078_00040998\/h_Meninas_monja_01_v2_thumb.jpg\",\"title\":\"La autora de Las meninas\",\"description\":\"Teatre Goya\",\"copyright\":\"\",\"order\":54},{\"localizer\":\"V3CARTELL\",\"url\":\"media\/ver\/cartell\/v3\/316A3\/01_085_00057523\/v_Las_Meninas-01.jpg\",\"thumb_url\":\"media\/ver\/cartell\/v3\/316A3\/01_085_00057523\/v_Las_Meninas-01_thumb.jpg\",\"title\":\"CARTEL LA AUTORA DE LAS MENINAS\",\"description\":\"CARTEL LA AUTORA DE LAS MENINAS\",\"copyright\":\"\",\"order\":55}]","material__texto_intro":"","data_material":null,"data_gallery":"","data_discounts":"[{\"InfoAddicional\":\"<p><strong>Descuentos para grupos y escuelas<br \/><\/strong><\/p>\",\"Url\":\"https:\/\/www.promentrada.com\/es\/product\/{#CODI#}\",\"Codi\":\"GOY53\",\"LogoUrl\":\"media\/fimage\/31389\/01_005_00038530\/logo_prome_nuevo_v_web.jpg\",\"TitolBoto\":\"Descuentos para grupos y escuelas\",\"Type\":\"discount\"},{\"InfoAddicional\":\"<p><strong>Descuentos para particulares<br \/><\/strong><\/p>\",\"Url\":\"vip.promentrada.com\/es\/product\/{#CODI#}\",\"Codi\":\"GOY53\",\"LogoUrl\":\"media\/fimage\/31389\/01_005_00038559\/logo_prome_vip_v_web.jpg\",\"TitolBoto\":\"Descuentos para particulares\",\"Type\":\"discount\"}]","contract_is_open":false,"in_tour":false},"yoast_head":"<!-- This site is optimized with the Yoast SEO plugin v27.4 - https:\/\/yoast.com\/product\/yoast-seo-wordpress\/ -->\n<title>La autora de Las meninas - Teatre Goya<\/title>\n<meta name=\"robots\" content=\"index, follow, max-snippet:-1, max-image-preview:large, max-video-preview:-1\" \/>\n<link rel=\"canonical\" href=\"https:\/\/www.teatregoya.cat\/es\/ex\/la-autora-de-las-meninas\/\" \/>\n<script type=\"application\/ld+json\" class=\"yoast-schema-graph\">{\"@context\":\"https:\\\/\\\/schema.org\",\"@graph\":[{\"@type\":\"WebPage\",\"@id\":\"https:\\\/\\\/www.teatregoya.cat\\\/es\\\/ex\\\/la-autora-de-las-meninas\\\/\",\"url\":\"https:\\\/\\\/www.teatregoya.cat\\\/es\\\/ex\\\/la-autora-de-las-meninas\\\/\",\"name\":\"La autora de Las meninas - Teatre Goya\",\"isPartOf\":{\"@id\":\"https:\\\/\\\/www.teatregoya.cat\\\/es\\\/#website\"},\"datePublished\":\"2024-03-08T11:26:16+00:00\",\"breadcrumb\":{\"@id\":\"https:\\\/\\\/www.teatregoya.cat\\\/es\\\/ex\\\/la-autora-de-las-meninas\\\/#breadcrumb\"},\"inLanguage\":\"es\",\"potentialAction\":[{\"@type\":\"ReadAction\",\"target\":[\"https:\\\/\\\/www.teatregoya.cat\\\/es\\\/ex\\\/la-autora-de-las-meninas\\\/\"]}]},{\"@type\":\"BreadcrumbList\",\"@id\":\"https:\\\/\\\/www.teatregoya.cat\\\/es\\\/ex\\\/la-autora-de-las-meninas\\\/#breadcrumb\",\"itemListElement\":[{\"@type\":\"ListItem\",\"position\":1,\"name\":\"Home\",\"item\":\"https:\\\/\\\/www.teatregoya.cat\\\/es\\\/\"},{\"@type\":\"ListItem\",\"position\":2,\"name\":\"Espectacles\",\"item\":\"https:\\\/\\\/www.teatregoya.cat\\\/es\\\/ex\\\/\"},{\"@type\":\"ListItem\",\"position\":3,\"name\":\"La autora de Las meninas\"}]},{\"@type\":\"WebSite\",\"@id\":\"https:\\\/\\\/www.teatregoya.cat\\\/es\\\/#website\",\"url\":\"https:\\\/\\\/www.teatregoya.cat\\\/es\\\/\",\"name\":\"Teatre Goya\",\"description\":\"\",\"publisher\":{\"@id\":\"https:\\\/\\\/www.teatregoya.cat\\\/es\\\/#organization\"},\"potentialAction\":[{\"@type\":\"SearchAction\",\"target\":{\"@type\":\"EntryPoint\",\"urlTemplate\":\"https:\\\/\\\/www.teatregoya.cat\\\/es\\\/?s={search_term_string}\"},\"query-input\":{\"@type\":\"PropertyValueSpecification\",\"valueRequired\":true,\"valueName\":\"search_term_string\"}}],\"inLanguage\":\"es\"},{\"@type\":\"Organization\",\"@id\":\"https:\\\/\\\/www.teatregoya.cat\\\/es\\\/#organization\",\"name\":\"Teatre Goya\",\"url\":\"https:\\\/\\\/www.teatregoya.cat\\\/es\\\/\",\"logo\":{\"@type\":\"ImageObject\",\"inLanguage\":\"es\",\"@id\":\"https:\\\/\\\/www.teatregoya.cat\\\/es\\\/#\\\/schema\\\/logo\\\/image\\\/\",\"url\":\"https:\\\/\\\/www.teatregoya.cat\\\/wp-content\\\/uploads\\\/sites\\\/4\\\/2017\\\/09\\\/teatre-goya-logo.svg\",\"contentUrl\":\"https:\\\/\\\/www.teatregoya.cat\\\/wp-content\\\/uploads\\\/sites\\\/4\\\/2017\\\/09\\\/teatre-goya-logo.svg\",\"width\":1,\"height\":1,\"caption\":\"Teatre Goya\"},\"image\":{\"@id\":\"https:\\\/\\\/www.teatregoya.cat\\\/es\\\/#\\\/schema\\\/logo\\\/image\\\/\"},\"sameAs\":[\"http:\\\/\\\/www.facebook.com\\\/TeatreGoya\",\"https:\\\/\\\/x.com\\\/Teatre_Goya\",\"http:\\\/\\\/instagram.com\\\/teatre_goya\",\"http:\\\/\\\/www.youtube.com\\\/user\\\/TeatreGoya\"]}]}<\/script>\n<!-- \/ Yoast SEO plugin. -->","yoast_head_json":{"title":"La autora de Las meninas - Teatre Goya","robots":{"index":"index","follow":"follow","max-snippet":"max-snippet:-1","max-image-preview":"max-image-preview:large","max-video-preview":"max-video-preview:-1"},"canonical":"https:\/\/www.teatregoya.cat\/es\/ex\/la-autora-de-las-meninas\/","schema":{"@context":"https:\/\/schema.org","@graph":[{"@type":"WebPage","@id":"https:\/\/www.teatregoya.cat\/es\/ex\/la-autora-de-las-meninas\/","url":"https:\/\/www.teatregoya.cat\/es\/ex\/la-autora-de-las-meninas\/","name":"La autora de Las meninas - Teatre Goya","isPartOf":{"@id":"https:\/\/www.teatregoya.cat\/es\/#website"},"datePublished":"2024-03-08T11:26:16+00:00","breadcrumb":{"@id":"https:\/\/www.teatregoya.cat\/es\/ex\/la-autora-de-las-meninas\/#breadcrumb"},"inLanguage":"es","potentialAction":[{"@type":"ReadAction","target":["https:\/\/www.teatregoya.cat\/es\/ex\/la-autora-de-las-meninas\/"]}]},{"@type":"BreadcrumbList","@id":"https:\/\/www.teatregoya.cat\/es\/ex\/la-autora-de-las-meninas\/#breadcrumb","itemListElement":[{"@type":"ListItem","position":1,"name":"Home","item":"https:\/\/www.teatregoya.cat\/es\/"},{"@type":"ListItem","position":2,"name":"Espectacles","item":"https:\/\/www.teatregoya.cat\/es\/ex\/"},{"@type":"ListItem","position":3,"name":"La autora de Las meninas"}]},{"@type":"WebSite","@id":"https:\/\/www.teatregoya.cat\/es\/#website","url":"https:\/\/www.teatregoya.cat\/es\/","name":"Teatre Goya","description":"","publisher":{"@id":"https:\/\/www.teatregoya.cat\/es\/#organization"},"potentialAction":[{"@type":"SearchAction","target":{"@type":"EntryPoint","urlTemplate":"https:\/\/www.teatregoya.cat\/es\/?s={search_term_string}"},"query-input":{"@type":"PropertyValueSpecification","valueRequired":true,"valueName":"search_term_string"}}],"inLanguage":"es"},{"@type":"Organization","@id":"https:\/\/www.teatregoya.cat\/es\/#organization","name":"Teatre Goya","url":"https:\/\/www.teatregoya.cat\/es\/","logo":{"@type":"ImageObject","inLanguage":"es","@id":"https:\/\/www.teatregoya.cat\/es\/#\/schema\/logo\/image\/","url":"https:\/\/www.teatregoya.cat\/wp-content\/uploads\/sites\/4\/2017\/09\/teatre-goya-logo.svg","contentUrl":"https:\/\/www.teatregoya.cat\/wp-content\/uploads\/sites\/4\/2017\/09\/teatre-goya-logo.svg","width":1,"height":1,"caption":"Teatre Goya"},"image":{"@id":"https:\/\/www.teatregoya.cat\/es\/#\/schema\/logo\/image\/"},"sameAs":["http:\/\/www.facebook.com\/TeatreGoya","https:\/\/x.com\/Teatre_Goya","http:\/\/instagram.com\/teatre_goya","http:\/\/www.youtube.com\/user\/TeatreGoya"]}]}},"translations":[{"id":3839,"locale":"ca"},{"id":3840,"locale":"es"}],"_links":{"self":[{"href":"https:\/\/www.teatregoya.cat\/es\/wp-json\/wp\/v2\/ex\/3840","targetHints":{"allow":["GET"]}}],"collection":[{"href":"https:\/\/www.teatregoya.cat\/es\/wp-json\/wp\/v2\/ex"}],"about":[{"href":"https:\/\/www.teatregoya.cat\/es\/wp-json\/wp\/v2\/types\/ex"}],"author":[{"embeddable":true,"href":"https:\/\/www.teatregoya.cat\/es\/wp-json\/wp\/v2\/users\/2"}],"replies":[{"embeddable":true,"href":"https:\/\/www.teatregoya.cat\/es\/wp-json\/wp\/v2\/comments?post=3840"}],"acf:term":[{"embeddable":true,"taxonomy":"season","href":"https:\/\/www.teatregoya.cat\/es\/wp-json\/wp\/v2\/season\/86"}],"wp:attachment":[{"href":"https:\/\/www.teatregoya.cat\/es\/wp-json\/wp\/v2\/media?parent=3840"}],"curies":[{"name":"wp","href":"https:\/\/api.w.org\/{rel}","templated":true}]}}