{"id":3473,"date":"2023-07-19T13:35:38","date_gmt":"2023-07-19T11:35:38","guid":{"rendered":"https:\/\/www.teatregoya.cat\/ex\/el-gran-comediant-2\/"},"modified":"2023-07-19T13:35:51","modified_gmt":"2023-07-19T11:35:51","slug":"el-gran-comediant-2","status":"publish","type":"ex","link":"https:\/\/www.teatregoya.cat\/es\/ex\/el-gran-comediant-2\/","title":{"rendered":"El Gran Comediant"},"content":{"rendered":"","protected":false},"excerpt":{"rendered":"","protected":false},"author":2,"featured_media":0,"comment_status":"closed","ping_status":"closed","template":"","class_list":["post-3473","ex","type-ex","status-publish","hentry","season-2021-22"],"acf":{"txt_synopsis":"<p>Lloren\u00e7 y Ernest son dos grandes amigos de toda la vida. Los dos decidieron hace mucho tiempo que quer\u00edan ser actores, pero han tenido carreras desiguales. Mientras que Lloren\u00e7 hace tiempo que tiene el santo de cara y ha visto como su fama crec\u00eda (al igual que su ego) hasta convertirse en un divo del teatro catal\u00e1n, Ernest no ha terminado de lograrlo. <\/p>\r\n<p>Cuando finalmente, a los 50 a\u00f1os, Ernest decide tirar la toalla, Lloren\u00e7 le espeta un discurso motivador digno de los mejores coach de autoayuda del mundo, a pesar de que \u00e9l secretamente lo compadece y cree que Ernest realmente har\u00eda bien de abandonar.<\/p>\r\n<p>Lo que Lloren\u00e7 no pod\u00eda prever es que, contra todo pron\u00f3stico, su discurso motivador parece que realmente ha calado y Ernest hace un giro radical en su vida. De repente las cosas empiezan a irle muy bien, en todos los sentidos\u2026 mucho mejor de lo que Lloren\u00e7 puede soportar. Su compasi\u00f3n por su amigo del alma se transforma en unos celos incontrolables y a partir de ese momento Lloren\u00e7 har\u00e1 todo lo que pueda para sabotear el \u00e9xito de su gran amigo.<\/p>\r\n<p>Todo vale en esta competici\u00f3n desquiciada que llegar\u00e1 a ser literalmente una cuesti\u00f3n de vida o muerte.<br \/><\/p>\r\n<p><\/p>\r\n<p><\/p>","main_buy_link":"","main_buy_links":"","group_buy_link":"","show_language":"Espect\u00e1culo en catal\u00e1n","show_duration":"105","show_start_date":"20211203000000","show_end_date":"20220619000000","show_sort_date":"20211223000000","txt_custom_show_dates":"del 3 de diciembre de 2021 al 19 de junio de 2022 ","show_disciplines":"7","show_ultimes_funcions":false,"hide_tarifes_especials":false,"show_properament":false,"txt_additional_info":"<p><i class=\"fa fa-info fa-2x fa-fw\"><\/i>El dia 11 de juny es dur\u00e0 a terme una funci\u00f3 accessible amb subtitulat, audiodescripci\u00f3 i ajuda auditiva.","txt_present":"","show_season":[94],"txt_season":"[\"2021\/22\"]","txt_cycle":"","txt_claim":"En Lloren\u00e7 i l\u2019Ernest s\u00f3n dos grans amics de tota la vida. Els dos van decidir fa molt temps que volien ser actors, per\u00f2 han tingut carreres desiguals. Mentre que en Lloren\u00e7 fa temps que totes li ponen i ha vist com la seva fama creixia (a l\u2019igual que el seu ego) fins a convertir-se en tot un divo del teatre catal\u00e0, l\u2019Ernest no se n\u2019ha acabat mai d\u2019ensortir.","txt_cast_excerpt":"","txt_cast":"<p>De: <strong>Joel Joan y H\u00e8ctor Claramunt <br \/><\/strong>Direcci\u00f3n: <strong>Joel Joan<\/strong><\/p>\r\n<p>Int\u00e9rpretes: <br \/><strong>Joel Joan<\/strong>&nbsp;&nbsp;Lloren\u00e7 Tortosa<br \/><strong>Xavi Mira<\/strong>&nbsp;&nbsp;Ernest<br \/><strong>Anna Sahun<\/strong>&nbsp;Elisenda<br \/><strong>\u00c0frica Alonso<\/strong>&nbsp;&nbsp;\u00darsula<br \/><strong>Eduard Muntada<\/strong>&nbsp;Sergei<\/p>\r\n<p>Escenograf\u00eda: <strong>Pep Oliver y Ra\u00fal P\u00e9rez \u2013 Zeroquatre<br \/><\/strong>Vestuario:<strong> N\u00eddia Tusal<br \/><\/strong>Iluminaci\u00f3n: <strong>Mingo Albir<br \/><\/strong>M\u00fasica: <strong>Xavi Capellas<br \/><\/strong>Espacio sonoro: <strong>Raimon Segura<br \/><\/strong>Caracterizaci\u00f3n: <strong>Imma Capell<br \/><\/strong>Movimiento esc\u00e9nico: <strong>Ferran Carvajal<br \/><\/strong>Ayudante de direcci\u00f3n: <strong>Sergi Vall\u00e9s<br \/><\/strong>Ajudante de vestuario: <strong>Anna Ramon<\/strong><\/p>\r\n<p><br \/>Producci\u00f3n ejecutiva: <strong>N\u00faria Costas, Joel Joan y H\u00e8ctor Claramunt<\/strong><\/p>\r\n<p>Regidor\u00eda: <strong>Sergi Vall\u00e8s<br \/><\/strong>Jefe t\u00e9cnico del teatro: <strong>Roger Mu\u00f1oz<br \/><\/strong>T\u00e9cnico de sonido: <strong>Jordi Agut<\/strong><\/p>\r\n<p>Construcci\u00f3n de la escenograf\u00eda: <strong>Zeroquatre, Jorba-Mir\u00f3 Estudi-Taller d\u2019escenografia, Pascualin Estructures.<\/strong><\/p>\r\n<p>Premsa: <strong>Albert L\u00f3pez y Judit Hern\u00e1ndez <br \/><\/strong>M\u00e1rquetin y comunicaci\u00f3n: <strong>Publispec<br \/><\/strong>Dise\u00f1o gr\u00e1fico: <strong>Santi&Kco<br \/><\/strong>Reportaje Fotogr\u00e1fico: <strong>David Ruano<br \/><\/strong>Colaboradores: <strong>Cofraria del Cava, D.O. Cava, Munich, Montibello<br \/><\/strong>Agradecimientos: <strong>Josep Abril, Alicia Moya<\/strong><\/p>\r\n<p><strong><\/strong><br \/>Una producci\u00f3n de <strong>Focus, Arriska Films y Nakatomi<br \/><\/strong>Con la colaboraci\u00f3n <strong>del ICEC y del ICUB<br \/><\/strong><br \/><\/p>","txt_reviews":"","hashtag":"ElGranComediant","have_promo":"","slogan":"","id_exhibicio":1813,"id_versio":1462,"id_local":35,"txt_seo_desc":"El Gran Comediant, con Joel Joan, Xavi Mira, Anna Sahun, \u00c0frica Alonso y Eduard Muntada, a partir del 3 de diciembre en el Teatre Goya de Barcelona","data_images":"[{\"localizer\":\"V2CARTELL\",\"url\":\"media\/ver\/cartell\/3157C\/01_079_00051643\/cartell-web-el-gran-comediant-teatre-goya.jpg\",\"thumb_url\":\"media\/ver\/cartell\/3157C\/01_079_00051643\/cartell-web-el-gran-comediant-teatre-goya_thumb.jpg\",\"title\":\"El Gran Comediant - Teatre Goya\",\"description\":\"el gran comediant al teatre goya de barcelona\",\"copyright\":\"\",\"order\":5},{\"localizer\":\"V3CARTELLDISTRI\",\"url\":\"media\/ver\/cartell\/v3\/3157C\/01_085_00051646\/cartell-web-el-gran-comediant-gires.jpg\",\"thumb_url\":\"media\/ver\/cartell\/v3\/3157C\/01_085_00051646\/cartell-web-el-gran-comediant-gires_thumb.jpg\",\"title\":\"El Gran Comediant\",\"description\":\"el gran comediant\",\"copyright\":\"\",\"order\":6},{\"localizer\":\"V3SLIDE\",\"url\":\"media\/ftgalslide\/v3\/3157F\/01_086_00052139\/T21_comediant_047.jpg\",\"thumb_url\":\"media\/ftgalslide\/v3\/3157F\/01_086_00052139\/T21_comediant_047_thumb.jpg\",\"title\":\"El Gran Comediant - Teatre Goya\",\"description\":\"el gran comediant al teatre goya de barcelona\",\"copyright\":\"https:\/\/www.youtube.com\/watch?v=f2c99bWRwVE\",\"order\":14},{\"localizer\":\"V3SLIDE\",\"url\":\"media\/ftgalslide\/v3\/3157F\/01_086_00052140\/T21_comediant_020.jpg\",\"thumb_url\":\"media\/ftgalslide\/v3\/3157F\/01_086_00052140\/T21_comediant_020_thumb.jpg\",\"title\":\"El Gran Comediant - Teatre Goya\",\"description\":\"el gran comediant al teatre goya de barcelona\",\"copyright\":\"\",\"order\":15},{\"localizer\":\"V3SLIDE\",\"url\":\"media\/ftgalslide\/v3\/3157F\/01_086_00052141\/T21_comediant_115.jpg\",\"thumb_url\":\"media\/ftgalslide\/v3\/3157F\/01_086_00052141\/T21_comediant_115_thumb.jpg\",\"title\":\"El Gran Comediant - Teatre Goya\",\"description\":\"el gran comediant al teatre goya de barcelona\",\"copyright\":\"\",\"order\":16},{\"localizer\":\"V3CARTELL\",\"url\":\"media\/ver\/cartell\/v3\/315DB\/01_085_00053496\/cartell-web-el-gran-comediant-teatre-goya.jpg\",\"thumb_url\":\"media\/ver\/cartell\/v3\/315DB\/01_085_00053496\/cartell-web-el-gran-comediant-teatre-goya_thumb.jpg\",\"title\":\"El gran comediant - teatre goya\",\"description\":\"El gran comediant al teatre goya de barcelona\",\"copyright\":\"\",\"order\":23},{\"localizer\":\"V3PORTADAWIDE\",\"url\":\"media\/ver\/port\/v3wide\/315DE\/01_088_00054150\/0-el-gran-comediant-teatre-goya-aixo-sacaba-ultimes-funcions.jpg\",\"thumb_url\":\"media\/ver\/port\/v3wide\/315DE\/01_088_00054150\/0-el-gran-comediant-teatre-goya-aixo-sacaba-ultimes-funcions_thumb.jpg\",\"title\":\"El gran comediant - Teatre Goya\",\"description\":\"el gran comediant al teatre goya de barcelona\",\"copyright\":\"\",\"order\":30},{\"localizer\":\"V3PORTADA\",\"url\":\"media\/ver\/port\/v3\/315DE\/01_084_00054151\/1-el-gran-comediant-teatre-goya.jpg\",\"thumb_url\":\"media\/ver\/port\/v3\/315DE\/01_084_00054151\/1-el-gran-comediant-teatre-goya_thumb.jpg\",\"title\":\"El gran comediant - Teatre Goya\",\"description\":\"el gran comediant al teatre goya de barcelona\",\"copyright\":\"\",\"order\":31}]","material__texto_intro":"","data_material":null,"data_gallery":"","data_discounts":"[]","contract_is_open":false,"in_tour":false},"yoast_head":"<!-- This site is optimized with the Yoast SEO plugin v27.5 - https:\/\/yoast.com\/product\/yoast-seo-wordpress\/ -->\n<title>El Gran Comediant - Teatre Goya<\/title>\n<meta name=\"robots\" content=\"index, follow, max-snippet:-1, max-image-preview:large, max-video-preview:-1\" \/>\n<link rel=\"canonical\" href=\"https:\/\/www.teatregoya.cat\/es\/ex\/el-gran-comediant-2\/\" \/>\n<script type=\"application\/ld+json\" class=\"yoast-schema-graph\">{\"@context\":\"https:\\\/\\\/schema.org\",\"@graph\":[{\"@type\":\"WebPage\",\"@id\":\"https:\\\/\\\/www.teatregoya.cat\\\/es\\\/ex\\\/el-gran-comediant-2\\\/\",\"url\":\"https:\\\/\\\/www.teatregoya.cat\\\/es\\\/ex\\\/el-gran-comediant-2\\\/\",\"name\":\"El Gran Comediant - Teatre Goya\",\"isPartOf\":{\"@id\":\"https:\\\/\\\/www.teatregoya.cat\\\/es\\\/#website\"},\"datePublished\":\"2023-07-19T11:35:38+00:00\",\"dateModified\":\"2023-07-19T11:35:51+00:00\",\"breadcrumb\":{\"@id\":\"https:\\\/\\\/www.teatregoya.cat\\\/es\\\/ex\\\/el-gran-comediant-2\\\/#breadcrumb\"},\"inLanguage\":\"es\",\"potentialAction\":[{\"@type\":\"ReadAction\",\"target\":[\"https:\\\/\\\/www.teatregoya.cat\\\/es\\\/ex\\\/el-gran-comediant-2\\\/\"]}]},{\"@type\":\"BreadcrumbList\",\"@id\":\"https:\\\/\\\/www.teatregoya.cat\\\/es\\\/ex\\\/el-gran-comediant-2\\\/#breadcrumb\",\"itemListElement\":[{\"@type\":\"ListItem\",\"position\":1,\"name\":\"Home\",\"item\":\"https:\\\/\\\/www.teatregoya.cat\\\/es\\\/\"},{\"@type\":\"ListItem\",\"position\":2,\"name\":\"Espectacles\",\"item\":\"https:\\\/\\\/www.teatregoya.cat\\\/es\\\/ex\\\/\"},{\"@type\":\"ListItem\",\"position\":3,\"name\":\"El Gran Comediant\"}]},{\"@type\":\"WebSite\",\"@id\":\"https:\\\/\\\/www.teatregoya.cat\\\/es\\\/#website\",\"url\":\"https:\\\/\\\/www.teatregoya.cat\\\/es\\\/\",\"name\":\"Teatre Goya\",\"description\":\"\",\"publisher\":{\"@id\":\"https:\\\/\\\/www.teatregoya.cat\\\/es\\\/#organization\"},\"potentialAction\":[{\"@type\":\"SearchAction\",\"target\":{\"@type\":\"EntryPoint\",\"urlTemplate\":\"https:\\\/\\\/www.teatregoya.cat\\\/es\\\/?s={search_term_string}\"},\"query-input\":{\"@type\":\"PropertyValueSpecification\",\"valueRequired\":true,\"valueName\":\"search_term_string\"}}],\"inLanguage\":\"es\"},{\"@type\":\"Organization\",\"@id\":\"https:\\\/\\\/www.teatregoya.cat\\\/es\\\/#organization\",\"name\":\"Teatre Goya\",\"url\":\"https:\\\/\\\/www.teatregoya.cat\\\/es\\\/\",\"logo\":{\"@type\":\"ImageObject\",\"inLanguage\":\"es\",\"@id\":\"https:\\\/\\\/www.teatregoya.cat\\\/es\\\/#\\\/schema\\\/logo\\\/image\\\/\",\"url\":\"https:\\\/\\\/www.teatregoya.cat\\\/wp-content\\\/uploads\\\/sites\\\/4\\\/2017\\\/09\\\/teatre-goya-logo.svg\",\"contentUrl\":\"https:\\\/\\\/www.teatregoya.cat\\\/wp-content\\\/uploads\\\/sites\\\/4\\\/2017\\\/09\\\/teatre-goya-logo.svg\",\"width\":1,\"height\":1,\"caption\":\"Teatre Goya\"},\"image\":{\"@id\":\"https:\\\/\\\/www.teatregoya.cat\\\/es\\\/#\\\/schema\\\/logo\\\/image\\\/\"},\"sameAs\":[\"http:\\\/\\\/www.facebook.com\\\/TeatreGoya\",\"https:\\\/\\\/x.com\\\/Teatre_Goya\",\"http:\\\/\\\/instagram.com\\\/teatre_goya\",\"http:\\\/\\\/www.youtube.com\\\/user\\\/TeatreGoya\"]}]}<\/script>\n<!-- \/ Yoast SEO plugin. -->","yoast_head_json":{"title":"El Gran Comediant - Teatre Goya","robots":{"index":"index","follow":"follow","max-snippet":"max-snippet:-1","max-image-preview":"max-image-preview:large","max-video-preview":"max-video-preview:-1"},"canonical":"https:\/\/www.teatregoya.cat\/es\/ex\/el-gran-comediant-2\/","schema":{"@context":"https:\/\/schema.org","@graph":[{"@type":"WebPage","@id":"https:\/\/www.teatregoya.cat\/es\/ex\/el-gran-comediant-2\/","url":"https:\/\/www.teatregoya.cat\/es\/ex\/el-gran-comediant-2\/","name":"El Gran Comediant - Teatre Goya","isPartOf":{"@id":"https:\/\/www.teatregoya.cat\/es\/#website"},"datePublished":"2023-07-19T11:35:38+00:00","dateModified":"2023-07-19T11:35:51+00:00","breadcrumb":{"@id":"https:\/\/www.teatregoya.cat\/es\/ex\/el-gran-comediant-2\/#breadcrumb"},"inLanguage":"es","potentialAction":[{"@type":"ReadAction","target":["https:\/\/www.teatregoya.cat\/es\/ex\/el-gran-comediant-2\/"]}]},{"@type":"BreadcrumbList","@id":"https:\/\/www.teatregoya.cat\/es\/ex\/el-gran-comediant-2\/#breadcrumb","itemListElement":[{"@type":"ListItem","position":1,"name":"Home","item":"https:\/\/www.teatregoya.cat\/es\/"},{"@type":"ListItem","position":2,"name":"Espectacles","item":"https:\/\/www.teatregoya.cat\/es\/ex\/"},{"@type":"ListItem","position":3,"name":"El Gran Comediant"}]},{"@type":"WebSite","@id":"https:\/\/www.teatregoya.cat\/es\/#website","url":"https:\/\/www.teatregoya.cat\/es\/","name":"Teatre Goya","description":"","publisher":{"@id":"https:\/\/www.teatregoya.cat\/es\/#organization"},"potentialAction":[{"@type":"SearchAction","target":{"@type":"EntryPoint","urlTemplate":"https:\/\/www.teatregoya.cat\/es\/?s={search_term_string}"},"query-input":{"@type":"PropertyValueSpecification","valueRequired":true,"valueName":"search_term_string"}}],"inLanguage":"es"},{"@type":"Organization","@id":"https:\/\/www.teatregoya.cat\/es\/#organization","name":"Teatre Goya","url":"https:\/\/www.teatregoya.cat\/es\/","logo":{"@type":"ImageObject","inLanguage":"es","@id":"https:\/\/www.teatregoya.cat\/es\/#\/schema\/logo\/image\/","url":"https:\/\/www.teatregoya.cat\/wp-content\/uploads\/sites\/4\/2017\/09\/teatre-goya-logo.svg","contentUrl":"https:\/\/www.teatregoya.cat\/wp-content\/uploads\/sites\/4\/2017\/09\/teatre-goya-logo.svg","width":1,"height":1,"caption":"Teatre Goya"},"image":{"@id":"https:\/\/www.teatregoya.cat\/es\/#\/schema\/logo\/image\/"},"sameAs":["http:\/\/www.facebook.com\/TeatreGoya","https:\/\/x.com\/Teatre_Goya","http:\/\/instagram.com\/teatre_goya","http:\/\/www.youtube.com\/user\/TeatreGoya"]}]}},"translations":[{"id":3472,"locale":"ca"},{"id":3473,"locale":"es"}],"_links":{"self":[{"href":"https:\/\/www.teatregoya.cat\/es\/wp-json\/wp\/v2\/ex\/3473","targetHints":{"allow":["GET"]}}],"collection":[{"href":"https:\/\/www.teatregoya.cat\/es\/wp-json\/wp\/v2\/ex"}],"about":[{"href":"https:\/\/www.teatregoya.cat\/es\/wp-json\/wp\/v2\/types\/ex"}],"author":[{"embeddable":true,"href":"https:\/\/www.teatregoya.cat\/es\/wp-json\/wp\/v2\/users\/2"}],"replies":[{"embeddable":true,"href":"https:\/\/www.teatregoya.cat\/es\/wp-json\/wp\/v2\/comments?post=3473"}],"acf:term":[{"embeddable":true,"taxonomy":"season","href":"https:\/\/www.teatregoya.cat\/es\/wp-json\/wp\/v2\/season\/94"}],"wp:attachment":[{"href":"https:\/\/www.teatregoya.cat\/es\/wp-json\/wp\/v2\/media?parent=3473"}],"curies":[{"name":"wp","href":"https:\/\/api.w.org\/{rel}","templated":true}]}}