{"id":3003,"date":"2019-09-17T15:43:32","date_gmt":"2019-09-17T13:43:32","guid":{"rendered":"https:\/\/pre.teatregoya.cat\/ex\/\/una-de-8-2\/"},"modified":"2019-09-17T15:43:32","modified_gmt":"2019-09-17T13:43:32","slug":"una-de-8-2","status":"publish","type":"ex","link":"https:\/\/www.teatregoya.cat\/es\/ex\/una-de-8-2\/","title":{"rendered":"Una de 8"},"content":{"rendered":"","protected":false},"excerpt":{"rendered":"","protected":false},"author":2,"featured_media":0,"comment_status":"closed","ping_status":"closed","template":"","class_list":["post-3003","ex","type-ex","status-publish","hentry","season-2019-20"],"acf":{"txt_synopsis":"<p>3 mujeres que nada tienen que ver, coinciden en la sala de espera del hospital que les lleva a la consulta 12. Lugar que, durante mucho tiempo, ser\u00e1 su punto de encuentro. Ana, Belinda y Cefe son diagnosticadas de c\u00e1ncer de mama el mismo d\u00eda. A trav\u00e9s de ellas, y de sus historias, conoceremos c\u00f3mo se enfrentan al diagn\u00f3stico y a las reacciones que se van encontrando durante el proceso<br \/><br \/>Con toques de humor y algo de iron\u00eda, ellas nos ense\u00f1ar\u00e1n que la vida es maravillosa, y mientras estemos vivas\u2026 VIVAMOS!<br \/><br \/>Esta obra ha sido escrita por Mar\u00eda Lebrato a partir de 31 testimonios de mujeres reales con c\u00e1ncer de mama y c\u00e1ncer de mama metast\u00e1sico.<br \/><br \/>Con un enfoque de realidad, esperanza y humor, UNAde8 tiene como finalidad ser voz y cuerpo de una enfermedad que, a d\u00eda de hoy, padece una de cada ocho mujeres, y que el 20% de \u00e9stas mueren por ser metast\u00e1sico.<\/p>\n<p><strong>INFORMACI\u00d3 ADDICIONAL<\/strong><\/p>\n<p>Todo el dinero recaudado en esta obra ir\u00e1 destinado a la Asociaci\u00f3n de C\u00e1ncer de Mama Metast\u00e1sico (ACMM) que se constituy\u00f3 en el mes de Febrero de 2018, por iniciativa de un grupo de pacientes de c\u00e1ncer de mama avanzado de Espa\u00f1a. Es la primera asociaci\u00f3n de este tipo que existe en Europa, y su \u00e1mbito es nacional. <\/p>\n<p>Esta enfermedad representa el 20% de pacientes afectadas de c\u00e1ncer de mama, para las cuales a d\u00eda de hoy no existen tratamientos efectivos capaces erradicar la enfermedad. <\/p>\n<p>El C\u00e1ncer de Mama Metast\u00e1sico se da cuando las c\u00e9lulas tumorales se han diseminado a otros \u00f3rganos, en la mayor\u00eda de casos a huesos, pulmones, h\u00edgado y cerebro. Actualmente no tiene cura. <\/p>\n<p>El 20% de mujeres con C\u00e1ncer de Mama Metast\u00e1sico, tiene menos de 40 a\u00f1os. Con los tratamientos actuales, la media de supervivencia es de 4 a\u00f1os, muchas de ellas no llegar\u00e1n a los 50. Necesitamos m\u00e1s investigaci\u00f3n para seguir viviendo. <\/p>\n<p>La Asociaci\u00f3n tiene el compromiso de apoyar la investigaci\u00f3n en met\u00e1stasis de c\u00e1ncer de mama, mediante la donaci\u00f3n a proyectos liderados por investigadores espa\u00f1oles. Con solo un a\u00f1o y medio de existencia se han podido aportar recursos al Proyecto Seroteca liderado por la Dra. Saura del VHIO y al Proyecto Chronos Hope liderado por la Dr. Aleix Prat del Cl\u00ednic y Solti. <\/p>\n<p>De igual modo se ha convocado el I Premio M Chiara Giorgetti a la investigaci\u00f3n en CMM, con un premio de 50.000 euros que se donar\u00e1 al proyecto ganador.<\/p>\n<p>#m\u00e1sinvestigaci\u00f3nparam\u00e1svida<\/p>","main_buy_link":"https:\/\/www.4tickets.es\/TeatreGoya\/public\/janto\/?Nivel=Evento&idEvento=GOY82&Idioma=ES","main_buy_links":"","group_buy_link":"","show_language":"Espect\u00e1culo en castellano","show_duration":"90","show_start_date":"20191019000000","show_end_date":"20191019000000","show_sort_date":"20191019000000","txt_custom_show_dates":"el 19 de octubre de 2019","show_disciplines":"","show_ultimes_funcions":false,"hide_tarifes_especials":false,"show_properament":false,"txt_additional_info":"<p><i class=\"fa fa-info fa-2x fa-fw\"><\/i>Espect\u00e1culo ben\u00e9fico y <strong><font color=\"#ff0000\">sin descuentos<\/font><\/strong>.<\/p>","txt_present":"","show_season":[92],"txt_season":"[\"2019\/20\"]","txt_cycle":"","txt_claim":"","txt_cast_excerpt":"","txt_cast":"Escrita y Dirigida por <strong>Mar\u00eda Lebrato<\/strong><br \/><br \/>Con: <strong>Gisela Flamenco<\/strong> (Ana), <strong>Isabel Rold\u00e1n<\/strong> (Belinda) y <strong>Crisanta Gonz\u00e1lez<\/strong> (Cefe)<br \/><br \/>Jefe t\u00e9cnico del teatro: <strong>Roger Mu\u00f1oz<\/strong><br \/>Marqueting y comunicaci\u00f3n: <strong>Publispec <br \/><\/strong>Dise\u00f1o gr\u00e1fico: <strong>Santi&kco<\/strong><br \/><br \/>Primera representaci\u00f3n en el <strong>teatre Goya el 19 d\u2019octubre del 2019<\/strong><br \/><br \/><strong>Espect\u00e1culo en castellano<\/strong><br \/><br \/>\u00c9s una funci\u00f3n solidaria a beneficio de la <strong>Asociaci\u00f3n CMM<\/strong>","txt_reviews":"","hashtag":"m\u00e1sinvestigaci\u00f3nparam\u00e1svida","have_promo":"","slogan":"","id_exhibicio":1715,"id_versio":1396,"id_local":35,"txt_seo_desc":"Una de 8, una obra destinada a combatir el C\u00e1ncer de Mama Metast\u00e1tico, con Gisela Flamenco, Isabel Rold\u00e1n y Crisanta Gonz\u00e1lez al Teatro Goya a partir del 19 de octubre.","data_images":"[{\"localizer\":\"V3PORTADA\",\"url\":\"media\/ver\/port\/v3\/314B5\/01_084_00049174\/1-una-de-8-teatre-goya-barcelona.jpg\",\"thumb_url\":\"media\/ver\/port\/v3\/314B5\/01_084_00049174\/1-una-de-8-teatre-goya-barcelona_thumb.jpg\",\"title\":\"Una de 8 - Teatre Goya\",\"description\":\"Una de 8 teatre goya barcelona\",\"copyright\":\"\",\"order\":1},{\"localizer\":\"V3PORTADAWIDE\",\"url\":\"media\/ver\/port\/v3wide\/314B5\/01_088_00049175\/0-una-de-8-teatre-goya-barcelona.jpg\",\"thumb_url\":\"media\/ver\/port\/v3wide\/314B5\/01_088_00049175\/0-una-de-8-teatre-goya-barcelona_thumb.jpg\",\"title\":\"Una de 8 - Teatre Goya\",\"description\":\"Una de 8 teatre goya barcelona\",\"copyright\":\"\",\"order\":2},{\"localizer\":\"V3CARTELL\",\"url\":\"media\/ver\/cartell\/v3\/314B5\/01_085_00049176\/cartellweb-una-de-8-teatre-goya-barcelona.jpg\",\"thumb_url\":\"media\/ver\/cartell\/v3\/314B5\/01_085_00049176\/cartellweb-una-de-8-teatre-goya-barcelona_thumb.jpg\",\"title\":\"Una de 8 - Teatre Goya\",\"description\":\"Una de 8 teatre goya barcelona\",\"copyright\":\"\",\"order\":3},{\"localizer\":\"V3SLIDE\",\"url\":\"media\/ftgalslide\/v3\/314B5\/01_086_00049177\/_DSC1355.jpg\",\"thumb_url\":\"media\/ftgalslide\/v3\/314B5\/01_086_00049177\/_DSC1355_thumb.jpg\",\"title\":\"Una de 8 - Teatre Goya\",\"description\":\"Una de 8 teatre goya barcelona\",\"copyright\":\"\",\"order\":4}]","material__texto_intro":"","data_material":null,"data_gallery":"","data_discounts":"[{\"InfoAddicional\":\"<p><strong>Descuentos para grupos y escuelas<br \/><\/strong><\/p>\",\"Url\":\"https:\/\/www.promentrada.com\/es\/catalog\/\",\"Codi\":\"GOY82\",\"LogoUrl\":\"media\/fimage\/31389\/01_005_00038530\/logo_prome_nuevo_v_web.jpg\",\"TitolBoto\":\"Descuentos para grupos y escuelas\",\"Type\":\"discount\"},{\"InfoAddicional\":\"<p><strong>Descuentos para particulares<br \/><\/strong><\/p>\",\"Url\":\"http:\/\/vip.promentrada.com\",\"Codi\":\"GOY82\",\"LogoUrl\":\"media\/fimage\/31389\/01_005_00038559\/logo_prome_vip_v_web.jpg\",\"TitolBoto\":\"Descuentos para particulares\",\"Type\":\"discount\"}]","contract_is_open":false,"in_tour":false},"yoast_head":"<!-- This site is optimized with the Yoast SEO plugin v27.5 - https:\/\/yoast.com\/product\/yoast-seo-wordpress\/ -->\n<title>Una de 8 - Teatre Goya<\/title>\n<meta name=\"robots\" content=\"index, follow, max-snippet:-1, max-image-preview:large, max-video-preview:-1\" \/>\n<link rel=\"canonical\" href=\"https:\/\/www.teatregoya.cat\/es\/ex\/una-de-8-2\/\" \/>\n<script type=\"application\/ld+json\" class=\"yoast-schema-graph\">{\"@context\":\"https:\\\/\\\/schema.org\",\"@graph\":[{\"@type\":\"WebPage\",\"@id\":\"https:\\\/\\\/www.teatregoya.cat\\\/es\\\/ex\\\/una-de-8-2\\\/\",\"url\":\"https:\\\/\\\/www.teatregoya.cat\\\/es\\\/ex\\\/una-de-8-2\\\/\",\"name\":\"Una de 8 - Teatre Goya\",\"isPartOf\":{\"@id\":\"https:\\\/\\\/www.teatregoya.cat\\\/es\\\/#website\"},\"datePublished\":\"2019-09-17T13:43:32+00:00\",\"breadcrumb\":{\"@id\":\"https:\\\/\\\/www.teatregoya.cat\\\/es\\\/ex\\\/una-de-8-2\\\/#breadcrumb\"},\"inLanguage\":\"es\",\"potentialAction\":[{\"@type\":\"ReadAction\",\"target\":[\"https:\\\/\\\/www.teatregoya.cat\\\/es\\\/ex\\\/una-de-8-2\\\/\"]}]},{\"@type\":\"BreadcrumbList\",\"@id\":\"https:\\\/\\\/www.teatregoya.cat\\\/es\\\/ex\\\/una-de-8-2\\\/#breadcrumb\",\"itemListElement\":[{\"@type\":\"ListItem\",\"position\":1,\"name\":\"Home\",\"item\":\"https:\\\/\\\/www.teatregoya.cat\\\/es\\\/\"},{\"@type\":\"ListItem\",\"position\":2,\"name\":\"Espectacles\",\"item\":\"https:\\\/\\\/www.teatregoya.cat\\\/es\\\/ex\\\/\"},{\"@type\":\"ListItem\",\"position\":3,\"name\":\"Una de 8\"}]},{\"@type\":\"WebSite\",\"@id\":\"https:\\\/\\\/www.teatregoya.cat\\\/es\\\/#website\",\"url\":\"https:\\\/\\\/www.teatregoya.cat\\\/es\\\/\",\"name\":\"Teatre Goya\",\"description\":\"\",\"publisher\":{\"@id\":\"https:\\\/\\\/www.teatregoya.cat\\\/es\\\/#organization\"},\"potentialAction\":[{\"@type\":\"SearchAction\",\"target\":{\"@type\":\"EntryPoint\",\"urlTemplate\":\"https:\\\/\\\/www.teatregoya.cat\\\/es\\\/?s={search_term_string}\"},\"query-input\":{\"@type\":\"PropertyValueSpecification\",\"valueRequired\":true,\"valueName\":\"search_term_string\"}}],\"inLanguage\":\"es\"},{\"@type\":\"Organization\",\"@id\":\"https:\\\/\\\/www.teatregoya.cat\\\/es\\\/#organization\",\"name\":\"Teatre Goya\",\"url\":\"https:\\\/\\\/www.teatregoya.cat\\\/es\\\/\",\"logo\":{\"@type\":\"ImageObject\",\"inLanguage\":\"es\",\"@id\":\"https:\\\/\\\/www.teatregoya.cat\\\/es\\\/#\\\/schema\\\/logo\\\/image\\\/\",\"url\":\"https:\\\/\\\/www.teatregoya.cat\\\/wp-content\\\/uploads\\\/sites\\\/4\\\/2017\\\/09\\\/teatre-goya-logo.svg\",\"contentUrl\":\"https:\\\/\\\/www.teatregoya.cat\\\/wp-content\\\/uploads\\\/sites\\\/4\\\/2017\\\/09\\\/teatre-goya-logo.svg\",\"width\":1,\"height\":1,\"caption\":\"Teatre Goya\"},\"image\":{\"@id\":\"https:\\\/\\\/www.teatregoya.cat\\\/es\\\/#\\\/schema\\\/logo\\\/image\\\/\"},\"sameAs\":[\"http:\\\/\\\/www.facebook.com\\\/TeatreGoya\",\"https:\\\/\\\/x.com\\\/Teatre_Goya\",\"http:\\\/\\\/instagram.com\\\/teatre_goya\",\"http:\\\/\\\/www.youtube.com\\\/user\\\/TeatreGoya\"]}]}<\/script>\n<!-- \/ Yoast SEO plugin. -->","yoast_head_json":{"title":"Una de 8 - Teatre Goya","robots":{"index":"index","follow":"follow","max-snippet":"max-snippet:-1","max-image-preview":"max-image-preview:large","max-video-preview":"max-video-preview:-1"},"canonical":"https:\/\/www.teatregoya.cat\/es\/ex\/una-de-8-2\/","schema":{"@context":"https:\/\/schema.org","@graph":[{"@type":"WebPage","@id":"https:\/\/www.teatregoya.cat\/es\/ex\/una-de-8-2\/","url":"https:\/\/www.teatregoya.cat\/es\/ex\/una-de-8-2\/","name":"Una de 8 - Teatre Goya","isPartOf":{"@id":"https:\/\/www.teatregoya.cat\/es\/#website"},"datePublished":"2019-09-17T13:43:32+00:00","breadcrumb":{"@id":"https:\/\/www.teatregoya.cat\/es\/ex\/una-de-8-2\/#breadcrumb"},"inLanguage":"es","potentialAction":[{"@type":"ReadAction","target":["https:\/\/www.teatregoya.cat\/es\/ex\/una-de-8-2\/"]}]},{"@type":"BreadcrumbList","@id":"https:\/\/www.teatregoya.cat\/es\/ex\/una-de-8-2\/#breadcrumb","itemListElement":[{"@type":"ListItem","position":1,"name":"Home","item":"https:\/\/www.teatregoya.cat\/es\/"},{"@type":"ListItem","position":2,"name":"Espectacles","item":"https:\/\/www.teatregoya.cat\/es\/ex\/"},{"@type":"ListItem","position":3,"name":"Una de 8"}]},{"@type":"WebSite","@id":"https:\/\/www.teatregoya.cat\/es\/#website","url":"https:\/\/www.teatregoya.cat\/es\/","name":"Teatre Goya","description":"","publisher":{"@id":"https:\/\/www.teatregoya.cat\/es\/#organization"},"potentialAction":[{"@type":"SearchAction","target":{"@type":"EntryPoint","urlTemplate":"https:\/\/www.teatregoya.cat\/es\/?s={search_term_string}"},"query-input":{"@type":"PropertyValueSpecification","valueRequired":true,"valueName":"search_term_string"}}],"inLanguage":"es"},{"@type":"Organization","@id":"https:\/\/www.teatregoya.cat\/es\/#organization","name":"Teatre Goya","url":"https:\/\/www.teatregoya.cat\/es\/","logo":{"@type":"ImageObject","inLanguage":"es","@id":"https:\/\/www.teatregoya.cat\/es\/#\/schema\/logo\/image\/","url":"https:\/\/www.teatregoya.cat\/wp-content\/uploads\/sites\/4\/2017\/09\/teatre-goya-logo.svg","contentUrl":"https:\/\/www.teatregoya.cat\/wp-content\/uploads\/sites\/4\/2017\/09\/teatre-goya-logo.svg","width":1,"height":1,"caption":"Teatre Goya"},"image":{"@id":"https:\/\/www.teatregoya.cat\/es\/#\/schema\/logo\/image\/"},"sameAs":["http:\/\/www.facebook.com\/TeatreGoya","https:\/\/x.com\/Teatre_Goya","http:\/\/instagram.com\/teatre_goya","http:\/\/www.youtube.com\/user\/TeatreGoya"]}]}},"translations":[{"id":2861,"locale":"ca"},{"id":3003,"locale":"es"}],"_links":{"self":[{"href":"https:\/\/www.teatregoya.cat\/es\/wp-json\/wp\/v2\/ex\/3003","targetHints":{"allow":["GET"]}}],"collection":[{"href":"https:\/\/www.teatregoya.cat\/es\/wp-json\/wp\/v2\/ex"}],"about":[{"href":"https:\/\/www.teatregoya.cat\/es\/wp-json\/wp\/v2\/types\/ex"}],"author":[{"embeddable":true,"href":"https:\/\/www.teatregoya.cat\/es\/wp-json\/wp\/v2\/users\/2"}],"replies":[{"embeddable":true,"href":"https:\/\/www.teatregoya.cat\/es\/wp-json\/wp\/v2\/comments?post=3003"}],"acf:term":[{"embeddable":true,"taxonomy":"season","href":"https:\/\/www.teatregoya.cat\/es\/wp-json\/wp\/v2\/season\/92"}],"wp:attachment":[{"href":"https:\/\/www.teatregoya.cat\/es\/wp-json\/wp\/v2\/media?parent=3003"}],"curies":[{"name":"wp","href":"https:\/\/api.w.org\/{rel}","templated":true}]}}