{"id":2994,"date":"2019-03-07T15:54:53","date_gmt":"2019-03-07T14:54:53","guid":{"rendered":"https:\/\/pre.teatregoya.cat\/ex\/\/federico-garcia-2\/"},"modified":"2019-03-07T15:54:53","modified_gmt":"2019-03-07T14:54:53","slug":"federico-garcia-2","status":"publish","type":"ex","link":"https:\/\/www.teatregoya.cat\/es\/ex\/federico-garcia-2\/","title":{"rendered":"Federico Garc\u00eda"},"content":{"rendered":"","protected":false},"excerpt":{"rendered":"","protected":false},"author":2,"featured_media":0,"comment_status":"closed","ping_status":"closed","template":"","class_list":["post-2994","ex","type-ex","status-publish","hentry","season-2018-19"],"acf":{"txt_synopsis":"<p>Pep Tosar explora la dimensi\u00f3n humana del poeta a trav\u00e9s de este espect\u00e1culo que, impregnado del duende lorquiano, integra poes\u00eda y testigo, canto y baile flamenco, e imagen documental. El espect\u00e1culo descubre universos desconocidos de Federico Garc\u00eda Lorca y ofrece una gu\u00eda formidable para entender mejor el poeta que cant\u00f3 a la vida y a la muerte con la misma intensidad.<\/p>","main_buy_link":"https:\/\/www.4tickets.es\/TeatreGoya\/public\/janto\/?Nivel=Evento&idEvento=GOY74&Idioma=ES","main_buy_links":"","group_buy_link":"","show_language":"Espect\u00e1culo en castellano","show_duration":"90","show_start_date":"20190326000000","show_end_date":"20190505000000","show_sort_date":"20190326000000","txt_custom_show_dates":"hasta el 5 de mayo de 2019","show_disciplines":"","show_ultimes_funcions":false,"hide_tarifes_especials":false,"show_properament":false,"txt_additional_info":"","txt_present":"","show_season":[91],"txt_season":"[\"2018\/19\"]","txt_cycle":"","txt_claim":"","txt_cast_excerpt":"","txt_cast":"<p>Autor: <strong>Federico Garc\u00eda Lorca<br \/><\/strong>Dramaturgia: <strong>Evelyn Ar\u00e9valo&nbsp;<\/strong>y <strong>Pep Tosar<\/strong><br \/>Direcci\u00f3n: <strong>Pep Tosar<\/strong><br \/>Con&nbsp;<strong>Mariola Membrives\/Ana Brenes, Rycardo Moreno \/ Marc L\u00f3pez \/ Tom\u00e1s Lorenzo, Pol Jim\u00e9nez \/ Rafael Ram\u00edrez, David Dom\u00ednguez \/ Joni S\u00e1nchez&nbsp;<\/strong>y<strong> Pep Tosar<br \/><\/strong>Audiovisuales: <strong>Agust\u00ed Torres <\/strong>y<strong> Pep Tosar<\/strong><br \/>Producci\u00f3n ejecutiva&nbsp;y distribuci\u00f3n: <strong>Mika Project (Gabriela Marsal, Leila Barenboim <\/strong>y <strong>Mireia Gr\u00e0cia<\/strong>)<br \/>T\u00e9cnicos de luz y v\u00eddeo: <strong>Marta Garc\u00eda Aguado\/Sergio Roca\/Raimon Segura<br \/><\/strong>T\u00e9cnicos de sonido: <strong>Marc Rigau\/Jonbi Belategui<\/strong><strong>\/Raimon Segura<\/strong><\/p>\n<p>T\u00e9cnico del teatro: <strong>Roger Mu\u00f1oz<\/strong> <br \/>Prensa: <strong>Anna Casasayas<br \/><\/strong>Marketing y comunicaci\u00f3n: <strong>Publispec<br \/><\/strong><br \/>Es una producci\u00f3n de <strong>Oblideu-vos de nosaltres<\/strong>&nbsp;y <strong>Grec 2015 Festival de Barcelona<\/strong> <br \/>Con el apoyo de: <strong>Diputaci\u00f3 de Barcelona<\/strong>, <strong>Generalitat de Cultura. Departament de Cultura<\/strong>, <strong>Govern de les Illes Balears<\/strong>, <strong>Institut d'Estudis Bale\u00e0rics<\/strong>.<\/p>","txt_reviews":"Joan Anton Benach|La Vanguardia|\u201cEn les seves propostes poeticoteatrals, Pep Tosar encara no sap el que \u00e9s equivocar-se.\u201d \nSanti Fondevila|Ara|\"Un delici\u00f3s viatge amb Lorca.\"\nMar\u00eda Jos\u00e9 Ragu\u00e9|El Mundo|\"Un espect\u00e1culo riguroso, admirable.\"\nJos\u00e9 Carlos Sorribes|On Barcelona|\"Una mirada panor\u00e0mica a la figura del poeta de visita obligada.\"\nJos\u00e9-Miguel Vila|Diariocritico|\u201cUn brillante espect\u00e1culo que aproxima al espectador a la figura humana de Federico Garc\u00eda Lorca.\u201d","hashtag":"FedericoGarc\u00eda","have_promo":"","slogan":"","id_exhibicio":1648,"id_versio":1137,"id_local":35,"txt_seo_desc":"Federico Garc\u00eda prorroga su \u00e9xito imparable en el Teatre Goya de Barcelona. Despu\u00e9s de cautivar cr\u00edtica y p\u00fablico en el Teatre Romea, llega al Goya el espect\u00e1culo m\u00e1s aclamado sobre la figura y la obra de Lorca.","data_images":"[{\"localizer\":\"V3SLIDE\",\"url\":\"media\/ftgalslide\/v3\/314AF\/01_086_00047496\/federico-garcia-teatre-goya-barcelona.jpg\",\"thumb_url\":\"media\/ftgalslide\/v3\/314AF\/01_086_00047496\/federico-garcia-teatre-goya-barcelona_thumb.jpg\",\"title\":\"Federico Garc\u00eda - Teatre Goya\",\"description\":\"federico garcia teatre goya barcelona\",\"copyright\":\"https:\/\/www.youtube.com\/watch?v=wvjbG4RngsE\",\"order\":1},{\"localizer\":\"V2SLIDE\",\"url\":\"media\/ftgalslide\/3138A\/01_076_00038743\/JosepAznar_FEDERICOGARCIeA_04.jpg\",\"thumb_url\":\"media\/ftgalslide\/3138A\/01_076_00038743\/JosepAznar_FEDERICOGARCIeA_04_thumb.jpg\",\"title\":\"Federico Garc\u00eda\",\"description\":\"Teatre Romea\",\"copyright\":\"Josep Aznar\",\"order\":4},{\"localizer\":\"VERS_IMATGE_ESPECTACLE\",\"url\":\"media\/ftespect\/3138A\/01_020_00038748\/JosepAznar_FEDERICOGARCIeA_04.jpg\",\"thumb_url\":\"media\/ftespect\/3138A\/01_020_00038748\/JosepAznar_FEDERICOGARCIeA_04_thumb.jpg\",\"title\":\"Federico Garc\u00eda\",\"description\":\"Federico Garc\u00eda\",\"copyright\":\"Josep Aznar\",\"order\":9},{\"localizer\":\"VERS_IMATGE_ESPECTACLE\",\"url\":\"media\/ftespect\/3138A\/01_020_00038749\/JosepAznar_FEDERICOGARCIeA_05.jpg\",\"thumb_url\":\"media\/ftespect\/3138A\/01_020_00038749\/JosepAznar_FEDERICOGARCIeA_05_thumb.jpg\",\"title\":\"Federico Garc\u00eda\",\"description\":\"Federico Garc\u00eda\",\"copyright\":\"Josep Aznar\",\"order\":10},{\"localizer\":\"VERS_IMATGE_ESPECTACLE\",\"url\":\"media\/ftespect\/3138A\/01_020_00038751\/JosepAznar_FEDERICOGARCIeA_07.jpg\",\"thumb_url\":\"media\/ftespect\/3138A\/01_020_00038751\/JosepAznar_FEDERICOGARCIeA_07_thumb.jpg\",\"title\":\"Federico Garc\u00eda\",\"description\":\"Federico Garc\u00eda\",\"copyright\":\"Josep Aznar\",\"order\":12},{\"localizer\":\"V2CARTELL\",\"url\":\"media\/ver\/cartell\/313E7\/01_079_00040536\/405x579_Federico_Garcia.jpg\",\"thumb_url\":\"media\/ver\/cartell\/313E7\/01_079_00040536\/405x579_Federico_Garcia_thumb.jpg\",\"title\":\"Federico Garc\u00eda\",\"description\":\"Federico Garc\u00eda\",\"copyright\":\"\",\"order\":16},{\"localizer\":\"V2PORTADA\",\"url\":\"media\/ver\/port\/313E9\/01_078_00040913\/h_Federico_Garcia01_vok.jpg\",\"thumb_url\":\"media\/ver\/port\/313E9\/01_078_00040913\/h_Federico_Garcia01_vok_thumb.jpg\",\"title\":\"Federico Garc\u00eda\",\"description\":\"Federico Garc\u00eda\",\"copyright\":\"\",\"order\":20},{\"localizer\":\"V3SLIDE\",\"url\":\"media\/ftgalslide\/v3\/314AF\/01_086_00047430\/federico-garcia-lorca-teatre-goya-barcelona-1.jpg\",\"thumb_url\":\"media\/ftgalslide\/v3\/314AF\/01_086_00047430\/federico-garcia-lorca-teatre-goya-barcelona-1_thumb.jpg\",\"title\":\"Federico Garc\u00eda - Teatre Goya\",\"description\":\"federico garc\u00eda teatre goya barcelona\",\"copyright\":\"\",\"order\":49},{\"localizer\":\"V3SLIDE\",\"url\":\"media\/ftgalslide\/v3\/314AF\/01_086_00047431\/federico-garcia-lorca-teatre-goya-barcelona-2.jpg\",\"thumb_url\":\"media\/ftgalslide\/v3\/314AF\/01_086_00047431\/federico-garcia-lorca-teatre-goya-barcelona-2_thumb.jpg\",\"title\":\"Federico Garc\u00eda - Teatre Goya\",\"description\":\"federico garc\u00eda teatre goya barcelona\",\"copyright\":\"\",\"order\":50},{\"localizer\":\"V3SLIDE\",\"url\":\"media\/ftgalslide\/v3\/314AF\/01_086_00047432\/federico-garcia-lorca-teatre-goya-barcelona-3.jpg\",\"thumb_url\":\"media\/ftgalslide\/v3\/314AF\/01_086_00047432\/federico-garcia-lorca-teatre-goya-barcelona-3_thumb.jpg\",\"title\":\"Federico Garc\u00eda - Teatre Goya\",\"description\":\"federico garc\u00eda teatre goya barcelona\",\"copyright\":\"\",\"order\":51},{\"localizer\":\"V3SLIDE\",\"url\":\"media\/ftgalslide\/v3\/314AF\/01_086_00047433\/federico-garcia-lorca-teatre-goya-barcelona-4.jpg\",\"thumb_url\":\"media\/ftgalslide\/v3\/314AF\/01_086_00047433\/federico-garcia-lorca-teatre-goya-barcelona-4_thumb.jpg\",\"title\":\"Federico Garc\u00eda - Teatre Goya\",\"description\":\"federico garc\u00eda teatre goya barcelona\",\"copyright\":\"\",\"order\":52},{\"localizer\":\"V3SLIDE\",\"url\":\"media\/ftgalslide\/v3\/314AF\/01_086_00047434\/federico-garcia-lorca-teatre-goya-barcelona-5.jpg\",\"thumb_url\":\"media\/ftgalslide\/v3\/314AF\/01_086_00047434\/federico-garcia-lorca-teatre-goya-barcelona-5_thumb.jpg\",\"title\":\"Federico Garc\u00eda - Teatre Goya\",\"description\":\"federico garc\u00eda teatre goya barcelona\",\"copyright\":\"\",\"order\":53},{\"localizer\":\"V3CARTELL\",\"url\":\"media\/ver\/cartell\/v3\/314AF\/01_085_00047443\/cartell-federico-garcia-teatre-goya-barcelona.jpg\",\"thumb_url\":\"media\/ver\/cartell\/v3\/314AF\/01_085_00047443\/cartell-federico-garcia-teatre-goya-barcelona_thumb.jpg\",\"title\":\"Federico Garc\u00eda - Teatre Goya\",\"description\":\"federico garc\u00eda teatre goya barcelona\",\"copyright\":\"\",\"order\":59},{\"localizer\":\"V3PORTADAWIDE\",\"url\":\"media\/ver\/port\/v3wide\/314B0\/01_088_00047869\/0-federico-garcia-teatre-goya-ultimes-funcions.jpg\",\"thumb_url\":\"media\/ver\/port\/v3wide\/314B0\/01_088_00047869\/0-federico-garcia-teatre-goya-ultimes-funcions_thumb.jpg\",\"title\":\"Federico Garc\u00eda - Teatre Goya\",\"description\":\"federico garcia teatre goya barcelona\",\"copyright\":\"\",\"order\":66},{\"localizer\":\"V3PORTADA\",\"url\":\"media\/ver\/port\/v3\/314B0\/01_084_00047870\/1-federico-garcia-teatre-goya-ultimes-funcions.jpg\",\"thumb_url\":\"media\/ver\/port\/v3\/314B0\/01_084_00047870\/1-federico-garcia-teatre-goya-ultimes-funcions_thumb.jpg\",\"title\":\"Federico Garc\u00eda - Teatre Goya\",\"description\":\"federico garcia teatre goya barcelona\",\"copyright\":\"\",\"order\":67}]","material__texto_intro":"","data_material":null,"data_gallery":"","data_discounts":"[{\"InfoAddicional\":\"<p><strong>Descuentos para particulares<br \/><\/strong><\/p>\",\"Url\":\"http:\/\/vip.promentrada.com\",\"Codi\":\"GOY74\",\"LogoUrl\":\"media\/fimage\/31389\/01_005_00038559\/logo_prome_vip_v_web.jpg\",\"TitolBoto\":\"Descuentos para particulares\",\"Type\":\"discount\"},{\"InfoAddicional\":\"<p><strong>Descuentos para grupos y escuelas<br \/><\/strong><\/p>\",\"Url\":\"https:\/\/www.promentrada.com\/es\/catalog\/\",\"Codi\":\"GOY74\",\"LogoUrl\":\"media\/fimage\/31389\/01_005_00038530\/logo_prome_nuevo_v_web.jpg\",\"TitolBoto\":\"Descuentos para grupos y escuelas\",\"Type\":\"discount\"}]","contract_is_open":false,"in_tour":false},"yoast_head":"<!-- This site is optimized with the Yoast SEO plugin v27.5 - https:\/\/yoast.com\/product\/yoast-seo-wordpress\/ -->\n<title>Federico Garc\u00eda - Teatre Goya<\/title>\n<meta name=\"robots\" content=\"index, follow, max-snippet:-1, max-image-preview:large, max-video-preview:-1\" \/>\n<link rel=\"canonical\" href=\"https:\/\/www.teatregoya.cat\/es\/ex\/federico-garcia-2\/\" \/>\n<script type=\"application\/ld+json\" class=\"yoast-schema-graph\">{\"@context\":\"https:\\\/\\\/schema.org\",\"@graph\":[{\"@type\":\"WebPage\",\"@id\":\"https:\\\/\\\/www.teatregoya.cat\\\/es\\\/ex\\\/federico-garcia-2\\\/\",\"url\":\"https:\\\/\\\/www.teatregoya.cat\\\/es\\\/ex\\\/federico-garcia-2\\\/\",\"name\":\"Federico Garc\u00eda - Teatre Goya\",\"isPartOf\":{\"@id\":\"https:\\\/\\\/www.teatregoya.cat\\\/es\\\/#website\"},\"datePublished\":\"2019-03-07T14:54:53+00:00\",\"breadcrumb\":{\"@id\":\"https:\\\/\\\/www.teatregoya.cat\\\/es\\\/ex\\\/federico-garcia-2\\\/#breadcrumb\"},\"inLanguage\":\"es\",\"potentialAction\":[{\"@type\":\"ReadAction\",\"target\":[\"https:\\\/\\\/www.teatregoya.cat\\\/es\\\/ex\\\/federico-garcia-2\\\/\"]}]},{\"@type\":\"BreadcrumbList\",\"@id\":\"https:\\\/\\\/www.teatregoya.cat\\\/es\\\/ex\\\/federico-garcia-2\\\/#breadcrumb\",\"itemListElement\":[{\"@type\":\"ListItem\",\"position\":1,\"name\":\"Home\",\"item\":\"https:\\\/\\\/www.teatregoya.cat\\\/es\\\/\"},{\"@type\":\"ListItem\",\"position\":2,\"name\":\"Espectacles\",\"item\":\"https:\\\/\\\/www.teatregoya.cat\\\/es\\\/ex\\\/\"},{\"@type\":\"ListItem\",\"position\":3,\"name\":\"Federico Garc\u00eda\"}]},{\"@type\":\"WebSite\",\"@id\":\"https:\\\/\\\/www.teatregoya.cat\\\/es\\\/#website\",\"url\":\"https:\\\/\\\/www.teatregoya.cat\\\/es\\\/\",\"name\":\"Teatre Goya\",\"description\":\"\",\"publisher\":{\"@id\":\"https:\\\/\\\/www.teatregoya.cat\\\/es\\\/#organization\"},\"potentialAction\":[{\"@type\":\"SearchAction\",\"target\":{\"@type\":\"EntryPoint\",\"urlTemplate\":\"https:\\\/\\\/www.teatregoya.cat\\\/es\\\/?s={search_term_string}\"},\"query-input\":{\"@type\":\"PropertyValueSpecification\",\"valueRequired\":true,\"valueName\":\"search_term_string\"}}],\"inLanguage\":\"es\"},{\"@type\":\"Organization\",\"@id\":\"https:\\\/\\\/www.teatregoya.cat\\\/es\\\/#organization\",\"name\":\"Teatre Goya\",\"url\":\"https:\\\/\\\/www.teatregoya.cat\\\/es\\\/\",\"logo\":{\"@type\":\"ImageObject\",\"inLanguage\":\"es\",\"@id\":\"https:\\\/\\\/www.teatregoya.cat\\\/es\\\/#\\\/schema\\\/logo\\\/image\\\/\",\"url\":\"https:\\\/\\\/www.teatregoya.cat\\\/wp-content\\\/uploads\\\/sites\\\/4\\\/2017\\\/09\\\/teatre-goya-logo.svg\",\"contentUrl\":\"https:\\\/\\\/www.teatregoya.cat\\\/wp-content\\\/uploads\\\/sites\\\/4\\\/2017\\\/09\\\/teatre-goya-logo.svg\",\"width\":1,\"height\":1,\"caption\":\"Teatre Goya\"},\"image\":{\"@id\":\"https:\\\/\\\/www.teatregoya.cat\\\/es\\\/#\\\/schema\\\/logo\\\/image\\\/\"},\"sameAs\":[\"http:\\\/\\\/www.facebook.com\\\/TeatreGoya\",\"https:\\\/\\\/x.com\\\/Teatre_Goya\",\"http:\\\/\\\/instagram.com\\\/teatre_goya\",\"http:\\\/\\\/www.youtube.com\\\/user\\\/TeatreGoya\"]}]}<\/script>\n<!-- \/ Yoast SEO plugin. -->","yoast_head_json":{"title":"Federico Garc\u00eda - Teatre Goya","robots":{"index":"index","follow":"follow","max-snippet":"max-snippet:-1","max-image-preview":"max-image-preview:large","max-video-preview":"max-video-preview:-1"},"canonical":"https:\/\/www.teatregoya.cat\/es\/ex\/federico-garcia-2\/","schema":{"@context":"https:\/\/schema.org","@graph":[{"@type":"WebPage","@id":"https:\/\/www.teatregoya.cat\/es\/ex\/federico-garcia-2\/","url":"https:\/\/www.teatregoya.cat\/es\/ex\/federico-garcia-2\/","name":"Federico Garc\u00eda - Teatre Goya","isPartOf":{"@id":"https:\/\/www.teatregoya.cat\/es\/#website"},"datePublished":"2019-03-07T14:54:53+00:00","breadcrumb":{"@id":"https:\/\/www.teatregoya.cat\/es\/ex\/federico-garcia-2\/#breadcrumb"},"inLanguage":"es","potentialAction":[{"@type":"ReadAction","target":["https:\/\/www.teatregoya.cat\/es\/ex\/federico-garcia-2\/"]}]},{"@type":"BreadcrumbList","@id":"https:\/\/www.teatregoya.cat\/es\/ex\/federico-garcia-2\/#breadcrumb","itemListElement":[{"@type":"ListItem","position":1,"name":"Home","item":"https:\/\/www.teatregoya.cat\/es\/"},{"@type":"ListItem","position":2,"name":"Espectacles","item":"https:\/\/www.teatregoya.cat\/es\/ex\/"},{"@type":"ListItem","position":3,"name":"Federico Garc\u00eda"}]},{"@type":"WebSite","@id":"https:\/\/www.teatregoya.cat\/es\/#website","url":"https:\/\/www.teatregoya.cat\/es\/","name":"Teatre Goya","description":"","publisher":{"@id":"https:\/\/www.teatregoya.cat\/es\/#organization"},"potentialAction":[{"@type":"SearchAction","target":{"@type":"EntryPoint","urlTemplate":"https:\/\/www.teatregoya.cat\/es\/?s={search_term_string}"},"query-input":{"@type":"PropertyValueSpecification","valueRequired":true,"valueName":"search_term_string"}}],"inLanguage":"es"},{"@type":"Organization","@id":"https:\/\/www.teatregoya.cat\/es\/#organization","name":"Teatre Goya","url":"https:\/\/www.teatregoya.cat\/es\/","logo":{"@type":"ImageObject","inLanguage":"es","@id":"https:\/\/www.teatregoya.cat\/es\/#\/schema\/logo\/image\/","url":"https:\/\/www.teatregoya.cat\/wp-content\/uploads\/sites\/4\/2017\/09\/teatre-goya-logo.svg","contentUrl":"https:\/\/www.teatregoya.cat\/wp-content\/uploads\/sites\/4\/2017\/09\/teatre-goya-logo.svg","width":1,"height":1,"caption":"Teatre Goya"},"image":{"@id":"https:\/\/www.teatregoya.cat\/es\/#\/schema\/logo\/image\/"},"sameAs":["http:\/\/www.facebook.com\/TeatreGoya","https:\/\/x.com\/Teatre_Goya","http:\/\/instagram.com\/teatre_goya","http:\/\/www.youtube.com\/user\/TeatreGoya"]}]}},"translations":[{"id":2852,"locale":"ca"},{"id":2994,"locale":"es"}],"_links":{"self":[{"href":"https:\/\/www.teatregoya.cat\/es\/wp-json\/wp\/v2\/ex\/2994","targetHints":{"allow":["GET"]}}],"collection":[{"href":"https:\/\/www.teatregoya.cat\/es\/wp-json\/wp\/v2\/ex"}],"about":[{"href":"https:\/\/www.teatregoya.cat\/es\/wp-json\/wp\/v2\/types\/ex"}],"author":[{"embeddable":true,"href":"https:\/\/www.teatregoya.cat\/es\/wp-json\/wp\/v2\/users\/2"}],"replies":[{"embeddable":true,"href":"https:\/\/www.teatregoya.cat\/es\/wp-json\/wp\/v2\/comments?post=2994"}],"acf:term":[{"embeddable":true,"taxonomy":"season","href":"https:\/\/www.teatregoya.cat\/es\/wp-json\/wp\/v2\/season\/91"}],"wp:attachment":[{"href":"https:\/\/www.teatregoya.cat\/es\/wp-json\/wp\/v2\/media?parent=2994"}],"curies":[{"name":"wp","href":"https:\/\/api.w.org\/{rel}","templated":true}]}}