{"id":2990,"date":"2018-09-05T09:03:45","date_gmt":"2018-09-05T07:03:45","guid":{"rendered":"https:\/\/pre.teatregoya.cat\/ex\/\/lultim-acte-2\/"},"modified":"2018-09-05T09:03:45","modified_gmt":"2018-09-05T07:03:45","slug":"lultim-acte-2","status":"publish","type":"ex","link":"https:\/\/www.teatregoya.cat\/es\/ex\/lultim-acte-2\/","title":{"rendered":"L&#8217;\u00faltim acte"},"content":{"rendered":"","protected":false},"excerpt":{"rendered":"","protected":false},"author":2,"featured_media":0,"comment_status":"closed","ping_status":"closed","template":"","class_list":["post-2990","ex","type-ex","status-publish","hentry","season-2018-19"],"acf":{"txt_synopsis":"<p>Un reconocido actor teatral se despierta solo en los camerinos de un teatro de provincias de su ciudad natal, donde la noche anterior ha recibido un homenaje por su larga y exitosa carrera. Todav\u00eda bajo los efectos del alcohol y de las emociones contrastadas, solo, perdido, desorientado y abandonado por el olvido de sus \u201chomenajeadores\u201d, en el teatro vac\u00edo, cerrado y a oscuras, reflexiona sobre el significado de su vida, de su profesi\u00f3n, de la relaci\u00f3n con el p\u00fablico, y del precio tan alto que ha tenido que pagar, que lo ha abocado a una vejez en soledad.<br \/>Acompa\u00f1ado&nbsp;por tres \"esp\u00edritus\" femeninos, iniciar\u00e1 un singular viaje por diferentes momentos de su pasado&nbsp;en los escenarios y se enfrentar\u00e1 con su propia crisis existencial.<\/p>","main_buy_link":"","main_buy_links":"","group_buy_link":"","show_language":"Espect\u00e1culo en catal\u00e1n","show_duration":"90","show_start_date":"20190212000000","show_end_date":"20190324000000","show_sort_date":"20190212000000","txt_custom_show_dates":"del 12 de febrero al 24 de marzo de 2019","show_disciplines":"","show_ultimes_funcions":false,"hide_tarifes_especials":false,"show_properament":false,"txt_additional_info":"","txt_present":"","show_season":[91],"txt_season":"[\"2018\/19\"]","txt_cycle":"","txt_claim":"","txt_cast_excerpt":"","txt_cast":"<p>A partir de textos de <strong>Anton<\/strong> <strong>P. Tx\u00e8khov<br \/><\/strong>Adaptaci\u00f3n:<strong> Carles Alfaro<\/strong>&nbsp;y<strong> Enric Benavent<br \/><\/strong>Traducci\u00f3n: <strong>Anna Maria Ricart<br \/><\/strong>Direcci\u00f3n:<strong> Carles Alfaro<\/strong><\/p>\n<p>Con: <br \/><strong>Francesc Orella<br \/>Nina<br \/>Cristina Plazas<br \/>B\u00e1rbara Granados<\/strong><\/p>\n<p>Escenograf\u00eda:<strong> Carles Alfaro<br \/><\/strong>Vestuario: <strong>Raquel Bonillo<br \/><\/strong>Iluminaci\u00f3n:<strong> Carles Alfaro<br \/><\/strong>M\u00fasica original:<strong> B\u00e1rbara Granados<br \/><\/strong>Espacio sonoro: <strong>Tom\u00e0s P\u00e9rez<br \/><\/strong>Caracterizaci\u00f3n:<strong> \u00c0ngels Palomar<br \/><\/strong>Ayudante de direcci\u00f3n:<strong> Anna Maria Ricart<br \/><\/strong>Ayudante de escenograf\u00eda:<strong> Raquel Gonta<\/strong><\/p>\n<p>Jefa&nbsp;de producci\u00f3n:<strong> Maite Pijuan<br \/><\/strong>Producci\u00f3n ejecutiva:<strong> Marina Vilardell<br \/><\/strong>Jefe&nbsp;de oficina t\u00e9cnica: <strong>Moi Cuenca <\/strong><\/p>\n<p>Regidor\u00eda: <strong>Sergi Vall\u00e9s<br \/><\/strong>Peluquer\u00eda: <strong>Alicia Mach\u00edn<br \/><\/strong>T\u00e9cnico de sonido: <strong>Dani Seoane<br \/><\/strong>T\u00e9cnico de inal\u00e1mbricos: <strong>David Garcia<br \/><\/strong>T\u00e9cnico del teatro: <strong>Roger Mu\u00f1oz<br \/><\/strong>Alumno en pr\u00e1cticas de producci\u00f3n:<strong> Joel Palencia<br \/><\/strong>Alumna en pr\u00e1cticas de la escuela Cazcarra: <strong>Mar Rubini<\/strong><\/p>\n<p>Construcci\u00f3n elementos escenogr\u00e1ficos:<strong> Pascual\u00edn Estructures&nbsp;y Taller d\u2019escenografia Castells <br \/><\/strong>Confecci\u00f3n vestuario:<strong> Goretti y Eugeni Caireta <\/strong><\/p>\n<p>Colaboradores:<strong> MAX factor<\/strong><\/p>\n<p>Una producci\u00f3n de <strong>Focus <\/strong><\/p>","txt_reviews":"Santi Fondevila|Time Out Bcn|\"Una com\u00e8dia farcida d\u2019humor.\" \nAndreu Sotorra|Recomana.cat|\"Un format de luxe amb un quartet interpretativament d'alt nivell.\" \nMiquel Gasc\u00f3n Baz|Teatrebarcelona.com|\"El mon\u00f2leg que interpreta durant la primera mitja hora Francesc Orella, \u00e9s senzillament brutal. Una de les millors interpretacions que hem vist en molt de temps.\"\nSanti Fondevila|Ara|\"Un magn\u00edfic Francesc Orella. Una estupenda Cristina Plazas.\"","hashtag":"l\u00faltimacte","have_promo":"","slogan":"","id_exhibicio":1593,"id_versio":1326,"id_local":35,"txt_seo_desc":"Francesc Orella, Nina, Cristina Plazas y B\u00e0rbara Granados protagonizan 'L'\u00faltim acte', un sincero y sat\u00edrico homenaje a la vida del comediante.","data_images":"[{\"localizer\":\"V3SLIDE\",\"url\":\"media\/ftgalslide\/v3\/314AF\/01_086_00047480\/ultim-acte-francesc-orella-teatre-goya-barcelona.jpg\",\"thumb_url\":\"media\/ftgalslide\/v3\/314AF\/01_086_00047480\/ultim-acte-francesc-orella-teatre-goya-barcelona_thumb.jpg\",\"title\":\"L'\u00faltim acte - Teatre Goya\",\"description\":\"l'\u00faltim acte francesc orella teatre goya barcelona\",\"copyright\":\"https:\/\/www.youtube.com\/watch?v=Cp-LWjq0ysE\",\"order\":1},{\"localizer\":\"V3CARTELL\",\"url\":\"media\/ver\/cartell\/v3\/314AD\/01_085_00046891\/cartell-web-lultim-acte-teatre-goya-barcelona.jpg\",\"thumb_url\":\"media\/ver\/cartell\/v3\/314AD\/01_085_00046891\/cartell-web-lultim-acte-teatre-goya-barcelona_thumb.jpg\",\"title\":\"L'\u00faltim acte\",\"description\":\"l'\u00faltim acte teatre goya barcelona\",\"copyright\":\"\",\"order\":17},{\"localizer\":\"V2SLIDE\",\"url\":\"media\/ftgalslide\/314AD\/01_076_00046894\/ultim-acte-teatre-goya-barcelona-2.jpg\",\"thumb_url\":\"media\/ftgalslide\/314AD\/01_076_00046894\/ultim-acte-teatre-goya-barcelona-2_thumb.jpg\",\"title\":\"L'\u00faltim acte\",\"description\":\"L'\u00faltim acte\",\"copyright\":\"\",\"order\":19},{\"localizer\":\"V2CARTELLDISTRI\",\"url\":\"media\/cartell\/distrib\/314AD\/01_082_00046895\/ultim-acte-focus-distribucio.jpg\",\"thumb_url\":\"media\/cartell\/distrib\/314AD\/01_082_00046895\/ultim-acte-focus-distribucio_thumb.jpg\",\"title\":\"L'\u00faltim acte\",\"description\":\"L'\u00faltim acte Focus Distribuci\u00f3n\",\"copyright\":\"\",\"order\":20},{\"localizer\":\"V2CARTELL\",\"url\":\"media\/ver\/cartell\/314AE\/01_079_00047157\/cartell-web-lultim-acte-teatre-goya-barcelona.jpg\",\"thumb_url\":\"media\/ver\/cartell\/314AE\/01_079_00047157\/cartell-web-lultim-acte-teatre-goya-barcelona_thumb.jpg\",\"title\":\"L'\u00faltim acte\",\"description\":\"L'\u00faltim acte Teatre Goya Barcelona\",\"copyright\":\"\",\"order\":21},{\"localizer\":\"V3SLIDE\",\"url\":\"media\/ftgalslide\/v3\/314AE\/01_086_00047247\/ultim-acte-teatre-goya-barcelona-1.jpg\",\"thumb_url\":\"media\/ftgalslide\/v3\/314AE\/01_086_00047247\/ultim-acte-teatre-goya-barcelona-1_thumb.jpg\",\"title\":\"L'\u00faltim acte - Teatre Goya\",\"description\":\"l'\u00faltim acte teatre goya barcelona\",\"copyright\":\"\",\"order\":27},{\"localizer\":\"V3SLIDE\",\"url\":\"media\/ftgalslide\/v3\/314AE\/01_086_00047248\/ultim-acte-teatre-goya-barcelona-2.jpg\",\"thumb_url\":\"media\/ftgalslide\/v3\/314AE\/01_086_00047248\/ultim-acte-teatre-goya-barcelona-2_thumb.jpg\",\"title\":\"L'\u00faltim acte - Teatre Goya\",\"description\":\"l'\u00faltim acte teatre goya barcelona\",\"copyright\":\"\",\"order\":28},{\"localizer\":\"V3SLIDE\",\"url\":\"media\/ftgalslide\/v3\/314AE\/01_086_00047249\/ultim-acte-teatre-goya-barcelona-3.jpg\",\"thumb_url\":\"media\/ftgalslide\/v3\/314AE\/01_086_00047249\/ultim-acte-teatre-goya-barcelona-3_thumb.jpg\",\"title\":\"L'\u00faltim acte - Teatre Goya\",\"description\":\"l'\u00faltim acte teatre goya barcelona\",\"copyright\":\"\",\"order\":29},{\"localizer\":\"V3SLIDE\",\"url\":\"media\/ftgalslide\/v3\/314AE\/01_086_00047250\/ultim-acte-teatre-goya-barcelona-4.jpg\",\"thumb_url\":\"media\/ftgalslide\/v3\/314AE\/01_086_00047250\/ultim-acte-teatre-goya-barcelona-4_thumb.jpg\",\"title\":\"L'\u00faltim acte - Teatre Goya\",\"description\":\"l'\u00faltim acte teatre goya barcelona\",\"copyright\":\"\",\"order\":30},{\"localizer\":\"V3SLIDE\",\"url\":\"media\/ftgalslide\/v3\/314AE\/01_086_00047251\/ultim-acte-teatre-goya-barcelona-5.jpg\",\"thumb_url\":\"media\/ftgalslide\/v3\/314AE\/01_086_00047251\/ultim-acte-teatre-goya-barcelona-5_thumb.jpg\",\"title\":\"L'\u00faltim acte - Teatre Goya \",\"description\":\"l'\u00faltim acte teatre goya barcelona\",\"copyright\":\"\",\"order\":31},{\"localizer\":\"V3SLIDE\",\"url\":\"media\/ftgalslide\/v3\/314AE\/01_086_00047252\/ultim-acte-teatre-goya-barcelona-6.jpg\",\"thumb_url\":\"media\/ftgalslide\/v3\/314AE\/01_086_00047252\/ultim-acte-teatre-goya-barcelona-6_thumb.jpg\",\"title\":\"L'\u00faltim acte - Teatre Goya\",\"description\":\"l'\u00faltim acte teatre goya barcelona\",\"copyright\":\"\",\"order\":32},{\"localizer\":\"V3SLIDE\",\"url\":\"media\/ftgalslide\/v3\/314AE\/01_086_00047253\/ultim-acte-teatre-goya-barcelona-7.jpg\",\"thumb_url\":\"media\/ftgalslide\/v3\/314AE\/01_086_00047253\/ultim-acte-teatre-goya-barcelona-7_thumb.jpg\",\"title\":\"L'\u00faltim acte - Teatre Goya\",\"description\":\"l'\u00faltim acte teatre goya barcelona\",\"copyright\":\"\",\"order\":33},{\"localizer\":\"V3SLIDE\",\"url\":\"media\/ftgalslide\/v3\/314AE\/01_086_00047254\/ultim-acte-teatre-goya-barcelona-8.jpg\",\"thumb_url\":\"media\/ftgalslide\/v3\/314AE\/01_086_00047254\/ultim-acte-teatre-goya-barcelona-8_thumb.jpg\",\"title\":\"L'\u00faltim acte - Teatre Goya\",\"description\":\"l'\u00faltim acte teatre goya barcelona\",\"copyright\":\"\",\"order\":34},{\"localizer\":\"V3SLIDE\",\"url\":\"media\/ftgalslide\/v3\/314AE\/01_086_00047255\/ultim-acte-teatre-goya-barcelona-9.jpg\",\"thumb_url\":\"media\/ftgalslide\/v3\/314AE\/01_086_00047255\/ultim-acte-teatre-goya-barcelona-9_thumb.jpg\",\"title\":\"L'\u00faltim acte - Teatre Goya\",\"description\":\"l'\u00faltim acte teatre goya barcelona\",\"copyright\":\"\",\"order\":35},{\"localizer\":\"V3SLIDE\",\"url\":\"media\/ftgalslide\/v3\/314AE\/01_086_00047256\/ultim-acte-teatre-goya-barcelona-10.jpg\",\"thumb_url\":\"media\/ftgalslide\/v3\/314AE\/01_086_00047256\/ultim-acte-teatre-goya-barcelona-10_thumb.jpg\",\"title\":\"L'\u00faltim acte - Teatre Goya\",\"description\":\"l'\u00faltim acte teatre goya barcelona\",\"copyright\":\"\",\"order\":36},{\"localizer\":\"V3SLIDE\",\"url\":\"media\/ftgalslide\/v3\/314AE\/01_086_00047257\/ultim-acte-teatre-goya-barcelona-10.jpg\",\"thumb_url\":\"media\/ftgalslide\/v3\/314AE\/01_086_00047257\/ultim-acte-teatre-goya-barcelona-10_thumb.jpg\",\"title\":\"L'\u00faltim acte - Teatre Goya\",\"description\":\"l'\u00faltim acte teatre goya barcelona\",\"copyright\":\"\",\"order\":37},{\"localizer\":\"V3SLIDE\",\"url\":\"media\/ftgalslide\/v3\/314AE\/01_086_00047258\/ultim-acte-teatre-goya-barcelona-11.jpg\",\"thumb_url\":\"media\/ftgalslide\/v3\/314AE\/01_086_00047258\/ultim-acte-teatre-goya-barcelona-11_thumb.jpg\",\"title\":\"L'\u00faltim acte - Teatre Goya\",\"description\":\"l'\u00faltim acte teatre goya barcelona\",\"copyright\":\"\",\"order\":38},{\"localizer\":\"V3SLIDE\",\"url\":\"media\/ftgalslide\/v3\/314AE\/01_086_00047259\/ultim-acte-teatre-goya-barcelona-12.jpg\",\"thumb_url\":\"media\/ftgalslide\/v3\/314AE\/01_086_00047259\/ultim-acte-teatre-goya-barcelona-12_thumb.jpg\",\"title\":\"L'\u00faltim acte - Teatre Goya\",\"description\":\"l'\u00faltim acte teatre goya barcelona\",\"copyright\":\"\",\"order\":39},{\"localizer\":\"V3SLIDE\",\"url\":\"media\/ftgalslide\/v3\/314AD\/01_086_00046893\/ultim-acte-teatre-goya-barcelona-3.jpg\",\"thumb_url\":\"media\/ftgalslide\/v3\/314AD\/01_086_00046893\/ultim-acte-teatre-goya-barcelona-3_thumb.jpg\",\"title\":\"L'\u00faltim acte\",\"description\":\"l'\u00faltim acte teatre goya barcelona\",\"copyright\":\"\",\"order\":118},{\"localizer\":\"V3PORTADA\",\"url\":\"media\/ver\/port\/v3\/314AF\/01_084_00047511\/1-ultim-acte-teatre-goya-barcelona.jpg\",\"thumb_url\":\"media\/ver\/port\/v3\/314AF\/01_084_00047511\/1-ultim-acte-teatre-goya-barcelona_thumb.jpg\",\"title\":\"L'\u00faltim acte - Teatre Goya\",\"description\":\"l'\u00faltim acte teatre goya barcelona\",\"copyright\":\"\",\"order\":126},{\"localizer\":\"V3PORTADAWIDE\",\"url\":\"media\/ver\/port\/v3wide\/314AF\/01_088_00047512\/0-ultim-acte-teatre-goya-barcelona.jpg\",\"thumb_url\":\"media\/ver\/port\/v3wide\/314AF\/01_088_00047512\/0-ultim-acte-teatre-goya-barcelona_thumb.jpg\",\"title\":\"L'\u00faltim acte - Teatre Goya\",\"description\":\"l'\u00faltim acte teatre goya barcelona\",\"copyright\":\"\",\"order\":127}]","material__texto_intro":"","data_material":null,"data_gallery":"","data_discounts":"[{\"InfoAddicional\":\"<p><strong>Descuentos para grupos y escuelas<br \/><\/strong><\/p>\",\"Url\":\"https:\/\/www.promentrada.com\/es\/product\/{#CODI#}\",\"Codi\":\"GOY66\",\"LogoUrl\":\"media\/fimage\/31389\/01_005_00038530\/logo_prome_nuevo_v_web.jpg\",\"TitolBoto\":\"Descuentos para grupos y escuelas\",\"Type\":\"discount\"},{\"InfoAddicional\":\"<p><strong>Descuentos para particulares<br \/><\/strong><\/p>\",\"Url\":\"vip.promentrada.com\/es\/product\/{#CODI#}\",\"Codi\":\"GOY66\",\"LogoUrl\":\"media\/fimage\/31389\/01_005_00038559\/logo_prome_vip_v_web.jpg\",\"TitolBoto\":\"Descuentos para particulares\",\"Type\":\"discount\"}]","contract_is_open":false,"in_tour":false},"yoast_head":"<!-- This site is optimized with the Yoast SEO plugin v27.4 - https:\/\/yoast.com\/product\/yoast-seo-wordpress\/ -->\n<title>L&#039;\u00faltim acte - Teatre Goya<\/title>\n<meta name=\"robots\" content=\"index, follow, max-snippet:-1, max-image-preview:large, max-video-preview:-1\" \/>\n<link rel=\"canonical\" href=\"https:\/\/www.teatregoya.cat\/es\/ex\/lultim-acte-2\/\" \/>\n<script type=\"application\/ld+json\" class=\"yoast-schema-graph\">{\"@context\":\"https:\\\/\\\/schema.org\",\"@graph\":[{\"@type\":\"WebPage\",\"@id\":\"https:\\\/\\\/www.teatregoya.cat\\\/es\\\/ex\\\/lultim-acte-2\\\/\",\"url\":\"https:\\\/\\\/www.teatregoya.cat\\\/es\\\/ex\\\/lultim-acte-2\\\/\",\"name\":\"L'\u00faltim acte - Teatre Goya\",\"isPartOf\":{\"@id\":\"https:\\\/\\\/www.teatregoya.cat\\\/es\\\/#website\"},\"datePublished\":\"2018-09-05T07:03:45+00:00\",\"breadcrumb\":{\"@id\":\"https:\\\/\\\/www.teatregoya.cat\\\/es\\\/ex\\\/lultim-acte-2\\\/#breadcrumb\"},\"inLanguage\":\"es\",\"potentialAction\":[{\"@type\":\"ReadAction\",\"target\":[\"https:\\\/\\\/www.teatregoya.cat\\\/es\\\/ex\\\/lultim-acte-2\\\/\"]}]},{\"@type\":\"BreadcrumbList\",\"@id\":\"https:\\\/\\\/www.teatregoya.cat\\\/es\\\/ex\\\/lultim-acte-2\\\/#breadcrumb\",\"itemListElement\":[{\"@type\":\"ListItem\",\"position\":1,\"name\":\"Home\",\"item\":\"https:\\\/\\\/www.teatregoya.cat\\\/es\\\/\"},{\"@type\":\"ListItem\",\"position\":2,\"name\":\"Espectacles\",\"item\":\"https:\\\/\\\/www.teatregoya.cat\\\/es\\\/ex\\\/\"},{\"@type\":\"ListItem\",\"position\":3,\"name\":\"L&#8217;\u00faltim acte\"}]},{\"@type\":\"WebSite\",\"@id\":\"https:\\\/\\\/www.teatregoya.cat\\\/es\\\/#website\",\"url\":\"https:\\\/\\\/www.teatregoya.cat\\\/es\\\/\",\"name\":\"Teatre Goya\",\"description\":\"\",\"publisher\":{\"@id\":\"https:\\\/\\\/www.teatregoya.cat\\\/es\\\/#organization\"},\"potentialAction\":[{\"@type\":\"SearchAction\",\"target\":{\"@type\":\"EntryPoint\",\"urlTemplate\":\"https:\\\/\\\/www.teatregoya.cat\\\/es\\\/?s={search_term_string}\"},\"query-input\":{\"@type\":\"PropertyValueSpecification\",\"valueRequired\":true,\"valueName\":\"search_term_string\"}}],\"inLanguage\":\"es\"},{\"@type\":\"Organization\",\"@id\":\"https:\\\/\\\/www.teatregoya.cat\\\/es\\\/#organization\",\"name\":\"Teatre Goya\",\"url\":\"https:\\\/\\\/www.teatregoya.cat\\\/es\\\/\",\"logo\":{\"@type\":\"ImageObject\",\"inLanguage\":\"es\",\"@id\":\"https:\\\/\\\/www.teatregoya.cat\\\/es\\\/#\\\/schema\\\/logo\\\/image\\\/\",\"url\":\"https:\\\/\\\/www.teatregoya.cat\\\/wp-content\\\/uploads\\\/sites\\\/4\\\/2017\\\/09\\\/teatre-goya-logo.svg\",\"contentUrl\":\"https:\\\/\\\/www.teatregoya.cat\\\/wp-content\\\/uploads\\\/sites\\\/4\\\/2017\\\/09\\\/teatre-goya-logo.svg\",\"width\":1,\"height\":1,\"caption\":\"Teatre Goya\"},\"image\":{\"@id\":\"https:\\\/\\\/www.teatregoya.cat\\\/es\\\/#\\\/schema\\\/logo\\\/image\\\/\"},\"sameAs\":[\"http:\\\/\\\/www.facebook.com\\\/TeatreGoya\",\"https:\\\/\\\/x.com\\\/Teatre_Goya\",\"http:\\\/\\\/instagram.com\\\/teatre_goya\",\"http:\\\/\\\/www.youtube.com\\\/user\\\/TeatreGoya\"]}]}<\/script>\n<!-- \/ Yoast SEO plugin. -->","yoast_head_json":{"title":"L'\u00faltim acte - Teatre Goya","robots":{"index":"index","follow":"follow","max-snippet":"max-snippet:-1","max-image-preview":"max-image-preview:large","max-video-preview":"max-video-preview:-1"},"canonical":"https:\/\/www.teatregoya.cat\/es\/ex\/lultim-acte-2\/","schema":{"@context":"https:\/\/schema.org","@graph":[{"@type":"WebPage","@id":"https:\/\/www.teatregoya.cat\/es\/ex\/lultim-acte-2\/","url":"https:\/\/www.teatregoya.cat\/es\/ex\/lultim-acte-2\/","name":"L'\u00faltim acte - Teatre Goya","isPartOf":{"@id":"https:\/\/www.teatregoya.cat\/es\/#website"},"datePublished":"2018-09-05T07:03:45+00:00","breadcrumb":{"@id":"https:\/\/www.teatregoya.cat\/es\/ex\/lultim-acte-2\/#breadcrumb"},"inLanguage":"es","potentialAction":[{"@type":"ReadAction","target":["https:\/\/www.teatregoya.cat\/es\/ex\/lultim-acte-2\/"]}]},{"@type":"BreadcrumbList","@id":"https:\/\/www.teatregoya.cat\/es\/ex\/lultim-acte-2\/#breadcrumb","itemListElement":[{"@type":"ListItem","position":1,"name":"Home","item":"https:\/\/www.teatregoya.cat\/es\/"},{"@type":"ListItem","position":2,"name":"Espectacles","item":"https:\/\/www.teatregoya.cat\/es\/ex\/"},{"@type":"ListItem","position":3,"name":"L&#8217;\u00faltim acte"}]},{"@type":"WebSite","@id":"https:\/\/www.teatregoya.cat\/es\/#website","url":"https:\/\/www.teatregoya.cat\/es\/","name":"Teatre Goya","description":"","publisher":{"@id":"https:\/\/www.teatregoya.cat\/es\/#organization"},"potentialAction":[{"@type":"SearchAction","target":{"@type":"EntryPoint","urlTemplate":"https:\/\/www.teatregoya.cat\/es\/?s={search_term_string}"},"query-input":{"@type":"PropertyValueSpecification","valueRequired":true,"valueName":"search_term_string"}}],"inLanguage":"es"},{"@type":"Organization","@id":"https:\/\/www.teatregoya.cat\/es\/#organization","name":"Teatre Goya","url":"https:\/\/www.teatregoya.cat\/es\/","logo":{"@type":"ImageObject","inLanguage":"es","@id":"https:\/\/www.teatregoya.cat\/es\/#\/schema\/logo\/image\/","url":"https:\/\/www.teatregoya.cat\/wp-content\/uploads\/sites\/4\/2017\/09\/teatre-goya-logo.svg","contentUrl":"https:\/\/www.teatregoya.cat\/wp-content\/uploads\/sites\/4\/2017\/09\/teatre-goya-logo.svg","width":1,"height":1,"caption":"Teatre Goya"},"image":{"@id":"https:\/\/www.teatregoya.cat\/es\/#\/schema\/logo\/image\/"},"sameAs":["http:\/\/www.facebook.com\/TeatreGoya","https:\/\/x.com\/Teatre_Goya","http:\/\/instagram.com\/teatre_goya","http:\/\/www.youtube.com\/user\/TeatreGoya"]}]}},"translations":[{"id":2848,"locale":"ca"},{"id":2990,"locale":"es"}],"_links":{"self":[{"href":"https:\/\/www.teatregoya.cat\/es\/wp-json\/wp\/v2\/ex\/2990","targetHints":{"allow":["GET"]}}],"collection":[{"href":"https:\/\/www.teatregoya.cat\/es\/wp-json\/wp\/v2\/ex"}],"about":[{"href":"https:\/\/www.teatregoya.cat\/es\/wp-json\/wp\/v2\/types\/ex"}],"author":[{"embeddable":true,"href":"https:\/\/www.teatregoya.cat\/es\/wp-json\/wp\/v2\/users\/2"}],"replies":[{"embeddable":true,"href":"https:\/\/www.teatregoya.cat\/es\/wp-json\/wp\/v2\/comments?post=2990"}],"acf:term":[{"embeddable":true,"taxonomy":"season","href":"https:\/\/www.teatregoya.cat\/es\/wp-json\/wp\/v2\/season\/91"}],"wp:attachment":[{"href":"https:\/\/www.teatregoya.cat\/es\/wp-json\/wp\/v2\/media?parent=2990"}],"curies":[{"name":"wp","href":"https:\/\/api.w.org\/{rel}","templated":true}]}}