{"id":2950,"date":"2017-09-19T08:36:58","date_gmt":"2017-09-19T06:36:58","guid":{"rendered":"https:\/\/pre.teatregoya.cat\/ex\/\/iaia-2\/"},"modified":"2017-09-19T08:36:58","modified_gmt":"2017-09-19T06:36:58","slug":"iaia-2","status":"publish","type":"ex","link":"https:\/\/www.teatregoya.cat\/es\/ex\/iaia-2\/","title":{"rendered":"Iaia!"},"content":{"rendered":"","protected":false},"excerpt":{"rendered":"","protected":false},"author":2,"featured_media":0,"comment_status":"closed","ping_status":"closed","template":"","class_list":["post-2950","ex","type-ex","status-publish","hentry","season-2014-15"],"acf":{"txt_synopsis":"<p align=\"justify\">Por si sola ya tendr\u00eda gancho, la historia de una abuela tiquismiquis que boicotea la vida sentimental del su nieto, pero si adem\u00e1s esta abuela es Montserrat Carulla, el espect\u00e1culo se convierte de pronto en indispensable. Es una ocasi\u00f3n de oro para disfrutar de la Carulla en estado puro, en un papel a medida que le ha cortado su hijo, Roger Pe\u00f1a, y que interpreta al lado de su nieto, Aleix Pe\u00f1a. Una comedia doblemente familiar donde encontraremos a la Carulla m\u00e1s cercana a los personajes que la han hecho tan popular y querida. Una oportunidad \u00fanica para agradecer a esta actriz tantos a\u00f1os de dedicaci\u00f3n al teatro. Las tres generaciones de la saga Pe\u00f1a-Carulla nos regalan el homenaje m\u00e1s sincero a la matriarca.<br \/><br \/><strong>Duraci\u00f3n:<\/strong> 1 h&nbsp;y 30 minutos (sin entreacto)<br \/><\/p>","main_buy_link":"#","main_buy_links":"","group_buy_link":"","show_language":"","show_duration":"","show_start_date":"20140909000000","show_end_date":"20141011000000","show_sort_date":"20131231000000","txt_custom_show_dates":"del 9 de septiembre al 11 de octubre de 2014","show_disciplines":"","show_ultimes_funcions":false,"hide_tarifes_especials":false,"show_properament":false,"txt_additional_info":"","txt_present":"","show_season":[88],"txt_season":"[\"2014\/15\"]","txt_cycle":"","txt_claim":"","txt_cast_excerpt":"<strong>AUTOR Y DIRECTOR:<\/strong> Roger Pe\u00f1a i Carulla<br \/><br \/>","txt_cast":"<p><strong>AUTOR:<\/strong> Roger Pe\u00f1a i Carulla<br \/><strong>DIRECCI\u00d3N:<\/strong> Roger Pe\u00f1a i Carulla<\/p>\n<p><strong>REPARTO:<\/strong> <br \/>Montserrat Carulla<br \/>Katia Klein<br \/>Aleix Pe\u00f1a<\/p>\n<p><strong>ESCENOGRAF\u00cdA:<\/strong> Carles Pujol<br \/><strong>ILUMINACI\u00d3N:<\/strong> David Pujol<br \/><strong>VESTUARIO:<\/strong> Eul\u00e0lia Miralles<\/p>\n<p><strong>COPRODUCCI\u00d3N:<\/strong> Entresol Produccions, Festival Temporada Alta 2013&nbsp;y Teatre-Auditori. Sant Cugat<\/p>","txt_reviews":"","hashtag":"","have_promo":"","slogan":"","id_exhibicio":968,"id_versio":735,"id_local":35,"txt_seo_desc":"","data_images":"[{\"localizer\":\"V2EXHBCARTELL\",\"url\":\"media\/ver\/cartell\/312C0\/01_079_00030985\/043iaia.jpg\",\"thumb_url\":\"media\/ver\/cartell\/312C0\/01_079_00030985\/043iaia_thumb.jpg\",\"title\":\"Iaia!\",\"description\":\"Iaia!\",\"copyright\":\"https:\/\/d1wfclq6bigznq.cloudfront.net\/tkrfc\/default\/045iaia.jpg\",\"order\":3},{\"localizer\":\"V2CARTELL\",\"url\":\"media\/ver\/cartell\/31260\/01_079_00027263\/list3.jpg\",\"thumb_url\":\"media\/ver\/cartell\/31260\/01_079_00027263\/list3_thumb.jpg\",\"title\":\"Iaia!\",\"description\":\"Iaia!\",\"copyright\":\"https:\/\/d1wfclq6bigznq.cloudfront.net\/tkrfc\/default\/045iaia.jpg\",\"order\":4},{\"localizer\":\"V2SLIDE\",\"url\":\"media\/ftgalslide\/31260\/01_076_00027358\/slide01.jpg\",\"thumb_url\":\"media\/ftgalslide\/31260\/01_076_00027358\/slide01_thumb.jpg\",\"title\":\"Iaia!\",\"description\":\"Montserrat Carulla\",\"copyright\":\"\",\"order\":5},{\"localizer\":\"V2SLIDE\",\"url\":\"media\/ftgalslide\/31260\/01_076_00027360\/slide03.jpg\",\"thumb_url\":\"media\/ftgalslide\/31260\/01_076_00027360\/slide03_thumb.jpg\",\"title\":\"Iaia!\",\"description\":\"Montserrat Carulla\",\"copyright\":\"\",\"order\":7},{\"localizer\":\"V2SLIDE\",\"url\":\"media\/ftgalslide\/31260\/01_076_00027361\/slide04.jpg\",\"thumb_url\":\"media\/ftgalslide\/31260\/01_076_00027361\/slide04_thumb.jpg\",\"title\":\"Iaia!\",\"description\":\"Aleix Pe\u00f1a\",\"copyright\":\"\",\"order\":8},{\"localizer\":\"V2SLIDE\",\"url\":\"media\/ftgalslide\/31260\/01_076_00027363\/slide06.jpg\",\"thumb_url\":\"media\/ftgalslide\/31260\/01_076_00027363\/slide06_thumb.jpg\",\"title\":\"Iaia!\",\"description\":\"Montserrat Carulla\",\"copyright\":\"\",\"order\":10},{\"localizer\":\"VERS_IMATGE_ESPECTACLE\",\"url\":\"media\/ftespect\/31260\/01_020_00027364\/gal01.jpg\",\"thumb_url\":\"media\/ftespect\/31260\/01_020_00027364\/gal01_thumb.jpg\",\"title\":\"Iaia!\",\"description\":\"Iaia!\",\"copyright\":\"\",\"order\":11},{\"localizer\":\"VERS_IMATGE_ESPECTACLE\",\"url\":\"media\/ftespect\/31260\/01_020_00027366\/gal03.jpg\",\"thumb_url\":\"media\/ftespect\/31260\/01_020_00027366\/gal03_thumb.jpg\",\"title\":\"Iaia!\",\"description\":\"Iaia!\",\"copyright\":\"\",\"order\":13},{\"localizer\":\"VERS_IMATGE_ESPECTACLE\",\"url\":\"media\/ftespect\/31260\/01_020_00027367\/gal04.jpg\",\"thumb_url\":\"media\/ftespect\/31260\/01_020_00027367\/gal04_thumb.jpg\",\"title\":\"Iaia!\",\"description\":\"Iaia!\",\"copyright\":\"\",\"order\":14},{\"localizer\":\"VERS_IMATGE_ESPECTACLE\",\"url\":\"media\/ftespect\/31260\/01_020_00027369\/gal06.jpg\",\"thumb_url\":\"media\/ftespect\/31260\/01_020_00027369\/gal06_thumb.jpg\",\"title\":\"Iaia!\",\"description\":\"Iaia!\",\"copyright\":\"\",\"order\":16},{\"localizer\":\"V2PORTADA\",\"url\":\"media\/ver\/port\/312C1\/01_078_00031266\/iaiaweb.jpg\",\"thumb_url\":\"media\/ver\/port\/312C1\/01_078_00031266\/iaiaweb_thumb.jpg\",\"title\":\"Iaia!\",\"description\":\"Iaia!\",\"copyright\":\"\",\"order\":20}]","material__texto_intro":"","data_material":null,"data_gallery":"","data_discounts":"[{\"InfoAddicional\":\"<p><strong>Tarifa especial:<\/strong> Tarjeta Rosa, Tarjeta Discapacidad, Club TR3SC&nbsp;y Carnet Jove.*<\/p><p><em>*Descuentos Tarjeta Rosa y Tarjeta Discapacidad s\u00f3lo aplicables comprando en taquilla <\/em><\/p><p><strong>Descuentos para grupos y escuelas<br \/><\/strong><\/p>\",\"Url\":\"http:\/\/www.promentrada.com\",\"Codi\":\"0\",\"LogoUrl\":\"media\/fimage\/31389\/01_005_00038530\/logo_prome_nuevo_v_web.jpg\"},{\"InfoAddicional\":\"<p><strong>Descuentos para particulares<br \/><\/strong><\/p>\",\"Url\":\"http:\/\/vip.promentrada.com\",\"Codi\":\"0\",\"LogoUrl\":\"media\/fimage\/31389\/01_005_00038559\/logo_prome_vip_v_web.jpg\"},{\"InfoAddicional\":\"<p><strong>NUEVOS DESCUENTOS:<\/strong><\/p><p><strong>Martes, d\u00eda del espectador<\/strong>. Consultar precios<\/p><p><strong>Mayores de 65 a\u00f1os, 15% dto*<br \/>Menores de 30 a\u00f1os, 30% dto*<br \/>Menores de 16 a\u00f1os, 16\u20ac*<br \/>Menores de 12 a\u00f1os, 12\u20ac*<\/strong><\/p><p><em>Los precios&nbsp;y descuentos no tienen los gastos de gesti\u00f3n incluidos<br \/>*Descuento aplicable para todas las funciones excepto algunos festivos y excepto determinados espect\u00e1culos de car\u00e1cter familiar, infantil y otros<\/em><br \/><\/p>\",\"Url\":\"[TEXT]\",\"Codi\":\"0\",\"LogoUrl\":\"\"}]","contract_is_open":false,"in_tour":false},"yoast_head":"<!-- This site is optimized with the Yoast SEO plugin v27.5 - https:\/\/yoast.com\/product\/yoast-seo-wordpress\/ -->\n<title>Iaia! - Teatre Goya<\/title>\n<meta name=\"robots\" content=\"index, follow, max-snippet:-1, max-image-preview:large, max-video-preview:-1\" \/>\n<link rel=\"canonical\" href=\"https:\/\/www.teatregoya.cat\/es\/ex\/iaia-2\/\" \/>\n<script type=\"application\/ld+json\" class=\"yoast-schema-graph\">{\"@context\":\"https:\\\/\\\/schema.org\",\"@graph\":[{\"@type\":\"WebPage\",\"@id\":\"https:\\\/\\\/www.teatregoya.cat\\\/es\\\/ex\\\/iaia-2\\\/\",\"url\":\"https:\\\/\\\/www.teatregoya.cat\\\/es\\\/ex\\\/iaia-2\\\/\",\"name\":\"Iaia! - Teatre Goya\",\"isPartOf\":{\"@id\":\"https:\\\/\\\/www.teatregoya.cat\\\/es\\\/#website\"},\"datePublished\":\"2017-09-19T06:36:58+00:00\",\"breadcrumb\":{\"@id\":\"https:\\\/\\\/www.teatregoya.cat\\\/es\\\/ex\\\/iaia-2\\\/#breadcrumb\"},\"inLanguage\":\"es\",\"potentialAction\":[{\"@type\":\"ReadAction\",\"target\":[\"https:\\\/\\\/www.teatregoya.cat\\\/es\\\/ex\\\/iaia-2\\\/\"]}]},{\"@type\":\"BreadcrumbList\",\"@id\":\"https:\\\/\\\/www.teatregoya.cat\\\/es\\\/ex\\\/iaia-2\\\/#breadcrumb\",\"itemListElement\":[{\"@type\":\"ListItem\",\"position\":1,\"name\":\"Home\",\"item\":\"https:\\\/\\\/www.teatregoya.cat\\\/es\\\/\"},{\"@type\":\"ListItem\",\"position\":2,\"name\":\"Espectacles\",\"item\":\"https:\\\/\\\/www.teatregoya.cat\\\/es\\\/ex\\\/\"},{\"@type\":\"ListItem\",\"position\":3,\"name\":\"Iaia!\"}]},{\"@type\":\"WebSite\",\"@id\":\"https:\\\/\\\/www.teatregoya.cat\\\/es\\\/#website\",\"url\":\"https:\\\/\\\/www.teatregoya.cat\\\/es\\\/\",\"name\":\"Teatre Goya\",\"description\":\"\",\"publisher\":{\"@id\":\"https:\\\/\\\/www.teatregoya.cat\\\/es\\\/#organization\"},\"potentialAction\":[{\"@type\":\"SearchAction\",\"target\":{\"@type\":\"EntryPoint\",\"urlTemplate\":\"https:\\\/\\\/www.teatregoya.cat\\\/es\\\/?s={search_term_string}\"},\"query-input\":{\"@type\":\"PropertyValueSpecification\",\"valueRequired\":true,\"valueName\":\"search_term_string\"}}],\"inLanguage\":\"es\"},{\"@type\":\"Organization\",\"@id\":\"https:\\\/\\\/www.teatregoya.cat\\\/es\\\/#organization\",\"name\":\"Teatre Goya\",\"url\":\"https:\\\/\\\/www.teatregoya.cat\\\/es\\\/\",\"logo\":{\"@type\":\"ImageObject\",\"inLanguage\":\"es\",\"@id\":\"https:\\\/\\\/www.teatregoya.cat\\\/es\\\/#\\\/schema\\\/logo\\\/image\\\/\",\"url\":\"https:\\\/\\\/www.teatregoya.cat\\\/wp-content\\\/uploads\\\/sites\\\/4\\\/2017\\\/09\\\/teatre-goya-logo.svg\",\"contentUrl\":\"https:\\\/\\\/www.teatregoya.cat\\\/wp-content\\\/uploads\\\/sites\\\/4\\\/2017\\\/09\\\/teatre-goya-logo.svg\",\"width\":1,\"height\":1,\"caption\":\"Teatre Goya\"},\"image\":{\"@id\":\"https:\\\/\\\/www.teatregoya.cat\\\/es\\\/#\\\/schema\\\/logo\\\/image\\\/\"},\"sameAs\":[\"http:\\\/\\\/www.facebook.com\\\/TeatreGoya\",\"https:\\\/\\\/x.com\\\/Teatre_Goya\",\"http:\\\/\\\/instagram.com\\\/teatre_goya\",\"http:\\\/\\\/www.youtube.com\\\/user\\\/TeatreGoya\"]}]}<\/script>\n<!-- \/ Yoast SEO plugin. -->","yoast_head_json":{"title":"Iaia! - Teatre Goya","robots":{"index":"index","follow":"follow","max-snippet":"max-snippet:-1","max-image-preview":"max-image-preview:large","max-video-preview":"max-video-preview:-1"},"canonical":"https:\/\/www.teatregoya.cat\/es\/ex\/iaia-2\/","schema":{"@context":"https:\/\/schema.org","@graph":[{"@type":"WebPage","@id":"https:\/\/www.teatregoya.cat\/es\/ex\/iaia-2\/","url":"https:\/\/www.teatregoya.cat\/es\/ex\/iaia-2\/","name":"Iaia! - Teatre Goya","isPartOf":{"@id":"https:\/\/www.teatregoya.cat\/es\/#website"},"datePublished":"2017-09-19T06:36:58+00:00","breadcrumb":{"@id":"https:\/\/www.teatregoya.cat\/es\/ex\/iaia-2\/#breadcrumb"},"inLanguage":"es","potentialAction":[{"@type":"ReadAction","target":["https:\/\/www.teatregoya.cat\/es\/ex\/iaia-2\/"]}]},{"@type":"BreadcrumbList","@id":"https:\/\/www.teatregoya.cat\/es\/ex\/iaia-2\/#breadcrumb","itemListElement":[{"@type":"ListItem","position":1,"name":"Home","item":"https:\/\/www.teatregoya.cat\/es\/"},{"@type":"ListItem","position":2,"name":"Espectacles","item":"https:\/\/www.teatregoya.cat\/es\/ex\/"},{"@type":"ListItem","position":3,"name":"Iaia!"}]},{"@type":"WebSite","@id":"https:\/\/www.teatregoya.cat\/es\/#website","url":"https:\/\/www.teatregoya.cat\/es\/","name":"Teatre Goya","description":"","publisher":{"@id":"https:\/\/www.teatregoya.cat\/es\/#organization"},"potentialAction":[{"@type":"SearchAction","target":{"@type":"EntryPoint","urlTemplate":"https:\/\/www.teatregoya.cat\/es\/?s={search_term_string}"},"query-input":{"@type":"PropertyValueSpecification","valueRequired":true,"valueName":"search_term_string"}}],"inLanguage":"es"},{"@type":"Organization","@id":"https:\/\/www.teatregoya.cat\/es\/#organization","name":"Teatre Goya","url":"https:\/\/www.teatregoya.cat\/es\/","logo":{"@type":"ImageObject","inLanguage":"es","@id":"https:\/\/www.teatregoya.cat\/es\/#\/schema\/logo\/image\/","url":"https:\/\/www.teatregoya.cat\/wp-content\/uploads\/sites\/4\/2017\/09\/teatre-goya-logo.svg","contentUrl":"https:\/\/www.teatregoya.cat\/wp-content\/uploads\/sites\/4\/2017\/09\/teatre-goya-logo.svg","width":1,"height":1,"caption":"Teatre Goya"},"image":{"@id":"https:\/\/www.teatregoya.cat\/es\/#\/schema\/logo\/image\/"},"sameAs":["http:\/\/www.facebook.com\/TeatreGoya","https:\/\/x.com\/Teatre_Goya","http:\/\/instagram.com\/teatre_goya","http:\/\/www.youtube.com\/user\/TeatreGoya"]}]}},"translations":[{"id":2808,"locale":"ca"},{"id":2950,"locale":"es"}],"_links":{"self":[{"href":"https:\/\/www.teatregoya.cat\/es\/wp-json\/wp\/v2\/ex\/2950","targetHints":{"allow":["GET"]}}],"collection":[{"href":"https:\/\/www.teatregoya.cat\/es\/wp-json\/wp\/v2\/ex"}],"about":[{"href":"https:\/\/www.teatregoya.cat\/es\/wp-json\/wp\/v2\/types\/ex"}],"author":[{"embeddable":true,"href":"https:\/\/www.teatregoya.cat\/es\/wp-json\/wp\/v2\/users\/2"}],"replies":[{"embeddable":true,"href":"https:\/\/www.teatregoya.cat\/es\/wp-json\/wp\/v2\/comments?post=2950"}],"acf:term":[{"embeddable":true,"taxonomy":"season","href":"https:\/\/www.teatregoya.cat\/es\/wp-json\/wp\/v2\/season\/88"}],"wp:attachment":[{"href":"https:\/\/www.teatregoya.cat\/es\/wp-json\/wp\/v2\/media?parent=2950"}],"curies":[{"name":"wp","href":"https:\/\/api.w.org\/{rel}","templated":true}]}}