{"id":2914,"date":"2017-09-19T08:36:23","date_gmt":"2017-09-19T06:36:23","guid":{"rendered":"https:\/\/pre.teatregoya.cat\/ex\/\/la-vida-por-delante\/"},"modified":"2017-09-19T08:36:23","modified_gmt":"2017-09-19T06:36:23","slug":"la-vida-por-delante","status":"publish","type":"ex","link":"https:\/\/www.teatregoya.cat\/es\/ex\/la-vida-por-delante\/","title":{"rendered":"La vida por delante"},"content":{"rendered":"","protected":false},"excerpt":{"rendered":"","protected":false},"author":2,"featured_media":0,"comment_status":"closed","ping_status":"closed","template":"","class_list":["post-2914","ex","type-ex","status-publish","hentry","season-2008-09"],"acf":{"txt_synopsis":"<p align=\"justify\"><strong>La vida por delante<\/strong> es la tierna historia de los marginados narrada por Momo,&nbsp;un ni\u00f1o \u00e1rabe que vive en la pensi\u00f3n de la se\u00f1ora Rosa, una vieja exprostituta jud\u00eda, superviviente de Auschwitz, que acoge a hijos abandonados en un suburbio de Par\u00eds. El texto nos describe el s\u00f3rdido paisaje humano en el que Momo hace su aprendizaje vital. Con su registro de adolescente denuncia el racismo y el materialimso y reflexiona sobre la vejez, la soledad, la eutanasia. <br \/><br \/><strong>La vida por delante<\/strong>, novela con la que Romain Gary (1914-1980) gan\u00f3 el premio Gouncourt en 1975 con el pseud\u00f3nimo de Emile Ajar y de la que se hizo una versi\u00f3n cinematogr\u00e1fica (Madame Rosa), sorprende por su plena vigencia y los toques de iron\u00eda, ingenuidad y amor. Josep Maria Pou ha partido de la adaptaci\u00f3n teatral de Xavier Jaillard que recientemente ha triunfado en Francia. <\/p>\n<p><br \/><\/p>","main_buy_link":"#","main_buy_links":"","group_buy_link":"","show_language":"","show_duration":"","show_start_date":"20090328000000","show_end_date":"20090807000000","show_sort_date":"20090328000000","txt_custom_show_dates":"del 28 de marzo al 7 de agosto de 2009","show_disciplines":"","show_ultimes_funcions":false,"hide_tarifes_especials":false,"show_properament":false,"txt_additional_info":"","txt_present":"","show_season":[81],"txt_season":"[\"2008\/09\"]","txt_cycle":"","txt_claim":"","txt_cast_excerpt":"","txt_cast":"","txt_reviews":"<p align=\"justify\">\"Velasco absorbe la esencia de su personaje&nbsp;y llega al coraz\u00f3n. Consigue que la verdad de la vida&nbsp;suba al escenario. <em>La vida por delante<\/em> es de las obras que hacen crecer a&nbsp;un int\u00e9rprete\". <strong>C\u00e9sar L\u00f3pez Rosell. El Peri\u00f3dico<\/strong><\/p>\n<p align=\"justify\">\"Una lecci\u00f3n de tolerancia en que Concha Velasco emociona y se emociona\". <strong>Marta Romagosa. Time Out<\/strong> <\/p>\n<p align=\"justify\">\"Velasco exhibe sin recato una feliz madurez y su trabajo es una espl\u00e9ndida lecci\u00f3n moral para cuantos colegas, ellas y ellos, est\u00e1n enemistados con el calendario\".<strong> Joan-Anton Benach. La Vanguardia<\/strong><\/p>\n<p align=\"justify\">\"Velasco se convierte sobre el escenario en un personaje vers\u00e1til, entra\u00f1able y poderoso\". <strong>Mar\u00eda Jos\u00e9 Ragu\u00e9. El Mundo<\/strong><\/p>\n<p align=\"justify\">\"Un delicado retrato de personajes marginales, conmovedor y divertido. Concha Velasco y Rub\u00e8n de Eguia bordan sus papeles\". <strong>Carme Tierz. La gu\u00eda del ocio<\/strong><\/p>\n<p align=\"justify\">\"<em>La vida por delante<\/em> va a ser, est\u00e1 siendo, un \u00e9xito de campeonato\". <strong>Marcos Ordo\u00f1ez. El Pa\u00eds (Babelia)<\/strong><\/p>","hashtag":"","have_promo":"","slogan":"","id_exhibicio":392,"id_versio":389,"id_local":35,"txt_seo_desc":"","data_images":"[{\"localizer\":\"VERS_PDF_GIRES\",\"url\":\"media\/pressdoc\/310C8\/01_021_00005207\/Fitxa_tecnica_La_vida_por_delante.pdf\",\"thumb_url\":\"\",\"title\":\"La vida por delante.\",\"description\":\"Fitxa t\u00e8cnica\",\"copyright\":\"\",\"order\":1},{\"localizer\":\"VERS_IMATGE_ESPECTACLE\",\"url\":\"media\/ftespect\/310C8\/01_020_00004763\/lavida_gal05.jpg\",\"thumb_url\":\"media\/ftespect\/310C8\/01_020_00004763\/lavida_gal05_thumb.jpg\",\"title\":\"La vida por delante\",\"description\":\"La vida por delante\",\"copyright\":\"Copyright David Ruano\",\"order\":1},{\"localizer\":\"VERS_PORTADA_TEATREGOYA\",\"url\":\"media\/obraporttea\/goya\/310C8\/01_043_00004771\/lavida_port06.jpg\",\"thumb_url\":\"\",\"title\":\"La vida por delante\",\"description\":\"La vida por delante\",\"copyright\":\"\",\"order\":1},{\"localizer\":\"VERS_PORTADA_TEATRE\",\"url\":\"media\/obraporttea\/3118E\/01_017_00013309\/port02.jpg\",\"thumb_url\":\"\",\"title\":\"La vida por delante\",\"description\":\"La vida por delante\",\"copyright\":\"\",\"order\":2},{\"localizer\":\"VERS_PORTADA_TEATREGOYA\",\"url\":\"media\/obraporttea\/goya\/3112F\/01_043_00010115\/port001.jpg\",\"thumb_url\":\"\",\"title\":\"La vida por delante\",\"description\":\"La vida por delante\",\"copyright\":\"\",\"order\":2},{\"localizer\":\"VERS_PDF_GIRES\",\"url\":\"media\/pressdoc\/310C8\/01_021_00005208\/Ficha_tecnica_La_vida_por_delante.pdf\",\"thumb_url\":\"\",\"title\":\"La vida por delante.\",\"description\":\"Ficha t\u00e9cnica\",\"copyright\":\"\",\"order\":2},{\"localizer\":\"VERS_PORTADA_TEATRE\",\"url\":\"media\/obraporttea\/3118E\/01_017_00013310\/port01.jpg\",\"thumb_url\":\"\",\"title\":\"La vida por delante\",\"description\":\"La vida por delante\",\"copyright\":\"\",\"order\":3},{\"localizer\":\"VERS_IMATGE_ESPECTACLE\",\"url\":\"media\/ftespect\/310C8\/01_020_00004760\/lavida_gal02.jpg\",\"thumb_url\":\"media\/ftespect\/310C8\/01_020_00004760\/lavida_gal02_thumb.jpg\",\"title\":\"La vida por delante\",\"description\":\"La vida por delante\",\"copyright\":\"Copyright David Ruano\",\"order\":3},{\"localizer\":\"VERS_PORTADA_TEATRE\",\"url\":\"media\/obraporttea\/3118E\/01_017_00013308\/port00.jpg\",\"thumb_url\":\"\",\"title\":\"La vida por delante\",\"description\":\"La vida por delante\",\"copyright\":\"\",\"order\":4},{\"localizer\":\"VERS_PORTADA_TEATREGOYA\",\"url\":\"media\/obraporttea\/goya\/3112F\/01_043_00010114\/port000.jpg\",\"thumb_url\":\"\",\"title\":\"La vida por delante\",\"description\":\"La vida por delante\",\"copyright\":\"\",\"order\":4},{\"localizer\":\"VERS_IMATGE_ESPECTACLE\",\"url\":\"media\/ftespect\/310C8\/01_020_00004762\/lavida_gal04.jpg\",\"thumb_url\":\"media\/ftespect\/310C8\/01_020_00004762\/lavida_gal04_thumb.jpg\",\"title\":\"La vida por delante\",\"description\":\"La vida por delante\",\"copyright\":\"Copyright David Ruano\",\"order\":5},{\"localizer\":\"VERS_PORTADA_TEATRE\",\"url\":\"media\/obraporttea\/3118E\/01_017_00013311\/port03.jpg\",\"thumb_url\":\"\",\"title\":\"La vida por delante\",\"description\":\"La vida por delante\",\"copyright\":\"\",\"order\":5},{\"localizer\":\"VERS_PORTADA_TEATREGOYA\",\"url\":\"media\/obraporttea\/goya\/310C8\/01_043_00004768\/lavida_port03.jpg\",\"thumb_url\":\"\",\"title\":\"La vida por delante\",\"description\":\"La vida por delante\",\"copyright\":\"\",\"order\":6},{\"localizer\":\"VERS_IMATGE_ESPECTACLE\",\"url\":\"media\/ftespect\/310C8\/01_020_00004764\/lavida_gal06.jpg\",\"thumb_url\":\"media\/ftespect\/310C8\/01_020_00004764\/lavida_gal06_thumb.jpg\",\"title\":\"La vida por delante\",\"description\":\"La vida por delante\",\"copyright\":\"Copyright David Ruano\",\"order\":7},{\"localizer\":\"VERS_IMATGE_ESPECTACLE\",\"url\":\"media\/ftespect\/310C8\/01_020_00004765\/lavida_gal08.jpg\",\"thumb_url\":\"media\/ftespect\/310C8\/01_020_00004765\/lavida_gal08_thumb.jpg\",\"title\":\"La vida por delante\",\"description\":\"La vida por delante\",\"copyright\":\"Copyright David Ruano\",\"order\":8},{\"localizer\":\"VERS_PORTADA_TEATREGOYA\",\"url\":\"media\/obraporttea\/goya\/310C8\/01_043_00004770\/lavida_port05.jpg\",\"thumb_url\":\"\",\"title\":\"La vida por delante\",\"description\":\"La vida por delante\",\"copyright\":\"\",\"order\":8},{\"localizer\":\"VERS_PORTADA_TEATREGOYA\",\"url\":\"media\/obraporttea\/goya\/310C8\/01_043_00004772\/lavida_port07.jpg\",\"thumb_url\":\"\",\"title\":\"La vida por delante\",\"description\":\"La vida por delante\",\"copyright\":\"\",\"order\":10},{\"localizer\":\"VERS_PORTADA_TEATREGOYA\",\"url\":\"media\/obraporttea\/goya\/310C8\/01_043_00004773\/lavida_port08.jpg\",\"thumb_url\":\"\",\"title\":\"La vida por delante\",\"description\":\"La vida por delante\",\"copyright\":\"\",\"order\":11},{\"localizer\":\"VERS_PDF_GIRES\",\"url\":\"media\/pressdoc\/31191\/01_021_00014688\/dossier_200111.pdf\",\"thumb_url\":\"\",\"title\":\"La vida por delante\",\"description\":\"Dossier de prensa\",\"copyright\":\"\",\"order\":12},{\"localizer\":\"V2SLIDE\",\"url\":\"media\/ftgalslide\/312BA\/01_076_00028642\/vpd01.jpg\",\"thumb_url\":\"media\/ftgalslide\/312BA\/01_076_00028642\/vpd01_thumb.jpg\",\"title\":\"La vida por delante\",\"description\":\" \",\"copyright\":\"\",\"order\":13},{\"localizer\":\"V2SLIDE\",\"url\":\"media\/ftgalslide\/312BA\/01_076_00028643\/vpd02.jpg\",\"thumb_url\":\"media\/ftgalslide\/312BA\/01_076_00028643\/vpd02_thumb.jpg\",\"title\":\"La vida por delante\",\"description\":\" \",\"copyright\":\"\",\"order\":14},{\"localizer\":\"V2SLIDE\",\"url\":\"media\/ftgalslide\/312BA\/01_076_00028644\/vpd03.jpg\",\"thumb_url\":\"media\/ftgalslide\/312BA\/01_076_00028644\/vpd03_thumb.jpg\",\"title\":\"La vida por delante\",\"description\":\"  \",\"copyright\":\"\",\"order\":15},{\"localizer\":\"V2SLIDE\",\"url\":\"media\/ftgalslide\/312BA\/01_076_00028645\/vpd04.jpg\",\"thumb_url\":\"media\/ftgalslide\/312BA\/01_076_00028645\/vpd04_thumb.jpg\",\"title\":\"La vida por delante\",\"description\":\" \",\"copyright\":\"\",\"order\":16},{\"localizer\":\"V2SLIDE\",\"url\":\"media\/ftgalslide\/312BA\/01_076_00028646\/vpd05.jpg\",\"thumb_url\":\"media\/ftgalslide\/312BA\/01_076_00028646\/vpd05_thumb.jpg\",\"title\":\"La vida por delante\",\"description\":\" \",\"copyright\":\"\",\"order\":17},{\"localizer\":\"V2SLIDE\",\"url\":\"media\/ftgalslide\/312BA\/01_076_00028647\/vpd06.jpg\",\"thumb_url\":\"media\/ftgalslide\/312BA\/01_076_00028647\/vpd06_thumb.jpg\",\"title\":\"La vida por delante\",\"description\":\" \",\"copyright\":\"\",\"order\":18},{\"localizer\":\"V2SLIDE\",\"url\":\"media\/ftgalslide\/312BA\/01_076_00028648\/vpd07.jpg\",\"thumb_url\":\"media\/ftgalslide\/312BA\/01_076_00028648\/vpd07_thumb.jpg\",\"title\":\"La vida por delante\",\"description\":\" \",\"copyright\":\"\",\"order\":19},{\"localizer\":\"VERS_PORTADA_ESPECTACLE\",\"url\":\"media\/obraport\/31132\/01_014_00011461\/list.jpg\",\"thumb_url\":\"\",\"title\":\"La vida por delante\",\"description\":\"La vida por delante\",\"copyright\":\"\",\"order\":-1}]","material__texto_intro":"","data_material":null,"data_gallery":"","data_discounts":"[{\"InfoAddicional\":\"<p><strong>Tarifa especial:<\/strong> mayores de 65 a\u00f1os, menores de 14 a\u00f1os, Club Tr3sC&nbsp;y Carnet Joven.<br \/><strong><br \/>Descuentos a grupos y escuelas<\/strong><br \/>Tel. 93 309 70 04<br \/><\/p>\",\"Url\":\"http:\/\/www.promentrada.com\",\"Codi\":\"0\",\"LogoUrl\":\"\"}]","contract_is_open":false,"in_tour":false},"yoast_head":"<!-- This site is optimized with the Yoast SEO plugin v27.5 - https:\/\/yoast.com\/product\/yoast-seo-wordpress\/ -->\n<title>La vida por delante - Teatre Goya<\/title>\n<meta name=\"robots\" content=\"index, follow, max-snippet:-1, max-image-preview:large, max-video-preview:-1\" \/>\n<link rel=\"canonical\" href=\"https:\/\/www.teatregoya.cat\/es\/ex\/la-vida-por-delante\/\" \/>\n<script type=\"application\/ld+json\" class=\"yoast-schema-graph\">{\"@context\":\"https:\\\/\\\/schema.org\",\"@graph\":[{\"@type\":\"WebPage\",\"@id\":\"https:\\\/\\\/www.teatregoya.cat\\\/es\\\/ex\\\/la-vida-por-delante\\\/\",\"url\":\"https:\\\/\\\/www.teatregoya.cat\\\/es\\\/ex\\\/la-vida-por-delante\\\/\",\"name\":\"La vida por delante - Teatre Goya\",\"isPartOf\":{\"@id\":\"https:\\\/\\\/www.teatregoya.cat\\\/es\\\/#website\"},\"datePublished\":\"2017-09-19T06:36:23+00:00\",\"breadcrumb\":{\"@id\":\"https:\\\/\\\/www.teatregoya.cat\\\/es\\\/ex\\\/la-vida-por-delante\\\/#breadcrumb\"},\"inLanguage\":\"es\",\"potentialAction\":[{\"@type\":\"ReadAction\",\"target\":[\"https:\\\/\\\/www.teatregoya.cat\\\/es\\\/ex\\\/la-vida-por-delante\\\/\"]}]},{\"@type\":\"BreadcrumbList\",\"@id\":\"https:\\\/\\\/www.teatregoya.cat\\\/es\\\/ex\\\/la-vida-por-delante\\\/#breadcrumb\",\"itemListElement\":[{\"@type\":\"ListItem\",\"position\":1,\"name\":\"Home\",\"item\":\"https:\\\/\\\/www.teatregoya.cat\\\/es\\\/\"},{\"@type\":\"ListItem\",\"position\":2,\"name\":\"Espectacles\",\"item\":\"https:\\\/\\\/www.teatregoya.cat\\\/es\\\/ex\\\/\"},{\"@type\":\"ListItem\",\"position\":3,\"name\":\"La vida por delante\"}]},{\"@type\":\"WebSite\",\"@id\":\"https:\\\/\\\/www.teatregoya.cat\\\/es\\\/#website\",\"url\":\"https:\\\/\\\/www.teatregoya.cat\\\/es\\\/\",\"name\":\"Teatre Goya\",\"description\":\"\",\"publisher\":{\"@id\":\"https:\\\/\\\/www.teatregoya.cat\\\/es\\\/#organization\"},\"potentialAction\":[{\"@type\":\"SearchAction\",\"target\":{\"@type\":\"EntryPoint\",\"urlTemplate\":\"https:\\\/\\\/www.teatregoya.cat\\\/es\\\/?s={search_term_string}\"},\"query-input\":{\"@type\":\"PropertyValueSpecification\",\"valueRequired\":true,\"valueName\":\"search_term_string\"}}],\"inLanguage\":\"es\"},{\"@type\":\"Organization\",\"@id\":\"https:\\\/\\\/www.teatregoya.cat\\\/es\\\/#organization\",\"name\":\"Teatre Goya\",\"url\":\"https:\\\/\\\/www.teatregoya.cat\\\/es\\\/\",\"logo\":{\"@type\":\"ImageObject\",\"inLanguage\":\"es\",\"@id\":\"https:\\\/\\\/www.teatregoya.cat\\\/es\\\/#\\\/schema\\\/logo\\\/image\\\/\",\"url\":\"https:\\\/\\\/www.teatregoya.cat\\\/wp-content\\\/uploads\\\/sites\\\/4\\\/2017\\\/09\\\/teatre-goya-logo.svg\",\"contentUrl\":\"https:\\\/\\\/www.teatregoya.cat\\\/wp-content\\\/uploads\\\/sites\\\/4\\\/2017\\\/09\\\/teatre-goya-logo.svg\",\"width\":1,\"height\":1,\"caption\":\"Teatre Goya\"},\"image\":{\"@id\":\"https:\\\/\\\/www.teatregoya.cat\\\/es\\\/#\\\/schema\\\/logo\\\/image\\\/\"},\"sameAs\":[\"http:\\\/\\\/www.facebook.com\\\/TeatreGoya\",\"https:\\\/\\\/x.com\\\/Teatre_Goya\",\"http:\\\/\\\/instagram.com\\\/teatre_goya\",\"http:\\\/\\\/www.youtube.com\\\/user\\\/TeatreGoya\"]}]}<\/script>\n<!-- \/ Yoast SEO plugin. -->","yoast_head_json":{"title":"La vida por delante - Teatre Goya","robots":{"index":"index","follow":"follow","max-snippet":"max-snippet:-1","max-image-preview":"max-image-preview:large","max-video-preview":"max-video-preview:-1"},"canonical":"https:\/\/www.teatregoya.cat\/es\/ex\/la-vida-por-delante\/","schema":{"@context":"https:\/\/schema.org","@graph":[{"@type":"WebPage","@id":"https:\/\/www.teatregoya.cat\/es\/ex\/la-vida-por-delante\/","url":"https:\/\/www.teatregoya.cat\/es\/ex\/la-vida-por-delante\/","name":"La vida por delante - Teatre Goya","isPartOf":{"@id":"https:\/\/www.teatregoya.cat\/es\/#website"},"datePublished":"2017-09-19T06:36:23+00:00","breadcrumb":{"@id":"https:\/\/www.teatregoya.cat\/es\/ex\/la-vida-por-delante\/#breadcrumb"},"inLanguage":"es","potentialAction":[{"@type":"ReadAction","target":["https:\/\/www.teatregoya.cat\/es\/ex\/la-vida-por-delante\/"]}]},{"@type":"BreadcrumbList","@id":"https:\/\/www.teatregoya.cat\/es\/ex\/la-vida-por-delante\/#breadcrumb","itemListElement":[{"@type":"ListItem","position":1,"name":"Home","item":"https:\/\/www.teatregoya.cat\/es\/"},{"@type":"ListItem","position":2,"name":"Espectacles","item":"https:\/\/www.teatregoya.cat\/es\/ex\/"},{"@type":"ListItem","position":3,"name":"La vida por delante"}]},{"@type":"WebSite","@id":"https:\/\/www.teatregoya.cat\/es\/#website","url":"https:\/\/www.teatregoya.cat\/es\/","name":"Teatre Goya","description":"","publisher":{"@id":"https:\/\/www.teatregoya.cat\/es\/#organization"},"potentialAction":[{"@type":"SearchAction","target":{"@type":"EntryPoint","urlTemplate":"https:\/\/www.teatregoya.cat\/es\/?s={search_term_string}"},"query-input":{"@type":"PropertyValueSpecification","valueRequired":true,"valueName":"search_term_string"}}],"inLanguage":"es"},{"@type":"Organization","@id":"https:\/\/www.teatregoya.cat\/es\/#organization","name":"Teatre Goya","url":"https:\/\/www.teatregoya.cat\/es\/","logo":{"@type":"ImageObject","inLanguage":"es","@id":"https:\/\/www.teatregoya.cat\/es\/#\/schema\/logo\/image\/","url":"https:\/\/www.teatregoya.cat\/wp-content\/uploads\/sites\/4\/2017\/09\/teatre-goya-logo.svg","contentUrl":"https:\/\/www.teatregoya.cat\/wp-content\/uploads\/sites\/4\/2017\/09\/teatre-goya-logo.svg","width":1,"height":1,"caption":"Teatre Goya"},"image":{"@id":"https:\/\/www.teatregoya.cat\/es\/#\/schema\/logo\/image\/"},"sameAs":["http:\/\/www.facebook.com\/TeatreGoya","https:\/\/x.com\/Teatre_Goya","http:\/\/instagram.com\/teatre_goya","http:\/\/www.youtube.com\/user\/TeatreGoya"]}]}},"translations":[{"id":2772,"locale":"ca"},{"id":2914,"locale":"es"}],"_links":{"self":[{"href":"https:\/\/www.teatregoya.cat\/es\/wp-json\/wp\/v2\/ex\/2914","targetHints":{"allow":["GET"]}}],"collection":[{"href":"https:\/\/www.teatregoya.cat\/es\/wp-json\/wp\/v2\/ex"}],"about":[{"href":"https:\/\/www.teatregoya.cat\/es\/wp-json\/wp\/v2\/types\/ex"}],"author":[{"embeddable":true,"href":"https:\/\/www.teatregoya.cat\/es\/wp-json\/wp\/v2\/users\/2"}],"replies":[{"embeddable":true,"href":"https:\/\/www.teatregoya.cat\/es\/wp-json\/wp\/v2\/comments?post=2914"}],"acf:term":[{"embeddable":true,"taxonomy":"season","href":"https:\/\/www.teatregoya.cat\/es\/wp-json\/wp\/v2\/season\/81"}],"wp:attachment":[{"href":"https:\/\/www.teatregoya.cat\/es\/wp-json\/wp\/v2\/media?parent=2914"}],"curies":[{"name":"wp","href":"https:\/\/api.w.org\/{rel}","templated":true}]}}