{"id":2655,"date":"2017-09-19T08:36:22","date_gmt":"2017-09-19T06:36:22","guid":{"rendered":"https:\/\/pre.teatregoya.cat\/ex\/\/els-nois-dhistoria\/"},"modified":"2023-04-24T11:43:58","modified_gmt":"2023-04-24T09:43:58","slug":"els-nois-dhistoria","status":"publish","type":"ex","link":"https:\/\/www.teatregoya.cat\/es\/ex\/els-nois-dhistoria\/","title":{"rendered":"Els nois d&#8217;hist\u00f2ria"},"content":{"rendered":"","protected":false},"excerpt":{"rendered":"","protected":false},"author":2,"featured_media":0,"comment_status":"closed","ping_status":"closed","template":"","class_list":["post-2655","ex","type-ex","status-publish","hentry","season-2008-09"],"acf":{"txt_synopsis":"<p align=\"justify\"><strong>Els nois d\u2019hist\u00f2ria<\/strong> es uno de los mejores textos de Bennett, una comedia&nbsp;sobre el valor y el sentido de la educaci\u00f3n. Un texto tan profundo como brillante, tan conmovedor como reflexivo. <\/p>\n<p align=\"justify\">La obra se sit\u00faa en una escuela inglesa de educaci\u00f3n secundaria, donde un grupo de j\u00f3venes se preparan para los ex\u00e1menes de ingreso a Oxford y Cambridge. Esta situaci\u00f3n permite al autor cuestionar si la educaci\u00f3n se entiende como un camino hacia el \u00e9xito o como un camino hacia el conocimiento y la madurez vital. Se estren\u00f3 en 2004 en el Teatro Nacional de Londres bajo la direcci\u00f3n de Nicholas Hytner y caus\u00f3 sensaci\u00f3n nada m\u00e1s ponerse en escena, haciendo despu\u00e9s temporada en Broadway y recibiendo numerosos premios, entre ellos, seis premios Tony y tres Olivier.<\/p>","main_buy_link":"#","main_buy_links":"","group_buy_link":"","show_language":"","show_duration":"","show_start_date":"20080924000000","show_end_date":"20090322000000","show_sort_date":"20080924000000","txt_custom_show_dates":"del 24 de septiembre de 2008 al 22 de marzo de 2009","show_disciplines":"","show_ultimes_funcions":false,"hide_tarifes_especials":false,"show_properament":false,"txt_additional_info":"","txt_present":"","show_season":[81],"txt_season":"[\"2008\/09\"]","txt_cycle":"","txt_claim":"","txt_cast_excerpt":"","txt_cast":"","txt_reviews":"<p>\"Literalmente fant\u00e1sticos. Hay que verlo\". <strong>Joan-Anton Benach. La Vanguardia<\/strong><\/p>\n<p>\"Pou es un animal esc\u00e9nico\". <strong>\u00c1lex S\u00e0lmon. El Mundo<\/strong><\/p>\n<p>\"Una buena lecci\u00f3n\". <strong>Sergi Doria. ABC<\/strong><\/p>\n<p>\"Passeu el testimoni\". <strong>Francesc Massip. AVUI<\/strong><\/p>\n<p>\"Divertida, estimulant, intel\u00b7ligent\". <strong>C\u00e9sar L\u00f3pez Rosell. El Peri\u00f3dico<\/strong><br \/><\/p>","hashtag":"","have_promo":"","slogan":"","id_exhibicio":362,"id_versio":362,"id_local":35,"txt_seo_desc":"","data_images":"[{\"localizer\":\"VERS_PDF_GIRES\",\"url\":\"media\/pressdoc\/3106B\/01_021_00003715\/Fitxa_tecnica_Els_nois_dhistoria.pdf\",\"thumb_url\":\"\",\"title\":\"Els nois d'hist\u00f2ria.\",\"description\":\"Fitxa t\u00e8cnica\",\"copyright\":\"\",\"order\":1},{\"localizer\":\"VERS_PORTADA_TEATREGOYA\",\"url\":\"media\/obraporttea\/goya\/3106B\/01_043_00003652\/flash1.jpg\",\"thumb_url\":\"\",\"title\":\"Els nois d'hist\u00f2ria\",\"description\":\"Els nois d'hist\u00f2ria\",\"copyright\":\"\",\"order\":1},{\"localizer\":\"VERS_PORTADA_TEATREGOYA\",\"url\":\"media\/obraporttea\/goya\/3106B\/01_043_00003653\/flash2.jpg\",\"thumb_url\":\"\",\"title\":\"Els nois d'hist\u00f2ria\",\"description\":\"Els nois d'hist\u00f2ria\",\"copyright\":\"\",\"order\":2},{\"localizer\":\"VERS_IMATGE_ESPECTACLE\",\"url\":\"media\/ftespect\/3112A\/01_020_00008140\/pou.jpg\",\"thumb_url\":\"media\/ftespect\/3112A\/01_020_00008140\/pou_thumb.jpg\",\"title\":\"Els nois d'hist\u00f2ria\",\"description\":\"Els nois d'hist\u00f2ria\",\"copyright\":\"Copyright David Ruano\",\"order\":3},{\"localizer\":\"VERS_PDF_GIRES\",\"url\":\"media\/pressdoc\/31129\/01_021_00007930\/Elsnois_dossier.pdf\",\"thumb_url\":\"\",\"title\":\"Els nois d'hist\u00f2ria\",\"description\":\"Dossier de premsa\",\"copyright\":\"\",\"order\":3},{\"localizer\":\"VERS_PORTADA_TEATREGOYA\",\"url\":\"media\/obraporttea\/goya\/3106B\/01_043_00003654\/flash3.jpg\",\"thumb_url\":\"\",\"title\":\"Els nois d'hist\u00f2ria\",\"description\":\"Els nois d'hist\u00f2ria\",\"copyright\":\"\",\"order\":3},{\"localizer\":\"VERS_PORTADA_TEATREGOYA\",\"url\":\"media\/obraporttea\/goya\/3106B\/01_043_00003655\/flash4opcionb.jpg\",\"thumb_url\":\"\",\"title\":\"Els nois d'hist\u00f2ria\",\"description\":\"Els nois d'hist\u00f2ria\",\"copyright\":\"\",\"order\":4},{\"localizer\":\"VERS_PORTADA_TEATREGOYA\",\"url\":\"media\/obraporttea\/goya\/3106B\/01_043_00003656\/flash5.jpg\",\"thumb_url\":\"\",\"title\":\"Els nois d'hist\u00f2ria\",\"description\":\"Els nois d'hist\u00f2ria\",\"copyright\":\"\",\"order\":5},{\"localizer\":\"VERS_IMATGE_ESPECTACLE\",\"url\":\"media\/ftespect\/3112A\/01_020_00008147\/nois3.jpg\",\"thumb_url\":\"media\/ftespect\/3112A\/01_020_00008147\/nois3_thumb.jpg\",\"title\":\"Els nois d'hist\u00f2ria\",\"description\":\"Els nois d'hist\u00f2ria\",\"copyright\":\"Copyright David Ruano\",\"order\":5},{\"localizer\":\"VERS_IMATGE_ESPECTACLE\",\"url\":\"media\/ftespect\/31069\/01_020_00002861\/nois_gal04.jpg\",\"thumb_url\":\"media\/ftespect\/31069\/01_020_00002861\/nois_gal04_thumb.jpg\",\"title\":\"Els nois d'hist\u00f2ria\",\"description\":\"Els nois d'hist\u00f2ria\",\"copyright\":\"Copyright David Ruano\",\"order\":-1},{\"localizer\":\"VERS_PORTADA_TEATRE\",\"url\":\"media\/obraporttea\/3106A\/01_017_00002945\/nois_flash05.jpg\",\"thumb_url\":\"\",\"title\":\"Els nois d'Hist\u00f2ria\",\"description\":\"Els nois d'Hist\u00f2ria\",\"copyright\":\"\",\"order\":-1},{\"localizer\":\"VERS_PORTADA_TEATRE\",\"url\":\"media\/obraporttea\/3106A\/01_017_00002944\/nois_flash04.jpg\",\"thumb_url\":\"\",\"title\":\"Els nois d'Hist\u00f2ria\",\"description\":\"Els nois d'Hist\u00f2ria\",\"copyright\":\"\",\"order\":-1},{\"localizer\":\"VERS_PORTADA_TEATRE\",\"url\":\"media\/obraporttea\/3106A\/01_017_00002943\/nois_flash03.jpg\",\"thumb_url\":\"\",\"title\":\"Els nois d'Hist\u00f2ria\",\"description\":\"Els nois d'Hist\u00f2ria\",\"copyright\":\"\",\"order\":-1},{\"localizer\":\"VERS_IMATGE_ESPECTACLE\",\"url\":\"media\/ftespect\/31069\/01_020_00002858\/nois_gal01.jpg\",\"thumb_url\":\"media\/ftespect\/31069\/01_020_00002858\/nois_gal01_thumb.jpg\",\"title\":\"Els nois d'hist\u00f2ria\",\"description\":\"Els nois d'hist\u00f2ria\",\"copyright\":\"Copyright David Ruano\",\"order\":-1},{\"localizer\":\"VERS_IMATGE_ESPECTACLE\",\"url\":\"media\/ftespect\/31069\/01_020_00002859\/nois_gal02.jpg\",\"thumb_url\":\"media\/ftespect\/31069\/01_020_00002859\/nois_gal02_thumb.jpg\",\"title\":\"Els nois d'hist\u00f2ria\",\"description\":\"Els nois d'hist\u00f2ria\",\"copyright\":\"Copyright David Ruano\",\"order\":-1},{\"localizer\":\"VERS_PORTADA_ESPECTACLE\",\"url\":\"media\/obraport\/31069\/01_014_00002766\/historyboys_llistat.jpg\",\"thumb_url\":\"\",\"title\":\"Els nois d'Hist\u00f2ria\",\"description\":\"Els nois d'Hist\u00f2ria\",\"copyright\":\"Els nois d'Hist\u00f2ria\",\"order\":-1},{\"localizer\":\"VERS_IMATGE_ESPECTACLE\",\"url\":\"media\/ftespect\/31069\/01_020_00002863\/nois_gal06.jpg\",\"thumb_url\":\"media\/ftespect\/31069\/01_020_00002863\/nois_gal06_thumb.jpg\",\"title\":\"Els nois d'hist\u00f2ria\",\"description\":\"Els nois d'hist\u00f2ria\",\"copyright\":\"Copyright David Ruano\",\"order\":-1},{\"localizer\":\"VERS_PORTADA_TEATRE\",\"url\":\"media\/obraporttea\/3106A\/01_017_00002935\/nois_flash02.jpg\",\"thumb_url\":\"\",\"title\":\"Els nois d'Hist\u00f2ria\",\"description\":\"Els nois d'Hist\u00f2ria\",\"copyright\":\"\",\"order\":-1},{\"localizer\":\"VERS_PORTADA_TEATRE\",\"url\":\"media\/obraporttea\/3106A\/01_017_00002931\/nois_flash01.jpg\",\"thumb_url\":\"\",\"title\":\"Els nois d'Hist\u00f2ria\",\"description\":\"Els nois d'Hist\u00f2ria\",\"copyright\":\"\",\"order\":-1}]","material__texto_intro":"","data_material":null,"data_gallery":"","data_discounts":"[{\"InfoAddicional\":\"<p><strong>Tarifa especial:<\/strong> mayores de 65 a\u00f1os, menores de 14 a\u00f1os, Club Tr3sC&nbsp;y Carnet Joven.<br \/><strong><br \/>Descuentos a grupos y escuelas<\/strong><br \/>Tel. 93 309 70 04<br \/><\/p>\",\"Url\":\"http:\/\/www.promentrada.com\",\"Codi\":\"0\",\"LogoUrl\":\"\"}]","contract_is_open":false,"in_tour":false},"yoast_head":"<!-- This site is optimized with the Yoast SEO plugin v27.5 - https:\/\/yoast.com\/product\/yoast-seo-wordpress\/ -->\n<title>Els nois d&#039;hist\u00f2ria - Teatre Goya<\/title>\n<meta name=\"robots\" content=\"index, follow, max-snippet:-1, max-image-preview:large, max-video-preview:-1\" \/>\n<link rel=\"canonical\" href=\"https:\/\/www.teatregoya.cat\/es\/ex\/els-nois-dhistoria\/\" \/>\n<script type=\"application\/ld+json\" class=\"yoast-schema-graph\">{\"@context\":\"https:\\\/\\\/schema.org\",\"@graph\":[{\"@type\":\"WebPage\",\"@id\":\"https:\\\/\\\/www.teatregoya.cat\\\/es\\\/ex\\\/els-nois-dhistoria\\\/\",\"url\":\"https:\\\/\\\/www.teatregoya.cat\\\/es\\\/ex\\\/els-nois-dhistoria\\\/\",\"name\":\"Els nois d'hist\u00f2ria - Teatre Goya\",\"isPartOf\":{\"@id\":\"https:\\\/\\\/www.teatregoya.cat\\\/es\\\/#website\"},\"datePublished\":\"2017-09-19T06:36:22+00:00\",\"dateModified\":\"2023-04-24T09:43:58+00:00\",\"breadcrumb\":{\"@id\":\"https:\\\/\\\/www.teatregoya.cat\\\/es\\\/ex\\\/els-nois-dhistoria\\\/#breadcrumb\"},\"inLanguage\":\"es\",\"potentialAction\":[{\"@type\":\"ReadAction\",\"target\":[\"https:\\\/\\\/www.teatregoya.cat\\\/es\\\/ex\\\/els-nois-dhistoria\\\/\"]}]},{\"@type\":\"BreadcrumbList\",\"@id\":\"https:\\\/\\\/www.teatregoya.cat\\\/es\\\/ex\\\/els-nois-dhistoria\\\/#breadcrumb\",\"itemListElement\":[{\"@type\":\"ListItem\",\"position\":1,\"name\":\"Home\",\"item\":\"https:\\\/\\\/www.teatregoya.cat\\\/es\\\/\"},{\"@type\":\"ListItem\",\"position\":2,\"name\":\"Espectacles\",\"item\":\"https:\\\/\\\/www.teatregoya.cat\\\/es\\\/ex\\\/\"},{\"@type\":\"ListItem\",\"position\":3,\"name\":\"Els nois d&#8217;hist\u00f2ria\"}]},{\"@type\":\"WebSite\",\"@id\":\"https:\\\/\\\/www.teatregoya.cat\\\/es\\\/#website\",\"url\":\"https:\\\/\\\/www.teatregoya.cat\\\/es\\\/\",\"name\":\"Teatre Goya\",\"description\":\"\",\"publisher\":{\"@id\":\"https:\\\/\\\/www.teatregoya.cat\\\/es\\\/#organization\"},\"potentialAction\":[{\"@type\":\"SearchAction\",\"target\":{\"@type\":\"EntryPoint\",\"urlTemplate\":\"https:\\\/\\\/www.teatregoya.cat\\\/es\\\/?s={search_term_string}\"},\"query-input\":{\"@type\":\"PropertyValueSpecification\",\"valueRequired\":true,\"valueName\":\"search_term_string\"}}],\"inLanguage\":\"es\"},{\"@type\":\"Organization\",\"@id\":\"https:\\\/\\\/www.teatregoya.cat\\\/es\\\/#organization\",\"name\":\"Teatre Goya\",\"url\":\"https:\\\/\\\/www.teatregoya.cat\\\/es\\\/\",\"logo\":{\"@type\":\"ImageObject\",\"inLanguage\":\"es\",\"@id\":\"https:\\\/\\\/www.teatregoya.cat\\\/es\\\/#\\\/schema\\\/logo\\\/image\\\/\",\"url\":\"https:\\\/\\\/www.teatregoya.cat\\\/wp-content\\\/uploads\\\/sites\\\/4\\\/2017\\\/09\\\/teatre-goya-logo.svg\",\"contentUrl\":\"https:\\\/\\\/www.teatregoya.cat\\\/wp-content\\\/uploads\\\/sites\\\/4\\\/2017\\\/09\\\/teatre-goya-logo.svg\",\"width\":1,\"height\":1,\"caption\":\"Teatre Goya\"},\"image\":{\"@id\":\"https:\\\/\\\/www.teatregoya.cat\\\/es\\\/#\\\/schema\\\/logo\\\/image\\\/\"},\"sameAs\":[\"http:\\\/\\\/www.facebook.com\\\/TeatreGoya\",\"https:\\\/\\\/x.com\\\/Teatre_Goya\",\"http:\\\/\\\/instagram.com\\\/teatre_goya\",\"http:\\\/\\\/www.youtube.com\\\/user\\\/TeatreGoya\"]}]}<\/script>\n<!-- \/ Yoast SEO plugin. -->","yoast_head_json":{"title":"Els nois d'hist\u00f2ria - Teatre Goya","robots":{"index":"index","follow":"follow","max-snippet":"max-snippet:-1","max-image-preview":"max-image-preview:large","max-video-preview":"max-video-preview:-1"},"canonical":"https:\/\/www.teatregoya.cat\/es\/ex\/els-nois-dhistoria\/","schema":{"@context":"https:\/\/schema.org","@graph":[{"@type":"WebPage","@id":"https:\/\/www.teatregoya.cat\/es\/ex\/els-nois-dhistoria\/","url":"https:\/\/www.teatregoya.cat\/es\/ex\/els-nois-dhistoria\/","name":"Els nois d'hist\u00f2ria - Teatre Goya","isPartOf":{"@id":"https:\/\/www.teatregoya.cat\/es\/#website"},"datePublished":"2017-09-19T06:36:22+00:00","dateModified":"2023-04-24T09:43:58+00:00","breadcrumb":{"@id":"https:\/\/www.teatregoya.cat\/es\/ex\/els-nois-dhistoria\/#breadcrumb"},"inLanguage":"es","potentialAction":[{"@type":"ReadAction","target":["https:\/\/www.teatregoya.cat\/es\/ex\/els-nois-dhistoria\/"]}]},{"@type":"BreadcrumbList","@id":"https:\/\/www.teatregoya.cat\/es\/ex\/els-nois-dhistoria\/#breadcrumb","itemListElement":[{"@type":"ListItem","position":1,"name":"Home","item":"https:\/\/www.teatregoya.cat\/es\/"},{"@type":"ListItem","position":2,"name":"Espectacles","item":"https:\/\/www.teatregoya.cat\/es\/ex\/"},{"@type":"ListItem","position":3,"name":"Els nois d&#8217;hist\u00f2ria"}]},{"@type":"WebSite","@id":"https:\/\/www.teatregoya.cat\/es\/#website","url":"https:\/\/www.teatregoya.cat\/es\/","name":"Teatre Goya","description":"","publisher":{"@id":"https:\/\/www.teatregoya.cat\/es\/#organization"},"potentialAction":[{"@type":"SearchAction","target":{"@type":"EntryPoint","urlTemplate":"https:\/\/www.teatregoya.cat\/es\/?s={search_term_string}"},"query-input":{"@type":"PropertyValueSpecification","valueRequired":true,"valueName":"search_term_string"}}],"inLanguage":"es"},{"@type":"Organization","@id":"https:\/\/www.teatregoya.cat\/es\/#organization","name":"Teatre Goya","url":"https:\/\/www.teatregoya.cat\/es\/","logo":{"@type":"ImageObject","inLanguage":"es","@id":"https:\/\/www.teatregoya.cat\/es\/#\/schema\/logo\/image\/","url":"https:\/\/www.teatregoya.cat\/wp-content\/uploads\/sites\/4\/2017\/09\/teatre-goya-logo.svg","contentUrl":"https:\/\/www.teatregoya.cat\/wp-content\/uploads\/sites\/4\/2017\/09\/teatre-goya-logo.svg","width":1,"height":1,"caption":"Teatre Goya"},"image":{"@id":"https:\/\/www.teatregoya.cat\/es\/#\/schema\/logo\/image\/"},"sameAs":["http:\/\/www.facebook.com\/TeatreGoya","https:\/\/x.com\/Teatre_Goya","http:\/\/instagram.com\/teatre_goya","http:\/\/www.youtube.com\/user\/TeatreGoya"]}]}},"translations":[{"id":2538,"locale":"ca"},{"id":2655,"locale":"es"}],"_links":{"self":[{"href":"https:\/\/www.teatregoya.cat\/es\/wp-json\/wp\/v2\/ex\/2655","targetHints":{"allow":["GET"]}}],"collection":[{"href":"https:\/\/www.teatregoya.cat\/es\/wp-json\/wp\/v2\/ex"}],"about":[{"href":"https:\/\/www.teatregoya.cat\/es\/wp-json\/wp\/v2\/types\/ex"}],"author":[{"embeddable":true,"href":"https:\/\/www.teatregoya.cat\/es\/wp-json\/wp\/v2\/users\/2"}],"replies":[{"embeddable":true,"href":"https:\/\/www.teatregoya.cat\/es\/wp-json\/wp\/v2\/comments?post=2655"}],"acf:term":[{"embeddable":true,"taxonomy":"season","href":"https:\/\/www.teatregoya.cat\/es\/wp-json\/wp\/v2\/season\/81"}],"wp:attachment":[{"href":"https:\/\/www.teatregoya.cat\/es\/wp-json\/wp\/v2\/media?parent=2655"}],"curies":[{"name":"wp","href":"https:\/\/api.w.org\/{rel}","templated":true}]}}