{"id":3504,"date":"2023-08-16T12:50:57","date_gmt":"2023-08-16T10:50:57","guid":{"rendered":"https:\/\/www.teatregoya.cat\/?page_id=3504"},"modified":"2025-12-16T12:56:19","modified_gmt":"2025-12-16T11:56:19","slug":"familiadeteatrerus","status":"publish","type":"page","link":"https:\/\/www.teatregoya.cat\/ca\/familiadeteatrerus\/","title":{"rendered":"Fam\u00edlia de teatrerus"},"content":{"rendered":"\n<div class=\"wp-block-cover alignfull has-custom-content-position is-position-bottom-left hero hero_01\" style=\"min-height:500px;aspect-ratio:unset;\"><img loading=\"lazy\" decoding=\"async\" width=\"1124\" height=\"492\" class=\"wp-block-cover__image-background wp-image-4201 size-large\" alt=\"\" src=\"https:\/\/www.teatregoya.cat\/wp-content\/uploads\/sites\/4\/2025\/07\/PORTADA-WEB_2_FAMILIADETR-1124x492.jpg\" style=\"object-position:91% 49%\" data-object-fit=\"cover\" data-object-position=\"91% 49%\" srcset=\"https:\/\/www.teatregoya.cat\/wp-content\/uploads\/sites\/4\/2025\/07\/PORTADA-WEB_2_FAMILIADETR-1124x492.jpg 1124w, https:\/\/www.teatregoya.cat\/wp-content\/uploads\/sites\/4\/2025\/07\/PORTADA-WEB_2_FAMILIADETR-300x131.jpg 300w, https:\/\/www.teatregoya.cat\/wp-content\/uploads\/sites\/4\/2025\/07\/PORTADA-WEB_2_FAMILIADETR-800x350.jpg 800w, https:\/\/www.teatregoya.cat\/wp-content\/uploads\/sites\/4\/2025\/07\/PORTADA-WEB_2_FAMILIADETR-1536x672.jpg 1536w, https:\/\/www.teatregoya.cat\/wp-content\/uploads\/sites\/4\/2025\/07\/PORTADA-WEB_2_FAMILIADETR-2048x896.jpg 2048w, https:\/\/www.teatregoya.cat\/wp-content\/uploads\/sites\/4\/2025\/07\/PORTADA-WEB_2_FAMILIADETR-1500x656.jpg 1500w\" sizes=\"auto, (max-width: 1124px) 100vw, 1124px\" \/><span aria-hidden=\"true\" class=\"wp-block-cover__background has-background-dim-40 has-background-dim wp-block-cover__gradient-background has-background-gradient has-diagonal-secondary-gradient-gradient-background\" style=\"background-color:#005f90\"><\/span><div class=\"wp-block-cover__inner-container is-layout-flow wp-block-cover-is-layout-flow\"><h1 style=\"text-transform:uppercase;\" class=\"has-text-align-center wp-block-post-title has-text-color has-background-color has-huge-font-size\">Fam\u00edlia de teatrerus<\/h1><\/div><\/div>\n\n\n\n<div class=\"wp-block-columns block-section is-layout-flex wp-container-core-columns-is-layout-66fad18a wp-block-columns-is-layout-flex\">\n<div class=\"wp-block-column is-layout-flow wp-block-column-is-layout-flow\">\n<h2 class=\"wp-block-heading has-x-large-font-size\">IMAGINAR<br><\/h2>\n\n\n\n<figure class=\"wp-block-embed is-type-video is-provider-youtube wp-block-embed-youtube wp-embed-aspect-16-9 wp-has-aspect-ratio\"><div class=\"wp-block-embed__wrapper\">\n<iframe loading=\"lazy\" title=\"FAM\u00cdLIA DE TEATRERUS | Temporada 25-26\" width=\"1200\" height=\"675\" src=\"https:\/\/www.youtube.com\/embed\/qovqzyEXrFQ?feature=oembed\" frameborder=\"0\" allow=\"accelerometer; autoplay; clipboard-write; encrypted-media; gyroscope; picture-in-picture; web-share\" referrerpolicy=\"strict-origin-when-cross-origin\" allowfullscreen><\/iframe>\n<\/div><\/figure>\n<\/div>\n\n\n\n<div class=\"wp-block-column is-layout-flow wp-block-column-is-layout-flow\">\n<p>Fam\u00edlia de Teatrerus presenta la nova programaci\u00f3 d\u2019espectacles familiars dels teatres Romea, Goya i Condal per a la temporada 2025-2026. Enguany, volem convidar-vos a deixar volar la ment amb una paraula que obre totes les portes: IMAGINAR.<\/p>\n\n\n\n<p>Imaginar mons nous, personatges impossibles, finals inesperats\u2026 per\u00f2 tamb\u00e9 imaginar-nos junts, infants i adults, compartint l\u2019aventura del teatre. Cada funci\u00f3 \u00e9s una finestra oberta a la fantasia, un viatge on la curiositat i la creativitat prenen el protagonisme, i on tot all\u00f2 que sembla impossible pot fer-se realitat damunt l\u2019escenari.<\/p>\n\n\n\n<p>Amb el lema IMAGINAR, us proposem una temporada per descobrir, somiar i deixar-se sorprendre. Espectacles que desperten la sensibilitat art\u00edstica, estimulen la reflexi\u00f3 i encenen l\u2019espurna de la imaginaci\u00f3, tant en els m\u00e9s petits com en els m\u00e9s grans.<\/p>\n\n\n\n<p>Aquest any, veniu a imaginar amb nosaltres. Perqu\u00e8 quan imaginem, tot \u00e9s possible, i tots ens tornem una mica m\u00e9s teatrerus.<\/p>\n\n\n\n<p>Us hi esperem, fam\u00edlies!<\/p>\n<\/div>\n<\/div>\n\n\n\n<div id=\"familia_de_teatrerus\" class=\"wp-block-group block-section hide_if_query_empty is-layout-constrained wp-block-group-is-layout-constrained\">\n<h2 class=\"wp-block-heading has-x-large-font-size\">Programaci\u00f3 familiar<\/h2>\n\n\n\n\n<div id=\"espectacle-query-block_8cdc867619fd7abdd89c2424da9a4936\" class=\"espectacle-query\">\n\n\n\n    <div class=\"grid espectacle-query__container row medium-up-3\">\n\n\n        \n        \n            <!-- pagination here -->\n\n            <!-- the loop -->\n            \n                \n<article class=\"grid-item dis_6 teatre_35 espectacle-query__item poster_item is_link disable-click-for-preview\">\n    <a href=\"https:\/\/www.teatregoya.cat\/ca\/ex\/el-fil-invisible\/\" class=\"image-container\">\n                                <img decoding=\"async\" src=\"https:\/\/vmanager.iseic.net\/media\/ver\/cartell\/v4\/316A6\/01_089_00057922\/Cartell-web-fil-invisible-goya.jpg\" alt=\"El fil invisible\">\n    <\/a>\n    <header>\n        <div class=\"title\"><a href=\"https:\/\/www.teatregoya.cat\/ca\/ex\/el-fil-invisible\/\" class=\"disable-click-for-preview\">El fil invisible<\/a><\/div>\n        <p class=\"description\"><\/p>\n        <p class=\"dates\">del 22 de desembre de 2025 a l&#8217;1 de mar\u00e7 de 2026<\/p>\n    <\/header>\n    <div class=\"button-group expanded small no-margin-bottom\">\n        <a href=\"https:\/\/www.teatregoya.cat\/ca\/ex\/el-fil-invisible\/\" class=\"button black hollow no-margin-bottom\">M\u00e9s informaci\u00f3<\/a>\n          <\/div>\n<\/article>\n\n            \n                \n<article class=\"grid-item dis_4 teatre_35 espectacle-query__item poster_item is_link disable-click-for-preview\">\n    <a href=\"https:\/\/www.teatregoya.cat\/ca\/ex\/pintamusica\/\" class=\"image-container\">\n                                <img decoding=\"async\" src=\"https:\/\/vmanager.iseic.net\/media\/ver\/cartell\/v4\/3170D\/01_089_00059198\/4-Cartell_web_720x1100.jpg\" alt=\"Pintam\u00fasica\">\n    <\/a>\n    <header>\n        <div class=\"title\"><a href=\"https:\/\/www.teatregoya.cat\/ca\/ex\/pintamusica\/\" class=\"disable-click-for-preview\">Pintam\u00fasica<\/a><\/div>\n        <p class=\"description\"><\/p>\n        <p class=\"dates\">de l&#8217;11 al 12 d&#8217;abril de 2026<\/p>\n    <\/header>\n    <div class=\"button-group expanded small no-margin-bottom\">\n        <a href=\"https:\/\/www.teatregoya.cat\/ca\/ex\/pintamusica\/\" class=\"button black hollow no-margin-bottom\">M\u00e9s informaci\u00f3<\/a>\n          <\/div>\n<\/article>\n\n                        <!-- end of the loop -->\n\n            <!-- pagination here -->\n\n            \n        \n\n    <\/div>\n\n<\/div>\n\n\n\n\n\n<\/div><\/div>\n\n\n\n<div class=\"wp-block-group block-cta global-v-spacing has-border-color has-primary-border-color has-background-background-color has-background is-content-justification-space-between is-nowrap is-layout-flex wp-container-core-group-is-layout-788807c1 wp-block-group-is-layout-flex\" style=\"border-width:1px;padding-top:40px;padding-right:50px;padding-bottom:40px;padding-left:50px\">\n<div class=\"wp-block-group is-vertical is-layout-flex wp-container-core-group-is-layout-634a1b30 wp-block-group-is-layout-flex\">\n<p class=\"overline\">Consulta La Programaci\u00f3 Escolar<\/p>\n\n\n\n<h2 class=\"wp-block-heading has-text-align-left has-primary-color has-text-color has-x-large-font-size\" style=\"text-transform:uppercase\"><strong>ESPAI EDUCATIU<\/strong><\/h2>\n<\/div>\n\n\n\n\n<a href=\"https:\/\/www.teatregoya.cat\/espai-educatiu\/\" target=\"_self\" id=\"button-block_0436559f5648d009895209d24f387d5c\" class=\"button default default default\">\nM\u00e9s informaci\u00f3\n\n<\/a><\/div>\n\n\n\n<div class=\"wp-block-group block-cta global-v-spacing has-background-background-color has-background is-nowrap is-layout-flex wp-container-core-group-is-layout-7eb11ed5 wp-block-group-is-layout-flex\" style=\"padding-top:40px;padding-right:0px;padding-bottom:40px;padding-left:0px\">\n<div class=\"wp-block-group is-vertical is-layout-flex wp-container-core-group-is-layout-634a1b30 wp-block-group-is-layout-flex\">\n<p class=\"overline\">Segueix-nos<\/p>\n\n\n\n<ul class=\"wp-block-social-links has-visible-labels has-icon-background-color is-style-pill-shape is-horizontal is-content-justification-left is-layout-flex wp-container-core-social-links-is-layout-b03a251d wp-block-social-links-is-layout-flex\"><li style=\"background-color:#000000;\" class=\"wp-social-link wp-social-link-facebook has-foreground-background-color wp-block-social-link\"><a rel=\"noopener nofollow\" target=\"_blank\" href=\"http:\/\/www.facebook.com\/RomeaIGoyaEnFamilia\" class=\"wp-block-social-link-anchor\"><svg width=\"24\" height=\"24\" viewBox=\"0 0 24 24\" version=\"1.1\" xmlns=\"http:\/\/www.w3.org\/2000\/svg\" aria-hidden=\"true\" focusable=\"false\"><path d=\"M12 2C6.5 2 2 6.5 2 12c0 5 3.7 9.1 8.4 9.9v-7H7.9V12h2.5V9.8c0-2.5 1.5-3.9 3.8-3.9 1.1 0 2.2.2 2.2.2v2.5h-1.3c-1.2 0-1.6.8-1.6 1.6V12h2.8l-.4 2.9h-2.3v7C18.3 21.1 22 17 22 12c0-5.5-4.5-10-10-10z\"><\/path><\/svg><span class=\"wp-block-social-link-label\">Facebook<\/span><\/a><\/li>\n\n<li style=\"background-color:#000000;\" class=\"wp-social-link wp-social-link-bluesky has-foreground-background-color wp-block-social-link\"><a rel=\"noopener nofollow\" target=\"_blank\" href=\"https:\/\/bsky.app\/profile\/romeagoyafamilia.bsky.social\" class=\"wp-block-social-link-anchor\"><svg width=\"24\" height=\"24\" viewBox=\"0 0 24 24\" version=\"1.1\" xmlns=\"http:\/\/www.w3.org\/2000\/svg\" aria-hidden=\"true\" focusable=\"false\"><path d=\"M6.3,4.2c2.3,1.7,4.8,5.3,5.7,7.2.9-1.9,3.4-5.4,5.7-7.2,1.7-1.3,4.3-2.2,4.3.9s-.4,5.2-.6,5.9c-.7,2.6-3.3,3.2-5.6,2.8,4,.7,5.1,3,2.9,5.3-5,5.2-6.7-2.8-6.7-2.8,0,0-1.7,8-6.7,2.8-2.2-2.3-1.2-4.6,2.9-5.3-2.3.4-4.9-.3-5.6-2.8-.2-.7-.6-5.3-.6-5.9,0-3.1,2.7-2.1,4.3-.9h0Z\"><\/path><\/svg><span class=\"wp-block-social-link-label\">Bluesky<\/span><\/a><\/li>\n\n<li style=\"background-color:#000000;\" class=\"wp-social-link wp-social-link-instagram has-foreground-background-color wp-block-social-link\"><a rel=\"noopener nofollow\" target=\"_blank\" href=\"http:\/\/instagram.com\/romeaigoyaenfamilia\" class=\"wp-block-social-link-anchor\"><svg width=\"24\" height=\"24\" viewBox=\"0 0 24 24\" version=\"1.1\" xmlns=\"http:\/\/www.w3.org\/2000\/svg\" aria-hidden=\"true\" focusable=\"false\"><path d=\"M12,4.622c2.403,0,2.688,0.009,3.637,0.052c0.877,0.04,1.354,0.187,1.671,0.31c0.42,0.163,0.72,0.358,1.035,0.673 c0.315,0.315,0.51,0.615,0.673,1.035c0.123,0.317,0.27,0.794,0.31,1.671c0.043,0.949,0.052,1.234,0.052,3.637 s-0.009,2.688-0.052,3.637c-0.04,0.877-0.187,1.354-0.31,1.671c-0.163,0.42-0.358,0.72-0.673,1.035 c-0.315,0.315-0.615,0.51-1.035,0.673c-0.317,0.123-0.794,0.27-1.671,0.31c-0.949,0.043-1.233,0.052-3.637,0.052 s-2.688-0.009-3.637-0.052c-0.877-0.04-1.354-0.187-1.671-0.31c-0.42-0.163-0.72-0.358-1.035-0.673 c-0.315-0.315-0.51-0.615-0.673-1.035c-0.123-0.317-0.27-0.794-0.31-1.671C4.631,14.688,4.622,14.403,4.622,12 s0.009-2.688,0.052-3.637c0.04-0.877,0.187-1.354,0.31-1.671c0.163-0.42,0.358-0.72,0.673-1.035 c0.315-0.315,0.615-0.51,1.035-0.673c0.317-0.123,0.794-0.27,1.671-0.31C9.312,4.631,9.597,4.622,12,4.622 M12,3 C9.556,3,9.249,3.01,8.289,3.054C7.331,3.098,6.677,3.25,6.105,3.472C5.513,3.702,5.011,4.01,4.511,4.511 c-0.5,0.5-0.808,1.002-1.038,1.594C3.25,6.677,3.098,7.331,3.054,8.289C3.01,9.249,3,9.556,3,12c0,2.444,0.01,2.751,0.054,3.711 c0.044,0.958,0.196,1.612,0.418,2.185c0.23,0.592,0.538,1.094,1.038,1.594c0.5,0.5,1.002,0.808,1.594,1.038 c0.572,0.222,1.227,0.375,2.185,0.418C9.249,20.99,9.556,21,12,21s2.751-0.01,3.711-0.054c0.958-0.044,1.612-0.196,2.185-0.418 c0.592-0.23,1.094-0.538,1.594-1.038c0.5-0.5,0.808-1.002,1.038-1.594c0.222-0.572,0.375-1.227,0.418-2.185 C20.99,14.751,21,14.444,21,12s-0.01-2.751-0.054-3.711c-0.044-0.958-0.196-1.612-0.418-2.185c-0.23-0.592-0.538-1.094-1.038-1.594 c-0.5-0.5-1.002-0.808-1.594-1.038c-0.572-0.222-1.227-0.375-2.185-0.418C14.751,3.01,14.444,3,12,3L12,3z M12,7.378 c-2.552,0-4.622,2.069-4.622,4.622S9.448,16.622,12,16.622s4.622-2.069,4.622-4.622S14.552,7.378,12,7.378z M12,15 c-1.657,0-3-1.343-3-3s1.343-3,3-3s3,1.343,3,3S13.657,15,12,15z M16.804,6.116c-0.596,0-1.08,0.484-1.08,1.08 s0.484,1.08,1.08,1.08c0.596,0,1.08-0.484,1.08-1.08S17.401,6.116,16.804,6.116z\"><\/path><\/svg><span class=\"wp-block-social-link-label\">Instagram<\/span><\/a><\/li><\/ul>\n<\/div>\n<\/div>\n","protected":false},"excerpt":{"rendered":"<p>IMAGINAR Fam\u00edlia de Teatrerus presenta la nova programaci\u00f3 d\u2019espectacles familiars dels teatres Romea, Goya i Condal per a la temporada 2025-2026. Enguany, volem convidar-vos a deixar volar la ment amb una paraula que obre totes les portes: IMAGINAR. Imaginar mons nous, personatges impossibles, finals inesperats\u2026 per\u00f2 tamb\u00e9 imaginar-nos junts, infants i adults, compartint l\u2019aventura del<a class=\"excerpt-read-more\" href=\"https:\/\/www.teatregoya.cat\/ca\/familiadeteatrerus\/\" title=\"LlegeixFam\u00edlia de teatrerus\"> &#8230; Llegeix m\u00e9s<\/a><\/p>\n","protected":false},"author":3,"featured_media":0,"parent":0,"menu_order":0,"comment_status":"closed","ping_status":"closed","template":"","meta":{"_acf_changed":false,"footnotes":""},"class_list":["post-3504","page","type-page","status-publish","hentry"],"acf":{"page_description":""},"yoast_head":"<!-- This site is optimized with the Yoast SEO plugin v27.5 - https:\/\/yoast.com\/product\/yoast-seo-wordpress\/ -->\n<title>Fam\u00edlia de teatrerus - Teatre Goya<\/title>\n<meta name=\"robots\" content=\"index, follow, max-snippet:-1, max-image-preview:large, max-video-preview:-1\" \/>\n<link rel=\"canonical\" href=\"https:\/\/www.teatregoya.cat\/ca\/familiadeteatrerus\/\" \/>\n<meta name=\"twitter:label1\" content=\"Temps estimat de lectura\" \/>\n\t<meta name=\"twitter:data1\" content=\"2 minuts\" \/>\n<script type=\"application\/ld+json\" class=\"yoast-schema-graph\">{\"@context\":\"https:\\\/\\\/schema.org\",\"@graph\":[{\"@type\":\"WebPage\",\"@id\":\"https:\\\/\\\/www.teatregoya.cat\\\/ca\\\/familiadeteatrerus\\\/\",\"url\":\"https:\\\/\\\/www.teatregoya.cat\\\/ca\\\/familiadeteatrerus\\\/\",\"name\":\"Fam\u00edlia de teatrerus - Teatre Goya\",\"isPartOf\":{\"@id\":\"https:\\\/\\\/www.teatregoya.cat\\\/ca\\\/#website\"},\"primaryImageOfPage\":{\"@id\":\"https:\\\/\\\/www.teatregoya.cat\\\/ca\\\/familiadeteatrerus\\\/#primaryimage\"},\"image\":{\"@id\":\"https:\\\/\\\/www.teatregoya.cat\\\/ca\\\/familiadeteatrerus\\\/#primaryimage\"},\"thumbnailUrl\":\"https:\\\/\\\/www.teatregoya.cat\\\/wp-content\\\/uploads\\\/sites\\\/4\\\/2025\\\/07\\\/PORTADA-WEB_2_FAMILIADETR-1124x492.jpg\",\"datePublished\":\"2023-08-16T10:50:57+00:00\",\"dateModified\":\"2025-12-16T11:56:19+00:00\",\"breadcrumb\":{\"@id\":\"https:\\\/\\\/www.teatregoya.cat\\\/ca\\\/familiadeteatrerus\\\/#breadcrumb\"},\"inLanguage\":\"ca\",\"potentialAction\":[{\"@type\":\"ReadAction\",\"target\":[\"https:\\\/\\\/www.teatregoya.cat\\\/ca\\\/familiadeteatrerus\\\/\"]}]},{\"@type\":\"ImageObject\",\"inLanguage\":\"ca\",\"@id\":\"https:\\\/\\\/www.teatregoya.cat\\\/ca\\\/familiadeteatrerus\\\/#primaryimage\",\"url\":\"https:\\\/\\\/www.teatregoya.cat\\\/wp-content\\\/uploads\\\/sites\\\/4\\\/2025\\\/07\\\/PORTADA-WEB_2_FAMILIADETR-1124x492.jpg\",\"contentUrl\":\"https:\\\/\\\/www.teatregoya.cat\\\/wp-content\\\/uploads\\\/sites\\\/4\\\/2025\\\/07\\\/PORTADA-WEB_2_FAMILIADETR-1124x492.jpg\"},{\"@type\":\"BreadcrumbList\",\"@id\":\"https:\\\/\\\/www.teatregoya.cat\\\/ca\\\/familiadeteatrerus\\\/#breadcrumb\",\"itemListElement\":[{\"@type\":\"ListItem\",\"position\":1,\"name\":\"Home\",\"item\":\"https:\\\/\\\/www.teatregoya.cat\\\/ca\\\/\"},{\"@type\":\"ListItem\",\"position\":2,\"name\":\"Fam\u00edlia de teatrerus\"}]},{\"@type\":\"WebSite\",\"@id\":\"https:\\\/\\\/www.teatregoya.cat\\\/ca\\\/#website\",\"url\":\"https:\\\/\\\/www.teatregoya.cat\\\/ca\\\/\",\"name\":\"Teatre Goya\",\"description\":\"\",\"publisher\":{\"@id\":\"https:\\\/\\\/www.teatregoya.cat\\\/ca\\\/#organization\"},\"potentialAction\":[{\"@type\":\"SearchAction\",\"target\":{\"@type\":\"EntryPoint\",\"urlTemplate\":\"https:\\\/\\\/www.teatregoya.cat\\\/ca\\\/?s={search_term_string}\"},\"query-input\":{\"@type\":\"PropertyValueSpecification\",\"valueRequired\":true,\"valueName\":\"search_term_string\"}}],\"inLanguage\":\"ca\"},{\"@type\":\"Organization\",\"@id\":\"https:\\\/\\\/www.teatregoya.cat\\\/ca\\\/#organization\",\"name\":\"Teatre Goya\",\"url\":\"https:\\\/\\\/www.teatregoya.cat\\\/ca\\\/\",\"logo\":{\"@type\":\"ImageObject\",\"inLanguage\":\"ca\",\"@id\":\"https:\\\/\\\/www.teatregoya.cat\\\/ca\\\/#\\\/schema\\\/logo\\\/image\\\/\",\"url\":\"https:\\\/\\\/www.teatregoya.cat\\\/wp-content\\\/uploads\\\/sites\\\/4\\\/2017\\\/09\\\/teatre-goya-logo.svg\",\"contentUrl\":\"https:\\\/\\\/www.teatregoya.cat\\\/wp-content\\\/uploads\\\/sites\\\/4\\\/2017\\\/09\\\/teatre-goya-logo.svg\",\"width\":1,\"height\":1,\"caption\":\"Teatre Goya\"},\"image\":{\"@id\":\"https:\\\/\\\/www.teatregoya.cat\\\/ca\\\/#\\\/schema\\\/logo\\\/image\\\/\"},\"sameAs\":[\"http:\\\/\\\/www.facebook.com\\\/TeatreGoya\",\"https:\\\/\\\/x.com\\\/Teatre_Goya\",\"http:\\\/\\\/instagram.com\\\/teatre_goya\",\"http:\\\/\\\/www.youtube.com\\\/user\\\/TeatreGoya\"]}]}<\/script>\n<!-- \/ Yoast SEO plugin. -->","yoast_head_json":{"title":"Fam\u00edlia de teatrerus - Teatre Goya","robots":{"index":"index","follow":"follow","max-snippet":"max-snippet:-1","max-image-preview":"max-image-preview:large","max-video-preview":"max-video-preview:-1"},"canonical":"https:\/\/www.teatregoya.cat\/ca\/familiadeteatrerus\/","twitter_misc":{"Temps estimat de lectura":"2 minuts"},"schema":{"@context":"https:\/\/schema.org","@graph":[{"@type":"WebPage","@id":"https:\/\/www.teatregoya.cat\/ca\/familiadeteatrerus\/","url":"https:\/\/www.teatregoya.cat\/ca\/familiadeteatrerus\/","name":"Fam\u00edlia de teatrerus - Teatre Goya","isPartOf":{"@id":"https:\/\/www.teatregoya.cat\/ca\/#website"},"primaryImageOfPage":{"@id":"https:\/\/www.teatregoya.cat\/ca\/familiadeteatrerus\/#primaryimage"},"image":{"@id":"https:\/\/www.teatregoya.cat\/ca\/familiadeteatrerus\/#primaryimage"},"thumbnailUrl":"https:\/\/www.teatregoya.cat\/wp-content\/uploads\/sites\/4\/2025\/07\/PORTADA-WEB_2_FAMILIADETR-1124x492.jpg","datePublished":"2023-08-16T10:50:57+00:00","dateModified":"2025-12-16T11:56:19+00:00","breadcrumb":{"@id":"https:\/\/www.teatregoya.cat\/ca\/familiadeteatrerus\/#breadcrumb"},"inLanguage":"ca","potentialAction":[{"@type":"ReadAction","target":["https:\/\/www.teatregoya.cat\/ca\/familiadeteatrerus\/"]}]},{"@type":"ImageObject","inLanguage":"ca","@id":"https:\/\/www.teatregoya.cat\/ca\/familiadeteatrerus\/#primaryimage","url":"https:\/\/www.teatregoya.cat\/wp-content\/uploads\/sites\/4\/2025\/07\/PORTADA-WEB_2_FAMILIADETR-1124x492.jpg","contentUrl":"https:\/\/www.teatregoya.cat\/wp-content\/uploads\/sites\/4\/2025\/07\/PORTADA-WEB_2_FAMILIADETR-1124x492.jpg"},{"@type":"BreadcrumbList","@id":"https:\/\/www.teatregoya.cat\/ca\/familiadeteatrerus\/#breadcrumb","itemListElement":[{"@type":"ListItem","position":1,"name":"Home","item":"https:\/\/www.teatregoya.cat\/ca\/"},{"@type":"ListItem","position":2,"name":"Fam\u00edlia de teatrerus"}]},{"@type":"WebSite","@id":"https:\/\/www.teatregoya.cat\/ca\/#website","url":"https:\/\/www.teatregoya.cat\/ca\/","name":"Teatre Goya","description":"","publisher":{"@id":"https:\/\/www.teatregoya.cat\/ca\/#organization"},"potentialAction":[{"@type":"SearchAction","target":{"@type":"EntryPoint","urlTemplate":"https:\/\/www.teatregoya.cat\/ca\/?s={search_term_string}"},"query-input":{"@type":"PropertyValueSpecification","valueRequired":true,"valueName":"search_term_string"}}],"inLanguage":"ca"},{"@type":"Organization","@id":"https:\/\/www.teatregoya.cat\/ca\/#organization","name":"Teatre Goya","url":"https:\/\/www.teatregoya.cat\/ca\/","logo":{"@type":"ImageObject","inLanguage":"ca","@id":"https:\/\/www.teatregoya.cat\/ca\/#\/schema\/logo\/image\/","url":"https:\/\/www.teatregoya.cat\/wp-content\/uploads\/sites\/4\/2017\/09\/teatre-goya-logo.svg","contentUrl":"https:\/\/www.teatregoya.cat\/wp-content\/uploads\/sites\/4\/2017\/09\/teatre-goya-logo.svg","width":1,"height":1,"caption":"Teatre Goya"},"image":{"@id":"https:\/\/www.teatregoya.cat\/ca\/#\/schema\/logo\/image\/"},"sameAs":["http:\/\/www.facebook.com\/TeatreGoya","https:\/\/x.com\/Teatre_Goya","http:\/\/instagram.com\/teatre_goya","http:\/\/www.youtube.com\/user\/TeatreGoya"]}]}},"_links":{"self":[{"href":"https:\/\/www.teatregoya.cat\/ca\/wp-json\/wp\/v2\/pages\/3504","targetHints":{"allow":["GET"]}}],"collection":[{"href":"https:\/\/www.teatregoya.cat\/ca\/wp-json\/wp\/v2\/pages"}],"about":[{"href":"https:\/\/www.teatregoya.cat\/ca\/wp-json\/wp\/v2\/types\/page"}],"author":[{"embeddable":true,"href":"https:\/\/www.teatregoya.cat\/ca\/wp-json\/wp\/v2\/users\/3"}],"replies":[{"embeddable":true,"href":"https:\/\/www.teatregoya.cat\/ca\/wp-json\/wp\/v2\/comments?post=3504"}],"version-history":[{"count":0,"href":"https:\/\/www.teatregoya.cat\/ca\/wp-json\/wp\/v2\/pages\/3504\/revisions"}],"wp:attachment":[{"href":"https:\/\/www.teatregoya.cat\/ca\/wp-json\/wp\/v2\/media?parent=3504"}],"curies":[{"name":"wp","href":"https:\/\/api.w.org\/{rel}","templated":true}]}}