{"id":22,"date":"2017-09-19T08:48:56","date_gmt":"2017-09-19T07:48:56","guid":{"rendered":"http:\/\/www.teatregoya.cat\/?page_id=22"},"modified":"2025-08-22T12:21:54","modified_gmt":"2025-08-22T10:21:54","slug":"el-teatre","status":"publish","type":"page","link":"https:\/\/www.teatregoya.cat\/ca\/el-teatre\/","title":{"rendered":"El teatre"},"content":{"rendered":"\n<div class=\"wp-block-cover alignfull has-custom-content-position is-position-bottom-left hero hero_01\" style=\"min-height:500px;aspect-ratio:unset;\"><img loading=\"lazy\" decoding=\"async\" width=\"2048\" height=\"1363\" class=\"wp-block-cover__image-background wp-image-4077\" alt=\"\" src=\"https:\/\/www.teatregoya.cat\/wp-content\/uploads\/sites\/4\/2025\/02\/32_Teatre-Goya_\u00a9StudioRuano_240605-6334_w.jpg\" style=\"object-position:51% 68%\" data-object-fit=\"cover\" data-object-position=\"51% 68%\" srcset=\"https:\/\/www.teatregoya.cat\/wp-content\/uploads\/sites\/4\/2025\/02\/32_Teatre-Goya_\u00a9StudioRuano_240605-6334_w.jpg 2048w, https:\/\/www.teatregoya.cat\/wp-content\/uploads\/sites\/4\/2025\/02\/32_Teatre-Goya_\u00a9StudioRuano_240605-6334_w-300x200.jpg 300w, https:\/\/www.teatregoya.cat\/wp-content\/uploads\/sites\/4\/2025\/02\/32_Teatre-Goya_\u00a9StudioRuano_240605-6334_w-1124x748.jpg 1124w, https:\/\/www.teatregoya.cat\/wp-content\/uploads\/sites\/4\/2025\/02\/32_Teatre-Goya_\u00a9StudioRuano_240605-6334_w-800x532.jpg 800w, https:\/\/www.teatregoya.cat\/wp-content\/uploads\/sites\/4\/2025\/02\/32_Teatre-Goya_\u00a9StudioRuano_240605-6334_w-1536x1022.jpg 1536w, https:\/\/www.teatregoya.cat\/wp-content\/uploads\/sites\/4\/2025\/02\/32_Teatre-Goya_\u00a9StudioRuano_240605-6334_w-1500x998.jpg 1500w\" sizes=\"auto, (max-width: 2048px) 100vw, 2048px\" \/><span aria-hidden=\"true\" class=\"wp-block-cover__background has-background-dim-40 has-background-dim wp-block-cover__gradient-background has-background-gradient has-diagonal-secondary-gradient-gradient-background\" style=\"background-color:#3f3935\"><\/span><div class=\"wp-block-cover__inner-container is-layout-flow wp-block-cover-is-layout-flow\"><h1 style=\"text-transform:uppercase;\" class=\"has-text-align-center wp-block-post-title has-text-color has-background-color has-huge-font-size\">El teatre<\/h1><\/div><\/div>\n\n\n\n<div class=\"internal-nav-container\">\n\n<div data-sticky-container class=\" internal-nav \">  \n        <div class=\"sticky\" data-sticky data-top-anchor=\"intro:top\" data-btm-anchor=\"footer:bottom:bottom\" data-sticky-on=\"small\" data-margin-top=\"5\">\n\n\n\n<div id=\"internal-nav-block_c451ceaf2bef01366ffc00c46dac9f7f\" class=\"row expanded\">\n  <div class=\"columns \">          \n\n                <nav class=\"internal-nav right hide-on-init\" role=\"complementary\"><ul class=\"menu\" data-magellan data-offset=\"140\"><li class=\"menu-text\"><svg class=\"icon tiny\" viewBox=\"0 0 60 60\"><use xlink:href=\"#arrow-down-45\"><\/use><\/svg>                        <\/li><li><a href=\"#historia\">Hist\u00f2ria<\/a><\/li><li><a href=\"#gransteatrerus\">Grans Teatrerus<\/a><\/li><li><a href=\"#espais\">espais<\/a><\/li><li><a href=\"#oficina\">Oficina t\u00e8cnica<\/a><\/li><li><a href=\"#patrocinadors\">Patrocinadors<\/a><\/li><li><a href=\"#accessibilitat\">Accesibilitat<\/a><\/li><li><a href=\"#sostenibilitat\">Sostenibilitat<\/a><\/li><li><a href=\"#contacte\">Contacte<\/a><\/li><button id=\"internal-nav_close\" class=\"show-for-small-only\"><svg class=\"icon small white\" viewBox=\"0 0 60 60\"><use xlink:href=\"#chevron-down\"><\/use><\/svg><\/button><\/ul><\/nav>                \n            \n        \n  \n\n<\/div>\n<\/div>\n\n  <\/div> <!-- sticky -->\n<\/div> <!-- data-sticky-container -->\n\n<\/div> <!-- internal-nav-container -->\n\n\n<div id=\"intro\" class=\"wp-block-group block-section is-content-justification-center is-nowrap is-layout-flex wp-container-core-group-is-layout-23441af8 wp-block-group-is-layout-flex\">\n<div class=\"wp-block-columns is-layout-flex wp-container-core-columns-is-layout-28f84493 wp-block-columns-is-layout-flex\">\n<div class=\"wp-block-column is-layout-constrained wp-container-core-column-is-layout-6ec501fb wp-block-column-is-layout-constrained\">\n<p class=\"has-text-align-center has-medium-font-size\" id=\"intro\">Obres contempor\u00e0nies, amb la complicitat de reconeguts artistes de l\u2019\u00e0mbit nacional i <br>internacional, i amb una l\u00ednia de programaci\u00f3 b\u00e0sicament en catal\u00e0.<\/p>\n<\/div>\n<\/div>\n<\/div>\n\n\n\n<div id=\"historia\" class=\"wp-block-group block-section is-layout-constrained wp-container-core-group-is-layout-287b5a18 wp-block-group-is-layout-constrained\">\n<h2 class=\"wp-block-heading has-primary-color has-text-color has-xx-large-font-size\" style=\"text-transform:uppercase\">Hist\u00f2ria<\/h2>\n\n\n\n<p>Fundat el 1914, el<strong> Teatre Goya <\/strong>no comen\u00e7a la seva activitat teatral fins al 1916. Des d\u2019aleshores ha estat un espai representatiu de la ciutat de Barcelona. A m\u00e9s d\u2019exercir com a seu del Centre Aragon\u00e8s de Barcelona, com a teatre ha acollit primeres figures de l\u2019escena, de la categoria de Margarita Xirgu.<\/p>\n\n\n\n<p>En la darrera \u00e8poca, pel Goya han passat grans \u00e8xits de la cartellera barcelonina com els protagonitzats per Paco Mor\u00e1n, les germanes Guti\u00e9rrez Caba, N\u00faria Espert, Maria Jes\u00fas Vald\u00e9s, \u00c0ngels Gonyalons, Pepe Rubianes i un llarg etc\u00e8tera de grans professionals.<\/p>\n\n\n\n<p>La voluntat del Grup Focus de no permetre que es perdin els centres emblem\u00e0tics de creaci\u00f3 i difusi\u00f3 de la ciutat, l\u2019ha portat a lluitar per la recuperaci\u00f3 del <strong>Teatre Goya<\/strong>, un espai amb una forta personalitat que el 2004 va haver de tancar la seva activitat i que va estar a punt de desapar\u00e8ixer. Sota gesti\u00f3 del Grup Focus a partir de 2008, el Goya basa la seva programaci\u00f3 en un repertori obert i equilibrat, fent un \u00e8mfasi especial en la producci\u00f3 pr\u00f2pia i la col\u00b7laboraci\u00f3 entre artistes, companyies i institucions p\u00fabliques i privades.<\/p>\n\n\n\n<p>Sota la direcci\u00f3 art\u00edstica de Josep Maria Pou, des de 2008 fins al 2019, el<strong> Teatre Goya<\/strong> ha produ\u00eft i exhibit principalment peces teatrals de grans autors del segle XX i obres contempor\u00e0nies, amb la complicitat de reconeguts artistes de l\u2019\u00e0mbit nacional, estatal o mundial i amb una l\u00ednia de programaci\u00f3 b\u00e0sicament en catal\u00e0.<\/p>\n\n\n\n<p>Aquest espai col\u00b7labora des de fa anys amb festivals com Grec Festival de Barcelona, Temporada Alta o Festival de Teatre Cl\u00e0ssic de M\u00e8rida. En aquesta etapa comptem amb obres de l\u2019autoria m\u00e9s reconeguda i int\u00e8rprets de la talla d\u2019Emma Vilarasau, Joel Joan, M\u00edriam Iscla, N\u00faria Espert, Francesc Orella, \u00c0ngels Gonyalons, Pere Arquillu\u00e9, Merc\u00e8 Ar\u00e0nega, i el mateix Josep Maria Pou, entre d\u2019altres.<\/p>\n\n\n\n<p>El&nbsp;<strong>Teatre Goya&nbsp;<\/strong>rep el suport de les seg\u00fcents institucions: Generalitat de Catalunya (Departament de Cultura), ICEC (Institut Catal\u00e0 de les Empreses Culturals), Ajuntament de Barcelona (Institut de Cultura), INAEM (Gobierno de Espa\u00f1a, Ministerio de&nbsp;Cultura), Uni\u00f3 Europea (Fons Europeu Next Generation; Plan de Recuperaci\u00f3n, Transformaci\u00f3n y Resiliencia), Next Generation Catalunya.<\/p>\n<\/div>\n\n\n\n<div id=\"gransteatrerus\" class=\"wp-block-group block-section is-layout-constrained wp-block-group-is-layout-constrained\">\n<h2 class=\"wp-block-heading has-primary-color has-text-color has-xx-large-font-size\" style=\"text-transform:uppercase\">grans teatrerus<\/h2>\n\n\n\n<p>Projecte social del Grup Focus que pret\u00e9n contribuir a combatre la solitud no volunt\u00e0ria entre la gent gran i propiciar l\u2019envelliment actiu a trav\u00e9s del teatre i de la cultura.<\/p>\n\n\n\n<p>Volem recuperar com a espectadors als nostres \u201cgrans teatrerus\u201d que, per motius diversos, han deixat de ser p\u00fablics de teatre, a trav\u00e9s de vincles intergeneracionals amb joves, amb els quals compartir la seva passi\u00f3 i coneixement per les arts esc\u00e8niques.<\/p>\n\n\n\n<p>Durant la temporada 2023-24 es desenvolupar\u00e0 una prova pilot amb ve\u00efnes i ve\u00efns del barri del Raval de Barcelona, vinculada al Teatre Romea i al Teatre Goya.<\/p>\n\n\n\n\n<a href=\"https:\/\/www.focus.cat\/grans-teatrerus\/\" target=\"_blank\" id=\"button-block_8768a609adff879030a978b615f32213\" class=\"button alignright default default default\">\nM\u00e9s informaci\u00f3\n\n<\/a><\/div>\n\n\n\n<div id=\"espais\" class=\"wp-block-group block-section is-layout-constrained wp-container-core-group-is-layout-59711a16 wp-block-group-is-layout-constrained\" style=\"padding-top:var(--wp--preset--spacing--80)\">\n<h2 class=\"wp-block-heading has-primary-color has-text-color has-xx-large-font-size\" style=\"text-transform:uppercase\">Espais<\/h2>\n\n\n\n<div class=\"wp-block-group is-content-justification-left is-layout-constrained wp-container-core-group-is-layout-0e0a5664 wp-block-group-is-layout-constrained\">\n<p class=\"has-medium-font-size\">Les portes del Teatre Goya estan obertes al desenvolupament d\u2019esdeveniments empresarials, culturals o promocionals que busquin un entorn singular i amb valor afegit.<\/p>\n\n\n\n<div class=\"wp-block-group alignfull no-mobile-lateral-padding is-layout-flow wp-container-core-group-is-layout-b3ce9772 wp-block-group-is-layout-flow\" style=\"padding-top:0;padding-right:0;padding-bottom:0;padding-left:0\">\n<div class=\"wp-block-media-text alignwide has-media-on-the-right is-stacked-on-mobile is-vertically-aligned-center\" style=\"grid-template-columns:auto 49%\"><div class=\"wp-block-media-text__content\">\n<h2 class=\"wp-block-heading has-large-font-size\" id=\"fusce-porttitor-a-mi-at-suscipit-facilisis-dolo\"><strong>Caracter\u00edstiques<\/strong><\/h2>\n\n\n\n<p><strong>Aforament<\/strong><br>Total: 520<br><br><strong>Relaci\u00f3 p\u00fablic\/escena:<\/strong><br>Teatre amb distribuci\u00f3 de tipus \u201citaliana\u201d<\/p>\n\n\n\n<p><strong>\u00daltima reforma<\/strong><br>Any 2008<\/p>\n\n\n\n<p><strong>Arquitecte<\/strong><br>Barnadas Arquitectura<\/p>\n<\/div><figure class=\"wp-block-media-text__media\"><img loading=\"lazy\" decoding=\"async\" width=\"1124\" height=\"748\" src=\"https:\/\/www.teatregoya.cat\/wp-content\/uploads\/sites\/4\/2025\/02\/25_Teatre-Goya_\u00a9StudioRuano_240605-6313_w-1124x748.jpg\" alt=\"\" class=\"wp-image-4073 size-full\" srcset=\"https:\/\/www.teatregoya.cat\/wp-content\/uploads\/sites\/4\/2025\/02\/25_Teatre-Goya_\u00a9StudioRuano_240605-6313_w-1124x748.jpg 1124w, https:\/\/www.teatregoya.cat\/wp-content\/uploads\/sites\/4\/2025\/02\/25_Teatre-Goya_\u00a9StudioRuano_240605-6313_w-300x200.jpg 300w, https:\/\/www.teatregoya.cat\/wp-content\/uploads\/sites\/4\/2025\/02\/25_Teatre-Goya_\u00a9StudioRuano_240605-6313_w-800x532.jpg 800w, https:\/\/www.teatregoya.cat\/wp-content\/uploads\/sites\/4\/2025\/02\/25_Teatre-Goya_\u00a9StudioRuano_240605-6313_w-1536x1022.jpg 1536w, https:\/\/www.teatregoya.cat\/wp-content\/uploads\/sites\/4\/2025\/02\/25_Teatre-Goya_\u00a9StudioRuano_240605-6313_w-1500x998.jpg 1500w, https:\/\/www.teatregoya.cat\/wp-content\/uploads\/sites\/4\/2025\/02\/25_Teatre-Goya_\u00a9StudioRuano_240605-6313_w.jpg 2048w\" sizes=\"auto, (max-width: 1124px) 100vw, 1124px\" \/><\/figure><\/div>\n\n\n\n<div class=\"wp-block-media-text alignwide is-stacked-on-mobile is-vertically-aligned-center\" style=\"grid-template-columns:49% auto\"><figure class=\"wp-block-media-text__media\"><img loading=\"lazy\" decoding=\"async\" width=\"1124\" height=\"748\" src=\"https:\/\/www.teatregoya.cat\/wp-content\/uploads\/sites\/4\/2025\/02\/26_Teatre-Goya_\u00a9StudioRuano_240605-6319_w-1124x748.jpg\" alt=\"\" class=\"wp-image-4075 size-full\" srcset=\"https:\/\/www.teatregoya.cat\/wp-content\/uploads\/sites\/4\/2025\/02\/26_Teatre-Goya_\u00a9StudioRuano_240605-6319_w-1124x748.jpg 1124w, https:\/\/www.teatregoya.cat\/wp-content\/uploads\/sites\/4\/2025\/02\/26_Teatre-Goya_\u00a9StudioRuano_240605-6319_w-300x200.jpg 300w, https:\/\/www.teatregoya.cat\/wp-content\/uploads\/sites\/4\/2025\/02\/26_Teatre-Goya_\u00a9StudioRuano_240605-6319_w-800x532.jpg 800w, https:\/\/www.teatregoya.cat\/wp-content\/uploads\/sites\/4\/2025\/02\/26_Teatre-Goya_\u00a9StudioRuano_240605-6319_w-1536x1022.jpg 1536w, https:\/\/www.teatregoya.cat\/wp-content\/uploads\/sites\/4\/2025\/02\/26_Teatre-Goya_\u00a9StudioRuano_240605-6319_w-1500x998.jpg 1500w, https:\/\/www.teatregoya.cat\/wp-content\/uploads\/sites\/4\/2025\/02\/26_Teatre-Goya_\u00a9StudioRuano_240605-6319_w.jpg 2048w\" sizes=\"auto, (max-width: 1124px) 100vw, 1124px\" \/><\/figure><div class=\"wp-block-media-text__content\">\n<h2 class=\"wp-block-heading has-large-font-size\" id=\"fusce-porttitor-a-mi-at-suscipit-facilisis-dolo\">Dimensions de la sala<\/h2>\n\n\n\n<p>Ample m\u00e0xim: 18,20m<br><br>Fond\u00e0ria des de boca: 22,50m<br><br>Altura m\u00e0xima platea: 7,25m<br><br>Altura m\u00e0xima llotja: 3,35m<\/p>\n\n\n\n<h2 class=\"wp-block-heading has-large-font-size\" id=\"fusce-porttitor-a-mi-at-suscipit-facilisis-dolo\"><strong>Lloguer de l&#8217;espai<\/strong><\/h2>\n\n\n\n<p>Per a rebre m\u00e9s informaci\u00f3 sobre les caracter\u00edstiques de l\u2019espai, la disponibilitat de dates i les tarifes de lloguer podeu contactar amb:<\/p>\n\n\n\n<p><strong>Isabel Garc\u00eda<\/strong> <br>Tel. 93 309 75 38 <br><a href=\"mailto:igarcia@focus.cat\">igarcia@focus.cat<\/a><\/p>\n<\/div><\/div>\n\n\n\n<div class=\"wp-block-media-text alignwide has-media-on-the-right is-stacked-on-mobile is-vertically-aligned-center\" style=\"grid-template-columns:auto 49%\"><div class=\"wp-block-media-text__content\">\n<h2 class=\"wp-block-heading has-large-font-size\" id=\"fusce-porttitor-a-mi-at-suscipit-facilisis-dolo\">Serveis<\/h2>\n\n\n\n<p><strong>Cafeteria<\/strong><\/p>\n\n\n\n<p>El Teatre Goya disposa&nbsp;de servei de cafeteria amb acc\u00e9s directe des del vest\u00edbul del teatre. La cafeteria estar\u00e0 oberta des d&#8217;una hora abans del comen\u00e7ament de la representaci\u00f3 fins a l&#8217;inici de l&#8217;espectacle.<\/p>\n<\/div><figure class=\"wp-block-media-text__media\"><img loading=\"lazy\" decoding=\"async\" width=\"741\" height=\"360\" src=\"https:\/\/www.teatregoya.cat\/wp-content\/uploads\/sites\/4\/2023\/05\/TEATRE-GOYA-IMAGEN5-1.png\" alt=\"\" class=\"wp-image-3279 size-full\" srcset=\"https:\/\/www.teatregoya.cat\/wp-content\/uploads\/sites\/4\/2023\/05\/TEATRE-GOYA-IMAGEN5-1.png 741w, https:\/\/www.teatregoya.cat\/wp-content\/uploads\/sites\/4\/2023\/05\/TEATRE-GOYA-IMAGEN5-1-300x146.png 300w\" sizes=\"auto, (max-width: 741px) 100vw, 741px\" \/><\/figure><\/div>\n<\/div>\n<\/div>\n<\/div>\n\n\n\n<div id=\"oficina\" class=\"wp-block-group block-section is-layout-constrained wp-container-core-group-is-layout-9da16794 wp-block-group-is-layout-constrained\">\n<h2 class=\"wp-block-heading has-primary-color has-text-color has-xx-large-font-size\" style=\"text-transform:uppercase\">Oficina t\u00c8cnica<\/h2>\n\n\n\n<div class=\"wp-block-columns is-layout-flex wp-container-core-columns-is-layout-c4788e2e wp-block-columns-is-layout-flex\">\n<div class=\"wp-block-column is-layout-flow wp-block-column-is-layout-flow\">\n<p class=\"has-medium-font-size\">Si necessiteu informaci\u00f3 sobre les caracter\u00edstiques t\u00e8cniques del Teatre Goya podeu posar-vos en contacte amb l\u2019oficina t\u00e8cnica:<\/p>\n\n\n\n<div class=\"wp-block-group is-vertical is-layout-flex wp-container-core-group-is-layout-187baabe wp-block-group-is-layout-flex\">\n\n<a href=\"tel:933015504\" target=\"_self\" id=\"button-block_16614d5d0c3df90d115181995a8ec057\" class=\"button black default hollow add-icon-on-left\">\n93 343 53 23<svg class=\"icon\" viewBox=\"0 0 60 60\"><use xlink:href=\"#phone\"><\/use><\/svg>\n\n<\/a>\n\n\n\n<a href=\"https:\/\/www.teatregoya.cat\/wp-content\/uploads\/sites\/4\/2024\/02\/GOYA_dossier-tecnic-2024CAT-1.pdf\" target=\"_self\" id=\"button-block_03fdbe5229126db2c482f2ca3c074f15\" class=\"button black default default add-icon-on-left\">\nDescarregar fitxa t\u00e8cnica<svg class=\"icon\" viewBox=\"0 0 60 60\"><use xlink:href=\"#download\"><\/use><\/svg>\n\n<\/a><\/div>\n<\/div>\n\n\n\n<div class=\"wp-block-column is-layout-flow wp-block-column-is-layout-flow\">\n<div class=\"wp-block-group is-layout-constrained wp-container-core-group-is-layout-7fca5b48 wp-block-group-is-layout-constrained\">\n<h3 class=\"wp-block-heading\">Director de l\u2019oficina t\u00e8cnica<\/h3>\n\n\n\n<p>Moi Cuenca<br><a href=\"mailto:mcuenca@focus.cat\">mcuenca@focus.cat<\/a><br>Tel. 93 309 75 38<\/p>\n<\/div>\n\n\n\n<div class=\"wp-block-group is-layout-constrained wp-container-core-group-is-layout-7fca5b48 wp-block-group-is-layout-constrained\">\n<h3 class=\"wp-block-heading\">Cap t\u00e8cnic del teatre<\/h3>\n\n\n\n<p>Roger Mu\u00f1oz<br><a target=\"_blank\" rel=\"noreferrer noopener\">rmunoz@teatregoya.cat<\/a><\/p>\n<\/div>\n\n\n\n<div class=\"wp-block-group is-layout-constrained wp-container-core-group-is-layout-7fca5b48 wp-block-group-is-layout-constrained\"><\/div>\n<\/div>\n<\/div>\n<\/div>\n\n\n\n<div id=\"patrocinadors\" class=\"wp-block-group block-section is-layout-flow wp-block-group-is-layout-flow\">\n<h2 class=\"wp-block-heading has-primary-color has-text-color has-xx-large-font-size\" style=\"text-transform:uppercase\">Patrocinadors<\/h2>\n\n\n\n<h3 class=\"wp-block-heading\">FORMEU PART D\u2019UNA EMPRESA COMPROMESA AMB LA CULTURA?<\/h3>\n\n\n\n<p>El Teatre Goya ofereix la possibilitat de patrocinar el conjunt de la seva programaci\u00f3 anual o algun dels seus espectacles de manera individualitzada.<\/p>\n\n\n\n<p>D\u2019aquesta manera, les empreses poden associar la seva imatge corporativa a la traject\u00f2ria del teatre i alhora gaudir d\u2019un ampli programa de contraprestacions.<br>Per a m\u00e9s informaci\u00f3 i elaboraci\u00f3 d\u2019una proposta adequada a les vostres necessitats us podeu posar en contacte amb:<\/p>\n\n\n\n<p><strong>Fabyan Salvador<\/strong><br><a href=\"mailto:fsalvador@grupfocus.cat\">fsalvador@grupfocus.cat<\/a><br>Tel. 93 309 75 38<\/p>\n\n\n\n<h4 class=\"wp-block-heading\">Patrocinador principal<\/h4>\n\n\n\n<div id=\"logos-block_adc365e8f4084abd5c6b0edf392af9d7\" class=\"logos\">\n\n <div class=\"logos-clientes clearfix\">\n       \n            <div class=\"row align-left \">\n                                                              <a href=\"https:\/\/www.estrelladamm.com\/\" target=\"_blank\" class=\"no-external-link\">\n                                  <div class=\"logo-container\">\n                   \n                    <div class=\"caption\"><\/div>\n                    <img decoding=\"async\" class=\"\" src=\"https:\/\/www.teatregoya.cat\/wp-content\/uploads\/sites\/4\/2025\/08\/Manual_Estrella_page-0010-300x129.png\" alt=\"\">\n                <\/div>\n                                         <\/a>\n                                               <\/div>\n        \n    <\/div>\n    \n<\/div>\n\n\n<h4 class=\"wp-block-heading\">Empreses patrocinadores<\/h4>\n\n\n\n<div id=\"logos-block_5e54d36371cfd787442dec7ffdfd169f\" class=\"logos\">\n\n <div class=\"logos-clientes clearfix\">\n       \n            <div class=\"row align-left \">\n                                                              <a href=\"https:\/\/www.halconviajes.com\/\" target=\"_blank\" class=\"no-external-link\">\n                                  <div class=\"logo-container\">\n                   \n                    <div class=\"caption\"><\/div>\n                    <img decoding=\"async\" class=\"\" src=\"https:\/\/www.teatregoya.cat\/wp-content\/uploads\/sites\/4\/2025\/08\/HV_bn_horizontal_cat-01-300x128.jpg\" alt=\"\">\n                <\/div>\n                                         <\/a>\n                                                                                 <a href=\"https:\/\/docat.cat\/es\/inicio\/\" target=\"_blank\" class=\"no-external-link\">\n                                  <div class=\"logo-container\">\n                   \n                    <div class=\"caption\"><\/div>\n                    <img decoding=\"async\" class=\"\" src=\"https:\/\/www.teatregoya.cat\/wp-content\/uploads\/sites\/4\/2023\/05\/do-catalunya-color-300x116.png\" alt=\"\">\n                <\/div>\n                                         <\/a>\n                                                                                 <a href=\"https:\/\/www.rowenta.es\/\" target=\"_blank\" class=\"no-external-link\">\n                                  <div class=\"logo-container\">\n                   \n                    <div class=\"caption\"><\/div>\n                    <img decoding=\"async\" class=\"\" src=\"https:\/\/www.teatregoya.cat\/wp-content\/uploads\/sites\/4\/2023\/11\/rowenta-1-logo-png-transparentyi-300x56.png\" alt=\"\">\n                <\/div>\n                                         <\/a>\n                                                                                 <a href=\"https:\/\/www.coca-cola.com\/es\/es\" target=\"_blank\" class=\"no-external-link\">\n                                  <div class=\"logo-container\">\n                   \n                    <div class=\"caption\"><\/div>\n                    <img decoding=\"async\" class=\"\" src=\"https:\/\/www.teatregoya.cat\/wp-content\/uploads\/sites\/4\/2023\/05\/cocacola-REF-300x109-1.png\" alt=\"\">\n                <\/div>\n                                         <\/a>\n                                               <\/div>\n        \n    <\/div>\n    \n<\/div>\n\n\n<h4 class=\"wp-block-heading\">Mitj\u00e0 de comunicaci\u00f3 oficial<\/h4>\n\n\n\n<div id=\"logos-block_2599bc524b7c204fe9d7457dd38230eb\" class=\"logos\">\n\n <div class=\"logos-clientes clearfix\">\n       \n            <div class=\"row align-left \">\n                                                              <a href=\"https:\/\/www.elperiodico.com\/\" target=\"_blank\" class=\"no-external-link\">\n                                  <div class=\"logo-container\">\n                   \n                    <div class=\"caption\"><\/div>\n                    <img decoding=\"async\" class=\"\" src=\"https:\/\/www.teatregoya.cat\/wp-content\/uploads\/sites\/4\/2023\/11\/logo-periodico-resized.png\" alt=\"\">\n                <\/div>\n                                         <\/a>\n                                               <\/div>\n        \n    <\/div>\n    \n<\/div>\n\n\n<h4 class=\"wp-block-heading\">Partner tecnol\u00f2gic<\/h4>\n\n\n\n<div id=\"logos-block_03deb81d66d53b013c9f110d03d91c9b\" class=\"logos\">\n\n <div class=\"logos-clientes clearfix\">\n       \n            <div class=\"row align-left \">\n                                                              <a href=\"https:\/\/www.telefonica.es\/es\/\" target=\"_blank\" class=\"no-external-link\">\n                                  <div class=\"logo-container\">\n                   \n                    <div class=\"caption\"><\/div>\n                    <img decoding=\"async\" class=\"\" src=\"https:\/\/www.teatregoya.cat\/wp-content\/uploads\/sites\/4\/2025\/08\/descarga-300x72.png\" alt=\"\">\n                <\/div>\n                                         <\/a>\n                                               <\/div>\n        \n    <\/div>\n    \n<\/div>\n\n\n<h4 class=\"wp-block-heading\">Amb la col\u00b7laboraci\u00f3 de<\/h4>\n\n\n\n<div id=\"logos-block_9e889e86bd2815aef550dda6417f98a1\" class=\"logos\">\n\n <div class=\"logos-clientes clearfix\">\n       \n            <div class=\"row align-left \">\n                                                              <a href=\"https:\/\/www.montibello.com\/esp\/\" target=\"_blank\" class=\"no-external-link\">\n                                  <div class=\"logo-container\">\n                   \n                    <div class=\"caption\"><\/div>\n                    <img decoding=\"async\" class=\"\" src=\"https:\/\/www.teatregoya.cat\/wp-content\/uploads\/sites\/4\/2023\/05\/montibello.png\" alt=\"\">\n                <\/div>\n                                         <\/a>\n                                                                                 <a href=\"https:\/\/mikakus.com\/\" target=\"_blank\" class=\"no-external-link\">\n                                  <div class=\"logo-container\">\n                   \n                    <div class=\"caption\"><\/div>\n                    <img decoding=\"async\" class=\"\" src=\"https:\/\/www.teatregoya.cat\/wp-content\/uploads\/sites\/4\/2024\/02\/Mikakus_Barcelona_logo-bk_150x@2x.png\" alt=\"\">\n                <\/div>\n                                         <\/a>\n                                                                                 <a href=\"https:\/\/www.puntoblanco.com\/\" target=\"_blank\" class=\"no-external-link\">\n                                  <div class=\"logo-container\">\n                   \n                    <div class=\"caption\"><\/div>\n                    <img decoding=\"async\" class=\"\" src=\"https:\/\/www.teatregoya.cat\/wp-content\/uploads\/sites\/4\/2023\/05\/punto-blanco.jpg\" alt=\"\">\n                <\/div>\n                                         <\/a>\n                                                                                 <a href=\"https:\/\/colors-up.com\/\" target=\"_blank\" class=\"no-external-link\">\n                                  <div class=\"logo-container\">\n                   \n                    <div class=\"caption\"><\/div>\n                    <img decoding=\"async\" class=\"\" src=\"https:\/\/www.teatregoya.cat\/wp-content\/uploads\/sites\/4\/2025\/08\/images.png\" alt=\"\">\n                <\/div>\n                                         <\/a>\n                                                                                 <a href=\"https:\/\/teatroaccesible.com\/ca\/\" target=\"_blank\" class=\"no-external-link\">\n                                  <div class=\"logo-container\">\n                   \n                    <div class=\"caption\"><\/div>\n                    <img decoding=\"async\" class=\"\" src=\"https:\/\/www.teatregoya.cat\/wp-content\/uploads\/sites\/4\/2023\/05\/LogoCompletoTA-300x90-1.png\" alt=\"\">\n                <\/div>\n                                         <\/a>\n                                                                         <div class=\"logo-container\">\n                   \n                    <div class=\"caption\"><\/div>\n                    <img decoding=\"async\" class=\"\" src=\"https:\/\/www.teatregoya.cat\/wp-content\/uploads\/sites\/4\/2023\/05\/Raval-cultural-300x150-1.png\" alt=\"\">\n                <\/div>\n                                                                               <a href=\"https:\/\/www.renfe.com\/es\/es\" target=\"_blank\" class=\"no-external-link\">\n                                  <div class=\"logo-container\">\n                   \n                    <div class=\"caption\"><\/div>\n                    <img decoding=\"async\" class=\"\" src=\"https:\/\/www.teatregoya.cat\/wp-content\/uploads\/sites\/4\/2023\/05\/thumbnail_Logo-Renfe_R_2425-300x113-1.png\" alt=\"\">\n                <\/div>\n                                         <\/a>\n                                               <\/div>\n        \n    <\/div>\n    \n<\/div>\n\n\n<h4 class=\"wp-block-heading\">Institucions<\/h4>\n\n\n\n<div id=\"logos-block_7903dcbf50d6a598016410b1fd435265\" class=\"logos instituciones\">\n\n <div class=\"logos-clientes clearfix\">\n       \n            <div class=\"row align-left \">\n                                                      <div class=\"logo-container\">\n                   \n                    <div class=\"caption\"><\/div>\n                    <img decoding=\"async\" class=\"\" src=\"https:\/\/www.teatregoya.cat\/wp-content\/uploads\/sites\/4\/2025\/02\/icec-300x54.png\" alt=\"\">\n                <\/div>\n                                                                       <div class=\"logo-container\">\n                   \n                    <div class=\"caption\"><\/div>\n                    <img decoding=\"async\" class=\"\" src=\"https:\/\/www.teatregoya.cat\/wp-content\/uploads\/sites\/4\/2025\/02\/gencat_color-300x98.png\" alt=\"\">\n                <\/div>\n                                                                       <div class=\"logo-container\">\n                   \n                    <div class=\"caption\"><\/div>\n                    <img decoding=\"async\" class=\"\" src=\"https:\/\/www.teatregoya.cat\/wp-content\/uploads\/sites\/4\/2023\/05\/ajuntament-de-barcelona-limes_reduides-15_rgb-770x288-1-300x112.png\" alt=\"\">\n                <\/div>\n                                                                       <div class=\"logo-container\">\n                   \n                    <div class=\"caption\"><\/div>\n                    <img decoding=\"async\" class=\"\" src=\"https:\/\/www.teatregoya.cat\/wp-content\/uploads\/sites\/4\/2023\/10\/Sin-titulo-1.png\" alt=\"\">\n                <\/div>\n                                                                       <div class=\"logo-container\">\n                   \n                    <div class=\"caption\"><\/div>\n                    <img decoding=\"async\" class=\"\" src=\"https:\/\/www.teatregoya.cat\/wp-content\/uploads\/sites\/4\/2023\/11\/INAEM-02-CAJETIN-ROJO-1-300x53.png\" alt=\"\">\n                <\/div>\n                                                                       <div class=\"logo-container\">\n                   \n                    <div class=\"caption\"><\/div>\n                    <img decoding=\"async\" class=\"\" src=\"https:\/\/www.teatregoya.cat\/wp-content\/uploads\/sites\/4\/2023\/10\/Logo-PRTR-tres-lineas_COLOR-300x169.png\" alt=\"\">\n                <\/div>\n                                                                       <div class=\"logo-container\">\n                   \n                    <div class=\"caption\"><\/div>\n                    <img decoding=\"async\" class=\"\" src=\"https:\/\/www.teatregoya.cat\/wp-content\/uploads\/sites\/4\/2023\/05\/thumbnail_image002.png\" alt=\"\">\n                <\/div>\n                                             <\/div>\n        \n    <\/div>\n    \n<\/div><\/div>\n\n\n\n<div id=\"accessibilitat\" class=\"wp-block-group block-section is-layout-constrained wp-block-group-is-layout-constrained\">\n<h2 class=\"wp-block-heading has-primary-color has-text-color has-xx-large-font-size\" style=\"text-transform:uppercase\">Accessibilitat<\/h2>\n\n\n\n<div class=\"wp-block-group is-nowrap is-layout-flex wp-container-core-group-is-layout-6c531013 wp-block-group-is-layout-flex\">\n\n<div class=\"icon-circle black solid default\">\n<svg class=\"icon\" viewBox=\"0 0 60 60\"><use xlink:href=\"#accessible\"><\/use><\/svg><\/div>\n\n\n\n<h3 class=\"wp-block-heading\">Atenci\u00f3 especial i accessos per a persones amb mobilitat redu\u00efda<\/h3>\n<\/div>\n\n\n\n<p>Accessos i banys adaptats per a persones amb mobilitat redu\u00efda.<br>Per a comprar un seient de movilitat redu\u00efda, siusplau truquin a la taquilla del teatre i efectui la reserva. El mateix dia de la funci\u00f3 la podran pagar fins a mitja hora abans de l\u2019inici.<\/p>\n\n\n\n<div class=\"wp-block-group is-nowrap is-layout-flex wp-container-core-group-is-layout-6c531013 wp-block-group-is-layout-flex\">\n\n<div class=\"icon-circle black solid default\">\n<svg class=\"icon\" viewBox=\"0 0 60 60\"><use xlink:href=\"#hearing\"><\/use><\/svg><\/div>\n\n\n\n<h3 class=\"wp-block-heading\">Atenci\u00f3 especial per a persones amb diversitats auditives<\/h3>\n<\/div>\n\n\n\n<p>El teatre compta amb l\u2019instal\u00b7laci\u00f3 d\u2019un bucle magn\u00e8tic que permet millorar l\u2019experi\u00e8ncia a les persones amb disminuci\u00f3 auditiva.<br>El personal de sala els proporcionar\u00e0 el servei i qualsevol informaci\u00f3 complement\u00e0ria que necessiteu.<\/p>\n\n\n\n<div class=\"wp-block-group is-nowrap is-layout-flex wp-container-core-group-is-layout-6c531013 wp-block-group-is-layout-flex\">\n\n<div class=\"icon-circle black solid default\">\n<svg class=\"icon\" viewBox=\"0 0 60 60\"><use xlink:href=\"#closed-captioning\"><\/use><\/svg><\/div>\n\n\n\n<h3 class=\"wp-block-heading\"><strong>Servei de subtitulaci\u00f3<\/strong><\/h3>\n<\/div>\n\n\n\n<p>Aquest servei s&#8217;ofereix per al p\u00fablic amb dificultats greus d&#8217;audici\u00f3&nbsp;i\/o&nbsp;per poder subtitular en catal\u00e0 espectacles en un altre idioma. El p\u00fablic podr\u00e0 seguir la funci\u00f3 sense perdre l&#8217;argument i l&#8217;acci\u00f3.<br>El personal de sala els proporcionar\u00e0 qualsevol informaci\u00f3 complement\u00e0ria que necessitin.<br>Aquest sistema de subtitulaci\u00f3 en directe s&#8217;ofereix en funcions concretes de la temporada i s&#8217;anuncien a la programaci\u00f3.<\/p>\n\n\n\n<div class=\"wp-block-group is-nowrap is-layout-flex wp-container-core-group-is-layout-6c531013 wp-block-group-is-layout-flex\">\n\n<div class=\"icon-circle black solid default\">\n<svg class=\"icon\" viewBox=\"0 0 60 60\"><use xlink:href=\"#audio-description\"><\/use><\/svg><\/div>\n\n\n\n<h3 class=\"wp-block-heading\"><strong>Servei d\u2019audiodescripci\u00f3<\/strong><\/h3>\n<\/div>\n\n\n\n<p>El teatre far\u00e0 un seguit de funcions de cada espectacle amb l&#8217;adaptaci\u00f3 d&#8217;audiodescripci\u00f3.<br>Aquest sistema d&#8217;audiodescripci\u00f3 en directe s&#8217;ofereix en funcions concretes de la temporada i s&#8217;anuncien a la programaci\u00f3.<\/p>\n<\/div>\n\n\n\n<div id=\"sostenibilitat\" class=\"wp-block-group block-section is-layout-constrained wp-container-core-group-is-layout-0d72ef2b wp-block-group-is-layout-constrained\" style=\"margin-top:0;margin-bottom:0\">\n<h2 class=\"wp-block-heading has-primary-color has-text-color has-xx-large-font-size\" style=\"text-transform:uppercase\"><strong>Sostenibilitat<\/strong><\/h2>\n\n\n\n<p><font style=\"vertical-align: inherit;\"><font style=\"vertical-align: inherit;\">Al Teatre Goya estem compromesos amb la protecci\u00f3 del medi ambient. Descarrega\u2019t m\u00e9s informaci\u00f3 sobre el Distintiu de garantia de qualitat ambiental per con\u00e8ixer les pr\u00e0ctiques sostenibles que hem implantat, i descobreix com pots unir-te per promoure un futur m\u00e9s verd.<\/font><\/font><\/p>\n\n\n\n<div class=\"wp-block-group is-vertical is-layout-flex wp-container-core-group-is-layout-fe9cc265 wp-block-group-is-layout-flex\">\n<div class=\"wp-block-columns is-layout-flex wp-container-core-columns-is-layout-28f84493 wp-block-columns-is-layout-flex\">\n<div class=\"wp-block-column is-layout-flow wp-block-column-is-layout-flow\">\n<figure class=\"wp-block-image size-full is-resized\"><img decoding=\"async\" src=\"https:\/\/www.teatrecondal.cat\/wp-content\/uploads\/sites\/3\/2024\/08\/Dgqa_Horitzontal_CAT_COLOR-1.jpg\" alt=\"\" class=\"wp-image-5102\" style=\"width:380px;height:auto\"\/><\/figure>\n<\/div>\n<\/div>\n\n\n\n\n<a href=\"https:\/\/www.teatregoya.cat\/wp-content\/uploads\/sites\/4\/2024\/03\/Inf-Distintiu-ambiental-amb-explicacio-Goya.pdf\" target=\"_self\" id=\"button-block_8071d6eb76e76268c4033687359c5793\" class=\"button black default default add-icon-on-left\">\n Buenas pr\u00e1cticas de sostenibilidad<svg class=\"icon\" viewBox=\"0 0 60 60\"><use xlink:href=\"#download\"><\/use><\/svg>\n\n<\/a>\n\n\n\n<a href=\"https:\/\/www.teatregoya.cat\/wp-content\/uploads\/sites\/4\/2024\/09\/Certificat-Goya.pdf\" target=\"_self\" id=\"button-block_9c662e5d8368c6e3692e4a9591099903\" class=\"button default default default add-icon-on-left\">\nDistintivo de garant\u00eda de calidad ambiental <svg class=\"icon\" viewBox=\"0 0 60 60\"><use xlink:href=\"#download\"><\/use><\/svg>\n\n<\/a><\/div>\n<\/div>\n\n\n\n<div id=\"contacte\" class=\"wp-block-group block-section is-layout-constrained wp-container-core-group-is-layout-9da16794 wp-block-group-is-layout-constrained\">\n<h2 class=\"wp-block-heading has-primary-color has-text-color has-xx-large-font-size\" style=\"text-transform:uppercase\">Contacte<\/h2>\n\n\n\n<div class=\"wp-block-group is-layout-constrained wp-container-core-group-is-layout-9da16794 wp-block-group-is-layout-constrained\">\n<h3 class=\"wp-block-heading has-x-large-font-size\" style=\"text-transform:uppercase\">Com arribar<\/h3>\n\n\n\n<div class=\"wp-block-columns is-layout-flex wp-container-core-columns-is-layout-c4788e2e wp-block-columns-is-layout-flex\">\n<div class=\"wp-block-column is-layout-flow wp-block-column-is-layout-flow\">\n<p class=\"has-medium-font-size\">C\/ Joaqu\u00edn Costa, 68<br>08001 Barcelona<\/p>\n\n\n\n<div class=\"wp-block-group is-vertical is-layout-flex wp-container-core-group-is-layout-187baabe wp-block-group-is-layout-flex\">\n\n<a href=\"https:\/\/goo.gl\/maps\/PL6WaJ1B9BNUsgqw7\" target=\"_self\" id=\"button-block_089776f411dfc495ea0c5e9a85f39185\" class=\"button black default clear add-icon-on-left\">\nveure mapa<svg class=\"icon\" viewBox=\"0 0 60 60\"><use xlink:href=\"#location\"><\/use><\/svg>\n\n<\/a><\/div>\n<\/div>\n\n\n\n<div class=\"wp-block-column is-layout-flow wp-block-column-is-layout-flow\">\n<div class=\"wp-block-group is-layout-constrained wp-container-core-group-is-layout-e0082cf6 wp-block-group-is-layout-constrained\">\n<h3 class=\"wp-block-heading\">Metro<\/h3>\n\n\n\n<p>L1 i L2 Universitat<\/p>\n<\/div>\n\n\n\n<div class=\"wp-block-group is-layout-constrained wp-container-core-group-is-layout-e0082cf6 wp-block-group-is-layout-constrained\">\n<h3 class=\"wp-block-heading\">Bus<\/h3>\n\n\n\n<p>D50, H16, H12, V13, 52, 54, 55, 59, 67, 120<\/p>\n<\/div>\n\n\n\n<div class=\"wp-block-group is-layout-constrained wp-container-core-group-is-layout-e0082cf6 wp-block-group-is-layout-constrained\">\n<h3 class=\"wp-block-heading\">Nit Bus<\/h3>\n\n\n\n<p>N1, N2, N3, N6, N8, N12, N13<\/p>\n<\/div>\n<\/div>\n\n\n\n<div class=\"wp-block-column is-layout-flow wp-block-column-is-layout-flow\">\n<h3 class=\"wp-block-heading\">Aparcaments<\/h3>\n\n\n\n<p><strong>Parking y Servicios Muntaner Center<\/strong><br>C\/ Muntaner, 13<br>Descompte presentant l\u2019entrada segellada pel teatre<\/p>\n\n\n\n<p><strong>Parking Aribau 9<\/strong><br>C\/ Aribau, 9<br>Descompte presentant l\u2019entrada segellada pel teatre<\/p>\n\n\n\n<p><strong>P\u00e0rquings <strong>Parking Saba Barcelona Bamsa<\/strong>&nbsp;<\/strong><br>Pl. Castella*<br>Pl. del \u00c0ngels*<br>Pl. Catalunya*<br>Rambla Catalunya*<br>*25% de dte. demanant el tiquet al Teatre Goya<br><em>Promoci\u00f3 no v\u00e0lida per a ViaT<\/em><\/p>\n<\/div>\n<\/div>\n<\/div>\n\n\n\n<div class=\"wp-block-group is-layout-constrained wp-container-core-group-is-layout-9da16794 wp-block-group-is-layout-constrained\">\n<h3 class=\"wp-block-heading has-x-large-font-size\" style=\"text-transform:uppercase\">Departaments<\/h3>\n\n\n\n<div class=\"wp-block-columns is-layout-flex wp-container-core-columns-is-layout-c4788e2e wp-block-columns-is-layout-flex\">\n<div class=\"wp-block-column is-layout-flow wp-block-column-is-layout-flow\"><\/div>\n\n\n\n<div class=\"wp-block-column is-layout-flow wp-block-column-is-layout-flow\">\n<div class=\"wp-block-group is-layout-constrained wp-container-core-group-is-layout-e0082cf6 wp-block-group-is-layout-constrained\">\n<h3 class=\"wp-block-heading\">Informaci\u00f3 general<\/h3>\n\n\n\n<p><strong>Taquilla<\/strong> (horari de tarda): 93 343 53 23<br><a href=\"mailto:info@teatregoya.cat\">info@teatregoya.cat<\/a><br>Obertes de <strong>dimarts a divendres<\/strong> de 17:30 h, quan hi hagi funci\u00f3, fins a l\u2019hora d\u2019inici de l\u2019espectacle.<br><strong>Dissabtes i diumenges<\/strong>, a partir de les 16:30 h fins a l\u2019hora d\u2019inici de l\u2019espectacle.<br><strong>Horari d\u2019atenci\u00f3 telef\u00f2nica<\/strong>: a la tarda, els dies de funci\u00f3.<\/p>\n\n\n\n<p>* <em>Les entrades comprades a taquilla tamb\u00e9 inclouen despeses de gesti\u00f3<\/em>.<\/p>\n<\/div>\n\n\n\n<div class=\"wp-block-group is-layout-constrained wp-container-core-group-is-layout-e0082cf6 wp-block-group-is-layout-constrained\">\n<h3 class=\"wp-block-heading\">Cap de sala<\/h3>\n\n\n\n<p>Ruben Medina<\/p>\n<\/div>\n\n\n\n<div class=\"wp-block-group is-layout-constrained wp-container-core-group-is-layout-e0082cf6 wp-block-group-is-layout-constrained\">\n<h3 class=\"wp-block-heading\">Serveis a empreses<\/h3>\n\n\n\n<p>Irene Hern\u00e1ndez<br><a href=\"mailto:igarcia@focus.cat\"><a href=\"mailto:ihernandez@focus.cat\">ihernandez@focus.cat<\/a><\/a><br>Tel. 93 309 75 38<\/p>\n<\/div>\n<\/div>\n\n\n\n<div class=\"wp-block-column is-layout-flow wp-block-column-is-layout-flow\">\n<div class=\"wp-block-group is-layout-constrained wp-container-core-group-is-layout-e0082cf6 wp-block-group-is-layout-constrained\">\n<h3 class=\"wp-block-heading\">Departament de premsa<\/h3>\n\n\n\n<p><a href=\"mailto:premsa@focus.cat\">premsa@focus.cat<\/a><br>Tel. 93 309 75 38<\/p>\n\n\n\n\n<a href=\"https:\/\/www.focus.cat\/teatre\/#premsa\" target=\"_self\" id=\"button-block_19128c74075a909ac149963587524cc4\" class=\"button black small default\">\nSala de Premsa\n\n<\/a><\/div>\n\n\n\n<div class=\"wp-block-group is-layout-constrained wp-container-core-group-is-layout-e0082cf6 wp-block-group-is-layout-constrained\">\n<h3 class=\"wp-block-heading\">Goya internacional<\/h3>\n\n\n\n<p><a href=\"mailto:international@focus.cat\">international@focus.cat<\/a><br>Tel. +34 93 309 75 38<\/p>\n<\/div>\n<\/div>\n<\/div>\n<\/div>\n<\/div>\n\n\n\n<p><\/p>\n","protected":false},"excerpt":{"rendered":"<p>Obres contempor\u00e0nies, amb la complicitat de reconeguts artistes de l\u2019\u00e0mbit nacional i internacional, i amb una l\u00ednia de programaci\u00f3 b\u00e0sicament en catal\u00e0. Hist\u00f2ria Fundat el 1914, el Teatre Goya no comen\u00e7a la seva activitat teatral fins al 1916. Des d\u2019aleshores ha estat un espai representatiu de la ciutat de Barcelona. A m\u00e9s d\u2019exercir com a<a class=\"excerpt-read-more\" href=\"https:\/\/www.teatregoya.cat\/ca\/el-teatre\/\" title=\"LlegeixEl teatre\"> &#8230; Llegeix m\u00e9s<\/a><\/p>\n","protected":false},"author":1,"featured_media":0,"parent":0,"menu_order":0,"comment_status":"closed","ping_status":"closed","template":"","meta":{"_acf_changed":false,"footnotes":""},"class_list":["post-22","page","type-page","status-publish","hentry"],"acf":{"page_description":""},"yoast_head":"<!-- This site is optimized with the Yoast SEO plugin v27.4 - https:\/\/yoast.com\/product\/yoast-seo-wordpress\/ -->\n<title>El teatre - Teatre Goya<\/title>\n<meta name=\"robots\" content=\"index, follow, max-snippet:-1, max-image-preview:large, max-video-preview:-1\" \/>\n<link rel=\"canonical\" href=\"https:\/\/www.teatregoya.cat\/ca\/el-teatre\/\" \/>\n<meta name=\"twitter:label1\" content=\"Temps estimat de lectura\" \/>\n\t<meta name=\"twitter:data1\" content=\"8 minuts\" \/>\n<script type=\"application\/ld+json\" class=\"yoast-schema-graph\">{\"@context\":\"https:\\\/\\\/schema.org\",\"@graph\":[{\"@type\":\"WebPage\",\"@id\":\"https:\\\/\\\/www.teatregoya.cat\\\/ca\\\/el-teatre\\\/\",\"url\":\"https:\\\/\\\/www.teatregoya.cat\\\/ca\\\/el-teatre\\\/\",\"name\":\"El teatre - Teatre Goya\",\"isPartOf\":{\"@id\":\"https:\\\/\\\/www.teatregoya.cat\\\/ca\\\/#website\"},\"primaryImageOfPage\":{\"@id\":\"https:\\\/\\\/www.teatregoya.cat\\\/ca\\\/el-teatre\\\/#primaryimage\"},\"image\":{\"@id\":\"https:\\\/\\\/www.teatregoya.cat\\\/ca\\\/el-teatre\\\/#primaryimage\"},\"thumbnailUrl\":\"https:\\\/\\\/www.teatregoya.cat\\\/wp-content\\\/uploads\\\/sites\\\/4\\\/2023\\\/05\\\/TEATRE-GOYA-IMAGEN5-1.png\",\"datePublished\":\"2017-09-19T07:48:56+00:00\",\"dateModified\":\"2025-08-22T10:21:54+00:00\",\"breadcrumb\":{\"@id\":\"https:\\\/\\\/www.teatregoya.cat\\\/ca\\\/el-teatre\\\/#breadcrumb\"},\"inLanguage\":\"ca\",\"potentialAction\":[{\"@type\":\"ReadAction\",\"target\":[\"https:\\\/\\\/www.teatregoya.cat\\\/ca\\\/el-teatre\\\/\"]}]},{\"@type\":\"ImageObject\",\"inLanguage\":\"ca\",\"@id\":\"https:\\\/\\\/www.teatregoya.cat\\\/ca\\\/el-teatre\\\/#primaryimage\",\"url\":\"https:\\\/\\\/www.teatregoya.cat\\\/wp-content\\\/uploads\\\/sites\\\/4\\\/2023\\\/05\\\/TEATRE-GOYA-IMAGEN5-1.png\",\"contentUrl\":\"https:\\\/\\\/www.teatregoya.cat\\\/wp-content\\\/uploads\\\/sites\\\/4\\\/2023\\\/05\\\/TEATRE-GOYA-IMAGEN5-1.png\"},{\"@type\":\"BreadcrumbList\",\"@id\":\"https:\\\/\\\/www.teatregoya.cat\\\/ca\\\/el-teatre\\\/#breadcrumb\",\"itemListElement\":[{\"@type\":\"ListItem\",\"position\":1,\"name\":\"Home\",\"item\":\"https:\\\/\\\/www.teatregoya.cat\\\/ca\\\/\"},{\"@type\":\"ListItem\",\"position\":2,\"name\":\"El teatre\"}]},{\"@type\":\"WebSite\",\"@id\":\"https:\\\/\\\/www.teatregoya.cat\\\/ca\\\/#website\",\"url\":\"https:\\\/\\\/www.teatregoya.cat\\\/ca\\\/\",\"name\":\"Teatre Goya\",\"description\":\"\",\"publisher\":{\"@id\":\"https:\\\/\\\/www.teatregoya.cat\\\/ca\\\/#organization\"},\"potentialAction\":[{\"@type\":\"SearchAction\",\"target\":{\"@type\":\"EntryPoint\",\"urlTemplate\":\"https:\\\/\\\/www.teatregoya.cat\\\/ca\\\/?s={search_term_string}\"},\"query-input\":{\"@type\":\"PropertyValueSpecification\",\"valueRequired\":true,\"valueName\":\"search_term_string\"}}],\"inLanguage\":\"ca\"},{\"@type\":\"Organization\",\"@id\":\"https:\\\/\\\/www.teatregoya.cat\\\/ca\\\/#organization\",\"name\":\"Teatre Goya\",\"url\":\"https:\\\/\\\/www.teatregoya.cat\\\/ca\\\/\",\"logo\":{\"@type\":\"ImageObject\",\"inLanguage\":\"ca\",\"@id\":\"https:\\\/\\\/www.teatregoya.cat\\\/ca\\\/#\\\/schema\\\/logo\\\/image\\\/\",\"url\":\"https:\\\/\\\/www.teatregoya.cat\\\/wp-content\\\/uploads\\\/sites\\\/4\\\/2017\\\/09\\\/teatre-goya-logo.svg\",\"contentUrl\":\"https:\\\/\\\/www.teatregoya.cat\\\/wp-content\\\/uploads\\\/sites\\\/4\\\/2017\\\/09\\\/teatre-goya-logo.svg\",\"width\":1,\"height\":1,\"caption\":\"Teatre Goya\"},\"image\":{\"@id\":\"https:\\\/\\\/www.teatregoya.cat\\\/ca\\\/#\\\/schema\\\/logo\\\/image\\\/\"},\"sameAs\":[\"http:\\\/\\\/www.facebook.com\\\/TeatreGoya\",\"https:\\\/\\\/x.com\\\/Teatre_Goya\",\"http:\\\/\\\/instagram.com\\\/teatre_goya\",\"http:\\\/\\\/www.youtube.com\\\/user\\\/TeatreGoya\"]}]}<\/script>\n<!-- \/ Yoast SEO plugin. -->","yoast_head_json":{"title":"El teatre - Teatre Goya","robots":{"index":"index","follow":"follow","max-snippet":"max-snippet:-1","max-image-preview":"max-image-preview:large","max-video-preview":"max-video-preview:-1"},"canonical":"https:\/\/www.teatregoya.cat\/ca\/el-teatre\/","twitter_misc":{"Temps estimat de lectura":"8 minuts"},"schema":{"@context":"https:\/\/schema.org","@graph":[{"@type":"WebPage","@id":"https:\/\/www.teatregoya.cat\/ca\/el-teatre\/","url":"https:\/\/www.teatregoya.cat\/ca\/el-teatre\/","name":"El teatre - Teatre Goya","isPartOf":{"@id":"https:\/\/www.teatregoya.cat\/ca\/#website"},"primaryImageOfPage":{"@id":"https:\/\/www.teatregoya.cat\/ca\/el-teatre\/#primaryimage"},"image":{"@id":"https:\/\/www.teatregoya.cat\/ca\/el-teatre\/#primaryimage"},"thumbnailUrl":"https:\/\/www.teatregoya.cat\/wp-content\/uploads\/sites\/4\/2023\/05\/TEATRE-GOYA-IMAGEN5-1.png","datePublished":"2017-09-19T07:48:56+00:00","dateModified":"2025-08-22T10:21:54+00:00","breadcrumb":{"@id":"https:\/\/www.teatregoya.cat\/ca\/el-teatre\/#breadcrumb"},"inLanguage":"ca","potentialAction":[{"@type":"ReadAction","target":["https:\/\/www.teatregoya.cat\/ca\/el-teatre\/"]}]},{"@type":"ImageObject","inLanguage":"ca","@id":"https:\/\/www.teatregoya.cat\/ca\/el-teatre\/#primaryimage","url":"https:\/\/www.teatregoya.cat\/wp-content\/uploads\/sites\/4\/2023\/05\/TEATRE-GOYA-IMAGEN5-1.png","contentUrl":"https:\/\/www.teatregoya.cat\/wp-content\/uploads\/sites\/4\/2023\/05\/TEATRE-GOYA-IMAGEN5-1.png"},{"@type":"BreadcrumbList","@id":"https:\/\/www.teatregoya.cat\/ca\/el-teatre\/#breadcrumb","itemListElement":[{"@type":"ListItem","position":1,"name":"Home","item":"https:\/\/www.teatregoya.cat\/ca\/"},{"@type":"ListItem","position":2,"name":"El teatre"}]},{"@type":"WebSite","@id":"https:\/\/www.teatregoya.cat\/ca\/#website","url":"https:\/\/www.teatregoya.cat\/ca\/","name":"Teatre Goya","description":"","publisher":{"@id":"https:\/\/www.teatregoya.cat\/ca\/#organization"},"potentialAction":[{"@type":"SearchAction","target":{"@type":"EntryPoint","urlTemplate":"https:\/\/www.teatregoya.cat\/ca\/?s={search_term_string}"},"query-input":{"@type":"PropertyValueSpecification","valueRequired":true,"valueName":"search_term_string"}}],"inLanguage":"ca"},{"@type":"Organization","@id":"https:\/\/www.teatregoya.cat\/ca\/#organization","name":"Teatre Goya","url":"https:\/\/www.teatregoya.cat\/ca\/","logo":{"@type":"ImageObject","inLanguage":"ca","@id":"https:\/\/www.teatregoya.cat\/ca\/#\/schema\/logo\/image\/","url":"https:\/\/www.teatregoya.cat\/wp-content\/uploads\/sites\/4\/2017\/09\/teatre-goya-logo.svg","contentUrl":"https:\/\/www.teatregoya.cat\/wp-content\/uploads\/sites\/4\/2017\/09\/teatre-goya-logo.svg","width":1,"height":1,"caption":"Teatre Goya"},"image":{"@id":"https:\/\/www.teatregoya.cat\/ca\/#\/schema\/logo\/image\/"},"sameAs":["http:\/\/www.facebook.com\/TeatreGoya","https:\/\/x.com\/Teatre_Goya","http:\/\/instagram.com\/teatre_goya","http:\/\/www.youtube.com\/user\/TeatreGoya"]}]}},"_links":{"self":[{"href":"https:\/\/www.teatregoya.cat\/ca\/wp-json\/wp\/v2\/pages\/22","targetHints":{"allow":["GET"]}}],"collection":[{"href":"https:\/\/www.teatregoya.cat\/ca\/wp-json\/wp\/v2\/pages"}],"about":[{"href":"https:\/\/www.teatregoya.cat\/ca\/wp-json\/wp\/v2\/types\/page"}],"author":[{"embeddable":true,"href":"https:\/\/www.teatregoya.cat\/ca\/wp-json\/wp\/v2\/users\/1"}],"replies":[{"embeddable":true,"href":"https:\/\/www.teatregoya.cat\/ca\/wp-json\/wp\/v2\/comments?post=22"}],"version-history":[{"count":0,"href":"https:\/\/www.teatregoya.cat\/ca\/wp-json\/wp\/v2\/pages\/22\/revisions"}],"wp:attachment":[{"href":"https:\/\/www.teatregoya.cat\/ca\/wp-json\/wp\/v2\/media?parent=22"}],"curies":[{"name":"wp","href":"https:\/\/api.w.org\/{rel}","templated":true}]}}