{"id":4304,"date":"2025-09-04T16:35:14","date_gmt":"2025-09-04T14:35:14","guid":{"rendered":"https:\/\/www.teatregoya.cat\/ex\/les-dones-savies\/"},"modified":"2026-04-09T12:21:50","modified_gmt":"2026-04-09T10:21:50","slug":"les-dones-savies","status":"publish","type":"ex","link":"https:\/\/www.teatregoya.cat\/ca\/ex\/les-dones-savies\/","title":{"rendered":"LES DONES S\u00c0VIES"},"content":{"rendered":"","protected":false},"excerpt":{"rendered":"","protected":false},"author":2,"featured_media":0,"comment_status":"closed","ping_status":"closed","template":"","class_list":["post-4304","ex","type-ex","status-publish","hentry","season-2025-26"],"acf":{"txt_synopsis":"<p><strong>Una versi\u00f3 \u00fanica del cl\u00e0ssic de Moli\u00e8re<\/strong><br \/><br \/>1672, Fran\u00e7a. Moli\u00e8re i la Companyia del Rei estrenen una com\u00e8dia de costums amb un embolic familiar on es recull l'afany de saber de les dones i posa en evid\u00e8ncia un poeta mediocre i cregut de l'\u00e8poca. <br \/> <br \/>2016, Catalunya. Moli\u00e8re i nom\u00e9s dos actors estrenen la mateixa com\u00e8dia de costums amb un embolic familiar on, amb un joc interpretatiu que trenca les convencions, s'hi <br \/>recull la burla dels pedants d'avui en dia. <br \/> <br \/>2026, Catalunya. Moli\u00e8re i els mateixos dos actors celebren 10 anys de l\u2019estrena d\u2019aquesta com\u00e8dia que continua tan vigent i esbojarrada com el primer dia (sense tenir en compte el cutis dels int\u00e8rprets).  <\/p>\r\n<p><strong>Premi BBVA ex-aequo Millors Actors <br \/>Premi dels espectadors del Teatre del Mar al millor espectacle de la temporada <br \/>Nominats als Premis de la Cr\u00edtica com Espectacle Revelaci\u00f3 i als Premis Butaca com a Espectacle de Petit Format <br \/>\u201cLas mujeres sabias\u201d estrenat al 40 Festival de Teatro Cl\u00e1sico de Almagro i al Singlot Festival<\/strong> <\/p>","main_buy_link":"https:\/\/tickets.oneboxtds.com\/teatregoya\/events\/47913?hl=ca-ES","main_buy_links":"[\"https:\/\/tickets.oneboxtds.com\/teatregoya\/events\/47913?hl=ca-ES\"]","group_buy_link":"https:\/\/www.promentrada.com\/ca\/programacio\/c\/1808-copia-les-dones-savies.html","show_language":"Espectacle en catal\u00e0","show_duration":"70","show_start_date":"20260420000000","show_end_date":"20260511000000","show_sort_date":"20260420000000","txt_custom_show_dates":"","show_disciplines":"11","show_ultimes_funcions":false,"hide_tarifes_especials":false,"show_properament":false,"txt_additional_info":"Recomanat a partir de 12 anys","txt_present":"","show_season":[103],"txt_season":"[\"2025\/26\"]","txt_cycle":"","txt_claim":"Una versi\u00f3 \u00fanica del cl\u00e0ssic de Moli\u00e8re","txt_cast_excerpt":"","txt_cast":"<p>T\u00edtol original:\u202f<strong>Les femmes savantes  <br \/><\/strong>Autoria:\u202f<strong>Moli\u00e8re <\/strong><br \/>Dramat\u00fargia: <strong>Llu\u00eds Hansen i Ricard Farr\u00e9<\/strong> <br \/>Direcci\u00f3:\u202f\u202f<strong>Ricard Farr\u00e9 i Enric Cambray<\/strong> <\/p>\r\n<p>Int\u00e8rprets: <strong>Ricard Farr\u00e9 i Enric Cambray   <\/strong><\/p>\r\n<p>Escenografia:\u202f<strong>Enric Roman\u00ed <br \/><\/strong>Vestuari:\u202f<strong>Marc Udina<\/strong> <br \/>Il\u00b7luminaci\u00f3:<strong>\u202fAdri\u00e0 Aubert<\/strong> <br \/>Moviment:\u202f<strong>J\u00falia Bonjoch<\/strong> <br \/>Caracteritzaci\u00f3:\u202f<strong>\u00c0ngels Palomar i Marqu\u00e8s \u2013 Damaret <\/strong><\/p>\r\n<p>Producci\u00f3: <strong>Montse Farrarons<\/strong> <br \/>Producci\u00f3 executiva:\u202f<strong>Marina Marcos <br \/><\/strong>Coordinaci\u00f3 t\u00e8cnica:\u202f<strong>Raimon Segura <\/strong><\/p>\r\n<p>Ajudantia de direcci\u00f3:\u202f<strong>J\u00falia Bonjoch <br \/><\/strong>Assessorament esc\u00e8nic: <strong>J\u00falia Barcel\u00f3\u202f<\/strong> <br \/>Cap t\u00e8cnic del teatre:\u202f<strong>Roger Mu\u00f1oz<\/strong>  <\/p>\r\n<p>M\u00e0rqueting i comunicaci\u00f3:\u202f<strong>Anna Castillo i Ester C\u00e1novas <br \/><\/strong>M\u00e0rqueting i comunicaci\u00f3 del teatre: <strong>Focus  <\/strong><br \/>Imatges d\u2019escena:\u202f<strong>Sergi Panizo<\/strong> <br \/>Imatge de cartell:\u202f<strong>May Zircus<\/strong> <br \/>Disseny gr\u00e0fic:\u202f<strong>May Zircus<\/strong>  <\/p>\r\n<p>Agra\u00efments:<strong>\u202fClara Segura, Caracteritzacions Marqu\u00e8s, Biblioteca P\u00fablica Ar\u00fas, Fam\u00edlia Bonjoch Aldom\u00e0, Colla de Cervera, El Caf\u00e8 de Castellnou d\u2019Oluges, \u00darsula Gallem\u00ed, Joan Marc\u00e9, Albert Clemente Badosa, Cia. Els Pirates, Bilogic, Centre d\u2019est\u00e8tica Dolors Baldrich. <\/strong><\/p>\r\n<p>Amb el suport de <strong>La Generalitat de Catalunya - Departament de Cultura i l\u2019Ajuntament de Barcelona <\/strong><\/p>\r\n<p>Distribuci\u00f3: \u202f<strong>Montse Farrarons (El Mald\u00e0)<\/strong> <\/p>\r\n<p>\u00c9s una producci\u00f3 de <strong>El Mald\u00e0 <\/strong><\/p>","txt_reviews":"Andreu Gomila|Time Out| \u201cUn exercici de transvestisme que va a la velocitat del llamp, tan simple, tan divertit i tan bonic que ens enganxa des del primer minut i ens deixa admirats a cada nova escena\u201d  \r\nSanti Fondevila|Diari ARA|\u201cUn magn\u00edfic espectacle d\u2019estil clown que respecta no tan sols l\u2019argument sin\u00f3 tamb\u00e9 part del text original, amb les seves m\u00e0ximes irrefutables\u201d \r\nMarta Cervera|El Peri\u00f3dico|  \u201cUn apassionant desafiament teatral\u201d","hashtag":"LesDonesSavies","have_promo":"","slogan":"","id_exhibicio":2324,"id_versio":1814,"id_local":35,"txt_seo_desc":"Les dones s\u00e0vies a La Villarroel de Barcelona","data_images":"[{\"localizer\":\"V3SLIDE\",\"url\":\"media\/ftgalslide\/v3\/3170C\/01_086_00059174\/www-sergipanizo-cat_211229_dones-savies_017.jpg\",\"thumb_url\":\"media\/ftgalslide\/v3\/3170C\/01_086_00059174\/www-sergipanizo-cat_211229_dones-savies_017.jpg\",\"title\":\"Les dones s\u00e0vies - La Villarroel - Barcelona\",\"description\":\"les dones savies a la villarroel de barcelona\",\"copyright\":\"https:\/\/youtu.be\/eWVo74L1p6k\",\"order\":5},{\"localizer\":\"V3SLIDE\",\"url\":\"media\/ftgalslide\/v3\/3170C\/01_086_00059175\/www-sergipanizo-cat_211229_dones-savies_049.jpg\",\"thumb_url\":\"media\/ftgalslide\/v3\/3170C\/01_086_00059175\/www-sergipanizo-cat_211229_dones-savies_049.jpg\",\"title\":\"Les dones s\u00e0vies - La Villarroel - Barcelona\",\"description\":\"les dones savies a la villarroel de barcelona\",\"copyright\":\"https:\/\/youtu.be\/eWVo74L1p6k\",\"order\":6},{\"localizer\":\"V3SLIDE\",\"url\":\"media\/ftgalslide\/v3\/3170C\/01_086_00059176\/www-sergipanizo-cat_211229_dones-savies_058.jpg\",\"thumb_url\":\"media\/ftgalslide\/v3\/3170C\/01_086_00059176\/www-sergipanizo-cat_211229_dones-savies_058.jpg\",\"title\":\"Les dones s\u00e0vies - La Villarroel - Barcelona\",\"description\":\"les dones savies a la villarroel de barcelona\",\"copyright\":\"https:\/\/youtu.be\/eWVo74L1p6k\",\"order\":7},{\"localizer\":\"V4CARTELL\",\"url\":\"media\/ver\/cartell\/v4\/3170D\/01_089_00059243\/CARTELL_WEB_DONES_SAVIE.jpg\",\"thumb_url\":\"media\/ver\/cartell\/v4\/3170D\/01_089_00059243\/CARTELL_WEB_DONES_SAVIE.jpg\",\"title\":\"les dones savies teatre goya de barcelona\",\"description\":\"les dones savies teatre goya de barcelona\",\"copyright\":\"\",\"order\":8},{\"localizer\":\"V4PORTADA\",\"url\":\"media\/ver\/port\/v4\/3170C\/01_090_00059172\/PORTADA_1_DONES_SAVIE.jpg\",\"thumb_url\":\"media\/ver\/port\/v4\/3170C\/01_090_00059172\/PORTADA_1_DONES_SAVIE.jpg\",\"title\":\"Les dones s\u00e0vies - La Villarroel - Barcelona\",\"description\":\"les dones savies a la villarroel de barcelona\",\"copyright\":\"\",\"order\":3},{\"localizer\":\"V4PORTADAWIDE\",\"url\":\"media\/ver\/port\/wide\/v4\/3170C\/01_091_00059170\/PORTADA_0_DONES_SAVIE.jpg\",\"thumb_url\":\"media\/ver\/port\/wide\/v4\/3170C\/01_091_00059170\/PORTADA_0_DONES_SAVIE.jpg\",\"title\":\"Les dones s\u00e0vies - La Villarroel - Barcelona\",\"description\":\"les dones savies a la villarroel de barcelona\",\"copyright\":\"\",\"order\":1},{\"localizer\":\"V4PORTADAWIDEMOBILE\",\"url\":\"media\/ver\/port\/wide\/mobile\/v4\/3170D\/01_092_00059281\/PORTADA_MOBILE_DONES_SAVIE.jpg\",\"thumb_url\":\"media\/ver\/port\/wide\/mobile\/v4\/3170D\/01_092_00059281\/PORTADA_MOBILE_DONES_SAVIE.jpg\",\"title\":\"Les dones s\u00e0vies - La Villarroel\",\"description\":\"les dones savies a la villarroel\",\"copyright\":\"\",\"order\":9}]","material__texto_intro":"","data_material":null,"data_gallery":"","data_discounts":"[]","contract_is_open":false,"in_tour":false},"yoast_head":"<!-- This site is optimized with the Yoast SEO plugin v27.4 - https:\/\/yoast.com\/product\/yoast-seo-wordpress\/ -->\n<title>LES DONES S\u00c0VIES - Teatre Goya<\/title>\n<meta name=\"robots\" content=\"index, follow, max-snippet:-1, max-image-preview:large, max-video-preview:-1\" \/>\n<link rel=\"canonical\" href=\"https:\/\/www.teatregoya.cat\/ca\/ex\/les-dones-savies\/\" \/>\n<script type=\"application\/ld+json\" class=\"yoast-schema-graph\">{\"@context\":\"https:\\\/\\\/schema.org\",\"@graph\":[{\"@type\":\"WebPage\",\"@id\":\"https:\\\/\\\/www.teatregoya.cat\\\/ca\\\/ex\\\/les-dones-savies\\\/\",\"url\":\"https:\\\/\\\/www.teatregoya.cat\\\/ca\\\/ex\\\/les-dones-savies\\\/\",\"name\":\"LES DONES S\u00c0VIES - Teatre Goya\",\"isPartOf\":{\"@id\":\"https:\\\/\\\/www.teatregoya.cat\\\/ca\\\/#website\"},\"datePublished\":\"2025-09-04T14:35:14+00:00\",\"dateModified\":\"2026-04-09T10:21:50+00:00\",\"breadcrumb\":{\"@id\":\"https:\\\/\\\/www.teatregoya.cat\\\/ca\\\/ex\\\/les-dones-savies\\\/#breadcrumb\"},\"inLanguage\":\"ca\",\"potentialAction\":[{\"@type\":\"ReadAction\",\"target\":[\"https:\\\/\\\/www.teatregoya.cat\\\/ca\\\/ex\\\/les-dones-savies\\\/\"]}]},{\"@type\":\"BreadcrumbList\",\"@id\":\"https:\\\/\\\/www.teatregoya.cat\\\/ca\\\/ex\\\/les-dones-savies\\\/#breadcrumb\",\"itemListElement\":[{\"@type\":\"ListItem\",\"position\":1,\"name\":\"Home\",\"item\":\"https:\\\/\\\/www.teatregoya.cat\\\/ca\\\/\"},{\"@type\":\"ListItem\",\"position\":2,\"name\":\"Espectacles\",\"item\":\"https:\\\/\\\/www.teatregoya.cat\\\/ca\\\/ex\\\/\"},{\"@type\":\"ListItem\",\"position\":3,\"name\":\"LES DONES S\u00c0VIES\"}]},{\"@type\":\"WebSite\",\"@id\":\"https:\\\/\\\/www.teatregoya.cat\\\/ca\\\/#website\",\"url\":\"https:\\\/\\\/www.teatregoya.cat\\\/ca\\\/\",\"name\":\"Teatre Goya\",\"description\":\"\",\"publisher\":{\"@id\":\"https:\\\/\\\/www.teatregoya.cat\\\/ca\\\/#organization\"},\"potentialAction\":[{\"@type\":\"SearchAction\",\"target\":{\"@type\":\"EntryPoint\",\"urlTemplate\":\"https:\\\/\\\/www.teatregoya.cat\\\/ca\\\/?s={search_term_string}\"},\"query-input\":{\"@type\":\"PropertyValueSpecification\",\"valueRequired\":true,\"valueName\":\"search_term_string\"}}],\"inLanguage\":\"ca\"},{\"@type\":\"Organization\",\"@id\":\"https:\\\/\\\/www.teatregoya.cat\\\/ca\\\/#organization\",\"name\":\"Teatre Goya\",\"url\":\"https:\\\/\\\/www.teatregoya.cat\\\/ca\\\/\",\"logo\":{\"@type\":\"ImageObject\",\"inLanguage\":\"ca\",\"@id\":\"https:\\\/\\\/www.teatregoya.cat\\\/ca\\\/#\\\/schema\\\/logo\\\/image\\\/\",\"url\":\"https:\\\/\\\/www.teatregoya.cat\\\/wp-content\\\/uploads\\\/sites\\\/4\\\/2017\\\/09\\\/teatre-goya-logo.svg\",\"contentUrl\":\"https:\\\/\\\/www.teatregoya.cat\\\/wp-content\\\/uploads\\\/sites\\\/4\\\/2017\\\/09\\\/teatre-goya-logo.svg\",\"width\":1,\"height\":1,\"caption\":\"Teatre Goya\"},\"image\":{\"@id\":\"https:\\\/\\\/www.teatregoya.cat\\\/ca\\\/#\\\/schema\\\/logo\\\/image\\\/\"},\"sameAs\":[\"http:\\\/\\\/www.facebook.com\\\/TeatreGoya\",\"https:\\\/\\\/x.com\\\/Teatre_Goya\",\"http:\\\/\\\/instagram.com\\\/teatre_goya\",\"http:\\\/\\\/www.youtube.com\\\/user\\\/TeatreGoya\"]}]}<\/script>\n<!-- \/ Yoast SEO plugin. -->","yoast_head_json":{"title":"LES DONES S\u00c0VIES - Teatre Goya","robots":{"index":"index","follow":"follow","max-snippet":"max-snippet:-1","max-image-preview":"max-image-preview:large","max-video-preview":"max-video-preview:-1"},"canonical":"https:\/\/www.teatregoya.cat\/ca\/ex\/les-dones-savies\/","schema":{"@context":"https:\/\/schema.org","@graph":[{"@type":"WebPage","@id":"https:\/\/www.teatregoya.cat\/ca\/ex\/les-dones-savies\/","url":"https:\/\/www.teatregoya.cat\/ca\/ex\/les-dones-savies\/","name":"LES DONES S\u00c0VIES - Teatre Goya","isPartOf":{"@id":"https:\/\/www.teatregoya.cat\/ca\/#website"},"datePublished":"2025-09-04T14:35:14+00:00","dateModified":"2026-04-09T10:21:50+00:00","breadcrumb":{"@id":"https:\/\/www.teatregoya.cat\/ca\/ex\/les-dones-savies\/#breadcrumb"},"inLanguage":"ca","potentialAction":[{"@type":"ReadAction","target":["https:\/\/www.teatregoya.cat\/ca\/ex\/les-dones-savies\/"]}]},{"@type":"BreadcrumbList","@id":"https:\/\/www.teatregoya.cat\/ca\/ex\/les-dones-savies\/#breadcrumb","itemListElement":[{"@type":"ListItem","position":1,"name":"Home","item":"https:\/\/www.teatregoya.cat\/ca\/"},{"@type":"ListItem","position":2,"name":"Espectacles","item":"https:\/\/www.teatregoya.cat\/ca\/ex\/"},{"@type":"ListItem","position":3,"name":"LES DONES S\u00c0VIES"}]},{"@type":"WebSite","@id":"https:\/\/www.teatregoya.cat\/ca\/#website","url":"https:\/\/www.teatregoya.cat\/ca\/","name":"Teatre Goya","description":"","publisher":{"@id":"https:\/\/www.teatregoya.cat\/ca\/#organization"},"potentialAction":[{"@type":"SearchAction","target":{"@type":"EntryPoint","urlTemplate":"https:\/\/www.teatregoya.cat\/ca\/?s={search_term_string}"},"query-input":{"@type":"PropertyValueSpecification","valueRequired":true,"valueName":"search_term_string"}}],"inLanguage":"ca"},{"@type":"Organization","@id":"https:\/\/www.teatregoya.cat\/ca\/#organization","name":"Teatre Goya","url":"https:\/\/www.teatregoya.cat\/ca\/","logo":{"@type":"ImageObject","inLanguage":"ca","@id":"https:\/\/www.teatregoya.cat\/ca\/#\/schema\/logo\/image\/","url":"https:\/\/www.teatregoya.cat\/wp-content\/uploads\/sites\/4\/2017\/09\/teatre-goya-logo.svg","contentUrl":"https:\/\/www.teatregoya.cat\/wp-content\/uploads\/sites\/4\/2017\/09\/teatre-goya-logo.svg","width":1,"height":1,"caption":"Teatre Goya"},"image":{"@id":"https:\/\/www.teatregoya.cat\/ca\/#\/schema\/logo\/image\/"},"sameAs":["http:\/\/www.facebook.com\/TeatreGoya","https:\/\/x.com\/Teatre_Goya","http:\/\/instagram.com\/teatre_goya","http:\/\/www.youtube.com\/user\/TeatreGoya"]}]}},"translations":[{"id":4304,"locale":"ca"},{"id":4305,"locale":"es"}],"_links":{"self":[{"href":"https:\/\/www.teatregoya.cat\/ca\/wp-json\/wp\/v2\/ex\/4304","targetHints":{"allow":["GET"]}}],"collection":[{"href":"https:\/\/www.teatregoya.cat\/ca\/wp-json\/wp\/v2\/ex"}],"about":[{"href":"https:\/\/www.teatregoya.cat\/ca\/wp-json\/wp\/v2\/types\/ex"}],"author":[{"embeddable":true,"href":"https:\/\/www.teatregoya.cat\/ca\/wp-json\/wp\/v2\/users\/2"}],"replies":[{"embeddable":true,"href":"https:\/\/www.teatregoya.cat\/ca\/wp-json\/wp\/v2\/comments?post=4304"}],"acf:term":[{"embeddable":true,"taxonomy":"season","href":"https:\/\/www.teatregoya.cat\/ca\/wp-json\/wp\/v2\/season\/103"}],"wp:attachment":[{"href":"https:\/\/www.teatregoya.cat\/ca\/wp-json\/wp\/v2\/media?parent=4304"}],"curies":[{"name":"wp","href":"https:\/\/api.w.org\/{rel}","templated":true}]}}