{"id":4142,"date":"2025-04-30T15:18:08","date_gmt":"2025-04-30T13:18:08","guid":{"rendered":"https:\/\/www.teatregoya.cat\/ex\/el-cuarto-de-atras\/"},"modified":"2026-01-29T11:03:21","modified_gmt":"2026-01-29T10:03:21","slug":"el-cuarto-de-atras","status":"publish","type":"ex","link":"https:\/\/www.teatregoya.cat\/ca\/ex\/el-cuarto-de-atras\/","title":{"rendered":"El cuarto de atr\u00e1s"},"content":{"rendered":"","protected":false},"excerpt":{"rendered":"","protected":false},"author":2,"featured_media":0,"comment_status":"closed","ping_status":"closed","template":"","class_list":["post-4142","ex","type-ex","status-publish","hentry","season-2024-25"],"acf":{"txt_synopsis":"<strong>Emma Su\u00e1rez protagonitza aquesta adaptaci\u00f3 d'una obra mestra de Carme&nbsp;Mart\u00edn Gaite en el centenari del naixement de l'escriptora.<\/strong><br \/><br \/>Una dona de nit. Una casa i una visita inesperada. Ella, escriptora, es preparava per travessar les hores tota sola, per\u00f2 ha arribat un home misteri\u00f3s i ve amb preguntes oblidades. Qu\u00e8 hi havia a la cambra del darrere? Aquest \u00e9s un viatge per la llum i el record, la por a l'ombra i la cerca de sentit. Una mirada valenta al passat que guarda secrets i a les paraules que, de vegades, ens poden salvar. ","main_buy_link":"","main_buy_links":"","group_buy_link":"https:\/\/www.promentrada.com\/ca\/programacio\/c\/1650-en-el-cuarto-de-atras-grups.html","show_language":" Espectacle en castell\u00e0","show_duration":"90","show_start_date":"20250709000000","show_end_date":"20250727000000","show_sort_date":"20250709000000","txt_custom_show_dates":"del 9 al 27 de juliol de 2025 ","show_disciplines":"11","show_ultimes_funcions":true,"hide_tarifes_especials":false,"show_properament":false,"txt_additional_info":"<ul>\r\n<li>Recomanat a partir de 12 anys \r\n<\/li><li>Funci\u00f3 accessible:&nbsp;26 de juliol de 2025 a les 20h<br \/>La funci\u00f3 comptar\u00e0 amb<br \/>\u00b7Subtitulaci\u00f3<br \/>\u00b7Audiodescripci\u00f3<br \/>\u00b7Bucle magn\u00e8tic<br \/>\u00b7So amplificat<\/li><\/ul>","txt_present":"","show_season":[101],"txt_season":"[\"2024\/25\"]","txt_cycle":"","txt_claim":"Emma Su\u00e1rez protagonitza aquesta adaptaci\u00f3 d'una obra mestra de Carme&nbsp; Mart\u00edn Gaite en el centenari del naixement de l'escriptora.","txt_cast_excerpt":"","txt_cast":"<p><br \/>Text:<strong> Carmen Mart\u00edn Gaite<br \/><\/strong>Adaptaci\u00f3 i dramat\u00fargia: <strong>Mar\u00eda Folguera<\/strong><br \/>Direcci\u00f3: <strong>Rakel Camacho<\/strong><br \/>&nbsp;<br \/>Int\u00e8rprets: <strong>Emma Su\u00e1rez, Alberto Iglesias i Nora Hern\u00e1ndez<\/strong><br \/>&nbsp;<br \/>Escenografia: <strong>Jose Luis Raymond i Laura Ord\u00e1s Amor<\/strong><br \/>Il\u00b7luminaci\u00f3: <strong>Javier Ruiz de Alegr\u00eda<\/strong><br \/>M\u00fasica: <strong>Pablo Pe\u00f1a i Dar\u00edo del Moral<\/strong><br \/>Moviment esc\u00e8nic: <strong>Julia Monje<\/strong><br \/>Vestuari: <strong>Vanessa Actif<\/strong><\/p>\r\n<p>Direcci\u00f3 de producci\u00f3: <strong>Maite Pijuan<\/strong><br \/>Producci\u00f3 executiva: <strong>Rafa Romero de \u00c1vila<\/strong><br \/>Direcci\u00f3 t\u00e8cnica: <strong>Mois\u00e9s Cuenca<\/strong> <br \/>Coordinaci\u00f3 t\u00e8cnica: <strong>Jordi Farr\u00e0s<\/strong><br \/>Cap t\u00e8cnic en gira: <strong>Andy Duffill<\/strong><\/p>\r\n<p>Ajudantia de direcci\u00f3: <strong>Raquel S. Alarc\u00f3n<\/strong><br \/>Ajudantia de vestuari: <strong>Raquel Arroyo<\/strong><br \/>Ajudantia de producci\u00f3: <strong>Melanie Pindado<br \/><\/strong>Regidoria:<strong> Melanie Pindado i Carol Ibarz<\/strong><br \/>Cap t\u00e8cnic del teatre: <strong>Roger Mu\u00f1oz<br \/><\/strong>Personal t\u00e8cnic del teatre:<strong> Focus<\/strong>&nbsp;&nbsp; <\/p>\r\n<p>Construcci\u00f3 de l\u2019escenografia: <strong>Scnik M\u00f3vil<\/strong><\/p>\r\n<p>M\u00e0rqueting i comunicaci\u00f3:<strong> Focus<\/strong><br \/>Reportatge fotogr\u00e0fic: <strong>Hawork <\/strong><br \/>Disseny d\u2019imatge i disseny gr\u00e0fic:<strong> David Ruano <\/strong><\/p>\r\n<p>Agra\u00efments: <strong>Vicky Pe\u00f1a<\/strong><\/p>\r\n<p>Distribuci\u00f3: <strong>Carme Tierz (<\/strong><a href=\"mailto:carmetierz@focus.cat\"><strong>carmetierz@focus.cat<\/strong><\/a><strong>)<\/strong><\/p>\r\n<p>\u00c9s una producci\u00f3 de <strong>Lantia Esc\u00e9nica<\/strong><\/p>","txt_reviews":"Paula Corroto|El Confindencial|\u201cUn muntatge en el qual quan entres ja no pots sortir perqu\u00e8 \u00e9s un gran viatge tant interior com a la mem\u00f2ria d'una escriptora i d'un pa\u00eds\u201d\r\nLucas Ferreira|En Platea|\u201cEmma Su\u00e1rez irradia el mateix magnetisme que continua generant Mart\u00edn Gaite amb els seus escrits, una dona desitjosa d'indagar, interrogar, comprendre i compartir.\u201d \r\nRaquel Vidales|El Pa\u00eds|\u201cTriomfa Emma Su\u00e1rez, que es fica no nom\u00e9s en la pell sin\u00f3 tamb\u00e9 en la ment de Mart\u00edn Gaite d'una manera tan emp\u00e0tica i sostinguda que \u00e9s impossible no caure en el seu encanteri\u201d ","hashtag":"ElCuartodeAtr\u00e1s","have_promo":"","slogan":"","id_exhibicio":2268,"id_versio":1681,"id_local":35,"txt_seo_desc":"","data_images":"[{\"localizer\":\"V4CARTELL\",\"url\":\"media\/ver\/cartell\/v4\/31708\/01_089_00058881\/Cartell-web_720x1100_cuartodeatras.jpg\",\"thumb_url\":\"\",\"title\":\"El cuarto de atr\u00e1s - Teatre Goya\",\"description\":\"el cuarto de atras al teatre goya\",\"copyright\":\"\",\"order\":9},{\"localizer\":\"V3SLIDE\",\"url\":\"media\/ftgalslide\/v3\/31708\/01_086_00058882\/DLM09061-Mejorado-NR.jpg\",\"thumb_url\":\"media\/ftgalslide\/v3\/31708\/01_086_00058882\/DLM09061-Mejorado-NR_thumb.jpg\",\"title\":\"El cuarto de atr\u00e1s - Teatre Goya\",\"description\":\"el cuarto de atras al teatre goya\",\"copyright\":\"https:\/\/youtu.be\/Y7Lh7aEyTs0\",\"order\":10},{\"localizer\":\"V3SLIDE\",\"url\":\"media\/ftgalslide\/v3\/31708\/01_086_00058883\/DLM08758-Mejorado-NR.jpg\",\"thumb_url\":\"media\/ftgalslide\/v3\/31708\/01_086_00058883\/DLM08758-Mejorado-NR_thumb.jpg\",\"title\":\"El cuarto de atr\u00e1s - Teatre Goya\",\"description\":\"el cuarto de atras al teatre goya\",\"copyright\":\"\",\"order\":11},{\"localizer\":\"V3SLIDE\",\"url\":\"media\/ftgalslide\/v3\/31708\/01_086_00058884\/DLM08955-Mejorado-NR.jpg\",\"thumb_url\":\"media\/ftgalslide\/v3\/31708\/01_086_00058884\/DLM08955-Mejorado-NR_thumb.jpg\",\"title\":\"El cuarto de atr\u00e1s - Teatre Goya\",\"description\":\"el cuarto de atras al teatre goya\",\"copyright\":\"\",\"order\":12},{\"localizer\":\"V4PORTADA\",\"url\":\"media\/ver\/port\/v4\/31708\/01_090_00058886\/Portada-1_760x760_cuartodeatras.jpg\",\"thumb_url\":\"\",\"title\":\"Clavells - Teatre Goya\",\"description\":\"clavells al teate goya\",\"copyright\":\"\",\"order\":14},{\"localizer\":\"V4PORTADAWIDE\",\"url\":\"media\/ver\/port\/wide\/v4\/3170B\/01_091_00059025\/1-Portada_0_2880x1260_1.jpg\",\"thumb_url\":\"\",\"title\":\"El cuarto de atr\u00e1s - Teatre Goya\",\"description\":\"el cuarto de atr\u00e1s al teatre goya\",\"copyright\":\"\",\"order\":15},{\"localizer\":\"V4PORTADAWIDEMOBILE\",\"url\":\"media\/ver\/port\/wide\/mobile\/v4\/3170B\/01_092_00059027\/3-Portada_Mobile_828x1800_1_(1).jpg\",\"thumb_url\":\"\",\"title\":\"El cuarto de atr\u00e1s - Teatre Goya\",\"description\":\"el cuarto de atras al teatre goya\",\"copyright\":\"\",\"order\":17},{\"localizer\":\"V3CARTELL\",\"url\":\"media\/ver\/cartell\/v3\/3170E\/01_085_00059386\/cartellweb_focus_722x1030_cuartodeatras.jpg\",\"thumb_url\":\"media\/ver\/cartell\/v3\/3170E\/01_085_00059386\/cartellweb_focus_722x1030_cuartodeatras_thumb.jpg\",\"title\":\"El cuarto de atr\u00e1s - Teatre goya\",\"description\":\"el cuarto de atras al teatre goya\",\"copyright\":\"\",\"order\":18}]","material__texto_intro":"","data_material":null,"data_gallery":"","data_discounts":"[]","contract_is_open":false,"in_tour":false},"yoast_head":"<!-- This site is optimized with the Yoast SEO plugin v27.5 - https:\/\/yoast.com\/product\/yoast-seo-wordpress\/ -->\n<title>El cuarto de atr\u00e1s - Teatre Goya<\/title>\n<meta name=\"robots\" content=\"index, follow, max-snippet:-1, max-image-preview:large, max-video-preview:-1\" \/>\n<link rel=\"canonical\" href=\"https:\/\/www.teatregoya.cat\/ca\/ex\/el-cuarto-de-atras\/\" \/>\n<script type=\"application\/ld+json\" class=\"yoast-schema-graph\">{\"@context\":\"https:\\\/\\\/schema.org\",\"@graph\":[{\"@type\":\"WebPage\",\"@id\":\"https:\\\/\\\/www.teatregoya.cat\\\/ca\\\/ex\\\/el-cuarto-de-atras\\\/\",\"url\":\"https:\\\/\\\/www.teatregoya.cat\\\/ca\\\/ex\\\/el-cuarto-de-atras\\\/\",\"name\":\"El cuarto de atr\u00e1s - Teatre Goya\",\"isPartOf\":{\"@id\":\"https:\\\/\\\/www.teatregoya.cat\\\/ca\\\/#website\"},\"datePublished\":\"2025-04-30T13:18:08+00:00\",\"dateModified\":\"2026-01-29T10:03:21+00:00\",\"breadcrumb\":{\"@id\":\"https:\\\/\\\/www.teatregoya.cat\\\/ca\\\/ex\\\/el-cuarto-de-atras\\\/#breadcrumb\"},\"inLanguage\":\"ca\",\"potentialAction\":[{\"@type\":\"ReadAction\",\"target\":[\"https:\\\/\\\/www.teatregoya.cat\\\/ca\\\/ex\\\/el-cuarto-de-atras\\\/\"]}]},{\"@type\":\"BreadcrumbList\",\"@id\":\"https:\\\/\\\/www.teatregoya.cat\\\/ca\\\/ex\\\/el-cuarto-de-atras\\\/#breadcrumb\",\"itemListElement\":[{\"@type\":\"ListItem\",\"position\":1,\"name\":\"Home\",\"item\":\"https:\\\/\\\/www.teatregoya.cat\\\/ca\\\/\"},{\"@type\":\"ListItem\",\"position\":2,\"name\":\"Espectacles\",\"item\":\"https:\\\/\\\/www.teatregoya.cat\\\/ca\\\/ex\\\/\"},{\"@type\":\"ListItem\",\"position\":3,\"name\":\"El cuarto de atr\u00e1s\"}]},{\"@type\":\"WebSite\",\"@id\":\"https:\\\/\\\/www.teatregoya.cat\\\/ca\\\/#website\",\"url\":\"https:\\\/\\\/www.teatregoya.cat\\\/ca\\\/\",\"name\":\"Teatre Goya\",\"description\":\"\",\"publisher\":{\"@id\":\"https:\\\/\\\/www.teatregoya.cat\\\/ca\\\/#organization\"},\"potentialAction\":[{\"@type\":\"SearchAction\",\"target\":{\"@type\":\"EntryPoint\",\"urlTemplate\":\"https:\\\/\\\/www.teatregoya.cat\\\/ca\\\/?s={search_term_string}\"},\"query-input\":{\"@type\":\"PropertyValueSpecification\",\"valueRequired\":true,\"valueName\":\"search_term_string\"}}],\"inLanguage\":\"ca\"},{\"@type\":\"Organization\",\"@id\":\"https:\\\/\\\/www.teatregoya.cat\\\/ca\\\/#organization\",\"name\":\"Teatre Goya\",\"url\":\"https:\\\/\\\/www.teatregoya.cat\\\/ca\\\/\",\"logo\":{\"@type\":\"ImageObject\",\"inLanguage\":\"ca\",\"@id\":\"https:\\\/\\\/www.teatregoya.cat\\\/ca\\\/#\\\/schema\\\/logo\\\/image\\\/\",\"url\":\"https:\\\/\\\/www.teatregoya.cat\\\/wp-content\\\/uploads\\\/sites\\\/4\\\/2017\\\/09\\\/teatre-goya-logo.svg\",\"contentUrl\":\"https:\\\/\\\/www.teatregoya.cat\\\/wp-content\\\/uploads\\\/sites\\\/4\\\/2017\\\/09\\\/teatre-goya-logo.svg\",\"width\":1,\"height\":1,\"caption\":\"Teatre Goya\"},\"image\":{\"@id\":\"https:\\\/\\\/www.teatregoya.cat\\\/ca\\\/#\\\/schema\\\/logo\\\/image\\\/\"},\"sameAs\":[\"http:\\\/\\\/www.facebook.com\\\/TeatreGoya\",\"https:\\\/\\\/x.com\\\/Teatre_Goya\",\"http:\\\/\\\/instagram.com\\\/teatre_goya\",\"http:\\\/\\\/www.youtube.com\\\/user\\\/TeatreGoya\"]}]}<\/script>\n<!-- \/ Yoast SEO plugin. -->","yoast_head_json":{"title":"El cuarto de atr\u00e1s - Teatre Goya","robots":{"index":"index","follow":"follow","max-snippet":"max-snippet:-1","max-image-preview":"max-image-preview:large","max-video-preview":"max-video-preview:-1"},"canonical":"https:\/\/www.teatregoya.cat\/ca\/ex\/el-cuarto-de-atras\/","schema":{"@context":"https:\/\/schema.org","@graph":[{"@type":"WebPage","@id":"https:\/\/www.teatregoya.cat\/ca\/ex\/el-cuarto-de-atras\/","url":"https:\/\/www.teatregoya.cat\/ca\/ex\/el-cuarto-de-atras\/","name":"El cuarto de atr\u00e1s - Teatre Goya","isPartOf":{"@id":"https:\/\/www.teatregoya.cat\/ca\/#website"},"datePublished":"2025-04-30T13:18:08+00:00","dateModified":"2026-01-29T10:03:21+00:00","breadcrumb":{"@id":"https:\/\/www.teatregoya.cat\/ca\/ex\/el-cuarto-de-atras\/#breadcrumb"},"inLanguage":"ca","potentialAction":[{"@type":"ReadAction","target":["https:\/\/www.teatregoya.cat\/ca\/ex\/el-cuarto-de-atras\/"]}]},{"@type":"BreadcrumbList","@id":"https:\/\/www.teatregoya.cat\/ca\/ex\/el-cuarto-de-atras\/#breadcrumb","itemListElement":[{"@type":"ListItem","position":1,"name":"Home","item":"https:\/\/www.teatregoya.cat\/ca\/"},{"@type":"ListItem","position":2,"name":"Espectacles","item":"https:\/\/www.teatregoya.cat\/ca\/ex\/"},{"@type":"ListItem","position":3,"name":"El cuarto de atr\u00e1s"}]},{"@type":"WebSite","@id":"https:\/\/www.teatregoya.cat\/ca\/#website","url":"https:\/\/www.teatregoya.cat\/ca\/","name":"Teatre Goya","description":"","publisher":{"@id":"https:\/\/www.teatregoya.cat\/ca\/#organization"},"potentialAction":[{"@type":"SearchAction","target":{"@type":"EntryPoint","urlTemplate":"https:\/\/www.teatregoya.cat\/ca\/?s={search_term_string}"},"query-input":{"@type":"PropertyValueSpecification","valueRequired":true,"valueName":"search_term_string"}}],"inLanguage":"ca"},{"@type":"Organization","@id":"https:\/\/www.teatregoya.cat\/ca\/#organization","name":"Teatre Goya","url":"https:\/\/www.teatregoya.cat\/ca\/","logo":{"@type":"ImageObject","inLanguage":"ca","@id":"https:\/\/www.teatregoya.cat\/ca\/#\/schema\/logo\/image\/","url":"https:\/\/www.teatregoya.cat\/wp-content\/uploads\/sites\/4\/2017\/09\/teatre-goya-logo.svg","contentUrl":"https:\/\/www.teatregoya.cat\/wp-content\/uploads\/sites\/4\/2017\/09\/teatre-goya-logo.svg","width":1,"height":1,"caption":"Teatre Goya"},"image":{"@id":"https:\/\/www.teatregoya.cat\/ca\/#\/schema\/logo\/image\/"},"sameAs":["http:\/\/www.facebook.com\/TeatreGoya","https:\/\/x.com\/Teatre_Goya","http:\/\/instagram.com\/teatre_goya","http:\/\/www.youtube.com\/user\/TeatreGoya"]}]}},"translations":[{"id":4142,"locale":"ca"},{"id":4143,"locale":"es"}],"_links":{"self":[{"href":"https:\/\/www.teatregoya.cat\/ca\/wp-json\/wp\/v2\/ex\/4142","targetHints":{"allow":["GET"]}}],"collection":[{"href":"https:\/\/www.teatregoya.cat\/ca\/wp-json\/wp\/v2\/ex"}],"about":[{"href":"https:\/\/www.teatregoya.cat\/ca\/wp-json\/wp\/v2\/types\/ex"}],"author":[{"embeddable":true,"href":"https:\/\/www.teatregoya.cat\/ca\/wp-json\/wp\/v2\/users\/2"}],"replies":[{"embeddable":true,"href":"https:\/\/www.teatregoya.cat\/ca\/wp-json\/wp\/v2\/comments?post=4142"}],"acf:term":[{"embeddable":true,"taxonomy":"season","href":"https:\/\/www.teatregoya.cat\/ca\/wp-json\/wp\/v2\/season\/101"}],"wp:attachment":[{"href":"https:\/\/www.teatregoya.cat\/ca\/wp-json\/wp\/v2\/media?parent=4142"}],"curies":[{"name":"wp","href":"https:\/\/api.w.org\/{rel}","templated":true}]}}