{"id":4061,"date":"2025-01-28T10:43:50","date_gmt":"2025-01-28T09:43:50","guid":{"rendered":"https:\/\/www.teatregoya.cat\/ex\/clavells\/"},"modified":"2025-11-05T16:05:38","modified_gmt":"2025-11-05T15:05:38","slug":"clavells","status":"publish","type":"ex","link":"https:\/\/www.teatregoya.cat\/ca\/ex\/clavells\/","title":{"rendered":"Clavells"},"content":{"rendered":"","protected":false},"excerpt":{"rendered":"","protected":false},"author":2,"featured_media":0,"comment_status":"closed","ping_status":"closed","template":"","class_list":["post-4061","ex","type-ex","status-publish","hentry","season-2024-25"],"acf":{"txt_synopsis":"<p><strong>Una commovedora hist\u00f2ria d'amor, tra\u00efci\u00f3 i esperan\u00e7a<br \/><\/strong><strong><br \/><\/strong>Despr\u00e9s de d\u00e8cades sense veure's, un home i una dona es retroben.<strong> Comparteixen un passat de comprom\u00eds pol\u00edtic i amistat profunda<\/strong> que es va veure truncat per la tra\u00efci\u00f3. Des de llavors, sumen silencis, mentides, rancors i el record d'un moment d'esperan\u00e7a immaculada: la Revoluci\u00f3 dels Clavells.<\/p>","main_buy_link":"","main_buy_links":"","group_buy_link":"https:\/\/www.promentrada.com\/ca\/programacio\/c\/1651-clavells-grups.html","show_language":"Espectacle en catal\u00e0.","show_duration":"80","show_start_date":"20250625000000","show_end_date":"20250706000000","show_sort_date":"20250625000000","txt_custom_show_dates":"del 25 de juny al 6 de juliol de 2025 ","show_disciplines":"3","show_ultimes_funcions":false,"hide_tarifes_especials":false,"show_properament":false,"txt_additional_info":"<p>Recomanat a partir <strong>14 anys<\/strong><\/p>","txt_present":"","show_season":[101],"txt_season":"[\"2024\/25\"]","txt_cycle":"","txt_claim":"<strong>CLAVELLS proposa un viatge d'anada i tornada al lloc on va ser il\u00b7luminada l'esperan\u00e7a.<br \/><\/strong>","txt_cast_excerpt":"","txt_cast":"<p>Autoria: <strong>Emma Riverola<\/strong><strong><br \/><\/strong>Direcci\u00f3: <strong>Abel Folk<\/strong><br \/>&nbsp;<br \/>Int\u00e8rprets <br \/><strong>Silvia Mars\u00f3<\/strong> - Violeta<br \/><strong>Abel Folk<\/strong> - Javier <br \/>&nbsp;<br \/>Escenografia i il\u00b7luminaci\u00f3: <strong>Paco Azor\u00edn<br \/><\/strong>Vestuari: <strong>Patricia Monn\u00e9<\/strong><br \/>Espai sonor: <strong>Olga Santos<br \/><\/strong>&nbsp; <br \/>Direcci\u00f3 de producci\u00f3: <strong>Gloria Casanova<br \/><\/strong>Cap de producci\u00f3: <strong>Maria Folk<\/strong><br \/>Producci\u00f3 executiva: <strong>Gloria Casanova&nbsp; <br \/><\/strong>Productor: <strong>Hold-Principal S.L. i Lantia Esc\u00e9nica<\/strong><br \/>Direcci\u00f3 t\u00e8cnica: <strong>Elena Berm\u00fadez<\/strong><br \/>Coordinaci\u00f3 t\u00e8cnica: <strong>Alba Santiago<br \/>&nbsp;<\/strong><br \/>Ajudantia de direcci\u00f3: <strong>Gabriel L\u00f3pez Pi\u00f1a <br \/><\/strong>Regidoria: <strong>Elisenda Caball\u00e9<br \/><\/strong>T\u00e8cnic de llums: <strong>Elena Berm\u00fadez<br \/><\/strong>T\u00e8cnic de so: <strong>Alba Santiago<\/strong><br \/>Cap t\u00e8cnic del teatre: <strong>Roger Mu\u00f1oz<br \/><\/strong>&nbsp; <br \/>Construcci\u00f3 de l\u2019escenografia: <strong>Mambo decorados<br \/><\/strong>&nbsp;<br \/>M\u00e0rqueting i comunicaci\u00f3: <strong>Focus<\/strong><br \/>Reportatge fotogr\u00e0fic: <strong>Raquel Rodr\u00edguez<\/strong>&nbsp;&nbsp;<br \/>&nbsp; <br \/>Amb el suport de: <strong>Generalitat de Catalunya \u2013 ICEC Institut Catal\u00e0 de les Empreses Culturals, AISGE i Fundaci\u00f3 Romea<br \/><\/strong>&nbsp;<br \/>Distribuci\u00f3:<strong> Carme Tierz (<\/strong><a href=\"mailto:ctierz@mediterraneagira.com\"><strong>ctierz@mediterraneagira.com<\/strong><\/a><strong>)<br \/>&nbsp;<br \/><\/strong>\u00c9s una producci\u00f3 de <strong>Hold-Principal S.L., Faig Produccions, Lantia Esc\u00e9nica i Lamars\u00f3 produce<br \/><\/strong><\/p>","txt_reviews":"Antonio Ill\u00e1n|ABC|\u201cUn mosaic de records, de veritats que s'han ocultat, d'emocions, actituds vitals, valors i contravalors\u201d\r\nAngelica Francesca Rimini|El Cultural|\u201cEl p\u00fablic aplaudeix, riu, plora i canta amb ells. Els personatges treuen tot tipus d'emocions i aconsegueixen penetrar en l'\u00e0nima de l'espectador.\u201d\r\nMarc Libiano|Diari de Tarragona|\u201cUn di\u00e0leg cara a cara, en una baralla carnal, viva, amb di\u00e0legs d'una gran brillantor\u201d","hashtag":"Clavells","have_promo":"","slogan":"","id_exhibicio":2242,"id_versio":1762,"id_local":35,"txt_seo_desc":"L'obra Clavells en el Teatre Goya","data_images":"[{\"localizer\":\"V4PORTADA\",\"url\":\"media\/ver\/port\/v4\/31708\/01_090_00058874\/clavells_cat_Portada_1_760x760.jpg\",\"thumb_url\":\"\",\"title\":\"Clavells - Teatre Goya\",\"description\":\"clavells al teatre goya\",\"copyright\":\"\",\"order\":5},{\"localizer\":\"V4PORTADAWIDEMOBILE\",\"url\":\"media\/ver\/port\/wide\/mobile\/v4\/31708\/01_092_00058875\/clavells_cat_Portada_0_mobile_828x1800.jpg\",\"thumb_url\":\"\",\"title\":\"Clavells - Teatre Goya\",\"description\":\"clavells al teatre goya\",\"copyright\":\"\",\"order\":6},{\"localizer\":\"V4CARTELL\",\"url\":\"media\/ver\/cartell\/v4\/31708\/01_089_00058876\/clavells_cat_Cartell_web_720x1100.jpg\",\"thumb_url\":\"\",\"title\":\"Clavells - Teatre Goya\",\"description\":\"clavells al teatre goya\",\"copyright\":\"\",\"order\":7},{\"localizer\":\"V4PORTADAWIDE\",\"url\":\"media\/ver\/port\/wide\/v4\/31708\/01_091_00058877\/clavells_cat_Portada_0_2880x1260.jpg\",\"thumb_url\":\"\",\"title\":\"Clavells - Teatre Goya\",\"description\":\"clavells al teatre goya\",\"copyright\":\"\",\"order\":8},{\"localizer\":\"V3SLIDE\",\"url\":\"media\/ftgalslide\/v3\/31709\/01_086_00058893\/Claveles_004.jpg\",\"thumb_url\":\"media\/ftgalslide\/v3\/31709\/01_086_00058893\/Claveles_004_thumb.jpg\",\"title\":\"Clavells - Teatre Goya\",\"description\":\"clavells al teatre goya\",\"copyright\":\"https:\/\/youtu.be\/XvkeurNTbx4\",\"order\":9},{\"localizer\":\"V3SLIDE\",\"url\":\"media\/ftgalslide\/v3\/31709\/01_086_00058894\/Claveles_016.jpg\",\"thumb_url\":\"media\/ftgalslide\/v3\/31709\/01_086_00058894\/Claveles_016_thumb.jpg\",\"title\":\"Clavells - Teatre Goya\",\"description\":\"clavells al teatre goya\",\"copyright\":\"\",\"order\":10},{\"localizer\":\"V3SLIDE\",\"url\":\"media\/ftgalslide\/v3\/31709\/01_086_00058895\/Claveles_010.jpg\",\"thumb_url\":\"media\/ftgalslide\/v3\/31709\/01_086_00058895\/Claveles_010_thumb.jpg\",\"title\":\"Clavells - Teatre Goya\",\"description\":\"clavells al teatre goya\",\"copyright\":\"\",\"order\":11},{\"localizer\":\"V3SLIDE\",\"url\":\"media\/ftgalslide\/v3\/31709\/01_086_00058896\/Claveles_047.jpg\",\"thumb_url\":\"media\/ftgalslide\/v3\/31709\/01_086_00058896\/Claveles_047_thumb.jpg\",\"title\":\"Clavells - Teatre Goya\",\"description\":\"clavells al teatre goya\",\"copyright\":\"\",\"order\":12},{\"localizer\":\"V3CARTELL\",\"url\":\"media\/ver\/cartell\/v3\/31709\/01_085_00058901\/clavells_cat_Cartell_web_focus_722x1030.jpg\",\"thumb_url\":\"media\/ver\/cartell\/v3\/31709\/01_085_00058901\/clavells_cat_Cartell_web_focus_722x1030_thumb.jpg\",\"title\":\"Clavells al teatre goya de barcelona\",\"description\":\"Clavells al teatre goya de barcelona\",\"copyright\":\"\",\"order\":13}]","material__texto_intro":"","data_material":null,"data_gallery":"","data_discounts":"[]","contract_is_open":false,"in_tour":false},"yoast_head":"<!-- This site is optimized with the Yoast SEO plugin v27.5 - https:\/\/yoast.com\/product\/yoast-seo-wordpress\/ -->\n<title>Clavells - Teatre Goya<\/title>\n<meta name=\"robots\" content=\"index, follow, max-snippet:-1, max-image-preview:large, max-video-preview:-1\" \/>\n<link rel=\"canonical\" href=\"https:\/\/www.teatregoya.cat\/ca\/ex\/clavells\/\" \/>\n<script type=\"application\/ld+json\" class=\"yoast-schema-graph\">{\"@context\":\"https:\\\/\\\/schema.org\",\"@graph\":[{\"@type\":\"WebPage\",\"@id\":\"https:\\\/\\\/www.teatregoya.cat\\\/ca\\\/ex\\\/clavells\\\/\",\"url\":\"https:\\\/\\\/www.teatregoya.cat\\\/ca\\\/ex\\\/clavells\\\/\",\"name\":\"Clavells - Teatre Goya\",\"isPartOf\":{\"@id\":\"https:\\\/\\\/www.teatregoya.cat\\\/ca\\\/#website\"},\"datePublished\":\"2025-01-28T09:43:50+00:00\",\"dateModified\":\"2025-11-05T15:05:38+00:00\",\"breadcrumb\":{\"@id\":\"https:\\\/\\\/www.teatregoya.cat\\\/ca\\\/ex\\\/clavells\\\/#breadcrumb\"},\"inLanguage\":\"ca\",\"potentialAction\":[{\"@type\":\"ReadAction\",\"target\":[\"https:\\\/\\\/www.teatregoya.cat\\\/ca\\\/ex\\\/clavells\\\/\"]}]},{\"@type\":\"BreadcrumbList\",\"@id\":\"https:\\\/\\\/www.teatregoya.cat\\\/ca\\\/ex\\\/clavells\\\/#breadcrumb\",\"itemListElement\":[{\"@type\":\"ListItem\",\"position\":1,\"name\":\"Home\",\"item\":\"https:\\\/\\\/www.teatregoya.cat\\\/ca\\\/\"},{\"@type\":\"ListItem\",\"position\":2,\"name\":\"Espectacles\",\"item\":\"https:\\\/\\\/www.teatregoya.cat\\\/ca\\\/ex\\\/\"},{\"@type\":\"ListItem\",\"position\":3,\"name\":\"Clavells\"}]},{\"@type\":\"WebSite\",\"@id\":\"https:\\\/\\\/www.teatregoya.cat\\\/ca\\\/#website\",\"url\":\"https:\\\/\\\/www.teatregoya.cat\\\/ca\\\/\",\"name\":\"Teatre Goya\",\"description\":\"\",\"publisher\":{\"@id\":\"https:\\\/\\\/www.teatregoya.cat\\\/ca\\\/#organization\"},\"potentialAction\":[{\"@type\":\"SearchAction\",\"target\":{\"@type\":\"EntryPoint\",\"urlTemplate\":\"https:\\\/\\\/www.teatregoya.cat\\\/ca\\\/?s={search_term_string}\"},\"query-input\":{\"@type\":\"PropertyValueSpecification\",\"valueRequired\":true,\"valueName\":\"search_term_string\"}}],\"inLanguage\":\"ca\"},{\"@type\":\"Organization\",\"@id\":\"https:\\\/\\\/www.teatregoya.cat\\\/ca\\\/#organization\",\"name\":\"Teatre Goya\",\"url\":\"https:\\\/\\\/www.teatregoya.cat\\\/ca\\\/\",\"logo\":{\"@type\":\"ImageObject\",\"inLanguage\":\"ca\",\"@id\":\"https:\\\/\\\/www.teatregoya.cat\\\/ca\\\/#\\\/schema\\\/logo\\\/image\\\/\",\"url\":\"https:\\\/\\\/www.teatregoya.cat\\\/wp-content\\\/uploads\\\/sites\\\/4\\\/2017\\\/09\\\/teatre-goya-logo.svg\",\"contentUrl\":\"https:\\\/\\\/www.teatregoya.cat\\\/wp-content\\\/uploads\\\/sites\\\/4\\\/2017\\\/09\\\/teatre-goya-logo.svg\",\"width\":1,\"height\":1,\"caption\":\"Teatre Goya\"},\"image\":{\"@id\":\"https:\\\/\\\/www.teatregoya.cat\\\/ca\\\/#\\\/schema\\\/logo\\\/image\\\/\"},\"sameAs\":[\"http:\\\/\\\/www.facebook.com\\\/TeatreGoya\",\"https:\\\/\\\/x.com\\\/Teatre_Goya\",\"http:\\\/\\\/instagram.com\\\/teatre_goya\",\"http:\\\/\\\/www.youtube.com\\\/user\\\/TeatreGoya\"]}]}<\/script>\n<!-- \/ Yoast SEO plugin. -->","yoast_head_json":{"title":"Clavells - Teatre Goya","robots":{"index":"index","follow":"follow","max-snippet":"max-snippet:-1","max-image-preview":"max-image-preview:large","max-video-preview":"max-video-preview:-1"},"canonical":"https:\/\/www.teatregoya.cat\/ca\/ex\/clavells\/","schema":{"@context":"https:\/\/schema.org","@graph":[{"@type":"WebPage","@id":"https:\/\/www.teatregoya.cat\/ca\/ex\/clavells\/","url":"https:\/\/www.teatregoya.cat\/ca\/ex\/clavells\/","name":"Clavells - Teatre Goya","isPartOf":{"@id":"https:\/\/www.teatregoya.cat\/ca\/#website"},"datePublished":"2025-01-28T09:43:50+00:00","dateModified":"2025-11-05T15:05:38+00:00","breadcrumb":{"@id":"https:\/\/www.teatregoya.cat\/ca\/ex\/clavells\/#breadcrumb"},"inLanguage":"ca","potentialAction":[{"@type":"ReadAction","target":["https:\/\/www.teatregoya.cat\/ca\/ex\/clavells\/"]}]},{"@type":"BreadcrumbList","@id":"https:\/\/www.teatregoya.cat\/ca\/ex\/clavells\/#breadcrumb","itemListElement":[{"@type":"ListItem","position":1,"name":"Home","item":"https:\/\/www.teatregoya.cat\/ca\/"},{"@type":"ListItem","position":2,"name":"Espectacles","item":"https:\/\/www.teatregoya.cat\/ca\/ex\/"},{"@type":"ListItem","position":3,"name":"Clavells"}]},{"@type":"WebSite","@id":"https:\/\/www.teatregoya.cat\/ca\/#website","url":"https:\/\/www.teatregoya.cat\/ca\/","name":"Teatre Goya","description":"","publisher":{"@id":"https:\/\/www.teatregoya.cat\/ca\/#organization"},"potentialAction":[{"@type":"SearchAction","target":{"@type":"EntryPoint","urlTemplate":"https:\/\/www.teatregoya.cat\/ca\/?s={search_term_string}"},"query-input":{"@type":"PropertyValueSpecification","valueRequired":true,"valueName":"search_term_string"}}],"inLanguage":"ca"},{"@type":"Organization","@id":"https:\/\/www.teatregoya.cat\/ca\/#organization","name":"Teatre Goya","url":"https:\/\/www.teatregoya.cat\/ca\/","logo":{"@type":"ImageObject","inLanguage":"ca","@id":"https:\/\/www.teatregoya.cat\/ca\/#\/schema\/logo\/image\/","url":"https:\/\/www.teatregoya.cat\/wp-content\/uploads\/sites\/4\/2017\/09\/teatre-goya-logo.svg","contentUrl":"https:\/\/www.teatregoya.cat\/wp-content\/uploads\/sites\/4\/2017\/09\/teatre-goya-logo.svg","width":1,"height":1,"caption":"Teatre Goya"},"image":{"@id":"https:\/\/www.teatregoya.cat\/ca\/#\/schema\/logo\/image\/"},"sameAs":["http:\/\/www.facebook.com\/TeatreGoya","https:\/\/x.com\/Teatre_Goya","http:\/\/instagram.com\/teatre_goya","http:\/\/www.youtube.com\/user\/TeatreGoya"]}]}},"translations":[{"id":4061,"locale":"ca"},{"id":4062,"locale":"es"}],"_links":{"self":[{"href":"https:\/\/www.teatregoya.cat\/ca\/wp-json\/wp\/v2\/ex\/4061","targetHints":{"allow":["GET"]}}],"collection":[{"href":"https:\/\/www.teatregoya.cat\/ca\/wp-json\/wp\/v2\/ex"}],"about":[{"href":"https:\/\/www.teatregoya.cat\/ca\/wp-json\/wp\/v2\/types\/ex"}],"author":[{"embeddable":true,"href":"https:\/\/www.teatregoya.cat\/ca\/wp-json\/wp\/v2\/users\/2"}],"replies":[{"embeddable":true,"href":"https:\/\/www.teatregoya.cat\/ca\/wp-json\/wp\/v2\/comments?post=4061"}],"acf:term":[{"embeddable":true,"taxonomy":"season","href":"https:\/\/www.teatregoya.cat\/ca\/wp-json\/wp\/v2\/season\/101"}],"wp:attachment":[{"href":"https:\/\/www.teatregoya.cat\/ca\/wp-json\/wp\/v2\/media?parent=4061"}],"curies":[{"name":"wp","href":"https:\/\/api.w.org\/{rel}","templated":true}]}}