{"id":3967,"date":"2024-09-05T17:59:15","date_gmt":"2024-09-05T15:59:15","guid":{"rendered":"https:\/\/www.teatregoya.cat\/ex\/les-aventures-del-lleo-vergonyos-3\/"},"modified":"2025-05-12T10:45:44","modified_gmt":"2025-05-12T08:45:44","slug":"les-aventures-del-lleo-vergonyos","status":"publish","type":"ex","link":"https:\/\/www.teatregoya.cat\/ca\/ex\/les-aventures-del-lleo-vergonyos\/","title":{"rendered":"Les aventures del lle\u00f3 vergony\u00f3s"},"content":{"rendered":"","protected":false},"excerpt":{"rendered":"","protected":false},"author":2,"featured_media":0,"comment_status":"closed","ping_status":"closed","template":"","class_list":["post-3967","ex","type-ex","status-publish","hentry","season-2024-25"],"acf":{"txt_synopsis":"<p><strong>Viu Les aventures del lle\u00f3 vergony\u00f3s d\u2018El pot petit de ben a prop amb m\u00fasica i titelles en directe, en un viatge ple d'emocions.<\/strong> <\/p>\r\n<p>El Pot Petit presenta un espectacle pels me\u0301s petits! En un format i\u0301ntim i redui\u0308t, acompanyareu de ben a prop al Lleo\u0301 a viure les seves aventures. A l\u2019escenari hi veureu dos titellaires cantants i un mu\u0301sic que us transportaran als cors i als sentiments dels personatges de la coneguda canc\u0327o\u0301 <em>El Lleo\u0301 vergonyo\u0301s<\/em>. <\/p>\r\n<p>Us convidem a descobrir <em>Les aventures del Lleo\u0301 vergonyo\u0301s<\/em>. Un viatge ben divertit amb titelles i mu\u0301sica en directe, per descobrir les emocions de la ma\u0300 d\u2019un dels personatges me\u0301s emblema\u0300tics d\u2019El Pot Petit. El Lleo\u0301, a trave\u0301s d\u2019aquest viatge trepidant, es fara\u0300 amic del tigre, el cavall, l\u2019hipopo\u0300tam i el gall, entre d\u2019altres. I junts experimentaran emocions com la por, l\u2019alegria, la tristesa o la ra\u0300bia, acceptant-les, compartint-les i sobretot ajudant-se els uns als altres quan les emocions son dificils de gestionar. <\/p>\r\n<p><strong>Valors:<\/strong> <\/p>\r\n<ul>\r\n<li>Les emocions i els recursos per a gestionar-les. \r\n<\/li><li>El valor del respecte, el treball conjunt i l\u2019empatia. \r\n<\/li><li>La m\u00fasica en directe. <br \/>&nbsp;<\/li><\/ul>","main_buy_link":"","main_buy_links":"","group_buy_link":"https:\/\/www.promentrada.com\/ca\/programacio\/c\/1337-les-aventures-del-lleo-vergonyos--grups.html","show_language":"Espectacle en catal\u00e0 ","show_duration":"55","show_start_date":"20250503000000","show_end_date":"20250511000000","show_sort_date":"20250503000000","txt_custom_show_dates":"del 3 a l'11 de maig de 2025 ","show_disciplines":"4","show_ultimes_funcions":false,"hide_tarifes_especials":false,"show_properament":false,"txt_additional_info":"<ul>\r\n<li>Edat recomanada de 2 a 7 anys <\/li>\r\n<li>Tots el menors de 2 anys no pagaran entrada sempre i quan no ocupin butaca. Hauran de seure a la falda d\u2019una persona adulta<\/li><\/ul>","txt_present":"","show_season":[101],"txt_season":"[\"2024\/25\"]","txt_cycle":"","txt_claim":"El Pot Petit presenta un espectacle pels me\u0301s petits! En un format i\u0301ntim i redui\u0308t, acompanyareu de ben a prop al Lleo\u0301 a viure les seves aventures. <br \/>","txt_cast_excerpt":"","txt_cast":"<p>Dramat\u00fargia i direcci\u00f3: <strong>Ruth Garcia Ruz i Helena Bagu\u00e9 Vil\u00e0 <\/strong><\/p>\r\n<p>Composici\u00f3 musical: <strong>Dani L\u00f3pez Pradas <\/strong><\/p>\r\n<p>Titellaires i cantants: <strong>Merc\u00e8 Munn\u00e9 Parera (Juna) i Ovidi Llorente Saguer (Pol) <\/strong><\/p>\r\n<p>Interpretaci\u00f3 musical: <strong>Sergi Carbonell <\/strong><\/p>\r\n<p>Cap t\u00e8cnic del teatre: <strong>Roger Mu\u00f1oz <\/strong><\/p>\r\n<p>M\u00e0rqueting i comunicaci\u00f3: <strong>Focus<\/strong> <\/p>\r\n<p>\u00c9s una producci\u00f3 <strong>d\u2019El pot petit <\/strong><\/p>","txt_reviews":"Ferran Baile|Recomana|\u201cUn espectacle molt cuidat en tots els aspectes, tan esc\u00e8nics com ling\u00fc\u00edstics, que es pensat pels m\u00e9s petits\u201d","hashtag":"LesAventuresDelLle\u00f3Vergony\u00f3s","have_promo":"","slogan":"","id_exhibicio":2199,"id_versio":1741,"id_local":35,"txt_seo_desc":"Les aventures del lle\u00f3 vergony\u00f3s en el Romea en Fam\u00edlia","data_images":"[{\"localizer\":\"V4CARTELL\",\"url\":\"media\/ver\/cartell\/v4\/316A9\/01_089_00058306\/Cartell-web-el-lleo-vergonyos-goya-en-familia.jpg\",\"thumb_url\":\"\",\"title\":\"Les aventures del lle\u00f3 vergony\u00f3s - Teatre Goya\",\"description\":\"les aventures del lleo vergonyos en el teatre goya\",\"copyright\":\"\",\"order\":4},{\"localizer\":\"V3SLIDE\",\"url\":\"media\/ftgalslide\/v3\/316AB\/01_086_00058571\/Lleo_imatge1.jpg\",\"thumb_url\":\"media\/ftgalslide\/v3\/316AB\/01_086_00058571\/Lleo_imatge1_thumb.jpg\",\"title\":\"Les aventures del lle\u00f3 vergony\u00f3s - Teatre Goya\",\"description\":\"les aventures del lle\u00f3 vergony\u00f3s en el teatre goya\",\"copyright\":\"https:\/\/youtu.be\/P1FtxmJUe5E\",\"order\":5},{\"localizer\":\"V3SLIDE\",\"url\":\"media\/ftgalslide\/v3\/316AB\/01_086_00058572\/Lleo_imatge2.jpg\",\"thumb_url\":\"media\/ftgalslide\/v3\/316AB\/01_086_00058572\/Lleo_imatge2_thumb.jpg\",\"title\":\"Les aventures del lle\u00f3 vergony\u00f3s - Teatre Goya\",\"description\":\"les aventures del lle\u00f3 vergony\u00f3s en el teatre goya\",\"copyright\":\"\",\"order\":6},{\"localizer\":\"V3SLIDE\",\"url\":\"media\/ftgalslide\/v3\/316AB\/01_086_00058573\/Lleo_imatge3.jpg\",\"thumb_url\":\"media\/ftgalslide\/v3\/316AB\/01_086_00058573\/Lleo_imatge3_thumb.jpg\",\"title\":\"Les aventures del lle\u00f3 vergony\u00f3s - Teatre Goya\",\"description\":\"les aventures del lle\u00f3 vergony\u00f3s en el teatre goya\",\"copyright\":\"\",\"order\":7},{\"localizer\":\"V3SLIDE\",\"url\":\"media\/ftgalslide\/v3\/316AB\/01_086_00058574\/Lleo_imatge4.jpg\",\"thumb_url\":\"media\/ftgalslide\/v3\/316AB\/01_086_00058574\/Lleo_imatge4_thumb.jpg\",\"title\":\"Les aventures del lle\u00f3 vergony\u00f3s - Teatre Goya\",\"description\":\"les aventures del lle\u00f3 vergony\u00f3s en el teatre goya\",\"copyright\":\"\",\"order\":8},{\"localizer\":\"V4PORTADAWIDE\",\"url\":\"media\/ver\/port\/wide\/v4\/31707\/01_091_00058722\/UT_Portada-0-el-lleo-vergonyos-goya-en-familia.jpg\",\"thumb_url\":\"\",\"title\":\"Les aventures del lle\u00f3 vergony\u00f3s - Teatre Goya\",\"description\":\"les aventures del lleo vergonyos en el teatre goya\",\"copyright\":\"\",\"order\":9},{\"localizer\":\"V4PORTADA\",\"url\":\"media\/ver\/port\/v4\/31707\/01_090_00058723\/UT_Portada-1-el-lleo-vergonyos-goya-en-familia.jpg\",\"thumb_url\":\"\",\"title\":\"Les aventures del lle\u00f3 vergony\u00f3s - Teatre Goya\",\"description\":\"les aventures del lleo vergonyos en el teatre goya\",\"copyright\":\"\",\"order\":10},{\"localizer\":\"V4PORTADAWIDEMOBILE\",\"url\":\"media\/ver\/port\/wide\/mobile\/v4\/31707\/01_092_00058724\/UT_Portada-mobile-el-lleo-vergonyos-goya-en-familia.jpg\",\"thumb_url\":\"\",\"title\":\"Les aventures del lle\u00f3 vergony\u00f3s - Teatre Goya\",\"description\":\"les aventures de llleo vergonyos en el teatre goya\",\"copyright\":\"\",\"order\":11}]","material__texto_intro":"","data_material":null,"data_gallery":"","data_discounts":"[]","contract_is_open":false,"in_tour":false},"yoast_head":"<!-- This site is optimized with the Yoast SEO plugin v27.5 - https:\/\/yoast.com\/product\/yoast-seo-wordpress\/ -->\n<title>Les aventures del lle\u00f3 vergony\u00f3s - Teatre Goya<\/title>\n<meta name=\"robots\" content=\"index, follow, max-snippet:-1, max-image-preview:large, max-video-preview:-1\" \/>\n<link rel=\"canonical\" href=\"https:\/\/www.teatregoya.cat\/ca\/ex\/les-aventures-del-lleo-vergonyos\/\" \/>\n<script type=\"application\/ld+json\" class=\"yoast-schema-graph\">{\"@context\":\"https:\\\/\\\/schema.org\",\"@graph\":[{\"@type\":\"WebPage\",\"@id\":\"https:\\\/\\\/www.teatregoya.cat\\\/ca\\\/ex\\\/les-aventures-del-lleo-vergonyos\\\/\",\"url\":\"https:\\\/\\\/www.teatregoya.cat\\\/ca\\\/ex\\\/les-aventures-del-lleo-vergonyos\\\/\",\"name\":\"Les aventures del lle\u00f3 vergony\u00f3s - Teatre Goya\",\"isPartOf\":{\"@id\":\"https:\\\/\\\/www.teatregoya.cat\\\/ca\\\/#website\"},\"datePublished\":\"2024-09-05T15:59:15+00:00\",\"dateModified\":\"2025-05-12T08:45:44+00:00\",\"breadcrumb\":{\"@id\":\"https:\\\/\\\/www.teatregoya.cat\\\/ca\\\/ex\\\/les-aventures-del-lleo-vergonyos\\\/#breadcrumb\"},\"inLanguage\":\"ca\",\"potentialAction\":[{\"@type\":\"ReadAction\",\"target\":[\"https:\\\/\\\/www.teatregoya.cat\\\/ca\\\/ex\\\/les-aventures-del-lleo-vergonyos\\\/\"]}]},{\"@type\":\"BreadcrumbList\",\"@id\":\"https:\\\/\\\/www.teatregoya.cat\\\/ca\\\/ex\\\/les-aventures-del-lleo-vergonyos\\\/#breadcrumb\",\"itemListElement\":[{\"@type\":\"ListItem\",\"position\":1,\"name\":\"Home\",\"item\":\"https:\\\/\\\/www.teatregoya.cat\\\/ca\\\/\"},{\"@type\":\"ListItem\",\"position\":2,\"name\":\"Espectacles\",\"item\":\"https:\\\/\\\/www.teatregoya.cat\\\/ca\\\/ex\\\/\"},{\"@type\":\"ListItem\",\"position\":3,\"name\":\"Les aventures del lle\u00f3 vergony\u00f3s\"}]},{\"@type\":\"WebSite\",\"@id\":\"https:\\\/\\\/www.teatregoya.cat\\\/ca\\\/#website\",\"url\":\"https:\\\/\\\/www.teatregoya.cat\\\/ca\\\/\",\"name\":\"Teatre Goya\",\"description\":\"\",\"publisher\":{\"@id\":\"https:\\\/\\\/www.teatregoya.cat\\\/ca\\\/#organization\"},\"potentialAction\":[{\"@type\":\"SearchAction\",\"target\":{\"@type\":\"EntryPoint\",\"urlTemplate\":\"https:\\\/\\\/www.teatregoya.cat\\\/ca\\\/?s={search_term_string}\"},\"query-input\":{\"@type\":\"PropertyValueSpecification\",\"valueRequired\":true,\"valueName\":\"search_term_string\"}}],\"inLanguage\":\"ca\"},{\"@type\":\"Organization\",\"@id\":\"https:\\\/\\\/www.teatregoya.cat\\\/ca\\\/#organization\",\"name\":\"Teatre Goya\",\"url\":\"https:\\\/\\\/www.teatregoya.cat\\\/ca\\\/\",\"logo\":{\"@type\":\"ImageObject\",\"inLanguage\":\"ca\",\"@id\":\"https:\\\/\\\/www.teatregoya.cat\\\/ca\\\/#\\\/schema\\\/logo\\\/image\\\/\",\"url\":\"https:\\\/\\\/www.teatregoya.cat\\\/wp-content\\\/uploads\\\/sites\\\/4\\\/2017\\\/09\\\/teatre-goya-logo.svg\",\"contentUrl\":\"https:\\\/\\\/www.teatregoya.cat\\\/wp-content\\\/uploads\\\/sites\\\/4\\\/2017\\\/09\\\/teatre-goya-logo.svg\",\"width\":1,\"height\":1,\"caption\":\"Teatre Goya\"},\"image\":{\"@id\":\"https:\\\/\\\/www.teatregoya.cat\\\/ca\\\/#\\\/schema\\\/logo\\\/image\\\/\"},\"sameAs\":[\"http:\\\/\\\/www.facebook.com\\\/TeatreGoya\",\"https:\\\/\\\/x.com\\\/Teatre_Goya\",\"http:\\\/\\\/instagram.com\\\/teatre_goya\",\"http:\\\/\\\/www.youtube.com\\\/user\\\/TeatreGoya\"]}]}<\/script>\n<!-- \/ Yoast SEO plugin. -->","yoast_head_json":{"title":"Les aventures del lle\u00f3 vergony\u00f3s - Teatre Goya","robots":{"index":"index","follow":"follow","max-snippet":"max-snippet:-1","max-image-preview":"max-image-preview:large","max-video-preview":"max-video-preview:-1"},"canonical":"https:\/\/www.teatregoya.cat\/ca\/ex\/les-aventures-del-lleo-vergonyos\/","schema":{"@context":"https:\/\/schema.org","@graph":[{"@type":"WebPage","@id":"https:\/\/www.teatregoya.cat\/ca\/ex\/les-aventures-del-lleo-vergonyos\/","url":"https:\/\/www.teatregoya.cat\/ca\/ex\/les-aventures-del-lleo-vergonyos\/","name":"Les aventures del lle\u00f3 vergony\u00f3s - Teatre Goya","isPartOf":{"@id":"https:\/\/www.teatregoya.cat\/ca\/#website"},"datePublished":"2024-09-05T15:59:15+00:00","dateModified":"2025-05-12T08:45:44+00:00","breadcrumb":{"@id":"https:\/\/www.teatregoya.cat\/ca\/ex\/les-aventures-del-lleo-vergonyos\/#breadcrumb"},"inLanguage":"ca","potentialAction":[{"@type":"ReadAction","target":["https:\/\/www.teatregoya.cat\/ca\/ex\/les-aventures-del-lleo-vergonyos\/"]}]},{"@type":"BreadcrumbList","@id":"https:\/\/www.teatregoya.cat\/ca\/ex\/les-aventures-del-lleo-vergonyos\/#breadcrumb","itemListElement":[{"@type":"ListItem","position":1,"name":"Home","item":"https:\/\/www.teatregoya.cat\/ca\/"},{"@type":"ListItem","position":2,"name":"Espectacles","item":"https:\/\/www.teatregoya.cat\/ca\/ex\/"},{"@type":"ListItem","position":3,"name":"Les aventures del lle\u00f3 vergony\u00f3s"}]},{"@type":"WebSite","@id":"https:\/\/www.teatregoya.cat\/ca\/#website","url":"https:\/\/www.teatregoya.cat\/ca\/","name":"Teatre Goya","description":"","publisher":{"@id":"https:\/\/www.teatregoya.cat\/ca\/#organization"},"potentialAction":[{"@type":"SearchAction","target":{"@type":"EntryPoint","urlTemplate":"https:\/\/www.teatregoya.cat\/ca\/?s={search_term_string}"},"query-input":{"@type":"PropertyValueSpecification","valueRequired":true,"valueName":"search_term_string"}}],"inLanguage":"ca"},{"@type":"Organization","@id":"https:\/\/www.teatregoya.cat\/ca\/#organization","name":"Teatre Goya","url":"https:\/\/www.teatregoya.cat\/ca\/","logo":{"@type":"ImageObject","inLanguage":"ca","@id":"https:\/\/www.teatregoya.cat\/ca\/#\/schema\/logo\/image\/","url":"https:\/\/www.teatregoya.cat\/wp-content\/uploads\/sites\/4\/2017\/09\/teatre-goya-logo.svg","contentUrl":"https:\/\/www.teatregoya.cat\/wp-content\/uploads\/sites\/4\/2017\/09\/teatre-goya-logo.svg","width":1,"height":1,"caption":"Teatre Goya"},"image":{"@id":"https:\/\/www.teatregoya.cat\/ca\/#\/schema\/logo\/image\/"},"sameAs":["http:\/\/www.facebook.com\/TeatreGoya","https:\/\/x.com\/Teatre_Goya","http:\/\/instagram.com\/teatre_goya","http:\/\/www.youtube.com\/user\/TeatreGoya"]}]}},"translations":[{"id":3967,"locale":"ca"},{"id":3968,"locale":"es"}],"_links":{"self":[{"href":"https:\/\/www.teatregoya.cat\/ca\/wp-json\/wp\/v2\/ex\/3967","targetHints":{"allow":["GET"]}}],"collection":[{"href":"https:\/\/www.teatregoya.cat\/ca\/wp-json\/wp\/v2\/ex"}],"about":[{"href":"https:\/\/www.teatregoya.cat\/ca\/wp-json\/wp\/v2\/types\/ex"}],"author":[{"embeddable":true,"href":"https:\/\/www.teatregoya.cat\/ca\/wp-json\/wp\/v2\/users\/2"}],"replies":[{"embeddable":true,"href":"https:\/\/www.teatregoya.cat\/ca\/wp-json\/wp\/v2\/comments?post=3967"}],"acf:term":[{"embeddable":true,"taxonomy":"season","href":"https:\/\/www.teatregoya.cat\/ca\/wp-json\/wp\/v2\/season\/101"}],"wp:attachment":[{"href":"https:\/\/www.teatregoya.cat\/ca\/wp-json\/wp\/v2\/media?parent=3967"}],"curies":[{"name":"wp","href":"https:\/\/api.w.org\/{rel}","templated":true}]}}