{"id":3484,"date":"2023-07-25T16:20:48","date_gmt":"2023-07-25T14:20:48","guid":{"rendered":"https:\/\/www.teatregoya.cat\/ex\/las-guerras-de-nuestros-antepasados-2\/"},"modified":"2023-10-02T10:17:33","modified_gmt":"2023-10-02T08:17:33","slug":"las-guerras-de-nuestros-antepasados","status":"publish","type":"ex","link":"https:\/\/www.teatregoya.cat\/ca\/ex\/las-guerras-de-nuestros-antepasados\/","title":{"rendered":"Las guerras de nuestros antepasados"},"content":{"rendered":"","protected":false},"excerpt":{"rendered":"","protected":false},"author":2,"featured_media":0,"comment_status":"closed","ping_status":"closed","template":"","class_list":["post-3484","ex","type-ex","status-publish","hentry","season-2023-24"],"acf":{"txt_synopsis":"Un crit contra la viol\u00e8ncia de les guerres \u00e9s la l\u00ednia mestra de la novel\u00b7la de Miguel Delibes Las guerras de nuestros antepasados, publicada el 1975. Des del nom del protagonista, \"Pac\u00edfico\", fins al final terrible de l'obra, l'autor val\u00b7lisolet\u00e0 va defensar al llarg de les seves p\u00e0gines la pau davant de la guerra i la no-viol\u00e8ncia com a cam\u00ed de vida. <br \/><br \/>Com a adaptador he volgut destacar el car\u00e0cter complex de Pac\u00edfico P\u00e9rez, la seva submissi\u00f3 als poderosos, la seva resignaci\u00f3 gaireb\u00e9 franciscana davant d'un dest\u00ed gravat a la seva mem\u00f2ria des del bressol amb les hist\u00f2ries de les guerres que li explicaven l'Abue, el Bisa i el Pare. He respectat l'esquema original de la novel\u00b7la de les set entrevistes mantingudes pel Pac\u00edfico amb el psiquiatre de la pres\u00f3. S'hi expressa amb plena llibertat i amb el millor llenguatge rural castell\u00e0, que amb tant d'encert li va concedir el seu autor original. <br \/><br \/>He de recon\u00e8ixer en aquestes l\u00ednies, sobretot, la grat\u00edssima col\u00b7laboraci\u00f3 rebuda per part de l'actor\u202fCarmelo\u202fG\u00f3mez (natural d'un poble de Lle\u00f3), que amb tant d'entusiasme com de coneixement ha treballat amb mi per \"polir\" l'\u00faltima versi\u00f3 del text que ara presentem. I, per descomptat, agrair a Jes\u00fas\u202fCimarro\u202fla seva apassionada i compromesa participaci\u00f3 en aquest projecte des del minut u. <br \/><br \/>Eduardo Gal\u00e1n","main_buy_link":"https:\/\/proticketing.com\/teatregoya\/ca_ES\/entradas\/evento\/29955","main_buy_links":"[\"https:\/\/proticketing.com\/teatregoya\/ca_ES\/entradas\/evento\/29955\"]","group_buy_link":"","show_language":"Espectacle en castell\u00e0.","show_duration":"85","show_start_date":"20230906000000","show_end_date":"20231015000000","show_sort_date":"20230906000000","txt_custom_show_dates":"fins al 15 d'octubre de 2023 ","show_disciplines":"3","show_ultimes_funcions":true,"hide_tarifes_especials":false,"show_properament":false,"txt_additional_info":"","txt_present":"","show_season":[96],"txt_season":"[\"2023\/24\"]","txt_cycle":"","txt_claim":"Un crit contra la viol\u00e8ncia de les guerres \u00e9s la l\u00ednia mestra de la novel\u00b7la de Miguel Delibes Les guerres dels nostres avantpassats, publicada el 1975. Des del nom del protagonista, \"Pac\u00edfic\", fins al final terrible de l'obra, l'autor val\u00b7lisolet\u00e0 va defensar al llarg de les seves p\u00e0gines la pau davant de la guerra i la no-viol\u00e8ncia com a cam\u00ed de vida.","txt_cast_excerpt":"","txt_cast":"<p>Autoria: <strong>Miguel Delibes<\/strong><br \/>Adaptaci\u00f3 teatral: <strong>Eduardo Gal\u00e1n<\/strong><br \/>Direcci\u00f3: <strong>Claudio Tolcachir<\/strong><\/p>\r\n<p>Int\u00e8rprets: <strong>Carmelo G\u00f3mez, Miguel Hermoso<\/strong><\/p>\r\n<p>Escenografia: <strong>Monica Boromello<\/strong><br \/>Vestuari: <strong>Yaiza Pinillos<\/strong><br \/>Il\u00b7luminaci\u00f3: <strong>Juan G\u00f3mez Cornejo<\/strong><br \/>Espai sonor: <strong>Manu Sol\u00eds<\/strong><\/p>\r\n<p>Productor: <strong>Jes\u00fas Cimarro<\/strong><\/p>\r\n<p>Ajudanta de direcci\u00f3: <strong>Mar\u00eda Garcia de Oteyza<\/strong><br \/>Cap t\u00e8cnic del teatre: <strong>Roger Mu\u00f1oz<\/strong><\/p>\r\n<p>M\u00e0rqueting i comunicaci\u00f3: <strong>Focus<\/strong><br \/>Disseny gr\u00e0fic: <strong>Javier Naval<\/strong><br \/>Aplicacions gr\u00e0fiques: <strong>Santi&Kco<\/strong><\/p>\r\n<p>Distribuci\u00f3: <strong>Pentaci\u00f3n Espect\u00e1culos<\/strong><\/p>\r\n<p>\u00c9s una producci\u00f3 de <strong>Pentaci\u00f3n Espect\u00e1culos i Secuencia 3<\/strong><br \/><\/p>","txt_reviews":"","hashtag":"LasGuerrasDeNuestrosAntepasados","have_promo":"","slogan":"","id_exhibicio":2024,"id_versio":1613,"id_local":35,"txt_seo_desc":"Las guerras de nuestros antepasados, un crit contra la viol\u00e8ncia al Teatre Goya de Barcelona. ","data_images":"[{\"localizer\":\"V3PORTADAWIDE\",\"url\":\"media\/ver\/port\/v3wide\/31641\/01_088_00056035\/portada-0.jpg\",\"thumb_url\":\"media\/ver\/port\/v3wide\/31641\/01_088_00056035\/portada-0_thumb.jpg\",\"title\":\"Las guerras de nuestros antepasados - Teatre Goya\",\"description\":\"las guerras de nuestros antepasados al teatre goya de barcelona\",\"copyright\":\"\",\"order\":1},{\"localizer\":\"V3PORTADA\",\"url\":\"media\/ver\/port\/v3\/31641\/01_084_00056036\/portada-1.jpg\",\"thumb_url\":\"media\/ver\/port\/v3\/31641\/01_084_00056036\/portada-1_thumb.jpg\",\"title\":\"Las guerras de nuestros antepasados - Teatre Goya\",\"description\":\"las guerras de nuestros antepasados al teatre goya de barcelona\",\"copyright\":\"\",\"order\":2},{\"localizer\":\"V3CARTELL\",\"url\":\"media\/ver\/cartell\/v3\/31641\/01_085_00056037\/CARTELL-WEB.jpg\",\"thumb_url\":\"media\/ver\/cartell\/v3\/31641\/01_085_00056037\/CARTELL-WEB_thumb.jpg\",\"title\":\"Las guerras de nuestros antepasados - Teatre Goya\",\"description\":\"las guerras de nuestros antepasados al teatre goya de barcelona\",\"copyright\":\"\",\"order\":3},{\"localizer\":\"V4PORTADA\",\"url\":\"media\/ver\/port\/v4\/31641\/01_090_00056039\/PORTADA-1-NOVA.jpg\",\"thumb_url\":\"\",\"title\":\"Las guerras de nuestros antepasados - Teatre Goya\",\"description\":\"las guerras de nuestros antepasados al teatre goya de barcelona\",\"copyright\":\"\",\"order\":5},{\"localizer\":\"V4CARTELL\",\"url\":\"media\/ver\/cartell\/v4\/31641\/01_089_00056040\/CARTELL-WEB-NOVA.jpg\",\"thumb_url\":\"\",\"title\":\"rnLas guerras de nuestros antepasados - Teatre Goya\",\"description\":\"las guerras de nuestros antepasados al teatre goya de barcelona\",\"copyright\":\"\",\"order\":6},{\"localizer\":\"V4PORTADAWIDEMOBILE\",\"url\":\"media\/ver\/port\/wide\/mobile\/v4\/31641\/01_092_00056041\/PORTADA-MOBILE.jpg\",\"thumb_url\":\"\",\"title\":\"Las guerras de nuestros antepasados - Teatre Goya\",\"description\":\"las guerras de nuestros antepasados al teatre goya de barcelona\",\"copyright\":\"\",\"order\":7},{\"localizer\":\"V3SLIDE\",\"url\":\"media\/ftgalslide\/v3\/31644\/01_086_00056515\/las-guerras-de-nuestros-antepasados-7.jpg\",\"thumb_url\":\"media\/ftgalslide\/v3\/31644\/01_086_00056515\/las-guerras-de-nuestros-antepasados-7_thumb.jpg\",\"title\":\"La guerra de nuestros...\",\"description\":\"la guerra de nuestros...\",\"copyright\":\"https:\/\/youtu.be\/dIhaMj8o2V8\",\"order\":8},{\"localizer\":\"V3SLIDE\",\"url\":\"media\/ftgalslide\/v3\/31644\/01_086_00056516\/las-guerras-de-nuestros-antepasados-6.jpg\",\"thumb_url\":\"media\/ftgalslide\/v3\/31644\/01_086_00056516\/las-guerras-de-nuestros-antepasados-6_thumb.jpg\",\"title\":\"La guerra de nuestros...2\",\"description\":\"la guerra de nuestros...1\",\"copyright\":\"\",\"order\":9},{\"localizer\":\"V3SLIDE\",\"url\":\"media\/ftgalslide\/v3\/31644\/01_086_00056517\/las-guerras-de-nuestros-antepasados-8.jpg\",\"thumb_url\":\"media\/ftgalslide\/v3\/31644\/01_086_00056517\/las-guerras-de-nuestros-antepasados-8_thumb.jpg\",\"title\":\"La guerra de nuestros...3\",\"description\":\"la guerra de nuestros...3\",\"copyright\":\"\",\"order\":10},{\"localizer\":\"V4PORTADAWIDE\",\"url\":\"media\/ver\/port\/wide\/v4\/31646\/01_091_00056681\/_guerras-portada-0.jpg\",\"thumb_url\":\"\",\"title\":\"\u00faltimes funcions\",\"description\":\"\u00faltimes funcions\",\"copyright\":\"\",\"order\":11}]","material__texto_intro":"","data_material":null,"data_gallery":"","data_discounts":"[]","contract_is_open":false,"in_tour":false},"yoast_head":"<!-- This site is optimized with the Yoast SEO plugin v27.5 - https:\/\/yoast.com\/product\/yoast-seo-wordpress\/ -->\n<title>Las guerras de nuestros antepasados - Teatre Goya<\/title>\n<meta name=\"robots\" content=\"index, follow, max-snippet:-1, max-image-preview:large, max-video-preview:-1\" \/>\n<link rel=\"canonical\" href=\"https:\/\/www.teatregoya.cat\/ca\/ex\/las-guerras-de-nuestros-antepasados\/\" \/>\n<script type=\"application\/ld+json\" class=\"yoast-schema-graph\">{\"@context\":\"https:\\\/\\\/schema.org\",\"@graph\":[{\"@type\":\"WebPage\",\"@id\":\"https:\\\/\\\/www.teatregoya.cat\\\/ca\\\/ex\\\/las-guerras-de-nuestros-antepasados\\\/\",\"url\":\"https:\\\/\\\/www.teatregoya.cat\\\/ca\\\/ex\\\/las-guerras-de-nuestros-antepasados\\\/\",\"name\":\"Las guerras de nuestros antepasados - Teatre Goya\",\"isPartOf\":{\"@id\":\"https:\\\/\\\/www.teatregoya.cat\\\/ca\\\/#website\"},\"datePublished\":\"2023-07-25T14:20:48+00:00\",\"dateModified\":\"2023-10-02T08:17:33+00:00\",\"breadcrumb\":{\"@id\":\"https:\\\/\\\/www.teatregoya.cat\\\/ca\\\/ex\\\/las-guerras-de-nuestros-antepasados\\\/#breadcrumb\"},\"inLanguage\":\"ca\",\"potentialAction\":[{\"@type\":\"ReadAction\",\"target\":[\"https:\\\/\\\/www.teatregoya.cat\\\/ca\\\/ex\\\/las-guerras-de-nuestros-antepasados\\\/\"]}]},{\"@type\":\"BreadcrumbList\",\"@id\":\"https:\\\/\\\/www.teatregoya.cat\\\/ca\\\/ex\\\/las-guerras-de-nuestros-antepasados\\\/#breadcrumb\",\"itemListElement\":[{\"@type\":\"ListItem\",\"position\":1,\"name\":\"Home\",\"item\":\"https:\\\/\\\/www.teatregoya.cat\\\/ca\\\/\"},{\"@type\":\"ListItem\",\"position\":2,\"name\":\"Espectacles\",\"item\":\"https:\\\/\\\/www.teatregoya.cat\\\/ca\\\/ex\\\/\"},{\"@type\":\"ListItem\",\"position\":3,\"name\":\"Las guerras de nuestros antepasados\"}]},{\"@type\":\"WebSite\",\"@id\":\"https:\\\/\\\/www.teatregoya.cat\\\/ca\\\/#website\",\"url\":\"https:\\\/\\\/www.teatregoya.cat\\\/ca\\\/\",\"name\":\"Teatre Goya\",\"description\":\"\",\"publisher\":{\"@id\":\"https:\\\/\\\/www.teatregoya.cat\\\/ca\\\/#organization\"},\"potentialAction\":[{\"@type\":\"SearchAction\",\"target\":{\"@type\":\"EntryPoint\",\"urlTemplate\":\"https:\\\/\\\/www.teatregoya.cat\\\/ca\\\/?s={search_term_string}\"},\"query-input\":{\"@type\":\"PropertyValueSpecification\",\"valueRequired\":true,\"valueName\":\"search_term_string\"}}],\"inLanguage\":\"ca\"},{\"@type\":\"Organization\",\"@id\":\"https:\\\/\\\/www.teatregoya.cat\\\/ca\\\/#organization\",\"name\":\"Teatre Goya\",\"url\":\"https:\\\/\\\/www.teatregoya.cat\\\/ca\\\/\",\"logo\":{\"@type\":\"ImageObject\",\"inLanguage\":\"ca\",\"@id\":\"https:\\\/\\\/www.teatregoya.cat\\\/ca\\\/#\\\/schema\\\/logo\\\/image\\\/\",\"url\":\"https:\\\/\\\/www.teatregoya.cat\\\/wp-content\\\/uploads\\\/sites\\\/4\\\/2017\\\/09\\\/teatre-goya-logo.svg\",\"contentUrl\":\"https:\\\/\\\/www.teatregoya.cat\\\/wp-content\\\/uploads\\\/sites\\\/4\\\/2017\\\/09\\\/teatre-goya-logo.svg\",\"width\":1,\"height\":1,\"caption\":\"Teatre Goya\"},\"image\":{\"@id\":\"https:\\\/\\\/www.teatregoya.cat\\\/ca\\\/#\\\/schema\\\/logo\\\/image\\\/\"},\"sameAs\":[\"http:\\\/\\\/www.facebook.com\\\/TeatreGoya\",\"https:\\\/\\\/x.com\\\/Teatre_Goya\",\"http:\\\/\\\/instagram.com\\\/teatre_goya\",\"http:\\\/\\\/www.youtube.com\\\/user\\\/TeatreGoya\"]}]}<\/script>\n<!-- \/ Yoast SEO plugin. -->","yoast_head_json":{"title":"Las guerras de nuestros antepasados - Teatre Goya","robots":{"index":"index","follow":"follow","max-snippet":"max-snippet:-1","max-image-preview":"max-image-preview:large","max-video-preview":"max-video-preview:-1"},"canonical":"https:\/\/www.teatregoya.cat\/ca\/ex\/las-guerras-de-nuestros-antepasados\/","schema":{"@context":"https:\/\/schema.org","@graph":[{"@type":"WebPage","@id":"https:\/\/www.teatregoya.cat\/ca\/ex\/las-guerras-de-nuestros-antepasados\/","url":"https:\/\/www.teatregoya.cat\/ca\/ex\/las-guerras-de-nuestros-antepasados\/","name":"Las guerras de nuestros antepasados - Teatre Goya","isPartOf":{"@id":"https:\/\/www.teatregoya.cat\/ca\/#website"},"datePublished":"2023-07-25T14:20:48+00:00","dateModified":"2023-10-02T08:17:33+00:00","breadcrumb":{"@id":"https:\/\/www.teatregoya.cat\/ca\/ex\/las-guerras-de-nuestros-antepasados\/#breadcrumb"},"inLanguage":"ca","potentialAction":[{"@type":"ReadAction","target":["https:\/\/www.teatregoya.cat\/ca\/ex\/las-guerras-de-nuestros-antepasados\/"]}]},{"@type":"BreadcrumbList","@id":"https:\/\/www.teatregoya.cat\/ca\/ex\/las-guerras-de-nuestros-antepasados\/#breadcrumb","itemListElement":[{"@type":"ListItem","position":1,"name":"Home","item":"https:\/\/www.teatregoya.cat\/ca\/"},{"@type":"ListItem","position":2,"name":"Espectacles","item":"https:\/\/www.teatregoya.cat\/ca\/ex\/"},{"@type":"ListItem","position":3,"name":"Las guerras de nuestros antepasados"}]},{"@type":"WebSite","@id":"https:\/\/www.teatregoya.cat\/ca\/#website","url":"https:\/\/www.teatregoya.cat\/ca\/","name":"Teatre Goya","description":"","publisher":{"@id":"https:\/\/www.teatregoya.cat\/ca\/#organization"},"potentialAction":[{"@type":"SearchAction","target":{"@type":"EntryPoint","urlTemplate":"https:\/\/www.teatregoya.cat\/ca\/?s={search_term_string}"},"query-input":{"@type":"PropertyValueSpecification","valueRequired":true,"valueName":"search_term_string"}}],"inLanguage":"ca"},{"@type":"Organization","@id":"https:\/\/www.teatregoya.cat\/ca\/#organization","name":"Teatre Goya","url":"https:\/\/www.teatregoya.cat\/ca\/","logo":{"@type":"ImageObject","inLanguage":"ca","@id":"https:\/\/www.teatregoya.cat\/ca\/#\/schema\/logo\/image\/","url":"https:\/\/www.teatregoya.cat\/wp-content\/uploads\/sites\/4\/2017\/09\/teatre-goya-logo.svg","contentUrl":"https:\/\/www.teatregoya.cat\/wp-content\/uploads\/sites\/4\/2017\/09\/teatre-goya-logo.svg","width":1,"height":1,"caption":"Teatre Goya"},"image":{"@id":"https:\/\/www.teatregoya.cat\/ca\/#\/schema\/logo\/image\/"},"sameAs":["http:\/\/www.facebook.com\/TeatreGoya","https:\/\/x.com\/Teatre_Goya","http:\/\/instagram.com\/teatre_goya","http:\/\/www.youtube.com\/user\/TeatreGoya"]}]}},"translations":[{"id":3484,"locale":"ca"},{"id":3485,"locale":"es"}],"_links":{"self":[{"href":"https:\/\/www.teatregoya.cat\/ca\/wp-json\/wp\/v2\/ex\/3484","targetHints":{"allow":["GET"]}}],"collection":[{"href":"https:\/\/www.teatregoya.cat\/ca\/wp-json\/wp\/v2\/ex"}],"about":[{"href":"https:\/\/www.teatregoya.cat\/ca\/wp-json\/wp\/v2\/types\/ex"}],"author":[{"embeddable":true,"href":"https:\/\/www.teatregoya.cat\/ca\/wp-json\/wp\/v2\/users\/2"}],"replies":[{"embeddable":true,"href":"https:\/\/www.teatregoya.cat\/ca\/wp-json\/wp\/v2\/comments?post=3484"}],"acf:term":[{"embeddable":true,"taxonomy":"season","href":"https:\/\/www.teatregoya.cat\/ca\/wp-json\/wp\/v2\/season\/96"}],"wp:attachment":[{"href":"https:\/\/www.teatregoya.cat\/ca\/wp-json\/wp\/v2\/media?parent=3484"}],"curies":[{"name":"wp","href":"https:\/\/api.w.org\/{rel}","templated":true}]}}