{"id":3433,"date":"2023-07-07T13:33:41","date_gmt":"2023-07-07T11:33:41","guid":{"rendered":"https:\/\/www.teatregoya.cat\/ex\/sr-bohigues-leminencia-humana\/"},"modified":"2024-05-21T13:26:21","modified_gmt":"2024-05-21T11:26:21","slug":"sr-bohigues-leminencia-humana","status":"publish","type":"ex","link":"https:\/\/www.teatregoya.cat\/ca\/ex\/sr-bohigues-leminencia-humana\/","title":{"rendered":"Sr. Bohigues, l&#8217;emin\u00e8ncia humana"},"content":{"rendered":"","protected":false},"excerpt":{"rendered":"","protected":false},"author":2,"featured_media":0,"comment_status":"closed","ping_status":"closed","template":"","class_list":["post-3433","ex","type-ex","status-publish","hentry","season-2023-24"],"acf":{"txt_synopsis":"<p>\u201cEl m\u00f3n \u00e9s una merda i l\u2019\u00e9sser hum\u00e0 \u00e9s idiota\u201d. Aquesta frase resumia la manera de pensar dels clients del meu bar. No cal dir que jo sempre m\u2019hi afegia. Fins que un dia vaig decidir defensar la meva esp\u00e8cie\u2026 <br \/><br \/>El Sr. Bohigues \u00e9s excambrer i col\u00b7laborador del programa de r\u00e0dio VERSI\u00d3 RAC1 des de fa 15 temporades. M\u00e0xima audi\u00e8ncia de les tardes a Catalunya. Tamb\u00e9 va col\u00b7laborar amb els programes C\u00f2mics i C\u00f2mics Show de TV3.<br \/><br \/><strong>L\u2019EMIN\u00c8NCIA HUMANA<\/strong> \u00e9s un espectacle d\u2019humor que va a contracorrent en un m\u00f3n clarament pessimista. Ben aviat ens adonem que ens trobem davant d\u2019una evoluci\u00f3 del popular personatge radiof\u00f2nic, televisiu i teatral Sr. Bohigues. Divertit com sempre, per\u00f2 aquest cop va m\u00e9s enll\u00e0 i ens mostra un humor sorprenentment humanista! <br \/><\/p>","main_buy_link":"https:\/\/proticketing.com\/teatregoya\/ca_ES\/entradas\/evento\/31295","main_buy_links":"[\"https:\/\/proticketing.com\/teatregoya\/ca_ES\/entradas\/evento\/31295\"]","group_buy_link":"","show_language":"Espectacle en catal\u00e0 ","show_duration":"70","show_start_date":"20231022000000","show_end_date":"20240602000000","show_sort_date":"20231022000000","txt_custom_show_dates":"fins al 2 de juny de 2024 ","show_disciplines":"7","show_ultimes_funcions":true,"hide_tarifes_especials":false,"show_properament":false,"txt_additional_info":"","txt_present":"","show_season":[96],"txt_season":"[\"2023\/24\"]","txt_cycle":"Mon\u00f2legs","txt_claim":"","txt_cast_excerpt":"","txt_cast":"<p>Autoria: <strong>Eduard Biosca Riera<\/strong><\/p>\r\n<p>Int\u00e8rpret:<br \/><strong>Eduard Biosca Riera<\/strong> - Senyor Bohigues<\/p>\r\n<p>Escenografia i vestuari: <strong>Eduard Biosca Riera<br \/><\/strong>Il\u00b7luminaci\u00f3: <strong>Roger Mu\u00f1oz<\/strong><\/p>\r\n<p>Cap t\u00e8cnic del teatre: <strong>Roger Mu\u00f1oz<\/strong><\/p>\r\n<p>M\u00e0rqueting i comunicaci\u00f3: <strong>Focus<\/strong><br \/>Reportatge fotogr\u00e0fic: <strong>Estudi de fotografia BadiaCasanova&nbsp; <br \/><\/strong>Disseny d\u2019imatge: <strong>Laia Biosca Jim\u00e9nez<br \/><\/strong>Aplicacions gr\u00e0fiques: <strong>Santi&Kco<br \/><\/strong>&nbsp;<br \/>\u00c9s una producci\u00f3 de <strong>Bohigues Produccions<\/strong><\/p>","txt_reviews":"","hashtag":"SrBohigues","have_promo":"","slogan":"","id_exhibicio":2037,"id_versio":1625,"id_local":35,"txt_seo_desc":"Sr. Bohigues, l\u2019emin\u00e8ncia humana, una com\u00e8dia al Teatre Goya de Barcelona","data_images":"[{\"localizer\":\"V4CARTELL\",\"url\":\"media\/ver\/cartell\/v4\/31643\/01_089_00056369\/Cartell-web-sr-bohigues-leminencia-humana-teatre-goya.jpg\",\"thumb_url\":\"\",\"title\":\"Sr. Bohigues - Teatre Goya 2\",\"description\":\"sr.bohigues al teatre goya de barcelona 2\",\"copyright\":\"\",\"order\":3},{\"localizer\":\"V4PORTADA\",\"url\":\"media\/ver\/port\/v4\/31643\/01_090_00056370\/Portada-1-sr-bohigues-leminencia-humana-teatre-goya.jpg\",\"thumb_url\":\"\",\"title\":\"Sr. Bohigues - Teatre Goya 3\",\"description\":\"sr.bohigues al teatre goya de barcelona 3\",\"copyright\":\"\",\"order\":4},{\"localizer\":\"V3SLIDE\",\"url\":\"media\/ftgalslide\/v3\/31643\/01_086_00056371\/_A288534.jpg\",\"thumb_url\":\"media\/ftgalslide\/v3\/31643\/01_086_00056371\/_A288534_thumb.jpg\",\"title\":\"Sr. Bohigues - Teatre Goya 4\",\"description\":\"sr.bohigues al teatre goya de barcelona 4\",\"copyright\":\"https:\/\/www.youtube.com\/watch?v=q-Zjv1p6axg&t=1s\",\"order\":5},{\"localizer\":\"V4PORTADAWIDE\",\"url\":\"media\/ver\/port\/wide\/v4\/316A5\/01_091_00057836\/portada-0-NOVA-bohigues.jpg\",\"thumb_url\":\"\",\"title\":\"sr. bohigues - \u00faltimes funcions\",\"description\":\"sr bohigues ultimes funcions\",\"copyright\":\"\",\"order\":8},{\"localizer\":\"V4PORTADAWIDEMOBILE\",\"url\":\"media\/ver\/port\/wide\/mobile\/v4\/316A5\/01_092_00057839\/PORTADA-MOBILE-bohigues.jpg\",\"thumb_url\":\"\",\"title\":\"\u00faltimes funcions - bohigues\",\"description\":\"ultimes funcions bohiues\",\"copyright\":\"\",\"order\":9}]","material__texto_intro":"","data_material":null,"data_gallery":"","data_discounts":"[]","contract_is_open":false,"in_tour":false},"yoast_head":"<!-- This site is optimized with the Yoast SEO plugin v27.5 - https:\/\/yoast.com\/product\/yoast-seo-wordpress\/ -->\n<title>Sr. Bohigues, l&#039;emin\u00e8ncia humana - Teatre Goya<\/title>\n<meta name=\"robots\" content=\"index, follow, max-snippet:-1, max-image-preview:large, max-video-preview:-1\" \/>\n<link rel=\"canonical\" href=\"https:\/\/www.teatregoya.cat\/ca\/ex\/sr-bohigues-leminencia-humana\/\" \/>\n<script type=\"application\/ld+json\" class=\"yoast-schema-graph\">{\"@context\":\"https:\\\/\\\/schema.org\",\"@graph\":[{\"@type\":\"WebPage\",\"@id\":\"https:\\\/\\\/www.teatregoya.cat\\\/ca\\\/ex\\\/sr-bohigues-leminencia-humana\\\/\",\"url\":\"https:\\\/\\\/www.teatregoya.cat\\\/ca\\\/ex\\\/sr-bohigues-leminencia-humana\\\/\",\"name\":\"Sr. Bohigues, l'emin\u00e8ncia humana - Teatre Goya\",\"isPartOf\":{\"@id\":\"https:\\\/\\\/www.teatregoya.cat\\\/ca\\\/#website\"},\"datePublished\":\"2023-07-07T11:33:41+00:00\",\"dateModified\":\"2024-05-21T11:26:21+00:00\",\"breadcrumb\":{\"@id\":\"https:\\\/\\\/www.teatregoya.cat\\\/ca\\\/ex\\\/sr-bohigues-leminencia-humana\\\/#breadcrumb\"},\"inLanguage\":\"ca\",\"potentialAction\":[{\"@type\":\"ReadAction\",\"target\":[\"https:\\\/\\\/www.teatregoya.cat\\\/ca\\\/ex\\\/sr-bohigues-leminencia-humana\\\/\"]}]},{\"@type\":\"BreadcrumbList\",\"@id\":\"https:\\\/\\\/www.teatregoya.cat\\\/ca\\\/ex\\\/sr-bohigues-leminencia-humana\\\/#breadcrumb\",\"itemListElement\":[{\"@type\":\"ListItem\",\"position\":1,\"name\":\"Home\",\"item\":\"https:\\\/\\\/www.teatregoya.cat\\\/ca\\\/\"},{\"@type\":\"ListItem\",\"position\":2,\"name\":\"Espectacles\",\"item\":\"https:\\\/\\\/www.teatregoya.cat\\\/ca\\\/ex\\\/\"},{\"@type\":\"ListItem\",\"position\":3,\"name\":\"Sr. Bohigues, l&#8217;emin\u00e8ncia humana\"}]},{\"@type\":\"WebSite\",\"@id\":\"https:\\\/\\\/www.teatregoya.cat\\\/ca\\\/#website\",\"url\":\"https:\\\/\\\/www.teatregoya.cat\\\/ca\\\/\",\"name\":\"Teatre Goya\",\"description\":\"\",\"publisher\":{\"@id\":\"https:\\\/\\\/www.teatregoya.cat\\\/ca\\\/#organization\"},\"potentialAction\":[{\"@type\":\"SearchAction\",\"target\":{\"@type\":\"EntryPoint\",\"urlTemplate\":\"https:\\\/\\\/www.teatregoya.cat\\\/ca\\\/?s={search_term_string}\"},\"query-input\":{\"@type\":\"PropertyValueSpecification\",\"valueRequired\":true,\"valueName\":\"search_term_string\"}}],\"inLanguage\":\"ca\"},{\"@type\":\"Organization\",\"@id\":\"https:\\\/\\\/www.teatregoya.cat\\\/ca\\\/#organization\",\"name\":\"Teatre Goya\",\"url\":\"https:\\\/\\\/www.teatregoya.cat\\\/ca\\\/\",\"logo\":{\"@type\":\"ImageObject\",\"inLanguage\":\"ca\",\"@id\":\"https:\\\/\\\/www.teatregoya.cat\\\/ca\\\/#\\\/schema\\\/logo\\\/image\\\/\",\"url\":\"https:\\\/\\\/www.teatregoya.cat\\\/wp-content\\\/uploads\\\/sites\\\/4\\\/2017\\\/09\\\/teatre-goya-logo.svg\",\"contentUrl\":\"https:\\\/\\\/www.teatregoya.cat\\\/wp-content\\\/uploads\\\/sites\\\/4\\\/2017\\\/09\\\/teatre-goya-logo.svg\",\"width\":1,\"height\":1,\"caption\":\"Teatre Goya\"},\"image\":{\"@id\":\"https:\\\/\\\/www.teatregoya.cat\\\/ca\\\/#\\\/schema\\\/logo\\\/image\\\/\"},\"sameAs\":[\"http:\\\/\\\/www.facebook.com\\\/TeatreGoya\",\"https:\\\/\\\/x.com\\\/Teatre_Goya\",\"http:\\\/\\\/instagram.com\\\/teatre_goya\",\"http:\\\/\\\/www.youtube.com\\\/user\\\/TeatreGoya\"]}]}<\/script>\n<!-- \/ Yoast SEO plugin. -->","yoast_head_json":{"title":"Sr. Bohigues, l'emin\u00e8ncia humana - Teatre Goya","robots":{"index":"index","follow":"follow","max-snippet":"max-snippet:-1","max-image-preview":"max-image-preview:large","max-video-preview":"max-video-preview:-1"},"canonical":"https:\/\/www.teatregoya.cat\/ca\/ex\/sr-bohigues-leminencia-humana\/","schema":{"@context":"https:\/\/schema.org","@graph":[{"@type":"WebPage","@id":"https:\/\/www.teatregoya.cat\/ca\/ex\/sr-bohigues-leminencia-humana\/","url":"https:\/\/www.teatregoya.cat\/ca\/ex\/sr-bohigues-leminencia-humana\/","name":"Sr. Bohigues, l'emin\u00e8ncia humana - Teatre Goya","isPartOf":{"@id":"https:\/\/www.teatregoya.cat\/ca\/#website"},"datePublished":"2023-07-07T11:33:41+00:00","dateModified":"2024-05-21T11:26:21+00:00","breadcrumb":{"@id":"https:\/\/www.teatregoya.cat\/ca\/ex\/sr-bohigues-leminencia-humana\/#breadcrumb"},"inLanguage":"ca","potentialAction":[{"@type":"ReadAction","target":["https:\/\/www.teatregoya.cat\/ca\/ex\/sr-bohigues-leminencia-humana\/"]}]},{"@type":"BreadcrumbList","@id":"https:\/\/www.teatregoya.cat\/ca\/ex\/sr-bohigues-leminencia-humana\/#breadcrumb","itemListElement":[{"@type":"ListItem","position":1,"name":"Home","item":"https:\/\/www.teatregoya.cat\/ca\/"},{"@type":"ListItem","position":2,"name":"Espectacles","item":"https:\/\/www.teatregoya.cat\/ca\/ex\/"},{"@type":"ListItem","position":3,"name":"Sr. Bohigues, l&#8217;emin\u00e8ncia humana"}]},{"@type":"WebSite","@id":"https:\/\/www.teatregoya.cat\/ca\/#website","url":"https:\/\/www.teatregoya.cat\/ca\/","name":"Teatre Goya","description":"","publisher":{"@id":"https:\/\/www.teatregoya.cat\/ca\/#organization"},"potentialAction":[{"@type":"SearchAction","target":{"@type":"EntryPoint","urlTemplate":"https:\/\/www.teatregoya.cat\/ca\/?s={search_term_string}"},"query-input":{"@type":"PropertyValueSpecification","valueRequired":true,"valueName":"search_term_string"}}],"inLanguage":"ca"},{"@type":"Organization","@id":"https:\/\/www.teatregoya.cat\/ca\/#organization","name":"Teatre Goya","url":"https:\/\/www.teatregoya.cat\/ca\/","logo":{"@type":"ImageObject","inLanguage":"ca","@id":"https:\/\/www.teatregoya.cat\/ca\/#\/schema\/logo\/image\/","url":"https:\/\/www.teatregoya.cat\/wp-content\/uploads\/sites\/4\/2017\/09\/teatre-goya-logo.svg","contentUrl":"https:\/\/www.teatregoya.cat\/wp-content\/uploads\/sites\/4\/2017\/09\/teatre-goya-logo.svg","width":1,"height":1,"caption":"Teatre Goya"},"image":{"@id":"https:\/\/www.teatregoya.cat\/ca\/#\/schema\/logo\/image\/"},"sameAs":["http:\/\/www.facebook.com\/TeatreGoya","https:\/\/x.com\/Teatre_Goya","http:\/\/instagram.com\/teatre_goya","http:\/\/www.youtube.com\/user\/TeatreGoya"]}]}},"translations":[{"id":3433,"locale":"ca"},{"id":3434,"locale":"es"}],"_links":{"self":[{"href":"https:\/\/www.teatregoya.cat\/ca\/wp-json\/wp\/v2\/ex\/3433","targetHints":{"allow":["GET"]}}],"collection":[{"href":"https:\/\/www.teatregoya.cat\/ca\/wp-json\/wp\/v2\/ex"}],"about":[{"href":"https:\/\/www.teatregoya.cat\/ca\/wp-json\/wp\/v2\/types\/ex"}],"author":[{"embeddable":true,"href":"https:\/\/www.teatregoya.cat\/ca\/wp-json\/wp\/v2\/users\/2"}],"replies":[{"embeddable":true,"href":"https:\/\/www.teatregoya.cat\/ca\/wp-json\/wp\/v2\/comments?post=3433"}],"acf:term":[{"embeddable":true,"taxonomy":"season","href":"https:\/\/www.teatregoya.cat\/ca\/wp-json\/wp\/v2\/season\/96"}],"wp:attachment":[{"href":"https:\/\/www.teatregoya.cat\/ca\/wp-json\/wp\/v2\/media?parent=3433"}],"curies":[{"name":"wp","href":"https:\/\/api.w.org\/{rel}","templated":true}]}}