{"id":2877,"date":"2021-05-03T15:51:33","date_gmt":"2021-05-03T13:51:33","guid":{"rendered":"https:\/\/pre.teatregoya.cat\/ex\/\/delicades-2\/"},"modified":"2021-05-03T15:51:33","modified_gmt":"2021-05-03T13:51:33","slug":"delicades-2","status":"publish","type":"ex","link":"https:\/\/www.teatregoya.cat\/ca\/ex\/delicades-2\/","title":{"rendered":"Delicades"},"content":{"rendered":"","protected":false},"excerpt":{"rendered":"","protected":false},"author":2,"featured_media":0,"comment_status":"closed","ping_status":"open","template":"","class_list":["post-2877","ex","type-ex","status-publish","hentry","season-2020-21"],"acf":{"txt_synopsis":"<p>Les <strong>T de Teatre<\/strong> enguany commemoren 30 anys de traject\u00f2ria i per celebrar-ho tornen amb el seu espectacle m\u00e9s emblem\u00e0tic: <strong>Delicades<\/strong>.<br \/>L\u2019humor \u00e9s una constant en la traject\u00f2ria de T de Teatre i Alfredo Sanzol. Una manera de mirar la realitat que els va unir per explicar Delicades; una hist\u00f2ria d\u2019hist\u00f2ries, de vegades no tan fr\u00e0gils ni delicades.&nbsp; <\/p>\n<p>Constru\u00efda amb fragments, trossos i elements que en aparen\u00e7a no tenen relaci\u00f3, per\u00f2 que configuren un univers en el qual un roser que era mort sobtadament ressuscita. Una costurera enganxa un crucifix a la paret amb ciment perqu\u00e8 no li prenguin els milicians. Un pare es vol fer amic de la seva filla a Facebook. Unes germanes acomiaden el seu germ\u00e0 que se'n va a la guerra. Una pintora intenta amb tota la seva \u00e0nima vendre un quadre. Una dona necessita l'ajuda heroica dels seus ve\u00efns per matar un ratol\u00ed. Dos tractants en bestiar descobreixen que la seva assistenta els considera perillosament intel\u00b7lectuals. Un percussionista d'una banda militar ofereix un concert de platerets. Un soldat envia un amic fot\u00f2graf a casa de la seva xicota perqu\u00e8 la fotografi\u00ef nua. Una \u00e0via narra al seu n\u00e9t el conte de Santa Casilda, que va convertir les roses en pans...<br \/><\/p>","main_buy_link":"https:\/\/grupfocus.4tickets.es\/TeatreGoya\/public\/janto\/?Nivel=Evento&idEvento=GOY92&Idioma=CA","main_buy_links":"","group_buy_link":"","show_language":"Espectacle en catal\u00e0","show_duration":"85","show_start_date":"20210715000000","show_end_date":"20210808000000","show_sort_date":"20210715000000","txt_custom_show_dates":"del 15 de juliol al 8 d'agost de 2021","show_disciplines":"","show_ultimes_funcions":false,"hide_tarifes_especials":false,"show_properament":false,"txt_additional_info":"","txt_present":"","show_season":[43],"txt_season":"[\"2020\/21\"]","txt_cycle":"","txt_claim":"","txt_cast_excerpt":"","txt_cast":"<p>Autoria i direcci\u00f3: <strong>Alfredo Sanzol<br \/><\/strong>Traducci\u00f3: <strong>Sergi Belbel<\/strong><\/p>\n<p>Int\u00e8rprets: <strong>Mamen Duch, Marta P\u00e9rez, Carme Pla, Albert Ribalta, Jordi Rico i \u00c0gata Roca<br \/><\/strong>Escenografia i vestuari <strong>: Alejandro And\u00fajar<br \/><\/strong>Il\u00b7luminaci\u00f3: <strong>Albert Faura<br \/><\/strong>So: <strong>Roc Mateu<br \/><\/strong>Caracteritzaci\u00f3: <strong>Eva Fern\u00e1ndez<\/strong><\/p>\n<p>Equip Teatre Goya:<br \/>Cap t\u00e8cnic: <strong>Roger Mu\u00f1oz<br \/><\/strong>Premsa i comunicaci\u00f3: <strong>Albert L\u00f3pez i Judit Hern\u00e1ndez<br \/><\/strong>M\u00e0rqueting i comunicaci\u00f3:<strong> Publispec<br \/><\/strong>Disseny gr\u00e0fic: <strong>Santi&Kco<\/strong><\/p>\n<p><strong><\/strong>&nbsp;<\/p>\n<p><strong><\/strong><\/p>","txt_reviews":"Marcos Ord\u00f3\u00f1ez|El Pa\u00eds|\"\u00c9ste es el teatro que a m\u00ed me gusta: popular y complejo, con magia, y a favor de la belleza.\"\nC\u00e9sar L\u00f3pez- Rosell|El Peri\u00f3dico|\"Una producci\u00f3n llena de magia y que est\u00e1 muy bien dirigida por Alfredo Sanzol.\"\nSantiago Fondevila|La Vanguardia|\"La mirada de Sanzol es la del ni\u00f1o que estuvo all\u00ed. El tratamiento de los recuerdos huye del memorialismo, del drama \u00edntimo y social, lade\u00e1ndose hacia la ingenuidad y la magia.\"","hashtag":"DelicadesTdeTeatre","have_promo":"","slogan":"","id_exhibicio":1808,"id_versio":1381,"id_local":35,"txt_seo_desc":"Delicades al Teatre Goya de Barcelona","data_images":"[{\"localizer\":\"V3EXHBCARTELL\",\"url\":\"media\/ver\/cartell\/v3\/31579\/01_085_00051292\/Delicades_Cartell_web_722_x_1030.png\",\"thumb_url\":\"media\/ver\/cartell\/v3\/31579\/01_085_00051292\/Delicades_Cartell_web_722_x_1030_thumb.jpg\",\"title\":\"Delicades - Teatre Goya\",\"description\":\"delicades al teatre goya de barcelona festival grec 2021\",\"copyright\":\"\",\"order\":1},{\"localizer\":\"V3CARTELL\",\"url\":\"media\/ver\/cartell\/v3\/314B3\/01_085_00048918\/cartell-delicades-t-de-teatre-teatre-goya-barcelona.jpg\",\"thumb_url\":\"media\/ver\/cartell\/v3\/314B3\/01_085_00048918\/cartell-delicades-t-de-teatre-teatre-goya-barcelona_thumb.jpg\",\"title\":\"Delicades Teatre Goya\",\"description\":\"Delicades Teatre Goya de Barcelona\",\"copyright\":\"\",\"order\":2},{\"localizer\":\"V3PORTADA\",\"url\":\"media\/ver\/port\/v3\/3157B\/01_084_00051507\/Delicades_Portada_1_900_x_900.png\",\"thumb_url\":\"media\/ver\/port\/v3\/3157B\/01_084_00051507\/Delicades_Portada_1_900_x_900_thumb.jpg\",\"title\":\"Delicades - Teatre Goya\",\"description\":\"delicades al teatre goya de barcelona\",\"copyright\":\"\",\"order\":17},{\"localizer\":\"V3PORTADAWIDE\",\"url\":\"media\/ver\/port\/v3wide\/3157B\/01_088_00051520\/Delicades_Portada_0_1160_x_580-v2.png\",\"thumb_url\":\"media\/ver\/port\/v3wide\/3157B\/01_088_00051520\/Delicades_Portada_0_1160_x_580-v2_thumb.jpg\",\"title\":\"Delicades - Teatre Goya\",\"description\":\"delicades al teatre goya de barcelona\",\"copyright\":\"\",\"order\":18},{\"localizer\":\"V3SLIDE\",\"url\":\"media\/ftgalslide\/v3\/3157B\/01_086_00051523\/Imatge-escena-Delicades--David-Ruano-4-scaled.jpg\",\"thumb_url\":\"media\/ftgalslide\/v3\/3157B\/01_086_00051523\/Imatge-escena-Delicades--David-Ruano-4-scaled_thumb.jpg\",\"title\":\"Delicades - Teatre Goya\",\"description\":\"delicades al teatre goya de barcelona\",\"copyright\":\"https:\/\/youtu.be\/DkbLWsfLa3c\",\"order\":19},{\"localizer\":\"V3SLIDE\",\"url\":\"media\/ftgalslide\/v3\/3157B\/01_086_00051524\/Imatge-escena-Delicades--David-Ruano-8-scaled.jpg\",\"thumb_url\":\"media\/ftgalslide\/v3\/3157B\/01_086_00051524\/Imatge-escena-Delicades--David-Ruano-8-scaled_thumb.jpg\",\"title\":\"Delicades - Teatre Goya\",\"description\":\"delicades al teatre goya de barcelona\",\"copyright\":\"\",\"order\":20},{\"localizer\":\"V3SLIDE\",\"url\":\"media\/ftgalslide\/v3\/3157B\/01_086_00051525\/Imatge-escena-Delicades--David-Ruano-6-scaled.jpg\",\"thumb_url\":\"media\/ftgalslide\/v3\/3157B\/01_086_00051525\/Imatge-escena-Delicades--David-Ruano-6-scaled_thumb.jpg\",\"title\":\"Delicades - Teatre Goya\",\"description\":\"delicades al teatre goya de barcelona\",\"copyright\":\"\",\"order\":21},{\"localizer\":\"V3SLIDE\",\"url\":\"media\/ftgalslide\/v3\/3157B\/01_086_00051526\/Imatge-escena-Delicades--David-Ruano-3-scaled.jpg\",\"thumb_url\":\"media\/ftgalslide\/v3\/3157B\/01_086_00051526\/Imatge-escena-Delicades--David-Ruano-3-scaled_thumb.jpg\",\"title\":\"Delicades - Teatre Goya\",\"description\":\"delicades al teatre goya de barcelona\",\"copyright\":\"\",\"order\":22},{\"localizer\":\"V2CARTELL\",\"url\":\"media\/ver\/cartell\/3157B\/01_079_00051527\/Delicades_Cartell_web_722_x_1030.png\",\"thumb_url\":\"media\/ver\/cartell\/3157B\/01_079_00051527\/Delicades_Cartell_web_722_x_1030_thumb.jpg\",\"title\":\"Delicades - Teatre Goya\",\"description\":\"delicades al teatre goya de barcelona\",\"copyright\":\"\",\"order\":23}]","material__texto_intro":"","data_material":null,"data_gallery":"","data_discounts":"[]","contract_is_open":false,"in_tour":false},"yoast_head":"<!-- This site is optimized with the Yoast SEO plugin v27.5 - https:\/\/yoast.com\/product\/yoast-seo-wordpress\/ -->\n<title>Delicades - Teatre Goya<\/title>\n<meta name=\"robots\" content=\"index, follow, max-snippet:-1, max-image-preview:large, max-video-preview:-1\" \/>\n<link rel=\"canonical\" href=\"https:\/\/www.teatregoya.cat\/ca\/ex\/delicades-2\/\" \/>\n<script type=\"application\/ld+json\" class=\"yoast-schema-graph\">{\"@context\":\"https:\\\/\\\/schema.org\",\"@graph\":[{\"@type\":\"WebPage\",\"@id\":\"https:\\\/\\\/www.teatregoya.cat\\\/ca\\\/ex\\\/delicades-2\\\/\",\"url\":\"https:\\\/\\\/www.teatregoya.cat\\\/ca\\\/ex\\\/delicades-2\\\/\",\"name\":\"Delicades - Teatre Goya\",\"isPartOf\":{\"@id\":\"https:\\\/\\\/www.teatregoya.cat\\\/ca\\\/#website\"},\"datePublished\":\"2021-05-03T13:51:33+00:00\",\"breadcrumb\":{\"@id\":\"https:\\\/\\\/www.teatregoya.cat\\\/ca\\\/ex\\\/delicades-2\\\/#breadcrumb\"},\"inLanguage\":\"ca\",\"potentialAction\":[{\"@type\":\"ReadAction\",\"target\":[\"https:\\\/\\\/www.teatregoya.cat\\\/ca\\\/ex\\\/delicades-2\\\/\"]}]},{\"@type\":\"BreadcrumbList\",\"@id\":\"https:\\\/\\\/www.teatregoya.cat\\\/ca\\\/ex\\\/delicades-2\\\/#breadcrumb\",\"itemListElement\":[{\"@type\":\"ListItem\",\"position\":1,\"name\":\"Home\",\"item\":\"https:\\\/\\\/www.teatregoya.cat\\\/ca\\\/\"},{\"@type\":\"ListItem\",\"position\":2,\"name\":\"Espectacles\",\"item\":\"https:\\\/\\\/www.teatregoya.cat\\\/ca\\\/ex\\\/\"},{\"@type\":\"ListItem\",\"position\":3,\"name\":\"Delicades\"}]},{\"@type\":\"WebSite\",\"@id\":\"https:\\\/\\\/www.teatregoya.cat\\\/ca\\\/#website\",\"url\":\"https:\\\/\\\/www.teatregoya.cat\\\/ca\\\/\",\"name\":\"Teatre Goya\",\"description\":\"\",\"publisher\":{\"@id\":\"https:\\\/\\\/www.teatregoya.cat\\\/ca\\\/#organization\"},\"potentialAction\":[{\"@type\":\"SearchAction\",\"target\":{\"@type\":\"EntryPoint\",\"urlTemplate\":\"https:\\\/\\\/www.teatregoya.cat\\\/ca\\\/?s={search_term_string}\"},\"query-input\":{\"@type\":\"PropertyValueSpecification\",\"valueRequired\":true,\"valueName\":\"search_term_string\"}}],\"inLanguage\":\"ca\"},{\"@type\":\"Organization\",\"@id\":\"https:\\\/\\\/www.teatregoya.cat\\\/ca\\\/#organization\",\"name\":\"Teatre Goya\",\"url\":\"https:\\\/\\\/www.teatregoya.cat\\\/ca\\\/\",\"logo\":{\"@type\":\"ImageObject\",\"inLanguage\":\"ca\",\"@id\":\"https:\\\/\\\/www.teatregoya.cat\\\/ca\\\/#\\\/schema\\\/logo\\\/image\\\/\",\"url\":\"https:\\\/\\\/www.teatregoya.cat\\\/wp-content\\\/uploads\\\/sites\\\/4\\\/2017\\\/09\\\/teatre-goya-logo.svg\",\"contentUrl\":\"https:\\\/\\\/www.teatregoya.cat\\\/wp-content\\\/uploads\\\/sites\\\/4\\\/2017\\\/09\\\/teatre-goya-logo.svg\",\"width\":1,\"height\":1,\"caption\":\"Teatre Goya\"},\"image\":{\"@id\":\"https:\\\/\\\/www.teatregoya.cat\\\/ca\\\/#\\\/schema\\\/logo\\\/image\\\/\"},\"sameAs\":[\"http:\\\/\\\/www.facebook.com\\\/TeatreGoya\",\"https:\\\/\\\/x.com\\\/Teatre_Goya\",\"http:\\\/\\\/instagram.com\\\/teatre_goya\",\"http:\\\/\\\/www.youtube.com\\\/user\\\/TeatreGoya\"]}]}<\/script>\n<!-- \/ Yoast SEO plugin. -->","yoast_head_json":{"title":"Delicades - Teatre Goya","robots":{"index":"index","follow":"follow","max-snippet":"max-snippet:-1","max-image-preview":"max-image-preview:large","max-video-preview":"max-video-preview:-1"},"canonical":"https:\/\/www.teatregoya.cat\/ca\/ex\/delicades-2\/","schema":{"@context":"https:\/\/schema.org","@graph":[{"@type":"WebPage","@id":"https:\/\/www.teatregoya.cat\/ca\/ex\/delicades-2\/","url":"https:\/\/www.teatregoya.cat\/ca\/ex\/delicades-2\/","name":"Delicades - Teatre Goya","isPartOf":{"@id":"https:\/\/www.teatregoya.cat\/ca\/#website"},"datePublished":"2021-05-03T13:51:33+00:00","breadcrumb":{"@id":"https:\/\/www.teatregoya.cat\/ca\/ex\/delicades-2\/#breadcrumb"},"inLanguage":"ca","potentialAction":[{"@type":"ReadAction","target":["https:\/\/www.teatregoya.cat\/ca\/ex\/delicades-2\/"]}]},{"@type":"BreadcrumbList","@id":"https:\/\/www.teatregoya.cat\/ca\/ex\/delicades-2\/#breadcrumb","itemListElement":[{"@type":"ListItem","position":1,"name":"Home","item":"https:\/\/www.teatregoya.cat\/ca\/"},{"@type":"ListItem","position":2,"name":"Espectacles","item":"https:\/\/www.teatregoya.cat\/ca\/ex\/"},{"@type":"ListItem","position":3,"name":"Delicades"}]},{"@type":"WebSite","@id":"https:\/\/www.teatregoya.cat\/ca\/#website","url":"https:\/\/www.teatregoya.cat\/ca\/","name":"Teatre Goya","description":"","publisher":{"@id":"https:\/\/www.teatregoya.cat\/ca\/#organization"},"potentialAction":[{"@type":"SearchAction","target":{"@type":"EntryPoint","urlTemplate":"https:\/\/www.teatregoya.cat\/ca\/?s={search_term_string}"},"query-input":{"@type":"PropertyValueSpecification","valueRequired":true,"valueName":"search_term_string"}}],"inLanguage":"ca"},{"@type":"Organization","@id":"https:\/\/www.teatregoya.cat\/ca\/#organization","name":"Teatre Goya","url":"https:\/\/www.teatregoya.cat\/ca\/","logo":{"@type":"ImageObject","inLanguage":"ca","@id":"https:\/\/www.teatregoya.cat\/ca\/#\/schema\/logo\/image\/","url":"https:\/\/www.teatregoya.cat\/wp-content\/uploads\/sites\/4\/2017\/09\/teatre-goya-logo.svg","contentUrl":"https:\/\/www.teatregoya.cat\/wp-content\/uploads\/sites\/4\/2017\/09\/teatre-goya-logo.svg","width":1,"height":1,"caption":"Teatre Goya"},"image":{"@id":"https:\/\/www.teatregoya.cat\/ca\/#\/schema\/logo\/image\/"},"sameAs":["http:\/\/www.facebook.com\/TeatreGoya","https:\/\/x.com\/Teatre_Goya","http:\/\/instagram.com\/teatre_goya","http:\/\/www.youtube.com\/user\/TeatreGoya"]}]}},"translations":[{"id":2877,"locale":"ca"},{"id":3019,"locale":"es"}],"_links":{"self":[{"href":"https:\/\/www.teatregoya.cat\/ca\/wp-json\/wp\/v2\/ex\/2877","targetHints":{"allow":["GET"]}}],"collection":[{"href":"https:\/\/www.teatregoya.cat\/ca\/wp-json\/wp\/v2\/ex"}],"about":[{"href":"https:\/\/www.teatregoya.cat\/ca\/wp-json\/wp\/v2\/types\/ex"}],"author":[{"embeddable":true,"href":"https:\/\/www.teatregoya.cat\/ca\/wp-json\/wp\/v2\/users\/2"}],"replies":[{"embeddable":true,"href":"https:\/\/www.teatregoya.cat\/ca\/wp-json\/wp\/v2\/comments?post=2877"}],"acf:term":[{"embeddable":true,"taxonomy":"season","href":"https:\/\/www.teatregoya.cat\/ca\/wp-json\/wp\/v2\/season\/43"}],"wp:attachment":[{"href":"https:\/\/www.teatregoya.cat\/ca\/wp-json\/wp\/v2\/media?parent=2877"}],"curies":[{"name":"wp","href":"https:\/\/api.w.org\/{rel}","templated":true}]}}