{"id":2876,"date":"2021-05-04T15:54:22","date_gmt":"2021-05-04T13:54:22","guid":{"rendered":"https:\/\/pre.teatregoya.cat\/ex\/\/las-criadas-2\/"},"modified":"2021-05-04T15:54:22","modified_gmt":"2021-05-04T13:54:22","slug":"las-criadas-2","status":"publish","type":"ex","link":"https:\/\/www.teatregoya.cat\/ca\/ex\/las-criadas-2\/","title":{"rendered":"Las Criadas"},"content":{"rendered":"","protected":false},"excerpt":{"rendered":"","protected":false},"author":2,"featured_media":0,"comment_status":"closed","ping_status":"open","template":"","class_list":["post-2876","ex","type-ex","status-publish","hentry","season-2020-21"],"acf":{"txt_synopsis":"<p>Les germanes Claire i Solange Lemercier s\u00f3n les criades d\u2019una dama de l\u2019alta burgesia francesa. Totes les nits inicien una cerim\u00f2nia perversa, un ritual on la realitat i la ficci\u00f3 es barregen en un joc moral de canvi d\u2019edentats. Claire \u00e9s la senyora i Solange \u00e9s Claire. Solange \u00e9s la senyora i Claire \u00e9s Solange. S\u00f3n \u00e9ssers alienats, amb falta d\u2019identitat. No hi ha germana bona i germana dolenta, les dues van alternant els papers constantment, perqu\u00e8 cap existeix per si sola, perqu\u00e8 s\u00f3n les dues cares d\u2019un mateix personatge. La malvolen\u00e7a i la r\u00e0bia de ser conscients del seu dest\u00ed de criades les porta a un desenlla\u00e7 fatal.<br \/>&nbsp; <br \/>\u201cParlant de Las criadas, un cr\u00edtic va dir que \u201cno parlen aix\u00ed\u201d. B\u00e9, s\u00ed que ho fan: per\u00f2 nom\u00e9s a mi, quan estic sol, a mitjanit. Si alg\u00fa em digu\u00e9s que els negres no parlen aix\u00ed, respondria que si posen l\u2019o\u00efda contra el cor d\u2019un d\u2019ells, escoltarien el que vaig escriure. Un ha de ser capa\u00e7 d\u2019escoltar el que no es diu\u201d <br \/>\u201cAquestes criades s\u00f3n uns monstres, com nosaltres mateixos quan somiem\u201d<br \/>Jean Genet<\/p>\n<p><br \/><\/p>","main_buy_link":"https:\/\/grupfocus.4tickets.es\/TeatreGoya\/public\/janto\/?Nivel=Evento&idEvento=GOY93&Idioma=CA","main_buy_links":"","group_buy_link":"","show_language":"Espectacle en castell\u00e0","show_duration":"90","show_start_date":"20210625000000","show_end_date":"20210711000000","show_sort_date":"20210625000000","txt_custom_show_dates":"fins a l'11 de juliol de 2021","show_disciplines":"","show_ultimes_funcions":false,"hide_tarifes_especials":false,"show_properament":false,"txt_additional_info":"","txt_present":"","show_season":[43],"txt_season":"[\"2020\/21\"]","txt_cycle":"","txt_claim":"","txt_cast_excerpt":"","txt_cast":"<p>De <strong>Jean Genet<\/strong> <br \/>Versi\u00f3 i traducci\u00f3: <strong>Paco Bezerra<\/strong> <br \/>Direcci\u00f3: <strong>Luis Luque<\/strong> <\/p>\n<p>Amb&nbsp;<br \/><strong>Ana Torrent<\/strong> com a Claire <br \/><strong>Alicia Borrachero<\/strong> com a Solange <br \/><strong>Jorge Calvo<\/strong> com a La se\u00f1ora <\/p>\n<p>Disseny de l\u2019espai esc\u00e8nic <strong>Monica Boromello<\/strong> <br \/>Composici\u00f3 m\u00fasica original <strong>Luis Miguel Cobo <\/strong><br \/>Disseny d\u2019il.luminaci\u00f3 <strong>Felipe Ramos<\/strong> <br \/>Disseny de vestuari <strong>Almudena Rodr\u00edguez Huertas<\/strong> <br \/>Disseny de Videoescena <strong>Bruno Praena<\/strong> <br \/>Assessoria de moviment <strong>Agnes L\u00f3pez<\/strong><br \/>Ajudant. de direcci\u00f3 <strong>Pablo Mart\u00ednez Bravo<\/strong><\/p>\n<p>Cap t\u00e8cnic del teatre: <strong>Roger Mu\u00f1oz<\/strong><br \/>Premsa i comunicaci\u00f3: <strong>Albert L\u00f3pez i Judit Hern\u00e1ndez<br \/><\/strong>M\u00e0rqueting i comunicaci\u00f3: <strong>Publispec<\/strong><br \/>Disseny gr\u00e0fic. <strong>Santi&Kco<\/strong><\/p>\n<p>Una coproducci\u00f3 de <strong>Pentaci\u00f3n Espect\u00e1culos<\/strong>&nbsp;i <strong>Teatro Espa\u00f1ol<\/strong> <\/p>","txt_reviews":"Al\u00edcia Nicol\u00e1s|Espect\u00e1culosBCN|\"La direcci\u00f3 de Lu\u00eds Luque sap donar-li ritme i mantenir la tensi\u00f3 des del principi. Sabem que ha de passar alguna cosa, i ens col\u00b7loca en una situaci\u00f3 dual: volem que passi ja i volem que no passi, que ens mantinguin amb l\u2019ai al cor durant molta estona.\"\nJulio Bravo|ABC|\"Las Criadas es una obra tan magn\u00e9tica como oscura, tan descorazonadora como cruel, tan demoledora como sugerente\u201d","hashtag":"LasCriadas","have_promo":"","slogan":"","id_exhibicio":1807,"id_versio":1460,"id_local":35,"txt_seo_desc":"Las Criadas al Teatre Goya de Barcelona","data_images":"[{\"localizer\":\"V3PORTADAWIDE\",\"url\":\"media\/ver\/port\/v3wide\/31578\/01_088_00051278\/0-las-criadas-teatre-goya-barcelona.jpg\",\"thumb_url\":\"media\/ver\/port\/v3wide\/31578\/01_088_00051278\/0-las-criadas-teatre-goya-barcelona_thumb.jpg\",\"title\":\"Las Criadas - Teatre Goya\",\"description\":\"las criadas al teatre goya de barcelona\",\"copyright\":\"\",\"order\":3},{\"localizer\":\"V3SLIDE\",\"url\":\"media\/ftgalslide\/v3\/3157A\/01_086_00051434\/FotoJesusUgalde.jpg\",\"thumb_url\":\"media\/ftgalslide\/v3\/3157A\/01_086_00051434\/FotoJesusUgalde_thumb.jpg\",\"title\":\"Las Criadas - Teatre Goya\",\"description\":\"las criadas al teatre goya de barcelona\",\"copyright\":\"https:\/\/youtu.be\/kUI3_BK47kQ\",\"order\":5},{\"localizer\":\"V3SLIDE\",\"url\":\"media\/ftgalslide\/v3\/3157A\/01_086_00051435\/FotoJesusUgalde_12.jpg\",\"thumb_url\":\"media\/ftgalslide\/v3\/3157A\/01_086_00051435\/FotoJesusUgalde_12_thumb.jpg\",\"title\":\"Las criadas - Teatre Goya\",\"description\":\"las criadas al teatre goya de barcelona\",\"copyright\":\"\",\"order\":6},{\"localizer\":\"V2CARTELL\",\"url\":\"media\/ver\/cartell\/3157A\/01_079_00051480\/cartell-web-las-criadas-teatre-goya-barcelona.jpg\",\"thumb_url\":\"media\/ver\/cartell\/3157A\/01_079_00051480\/cartell-web-las-criadas-teatre-goya-barcelona_thumb.jpg\",\"title\":\"Las Criadas - Teatre Goya\",\"description\":\"las criadas al teatre goya de barcelona\",\"copyright\":\"\",\"order\":7},{\"localizer\":\"V3PORTADA\",\"url\":\"media\/ver\/port\/v3\/3157B\/01_084_00051512\/1-las_-criadas-ultimes-funcions-teatre-goya-barcelona.jpg\",\"thumb_url\":\"media\/ver\/port\/v3\/3157B\/01_084_00051512\/1-las_-criadas-ultimes-funcions-teatre-goya-barcelona_thumb.jpg\",\"title\":\"Las Criadas - \u00daltimes funcions - Teatre Goya\",\"description\":\"las criadas al teatre goya de barcelona\",\"copyright\":\"\",\"order\":8},{\"localizer\":\"V3CARTELL\",\"url\":\"media\/ver\/cartell\/v3\/3157B\/01_085_00051513\/cartell-web-las-criadas-ultimes-funcions-teatre-goya-barcelona.jpg\",\"thumb_url\":\"media\/ver\/cartell\/v3\/3157B\/01_085_00051513\/cartell-web-las-criadas-ultimes-funcions-teatre-goya-barcelona_thumb.jpg\",\"title\":\"Las Criadas - \u00daltimes Funcions - Teatre Goya\",\"description\":\"las criadas al teatre goya de barcelona\",\"copyright\":\"\",\"order\":9}]","material__texto_intro":"","data_material":null,"data_gallery":"","data_discounts":"[]","contract_is_open":false,"in_tour":false},"yoast_head":"<!-- This site is optimized with the Yoast SEO plugin v27.5 - https:\/\/yoast.com\/product\/yoast-seo-wordpress\/ -->\n<title>Las Criadas - Teatre Goya<\/title>\n<meta name=\"robots\" content=\"index, follow, max-snippet:-1, max-image-preview:large, max-video-preview:-1\" \/>\n<link rel=\"canonical\" href=\"https:\/\/www.teatregoya.cat\/ca\/ex\/las-criadas-2\/\" \/>\n<script type=\"application\/ld+json\" class=\"yoast-schema-graph\">{\"@context\":\"https:\\\/\\\/schema.org\",\"@graph\":[{\"@type\":\"WebPage\",\"@id\":\"https:\\\/\\\/www.teatregoya.cat\\\/ca\\\/ex\\\/las-criadas-2\\\/\",\"url\":\"https:\\\/\\\/www.teatregoya.cat\\\/ca\\\/ex\\\/las-criadas-2\\\/\",\"name\":\"Las Criadas - Teatre Goya\",\"isPartOf\":{\"@id\":\"https:\\\/\\\/www.teatregoya.cat\\\/ca\\\/#website\"},\"datePublished\":\"2021-05-04T13:54:22+00:00\",\"breadcrumb\":{\"@id\":\"https:\\\/\\\/www.teatregoya.cat\\\/ca\\\/ex\\\/las-criadas-2\\\/#breadcrumb\"},\"inLanguage\":\"ca\",\"potentialAction\":[{\"@type\":\"ReadAction\",\"target\":[\"https:\\\/\\\/www.teatregoya.cat\\\/ca\\\/ex\\\/las-criadas-2\\\/\"]}]},{\"@type\":\"BreadcrumbList\",\"@id\":\"https:\\\/\\\/www.teatregoya.cat\\\/ca\\\/ex\\\/las-criadas-2\\\/#breadcrumb\",\"itemListElement\":[{\"@type\":\"ListItem\",\"position\":1,\"name\":\"Home\",\"item\":\"https:\\\/\\\/www.teatregoya.cat\\\/ca\\\/\"},{\"@type\":\"ListItem\",\"position\":2,\"name\":\"Espectacles\",\"item\":\"https:\\\/\\\/www.teatregoya.cat\\\/ca\\\/ex\\\/\"},{\"@type\":\"ListItem\",\"position\":3,\"name\":\"Las Criadas\"}]},{\"@type\":\"WebSite\",\"@id\":\"https:\\\/\\\/www.teatregoya.cat\\\/ca\\\/#website\",\"url\":\"https:\\\/\\\/www.teatregoya.cat\\\/ca\\\/\",\"name\":\"Teatre Goya\",\"description\":\"\",\"publisher\":{\"@id\":\"https:\\\/\\\/www.teatregoya.cat\\\/ca\\\/#organization\"},\"potentialAction\":[{\"@type\":\"SearchAction\",\"target\":{\"@type\":\"EntryPoint\",\"urlTemplate\":\"https:\\\/\\\/www.teatregoya.cat\\\/ca\\\/?s={search_term_string}\"},\"query-input\":{\"@type\":\"PropertyValueSpecification\",\"valueRequired\":true,\"valueName\":\"search_term_string\"}}],\"inLanguage\":\"ca\"},{\"@type\":\"Organization\",\"@id\":\"https:\\\/\\\/www.teatregoya.cat\\\/ca\\\/#organization\",\"name\":\"Teatre Goya\",\"url\":\"https:\\\/\\\/www.teatregoya.cat\\\/ca\\\/\",\"logo\":{\"@type\":\"ImageObject\",\"inLanguage\":\"ca\",\"@id\":\"https:\\\/\\\/www.teatregoya.cat\\\/ca\\\/#\\\/schema\\\/logo\\\/image\\\/\",\"url\":\"https:\\\/\\\/www.teatregoya.cat\\\/wp-content\\\/uploads\\\/sites\\\/4\\\/2017\\\/09\\\/teatre-goya-logo.svg\",\"contentUrl\":\"https:\\\/\\\/www.teatregoya.cat\\\/wp-content\\\/uploads\\\/sites\\\/4\\\/2017\\\/09\\\/teatre-goya-logo.svg\",\"width\":1,\"height\":1,\"caption\":\"Teatre Goya\"},\"image\":{\"@id\":\"https:\\\/\\\/www.teatregoya.cat\\\/ca\\\/#\\\/schema\\\/logo\\\/image\\\/\"},\"sameAs\":[\"http:\\\/\\\/www.facebook.com\\\/TeatreGoya\",\"https:\\\/\\\/x.com\\\/Teatre_Goya\",\"http:\\\/\\\/instagram.com\\\/teatre_goya\",\"http:\\\/\\\/www.youtube.com\\\/user\\\/TeatreGoya\"]}]}<\/script>\n<!-- \/ Yoast SEO plugin. -->","yoast_head_json":{"title":"Las Criadas - Teatre Goya","robots":{"index":"index","follow":"follow","max-snippet":"max-snippet:-1","max-image-preview":"max-image-preview:large","max-video-preview":"max-video-preview:-1"},"canonical":"https:\/\/www.teatregoya.cat\/ca\/ex\/las-criadas-2\/","schema":{"@context":"https:\/\/schema.org","@graph":[{"@type":"WebPage","@id":"https:\/\/www.teatregoya.cat\/ca\/ex\/las-criadas-2\/","url":"https:\/\/www.teatregoya.cat\/ca\/ex\/las-criadas-2\/","name":"Las Criadas - Teatre Goya","isPartOf":{"@id":"https:\/\/www.teatregoya.cat\/ca\/#website"},"datePublished":"2021-05-04T13:54:22+00:00","breadcrumb":{"@id":"https:\/\/www.teatregoya.cat\/ca\/ex\/las-criadas-2\/#breadcrumb"},"inLanguage":"ca","potentialAction":[{"@type":"ReadAction","target":["https:\/\/www.teatregoya.cat\/ca\/ex\/las-criadas-2\/"]}]},{"@type":"BreadcrumbList","@id":"https:\/\/www.teatregoya.cat\/ca\/ex\/las-criadas-2\/#breadcrumb","itemListElement":[{"@type":"ListItem","position":1,"name":"Home","item":"https:\/\/www.teatregoya.cat\/ca\/"},{"@type":"ListItem","position":2,"name":"Espectacles","item":"https:\/\/www.teatregoya.cat\/ca\/ex\/"},{"@type":"ListItem","position":3,"name":"Las Criadas"}]},{"@type":"WebSite","@id":"https:\/\/www.teatregoya.cat\/ca\/#website","url":"https:\/\/www.teatregoya.cat\/ca\/","name":"Teatre Goya","description":"","publisher":{"@id":"https:\/\/www.teatregoya.cat\/ca\/#organization"},"potentialAction":[{"@type":"SearchAction","target":{"@type":"EntryPoint","urlTemplate":"https:\/\/www.teatregoya.cat\/ca\/?s={search_term_string}"},"query-input":{"@type":"PropertyValueSpecification","valueRequired":true,"valueName":"search_term_string"}}],"inLanguage":"ca"},{"@type":"Organization","@id":"https:\/\/www.teatregoya.cat\/ca\/#organization","name":"Teatre Goya","url":"https:\/\/www.teatregoya.cat\/ca\/","logo":{"@type":"ImageObject","inLanguage":"ca","@id":"https:\/\/www.teatregoya.cat\/ca\/#\/schema\/logo\/image\/","url":"https:\/\/www.teatregoya.cat\/wp-content\/uploads\/sites\/4\/2017\/09\/teatre-goya-logo.svg","contentUrl":"https:\/\/www.teatregoya.cat\/wp-content\/uploads\/sites\/4\/2017\/09\/teatre-goya-logo.svg","width":1,"height":1,"caption":"Teatre Goya"},"image":{"@id":"https:\/\/www.teatregoya.cat\/ca\/#\/schema\/logo\/image\/"},"sameAs":["http:\/\/www.facebook.com\/TeatreGoya","https:\/\/x.com\/Teatre_Goya","http:\/\/instagram.com\/teatre_goya","http:\/\/www.youtube.com\/user\/TeatreGoya"]}]}},"translations":[{"id":2876,"locale":"ca"},{"id":3018,"locale":"es"}],"_links":{"self":[{"href":"https:\/\/www.teatregoya.cat\/ca\/wp-json\/wp\/v2\/ex\/2876","targetHints":{"allow":["GET"]}}],"collection":[{"href":"https:\/\/www.teatregoya.cat\/ca\/wp-json\/wp\/v2\/ex"}],"about":[{"href":"https:\/\/www.teatregoya.cat\/ca\/wp-json\/wp\/v2\/types\/ex"}],"author":[{"embeddable":true,"href":"https:\/\/www.teatregoya.cat\/ca\/wp-json\/wp\/v2\/users\/2"}],"replies":[{"embeddable":true,"href":"https:\/\/www.teatregoya.cat\/ca\/wp-json\/wp\/v2\/comments?post=2876"}],"acf:term":[{"embeddable":true,"taxonomy":"season","href":"https:\/\/www.teatregoya.cat\/ca\/wp-json\/wp\/v2\/season\/43"}],"wp:attachment":[{"href":"https:\/\/www.teatregoya.cat\/ca\/wp-json\/wp\/v2\/media?parent=2876"}],"curies":[{"name":"wp","href":"https:\/\/api.w.org\/{rel}","templated":true}]}}