{"id":2811,"date":"2017-09-19T08:37:00","date_gmt":"2017-09-19T06:37:00","guid":{"rendered":"https:\/\/pre.teatregoya.cat\/ex\/\/conversaciones-con-mama-2\/"},"modified":"2017-09-19T08:37:00","modified_gmt":"2017-09-19T06:37:00","slug":"conversaciones-con-mama-2","status":"publish","type":"ex","link":"https:\/\/www.teatregoya.cat\/ca\/ex\/conversaciones-con-mama-2\/","title":{"rendered":"Conversaciones con mam\u00e1"},"content":{"rendered":"","protected":false},"excerpt":{"rendered":"","protected":false},"author":2,"featured_media":0,"comment_status":"closed","ping_status":"open","template":"","class_list":["post-2811","ex","type-ex","status-publish","hentry","season-2014-15"],"acf":{"txt_synopsis":"<p align=\"justify\">La mare t\u00e9 vuitanta-dos anys i el seu fill Jaime, cinquanta. Ambd\u00f3s viuen en mons molt diferents.<br \/>Jaime t\u00e9 dona, dos fills, una bonica casa, dos cotxes i una sogra que atendre. La mare se les arregla sola i porta la seva vellesa amb dignitat. Un dia per\u00f2 ocorre l\u2019inesperat; l\u2019empresa per a la qual treballa Jaime el deixa al carrer per raons de reajustament de personal. La lamentable situaci\u00f3 el porta a prendre decisions dr\u00e0stiques per qu\u00e8 no pot mantenir el seu tren de vida.<\/p>\n<p align=\"justify\"><strong>Durada:<\/strong> 1 hora i 30 minuts (sense entreacte)<br \/><\/p>","main_buy_link":"#","main_buy_links":"","group_buy_link":"","show_language":"","show_duration":"","show_start_date":"20141015000000","show_end_date":"20141130000000","show_sort_date":"20140529000000","txt_custom_show_dates":"del 15 d'octubre al 30 de novembre de 2014","show_disciplines":"","show_ultimes_funcions":false,"hide_tarifes_especials":false,"show_properament":false,"txt_additional_info":"","txt_present":"","show_season":[62],"txt_season":"[\"2014\/15\"]","txt_cycle":"","txt_claim":"","txt_cast_excerpt":"","txt_cast":"","txt_reviews":"<p align=\"justify\">Conversaciones con mam\u00e1 te deja algo herido el coraz\u00f3n, te emociona de pies a cabeza, te zarandea la sensibilidad, te pone sensible, te interroga sobre tu propia vida, te asusta un poco, te desconcierta y hace que termines con las manos ardiendo de tanto aplaudir. Este montaje, que ha dirigido con tino Echanove contando tambi\u00e9n con el buen hacer del equipo art\u00edstico, est\u00e1 perfecto de ritmo, de realismo, de poes\u00eda, de humor, de ternura, de tristeza y de un imponente tour de force entre sus dos protagonistas. <strong>Antonio Arco. La Verdad<\/strong><\/p>","hashtag":"","have_promo":"","slogan":"","id_exhibicio":998,"id_versio":697,"id_local":35,"txt_seo_desc":"","data_images":"[{\"localizer\":\"V2EXHBCARTELL\",\"url\":\"media\/ver\/cartell\/312C2\/01_079_00031343\/list2.jpg\",\"thumb_url\":\"media\/ver\/cartell\/312C2\/01_079_00031343\/list2_thumb.jpg\",\"title\":\"Conversaciones con mam\u00e1\",\"description\":\"Conversaciones con mam\u00e1\",\"copyright\":\"https:\/\/d1wfclq6bigznq.cloudfront.net\/tkrfc\/default\/049conver.jpg\",\"order\":2},{\"localizer\":\"VERS_IMATGE_ESPECTACLE\",\"url\":\"media\/ftespect\/3125D\/01_020_00026265\/gal01.jpg\",\"thumb_url\":\"media\/ftespect\/3125D\/01_020_00026265\/gal01_thumb.jpg\",\"title\":\"Conversaciones con mam\u00e1\",\"description\":\"Conversaciones con mam\u00e1\",\"copyright\":\"\",\"order\":3},{\"localizer\":\"VERS_IMATGE_ESPECTACLE\",\"url\":\"media\/ftespect\/3125D\/01_020_00026266\/gal02.jpg\",\"thumb_url\":\"media\/ftespect\/3125D\/01_020_00026266\/gal02_thumb.jpg\",\"title\":\"Conversaciones con mam\u00e1\",\"description\":\"Conversaciones con mam\u00e1\",\"copyright\":\"\",\"order\":4},{\"localizer\":\"VERS_IMATGE_ESPECTACLE\",\"url\":\"media\/ftespect\/3125D\/01_020_00026267\/gal03.jpg\",\"thumb_url\":\"media\/ftespect\/3125D\/01_020_00026267\/gal03_thumb.jpg\",\"title\":\"Conversaciones con mam\u00e1\",\"description\":\"Conversaciones con mam\u00e1\",\"copyright\":\"\",\"order\":5},{\"localizer\":\"VERS_IMATGE_ESPECTACLE\",\"url\":\"media\/ftespect\/3125D\/01_020_00026268\/gal04.jpg\",\"thumb_url\":\"media\/ftespect\/3125D\/01_020_00026268\/gal04_thumb.jpg\",\"title\":\"Conversaciones con mam\u00e1\",\"description\":\"Conversaciones con mam\u00e1\",\"copyright\":\"\",\"order\":6},{\"localizer\":\"VERS_IMATGE_ESPECTACLE\",\"url\":\"media\/ftespect\/3125D\/01_020_00026270\/gal05.jpg\",\"thumb_url\":\"media\/ftespect\/3125D\/01_020_00026270\/gal05_thumb.jpg\",\"title\":\"Conversaciones con mam\u00e1\",\"description\":\"Conversaciones con mam\u00e1\",\"copyright\":\"\",\"order\":7},{\"localizer\":\"VERS_IMATGE_ESPECTACLE\",\"url\":\"media\/ftespect\/3125D\/01_020_00026271\/gal06.jpg\",\"thumb_url\":\"media\/ftespect\/3125D\/01_020_00026271\/gal06_thumb.jpg\",\"title\":\"Conversaciones con mam\u00e1\",\"description\":\"Conversaciones con mam\u00e1\",\"copyright\":\"\",\"order\":8},{\"localizer\":\"VERS_IMATGE_ESPECTACLE\",\"url\":\"media\/ftespect\/3125D\/01_020_00026272\/gal07.jpg\",\"thumb_url\":\"media\/ftespect\/3125D\/01_020_00026272\/gal07_thumb.jpg\",\"title\":\"Conversaciones con mam\u00e1\",\"description\":\"Conversaciones con mam\u00e1\",\"copyright\":\"\",\"order\":9},{\"localizer\":\"VERS_IMATGE_ESPECTACLE\",\"url\":\"media\/ftespect\/3125D\/01_020_00026273\/gal08.jpg\",\"thumb_url\":\"media\/ftespect\/3125D\/01_020_00026273\/gal08_thumb.jpg\",\"title\":\"Conversaciones con mam\u00e1\",\"description\":\"Conversaciones con mam\u00e1\",\"copyright\":\"\",\"order\":10},{\"localizer\":\"VERS_IMATGE_ESPECTACLE\",\"url\":\"media\/ftespect\/3125D\/01_020_00026274\/gal09.jpg\",\"thumb_url\":\"media\/ftespect\/3125D\/01_020_00026274\/gal09_thumb.jpg\",\"title\":\"Conversaciones con mam\u00e1\",\"description\":\"Conversaciones con mam\u00e1\",\"copyright\":\"\",\"order\":11},{\"localizer\":\"VERS_IMATGE_ESPECTACLE\",\"url\":\"media\/ftespect\/3125D\/01_020_00026275\/gal010.jpg\",\"thumb_url\":\"media\/ftespect\/3125D\/01_020_00026275\/gal010_thumb.jpg\",\"title\":\"Conversaciones con mam\u00e1\",\"description\":\"Conversaciones con mam\u00e1\",\"copyright\":\"\",\"order\":12},{\"localizer\":\"V2SLIDE\",\"url\":\"media\/ftgalslide\/3125D\/01_076_00026276\/slide01.jpg\",\"thumb_url\":\"media\/ftgalslide\/3125D\/01_076_00026276\/slide01_thumb.jpg\",\"title\":\"Conversaciones con mam\u00e1\",\"description\":\"Mar\u00eda Galiana i Juan Echanove\",\"copyright\":\"\",\"order\":13},{\"localizer\":\"V2SLIDE\",\"url\":\"media\/ftgalslide\/3125D\/01_076_00026277\/slide02.jpg\",\"thumb_url\":\"media\/ftgalslide\/3125D\/01_076_00026277\/slide02_thumb.jpg\",\"title\":\"Conversaciones con mam\u00e1\",\"description\":\"Mar\u00eda Galiana i Juan Echanove\",\"copyright\":\"\",\"order\":14},{\"localizer\":\"V2SLIDE\",\"url\":\"media\/ftgalslide\/3125D\/01_076_00026278\/slide03.jpg\",\"thumb_url\":\"media\/ftgalslide\/3125D\/01_076_00026278\/slide03_thumb.jpg\",\"title\":\"Conversaciones con mam\u00e1\",\"description\":\"Mar\u00eda Galiana y Juan Echanove\",\"copyright\":\"\",\"order\":15},{\"localizer\":\"V2SLIDE\",\"url\":\"media\/ftgalslide\/3125D\/01_076_00026279\/slide04.jpg\",\"thumb_url\":\"media\/ftgalslide\/3125D\/01_076_00026279\/slide04_thumb.jpg\",\"title\":\"Conversaciones con mam\u00e1\",\"description\":\"Mar\u00eda Galiana i Juan Echanove\",\"copyright\":\"\",\"order\":16},{\"localizer\":\"V2SLIDE\",\"url\":\"media\/ftgalslide\/3125D\/01_076_00026280\/slide05.jpg\",\"thumb_url\":\"media\/ftgalslide\/3125D\/01_076_00026280\/slide05_thumb.jpg\",\"title\":\"Conversaciones con mam\u00e1\",\"description\":\"Mar\u00eda Galiana i Juan Echanove\",\"copyright\":\"\",\"order\":17},{\"localizer\":\"V2SLIDE\",\"url\":\"media\/ftgalslide\/3125D\/01_076_00026281\/slide06.jpg\",\"thumb_url\":\"media\/ftgalslide\/3125D\/01_076_00026281\/slide06_thumb.jpg\",\"title\":\"Conversaciones con mam\u00e1\",\"description\":\"Mar\u00eda Galiana i Juan Echanove\",\"copyright\":\"\",\"order\":18},{\"localizer\":\"V2SLIDE\",\"url\":\"media\/ftgalslide\/3125D\/01_076_00026282\/slide07.jpg\",\"thumb_url\":\"media\/ftgalslide\/3125D\/01_076_00026282\/slide07_thumb.jpg\",\"title\":\"Conversaciones con mam\u00e1\",\"description\":\"Mar\u00eda Galiana i Juan Echanove\",\"copyright\":\"\",\"order\":19},{\"localizer\":\"V2SLIDE\",\"url\":\"media\/ftgalslide\/3125D\/01_076_00026283\/slide08.jpg\",\"thumb_url\":\"media\/ftgalslide\/3125D\/01_076_00026283\/slide08_thumb.jpg\",\"title\":\"Conversaciones con mam\u00e1\",\"description\":\"Mar\u00eda Galiana i Juan Echanove\",\"copyright\":\"\",\"order\":20},{\"localizer\":\"V2SLIDE\",\"url\":\"media\/ftgalslide\/3125D\/01_076_00026284\/slide09.jpg\",\"thumb_url\":\"media\/ftgalslide\/3125D\/01_076_00026284\/slide09_thumb.jpg\",\"title\":\"Conversaciones con mam\u00e1\",\"description\":\"Mar\u00eda Galiana i Juan Echanove\",\"copyright\":\"\",\"order\":21},{\"localizer\":\"V2SLIDE\",\"url\":\"media\/ftgalslide\/3125D\/01_076_00026285\/slide010.jpg\",\"thumb_url\":\"media\/ftgalslide\/3125D\/01_076_00026285\/slide010_thumb.jpg\",\"title\":\"Conversaciones con mam\u00e1\",\"description\":\"Mar\u00eda Galiana i Juan Echanove\",\"copyright\":\"\",\"order\":22},{\"localizer\":\"V2CARTELL\",\"url\":\"media\/ver\/cartell\/3125D\/01_079_00026401\/list.jpg\",\"thumb_url\":\"media\/ver\/cartell\/3125D\/01_079_00026401\/list_thumb.jpg\",\"title\":\"Conversaciones con mam\u00e1\",\"description\":\"Mar\u00eda Galiana i Juan Echanove\",\"copyright\":\"\",\"order\":23},{\"localizer\":\"V2CARTELLDISTRI\",\"url\":\"media\/cartell\/distrib\/312BE\/01_082_00030301\/list.jpg\",\"thumb_url\":\"media\/cartell\/distrib\/312BE\/01_082_00030301\/list_thumb.jpg\",\"title\":\"Conversaciones con mam\u00e1\",\"description\":\"Conversaciones con mam\u00e1\",\"copyright\":\"\",\"order\":24},{\"localizer\":\"V2PORTADA\",\"url\":\"media\/ver\/port\/312C3\/01_078_00031853\/conversacionesweb.jpg\",\"thumb_url\":\"media\/ver\/port\/312C3\/01_078_00031853\/conversacionesweb_thumb.jpg\",\"title\":\"Conversaciones con mam\u00e1\",\"description\":\"Conversaciones con mam\u00e1\",\"copyright\":\"\",\"order\":26}]","material__texto_intro":"","data_material":null,"data_gallery":"","data_discounts":"[{\"InfoAddicional\":\"<p><strong>Tarifa especial:<\/strong> Targeta Rosa, Targeta Discapacitat, Club TR3SC i Carnet Jove.*<\/p><p><em>*Descomptes Targeta Rosa i Targeta Discapacitat nom\u00e9s aplicables comprant a taquilla <\/em><\/p><p><strong>Descomptes per a grups i escoles<br \/><\/strong><\/p>\",\"Url\":\"http:\/\/www.promentrada.com\",\"Codi\":\"0\",\"LogoUrl\":\"media\/fimage\/31389\/01_005_00038530\/logo_prome_nuevo_v_web.jpg\"},{\"InfoAddicional\":\"<p><strong>Descomptes per a particulars<br \/><\/strong><\/p>\",\"Url\":\"http:\/\/vip.promentrada.com\",\"Codi\":\"0\",\"LogoUrl\":\"media\/fimage\/31389\/01_005_00038559\/logo_prome_vip_v_web.jpg\"}]","contract_is_open":false,"in_tour":false},"yoast_head":"<!-- This site is optimized with the Yoast SEO plugin v27.4 - https:\/\/yoast.com\/product\/yoast-seo-wordpress\/ -->\n<title>Conversaciones con mam\u00e1 - Teatre Goya<\/title>\n<meta name=\"robots\" content=\"index, follow, max-snippet:-1, max-image-preview:large, max-video-preview:-1\" \/>\n<link rel=\"canonical\" href=\"https:\/\/www.teatregoya.cat\/ca\/ex\/conversaciones-con-mama-2\/\" \/>\n<script type=\"application\/ld+json\" class=\"yoast-schema-graph\">{\"@context\":\"https:\\\/\\\/schema.org\",\"@graph\":[{\"@type\":\"WebPage\",\"@id\":\"https:\\\/\\\/www.teatregoya.cat\\\/ca\\\/ex\\\/conversaciones-con-mama-2\\\/\",\"url\":\"https:\\\/\\\/www.teatregoya.cat\\\/ca\\\/ex\\\/conversaciones-con-mama-2\\\/\",\"name\":\"Conversaciones con mam\u00e1 - Teatre Goya\",\"isPartOf\":{\"@id\":\"https:\\\/\\\/www.teatregoya.cat\\\/ca\\\/#website\"},\"datePublished\":\"2017-09-19T06:37:00+00:00\",\"breadcrumb\":{\"@id\":\"https:\\\/\\\/www.teatregoya.cat\\\/ca\\\/ex\\\/conversaciones-con-mama-2\\\/#breadcrumb\"},\"inLanguage\":\"ca\",\"potentialAction\":[{\"@type\":\"ReadAction\",\"target\":[\"https:\\\/\\\/www.teatregoya.cat\\\/ca\\\/ex\\\/conversaciones-con-mama-2\\\/\"]}]},{\"@type\":\"BreadcrumbList\",\"@id\":\"https:\\\/\\\/www.teatregoya.cat\\\/ca\\\/ex\\\/conversaciones-con-mama-2\\\/#breadcrumb\",\"itemListElement\":[{\"@type\":\"ListItem\",\"position\":1,\"name\":\"Home\",\"item\":\"https:\\\/\\\/www.teatregoya.cat\\\/ca\\\/\"},{\"@type\":\"ListItem\",\"position\":2,\"name\":\"Espectacles\",\"item\":\"https:\\\/\\\/www.teatregoya.cat\\\/ca\\\/ex\\\/\"},{\"@type\":\"ListItem\",\"position\":3,\"name\":\"Conversaciones con mam\u00e1\"}]},{\"@type\":\"WebSite\",\"@id\":\"https:\\\/\\\/www.teatregoya.cat\\\/ca\\\/#website\",\"url\":\"https:\\\/\\\/www.teatregoya.cat\\\/ca\\\/\",\"name\":\"Teatre Goya\",\"description\":\"\",\"publisher\":{\"@id\":\"https:\\\/\\\/www.teatregoya.cat\\\/ca\\\/#organization\"},\"potentialAction\":[{\"@type\":\"SearchAction\",\"target\":{\"@type\":\"EntryPoint\",\"urlTemplate\":\"https:\\\/\\\/www.teatregoya.cat\\\/ca\\\/?s={search_term_string}\"},\"query-input\":{\"@type\":\"PropertyValueSpecification\",\"valueRequired\":true,\"valueName\":\"search_term_string\"}}],\"inLanguage\":\"ca\"},{\"@type\":\"Organization\",\"@id\":\"https:\\\/\\\/www.teatregoya.cat\\\/ca\\\/#organization\",\"name\":\"Teatre Goya\",\"url\":\"https:\\\/\\\/www.teatregoya.cat\\\/ca\\\/\",\"logo\":{\"@type\":\"ImageObject\",\"inLanguage\":\"ca\",\"@id\":\"https:\\\/\\\/www.teatregoya.cat\\\/ca\\\/#\\\/schema\\\/logo\\\/image\\\/\",\"url\":\"https:\\\/\\\/www.teatregoya.cat\\\/wp-content\\\/uploads\\\/sites\\\/4\\\/2017\\\/09\\\/teatre-goya-logo.svg\",\"contentUrl\":\"https:\\\/\\\/www.teatregoya.cat\\\/wp-content\\\/uploads\\\/sites\\\/4\\\/2017\\\/09\\\/teatre-goya-logo.svg\",\"width\":1,\"height\":1,\"caption\":\"Teatre Goya\"},\"image\":{\"@id\":\"https:\\\/\\\/www.teatregoya.cat\\\/ca\\\/#\\\/schema\\\/logo\\\/image\\\/\"},\"sameAs\":[\"http:\\\/\\\/www.facebook.com\\\/TeatreGoya\",\"https:\\\/\\\/x.com\\\/Teatre_Goya\",\"http:\\\/\\\/instagram.com\\\/teatre_goya\",\"http:\\\/\\\/www.youtube.com\\\/user\\\/TeatreGoya\"]}]}<\/script>\n<!-- \/ Yoast SEO plugin. -->","yoast_head_json":{"title":"Conversaciones con mam\u00e1 - Teatre Goya","robots":{"index":"index","follow":"follow","max-snippet":"max-snippet:-1","max-image-preview":"max-image-preview:large","max-video-preview":"max-video-preview:-1"},"canonical":"https:\/\/www.teatregoya.cat\/ca\/ex\/conversaciones-con-mama-2\/","schema":{"@context":"https:\/\/schema.org","@graph":[{"@type":"WebPage","@id":"https:\/\/www.teatregoya.cat\/ca\/ex\/conversaciones-con-mama-2\/","url":"https:\/\/www.teatregoya.cat\/ca\/ex\/conversaciones-con-mama-2\/","name":"Conversaciones con mam\u00e1 - Teatre Goya","isPartOf":{"@id":"https:\/\/www.teatregoya.cat\/ca\/#website"},"datePublished":"2017-09-19T06:37:00+00:00","breadcrumb":{"@id":"https:\/\/www.teatregoya.cat\/ca\/ex\/conversaciones-con-mama-2\/#breadcrumb"},"inLanguage":"ca","potentialAction":[{"@type":"ReadAction","target":["https:\/\/www.teatregoya.cat\/ca\/ex\/conversaciones-con-mama-2\/"]}]},{"@type":"BreadcrumbList","@id":"https:\/\/www.teatregoya.cat\/ca\/ex\/conversaciones-con-mama-2\/#breadcrumb","itemListElement":[{"@type":"ListItem","position":1,"name":"Home","item":"https:\/\/www.teatregoya.cat\/ca\/"},{"@type":"ListItem","position":2,"name":"Espectacles","item":"https:\/\/www.teatregoya.cat\/ca\/ex\/"},{"@type":"ListItem","position":3,"name":"Conversaciones con mam\u00e1"}]},{"@type":"WebSite","@id":"https:\/\/www.teatregoya.cat\/ca\/#website","url":"https:\/\/www.teatregoya.cat\/ca\/","name":"Teatre Goya","description":"","publisher":{"@id":"https:\/\/www.teatregoya.cat\/ca\/#organization"},"potentialAction":[{"@type":"SearchAction","target":{"@type":"EntryPoint","urlTemplate":"https:\/\/www.teatregoya.cat\/ca\/?s={search_term_string}"},"query-input":{"@type":"PropertyValueSpecification","valueRequired":true,"valueName":"search_term_string"}}],"inLanguage":"ca"},{"@type":"Organization","@id":"https:\/\/www.teatregoya.cat\/ca\/#organization","name":"Teatre Goya","url":"https:\/\/www.teatregoya.cat\/ca\/","logo":{"@type":"ImageObject","inLanguage":"ca","@id":"https:\/\/www.teatregoya.cat\/ca\/#\/schema\/logo\/image\/","url":"https:\/\/www.teatregoya.cat\/wp-content\/uploads\/sites\/4\/2017\/09\/teatre-goya-logo.svg","contentUrl":"https:\/\/www.teatregoya.cat\/wp-content\/uploads\/sites\/4\/2017\/09\/teatre-goya-logo.svg","width":1,"height":1,"caption":"Teatre Goya"},"image":{"@id":"https:\/\/www.teatregoya.cat\/ca\/#\/schema\/logo\/image\/"},"sameAs":["http:\/\/www.facebook.com\/TeatreGoya","https:\/\/x.com\/Teatre_Goya","http:\/\/instagram.com\/teatre_goya","http:\/\/www.youtube.com\/user\/TeatreGoya"]}]}},"translations":[{"id":2811,"locale":"ca"},{"id":2953,"locale":"es"}],"_links":{"self":[{"href":"https:\/\/www.teatregoya.cat\/ca\/wp-json\/wp\/v2\/ex\/2811","targetHints":{"allow":["GET"]}}],"collection":[{"href":"https:\/\/www.teatregoya.cat\/ca\/wp-json\/wp\/v2\/ex"}],"about":[{"href":"https:\/\/www.teatregoya.cat\/ca\/wp-json\/wp\/v2\/types\/ex"}],"author":[{"embeddable":true,"href":"https:\/\/www.teatregoya.cat\/ca\/wp-json\/wp\/v2\/users\/2"}],"replies":[{"embeddable":true,"href":"https:\/\/www.teatregoya.cat\/ca\/wp-json\/wp\/v2\/comments?post=2811"}],"acf:term":[{"embeddable":true,"taxonomy":"season","href":"https:\/\/www.teatregoya.cat\/ca\/wp-json\/wp\/v2\/season\/62"}],"wp:attachment":[{"href":"https:\/\/www.teatregoya.cat\/ca\/wp-json\/wp\/v2\/media?parent=2811"}],"curies":[{"name":"wp","href":"https:\/\/api.w.org\/{rel}","templated":true}]}}