{"id":2808,"date":"2017-09-19T08:36:57","date_gmt":"2017-09-19T06:36:57","guid":{"rendered":"https:\/\/pre.teatregoya.cat\/ex\/\/iaia-2\/"},"modified":"2017-09-19T08:36:57","modified_gmt":"2017-09-19T06:36:57","slug":"iaia-2","status":"publish","type":"ex","link":"https:\/\/www.teatregoya.cat\/ca\/ex\/iaia-2\/","title":{"rendered":"Iaia!"},"content":{"rendered":"","protected":false},"excerpt":{"rendered":"","protected":false},"author":2,"featured_media":0,"comment_status":"closed","ping_status":"open","template":"","class_list":["post-2808","ex","type-ex","status-publish","hentry","season-2014-15"],"acf":{"txt_synopsis":"<p align=\"justify\">Per si sola ja tindria ganxo, la hist\u00f2ria d\u2019una iaia perepunyetes que boicoteja la vida sentimental del seu n\u00e9t, per\u00f2 si a m\u00e9s a m\u00e9s aquesta \u00e0via \u00e9s Montserrat Carulla, l\u2019espectacle esdev\u00e9 indispensable de cop. \u00c9s una ocasi\u00f3 d\u2019or per gaudir de la Carulla en estat pur, en un paper a mida que li ha tallat el seu fill, Roger Pe\u00f1a, i que interpreta al costat del seu n\u00e9t, Aleix Pe\u00f1a. Una com\u00e8dia doblement familiar on hi trobarem la Carulla m\u00e9s propera als personatges que l\u2019han fet tan popular i estimada. Una oportunitat \u00fanica per agrair a aquesta actriu tants anys de dedicaci\u00f3 al teatre. Les tres generacions de la nissaga Pe\u00f1a-Carulla ens regalen l\u2019homenatge m\u00e9s sincer a la matriarca.<br \/><br \/><strong>Durada:<\/strong> 1 h i 30 minuts (sense entreacte)<\/p>","main_buy_link":"#","main_buy_links":"","group_buy_link":"","show_language":"","show_duration":"","show_start_date":"20140909000000","show_end_date":"20141011000000","show_sort_date":"20131231000000","txt_custom_show_dates":"del 9 de setembre a l'11 d'octubre de 2014","show_disciplines":"","show_ultimes_funcions":false,"hide_tarifes_especials":false,"show_properament":false,"txt_additional_info":"","txt_present":"","show_season":[62],"txt_season":"[\"2014\/15\"]","txt_cycle":"","txt_claim":"","txt_cast_excerpt":"<strong>AUTOR I DIRECTOR:<\/strong> Roger Pe\u00f1a i Carulla<br \/><br \/>","txt_cast":"<p><strong>AUTOR:<\/strong> Roger Pe\u00f1a i Carulla<br \/><strong>DIRECCI\u00d3:<\/strong> Roger Pe\u00f1a i Carulla<\/p>\n<p><strong>REPARTIMENT:<\/strong> <br \/>Montserrat Carulla<br \/>Katia Klein<br \/>Aleix Pe\u00f1a<\/p>\n<p><strong>ESCENOGRAFIA:<\/strong> Carles Pujol<br \/><strong>IL\u00b7LUMINACI\u00d3:<\/strong> David Pujol<br \/><strong>VESTUARI:<\/strong> Eul\u00e0lia Miralles<\/p>\n<p><strong>COPRODUCCI\u00d3:<\/strong> Entresol Produccions, Festival Temporada Alta 2013 i Teatre-Auditori. Sant Cugat<\/p>","txt_reviews":"","hashtag":"","have_promo":"","slogan":"","id_exhibicio":968,"id_versio":735,"id_local":35,"txt_seo_desc":"","data_images":"[{\"localizer\":\"V2EXHBCARTELL\",\"url\":\"media\/ver\/cartell\/312C0\/01_079_00030985\/043iaia.jpg\",\"thumb_url\":\"media\/ver\/cartell\/312C0\/01_079_00030985\/043iaia_thumb.jpg\",\"title\":\"Iaia!\",\"description\":\"Iaia!\",\"copyright\":\"https:\/\/d1wfclq6bigznq.cloudfront.net\/tkrfc\/default\/045iaia.jpg\",\"order\":3},{\"localizer\":\"V2CARTELL\",\"url\":\"media\/ver\/cartell\/31260\/01_079_00027263\/list3.jpg\",\"thumb_url\":\"media\/ver\/cartell\/31260\/01_079_00027263\/list3_thumb.jpg\",\"title\":\"Iaia!\",\"description\":\"Iaia!\",\"copyright\":\"https:\/\/d1wfclq6bigznq.cloudfront.net\/tkrfc\/default\/045iaia.jpg\",\"order\":4},{\"localizer\":\"V2SLIDE\",\"url\":\"media\/ftgalslide\/31260\/01_076_00027358\/slide01.jpg\",\"thumb_url\":\"media\/ftgalslide\/31260\/01_076_00027358\/slide01_thumb.jpg\",\"title\":\"Iaia!\",\"description\":\"Montserrat Carulla\",\"copyright\":\"\",\"order\":5},{\"localizer\":\"V2SLIDE\",\"url\":\"media\/ftgalslide\/31260\/01_076_00027360\/slide03.jpg\",\"thumb_url\":\"media\/ftgalslide\/31260\/01_076_00027360\/slide03_thumb.jpg\",\"title\":\"Iaia!\",\"description\":\"Montserrat Carulla\",\"copyright\":\"\",\"order\":7},{\"localizer\":\"V2SLIDE\",\"url\":\"media\/ftgalslide\/31260\/01_076_00027361\/slide04.jpg\",\"thumb_url\":\"media\/ftgalslide\/31260\/01_076_00027361\/slide04_thumb.jpg\",\"title\":\"Iaia!\",\"description\":\"Aleix Pe\u00f1a\",\"copyright\":\"\",\"order\":8},{\"localizer\":\"V2SLIDE\",\"url\":\"media\/ftgalslide\/31260\/01_076_00027363\/slide06.jpg\",\"thumb_url\":\"media\/ftgalslide\/31260\/01_076_00027363\/slide06_thumb.jpg\",\"title\":\"Iaia!\",\"description\":\"Montserrat Carulla\",\"copyright\":\"\",\"order\":10},{\"localizer\":\"VERS_IMATGE_ESPECTACLE\",\"url\":\"media\/ftespect\/31260\/01_020_00027364\/gal01.jpg\",\"thumb_url\":\"media\/ftespect\/31260\/01_020_00027364\/gal01_thumb.jpg\",\"title\":\"Iaia!\",\"description\":\"Iaia!\",\"copyright\":\"\",\"order\":11},{\"localizer\":\"VERS_IMATGE_ESPECTACLE\",\"url\":\"media\/ftespect\/31260\/01_020_00027366\/gal03.jpg\",\"thumb_url\":\"media\/ftespect\/31260\/01_020_00027366\/gal03_thumb.jpg\",\"title\":\"Iaia!\",\"description\":\"Iaia!\",\"copyright\":\"\",\"order\":13},{\"localizer\":\"VERS_IMATGE_ESPECTACLE\",\"url\":\"media\/ftespect\/31260\/01_020_00027367\/gal04.jpg\",\"thumb_url\":\"media\/ftespect\/31260\/01_020_00027367\/gal04_thumb.jpg\",\"title\":\"Iaia!\",\"description\":\"Iaia!\",\"copyright\":\"\",\"order\":14},{\"localizer\":\"VERS_IMATGE_ESPECTACLE\",\"url\":\"media\/ftespect\/31260\/01_020_00027369\/gal06.jpg\",\"thumb_url\":\"media\/ftespect\/31260\/01_020_00027369\/gal06_thumb.jpg\",\"title\":\"Iaia!\",\"description\":\"Iaia!\",\"copyright\":\"\",\"order\":16},{\"localizer\":\"V2PORTADA\",\"url\":\"media\/ver\/port\/312C1\/01_078_00031266\/iaiaweb.jpg\",\"thumb_url\":\"media\/ver\/port\/312C1\/01_078_00031266\/iaiaweb_thumb.jpg\",\"title\":\"Iaia!\",\"description\":\"Iaia!\",\"copyright\":\"\",\"order\":20}]","material__texto_intro":"","data_material":null,"data_gallery":"","data_discounts":"[{\"InfoAddicional\":\"<p><strong>Tarifa especial:<\/strong> Targeta Rosa, Targeta Discapacitat, Club TR3SC i Carnet Jove.*<\/p><p><em>*Descomptes Targeta Rosa i Targeta Discapacitat nom\u00e9s aplicables comprant a taquilla <\/em><\/p><p><strong>Descomptes per a grups i escoles<br \/><\/strong><\/p>\",\"Url\":\"http:\/\/www.promentrada.com\",\"Codi\":\"0\",\"LogoUrl\":\"media\/fimage\/31389\/01_005_00038530\/logo_prome_nuevo_v_web.jpg\"},{\"InfoAddicional\":\"<p><strong>Descomptes per a particulars<br \/><\/strong><\/p>\",\"Url\":\"http:\/\/vip.promentrada.com\",\"Codi\":\"0\",\"LogoUrl\":\"media\/fimage\/31389\/01_005_00038559\/logo_prome_vip_v_web.jpg\"},{\"InfoAddicional\":\"<p><strong>NOUS DESCOMPTES:<\/strong><\/p><p><strong>Dimarts, dia de l'espectador<\/strong>. Consultar preus<\/p><p><strong>Majors de 65 anys, 15% dte*<br \/>Menors de 30 anys, 30% dte*<br \/>Menors de 16 anys, 16\u20ac*<br \/>Menors de 12 anys, 12\u20ac*<\/strong><\/p><p><em>Els preus i descomptes no tenen les despeses de gesti\u00f3 incloses<br \/>*Descompte aplicable per a totes les funcions excepte alguns festius i excepte determinats espectacles de car\u00e0cter familiar, infantil i d'altres<\/em><br \/><\/p>\",\"Url\":\"[TEXT]\",\"Codi\":\"0\",\"LogoUrl\":\"\"}]","contract_is_open":false,"in_tour":false},"yoast_head":"<!-- This site is optimized with the Yoast SEO plugin v27.5 - https:\/\/yoast.com\/product\/yoast-seo-wordpress\/ -->\n<title>Iaia! - Teatre Goya<\/title>\n<meta name=\"robots\" content=\"index, follow, max-snippet:-1, max-image-preview:large, max-video-preview:-1\" \/>\n<link rel=\"canonical\" href=\"https:\/\/www.teatregoya.cat\/ca\/ex\/iaia-2\/\" \/>\n<script type=\"application\/ld+json\" class=\"yoast-schema-graph\">{\"@context\":\"https:\\\/\\\/schema.org\",\"@graph\":[{\"@type\":\"WebPage\",\"@id\":\"https:\\\/\\\/www.teatregoya.cat\\\/ca\\\/ex\\\/iaia-2\\\/\",\"url\":\"https:\\\/\\\/www.teatregoya.cat\\\/ca\\\/ex\\\/iaia-2\\\/\",\"name\":\"Iaia! - Teatre Goya\",\"isPartOf\":{\"@id\":\"https:\\\/\\\/www.teatregoya.cat\\\/ca\\\/#website\"},\"datePublished\":\"2017-09-19T06:36:57+00:00\",\"breadcrumb\":{\"@id\":\"https:\\\/\\\/www.teatregoya.cat\\\/ca\\\/ex\\\/iaia-2\\\/#breadcrumb\"},\"inLanguage\":\"ca\",\"potentialAction\":[{\"@type\":\"ReadAction\",\"target\":[\"https:\\\/\\\/www.teatregoya.cat\\\/ca\\\/ex\\\/iaia-2\\\/\"]}]},{\"@type\":\"BreadcrumbList\",\"@id\":\"https:\\\/\\\/www.teatregoya.cat\\\/ca\\\/ex\\\/iaia-2\\\/#breadcrumb\",\"itemListElement\":[{\"@type\":\"ListItem\",\"position\":1,\"name\":\"Home\",\"item\":\"https:\\\/\\\/www.teatregoya.cat\\\/ca\\\/\"},{\"@type\":\"ListItem\",\"position\":2,\"name\":\"Espectacles\",\"item\":\"https:\\\/\\\/www.teatregoya.cat\\\/ca\\\/ex\\\/\"},{\"@type\":\"ListItem\",\"position\":3,\"name\":\"Iaia!\"}]},{\"@type\":\"WebSite\",\"@id\":\"https:\\\/\\\/www.teatregoya.cat\\\/ca\\\/#website\",\"url\":\"https:\\\/\\\/www.teatregoya.cat\\\/ca\\\/\",\"name\":\"Teatre Goya\",\"description\":\"\",\"publisher\":{\"@id\":\"https:\\\/\\\/www.teatregoya.cat\\\/ca\\\/#organization\"},\"potentialAction\":[{\"@type\":\"SearchAction\",\"target\":{\"@type\":\"EntryPoint\",\"urlTemplate\":\"https:\\\/\\\/www.teatregoya.cat\\\/ca\\\/?s={search_term_string}\"},\"query-input\":{\"@type\":\"PropertyValueSpecification\",\"valueRequired\":true,\"valueName\":\"search_term_string\"}}],\"inLanguage\":\"ca\"},{\"@type\":\"Organization\",\"@id\":\"https:\\\/\\\/www.teatregoya.cat\\\/ca\\\/#organization\",\"name\":\"Teatre Goya\",\"url\":\"https:\\\/\\\/www.teatregoya.cat\\\/ca\\\/\",\"logo\":{\"@type\":\"ImageObject\",\"inLanguage\":\"ca\",\"@id\":\"https:\\\/\\\/www.teatregoya.cat\\\/ca\\\/#\\\/schema\\\/logo\\\/image\\\/\",\"url\":\"https:\\\/\\\/www.teatregoya.cat\\\/wp-content\\\/uploads\\\/sites\\\/4\\\/2017\\\/09\\\/teatre-goya-logo.svg\",\"contentUrl\":\"https:\\\/\\\/www.teatregoya.cat\\\/wp-content\\\/uploads\\\/sites\\\/4\\\/2017\\\/09\\\/teatre-goya-logo.svg\",\"width\":1,\"height\":1,\"caption\":\"Teatre Goya\"},\"image\":{\"@id\":\"https:\\\/\\\/www.teatregoya.cat\\\/ca\\\/#\\\/schema\\\/logo\\\/image\\\/\"},\"sameAs\":[\"http:\\\/\\\/www.facebook.com\\\/TeatreGoya\",\"https:\\\/\\\/x.com\\\/Teatre_Goya\",\"http:\\\/\\\/instagram.com\\\/teatre_goya\",\"http:\\\/\\\/www.youtube.com\\\/user\\\/TeatreGoya\"]}]}<\/script>\n<!-- \/ Yoast SEO plugin. -->","yoast_head_json":{"title":"Iaia! - Teatre Goya","robots":{"index":"index","follow":"follow","max-snippet":"max-snippet:-1","max-image-preview":"max-image-preview:large","max-video-preview":"max-video-preview:-1"},"canonical":"https:\/\/www.teatregoya.cat\/ca\/ex\/iaia-2\/","schema":{"@context":"https:\/\/schema.org","@graph":[{"@type":"WebPage","@id":"https:\/\/www.teatregoya.cat\/ca\/ex\/iaia-2\/","url":"https:\/\/www.teatregoya.cat\/ca\/ex\/iaia-2\/","name":"Iaia! - Teatre Goya","isPartOf":{"@id":"https:\/\/www.teatregoya.cat\/ca\/#website"},"datePublished":"2017-09-19T06:36:57+00:00","breadcrumb":{"@id":"https:\/\/www.teatregoya.cat\/ca\/ex\/iaia-2\/#breadcrumb"},"inLanguage":"ca","potentialAction":[{"@type":"ReadAction","target":["https:\/\/www.teatregoya.cat\/ca\/ex\/iaia-2\/"]}]},{"@type":"BreadcrumbList","@id":"https:\/\/www.teatregoya.cat\/ca\/ex\/iaia-2\/#breadcrumb","itemListElement":[{"@type":"ListItem","position":1,"name":"Home","item":"https:\/\/www.teatregoya.cat\/ca\/"},{"@type":"ListItem","position":2,"name":"Espectacles","item":"https:\/\/www.teatregoya.cat\/ca\/ex\/"},{"@type":"ListItem","position":3,"name":"Iaia!"}]},{"@type":"WebSite","@id":"https:\/\/www.teatregoya.cat\/ca\/#website","url":"https:\/\/www.teatregoya.cat\/ca\/","name":"Teatre Goya","description":"","publisher":{"@id":"https:\/\/www.teatregoya.cat\/ca\/#organization"},"potentialAction":[{"@type":"SearchAction","target":{"@type":"EntryPoint","urlTemplate":"https:\/\/www.teatregoya.cat\/ca\/?s={search_term_string}"},"query-input":{"@type":"PropertyValueSpecification","valueRequired":true,"valueName":"search_term_string"}}],"inLanguage":"ca"},{"@type":"Organization","@id":"https:\/\/www.teatregoya.cat\/ca\/#organization","name":"Teatre Goya","url":"https:\/\/www.teatregoya.cat\/ca\/","logo":{"@type":"ImageObject","inLanguage":"ca","@id":"https:\/\/www.teatregoya.cat\/ca\/#\/schema\/logo\/image\/","url":"https:\/\/www.teatregoya.cat\/wp-content\/uploads\/sites\/4\/2017\/09\/teatre-goya-logo.svg","contentUrl":"https:\/\/www.teatregoya.cat\/wp-content\/uploads\/sites\/4\/2017\/09\/teatre-goya-logo.svg","width":1,"height":1,"caption":"Teatre Goya"},"image":{"@id":"https:\/\/www.teatregoya.cat\/ca\/#\/schema\/logo\/image\/"},"sameAs":["http:\/\/www.facebook.com\/TeatreGoya","https:\/\/x.com\/Teatre_Goya","http:\/\/instagram.com\/teatre_goya","http:\/\/www.youtube.com\/user\/TeatreGoya"]}]}},"translations":[{"id":2808,"locale":"ca"},{"id":2950,"locale":"es"}],"_links":{"self":[{"href":"https:\/\/www.teatregoya.cat\/ca\/wp-json\/wp\/v2\/ex\/2808","targetHints":{"allow":["GET"]}}],"collection":[{"href":"https:\/\/www.teatregoya.cat\/ca\/wp-json\/wp\/v2\/ex"}],"about":[{"href":"https:\/\/www.teatregoya.cat\/ca\/wp-json\/wp\/v2\/types\/ex"}],"author":[{"embeddable":true,"href":"https:\/\/www.teatregoya.cat\/ca\/wp-json\/wp\/v2\/users\/2"}],"replies":[{"embeddable":true,"href":"https:\/\/www.teatregoya.cat\/ca\/wp-json\/wp\/v2\/comments?post=2808"}],"acf:term":[{"embeddable":true,"taxonomy":"season","href":"https:\/\/www.teatregoya.cat\/ca\/wp-json\/wp\/v2\/season\/62"}],"wp:attachment":[{"href":"https:\/\/www.teatregoya.cat\/ca\/wp-json\/wp\/v2\/media?parent=2808"}],"curies":[{"name":"wp","href":"https:\/\/api.w.org\/{rel}","templated":true}]}}