{"id":2791,"date":"2017-09-19T08:36:41","date_gmt":"2017-09-19T06:36:41","guid":{"rendered":"https:\/\/pre.teatregoya.cat\/ex\/\/el-nom\/"},"modified":"2017-09-19T08:36:41","modified_gmt":"2017-09-19T06:36:41","slug":"el-nom","status":"publish","type":"ex","link":"https:\/\/www.teatregoya.cat\/ca\/ex\/el-nom\/","title":{"rendered":"El nom"},"content":{"rendered":"","protected":false},"excerpt":{"rendered":"","protected":false},"author":2,"featured_media":0,"comment_status":"closed","ping_status":"open","template":"","class_list":["post-2791","ex","type-ex","status-publish","hentry","season-2012-13"],"acf":{"txt_synopsis":"<p align=\"justify\">En Vicen\u00e7 \u00e9s a punt de ser pare per primera vegada als quaranta anys. Quan \u00e9s convidat a sopar a casa de la Isabel i del Pere, la seva germana i el seu cunyat, es retroba amb en Claudi, un bon amic de la inf\u00e0ncia. Mentre esperen l\u2019Anna, la companya del Vicen\u00e7, que t\u00e9 el costum d\u2019arribar amb retard, li fan tot un seguit de preguntes sobre la seva paternitat i el que aix\u00f2 comporta sense mai perdre el sentit de l\u2019humor...Per\u00f2, quan sobtadament li pregunten, si ja ha escollit un nom pel nen, la seva resposta deixa a tots bocabadats.&nbsp;&nbsp; <\/p>\n<p align=\"justify\"><strong>Durada: 1 hora 30 minuts (sense entreacte)<\/strong><\/p>","main_buy_link":"#","main_buy_links":"","group_buy_link":"","show_language":"","show_duration":"","show_start_date":"20121019000000","show_end_date":"20130310000000","show_sort_date":"20121019000000","txt_custom_show_dates":"del 19 d'octubre de 2012 al 10 de mar\u00e7 de 2013","show_disciplines":"","show_ultimes_funcions":false,"hide_tarifes_especials":false,"show_properament":false,"txt_additional_info":"","txt_present":"","show_season":[60],"txt_season":"[\"2012\/13\"]","txt_cycle":"","txt_claim":"","txt_cast_excerpt":"","txt_cast":"","txt_reviews":"<p align=\"justify\">\u201cJoel Joan, una bestia c\u00f3mica. La gracia del texto, la energ\u00eda actoral y la firmeza de la puesta mantienen constantemente en alto la atenci\u00f3n del p\u00fablico, que premia con una ovaci\u00f3n rotunda\u201d <strong>Marcos Ord\u00f3\u00f1ez. El Pa\u00eds (Babelia)<\/strong><\/p>\n<p align=\"justify\">\u201cUna com\u00e8dia excel\u00b7lent. 4 estrelles. Ritme, di\u00e0legs brillants i un factor X que desencadena el caos. Interpretacions excel\u00b7lents\u201d. <strong>Juan Carlos Olivares. Time OUT<\/strong><\/p>\n<p align=\"justify\">\u201cComedia redonda. Ritmo agil, di\u00e1logos brillantes y humor inteligente. A Joel Joan le sienta como un guante la tesitura moral de su protagonista. Xavi Mira borda al pedante profesor. Llu\u00eds Villanueva convence. Una buena apuesta.\u201d <strong>Sergi D\u00f2ria. ABC<\/strong><\/p>\n<p align=\"justify\">\"Joel Joan debuta amb bon pols com a director teatral i sedueix al Goya amb aquesta \u00e0cida com\u00e8dia. Divertides r\u00e8pliques i cops de bon teatre popular mantenen constant l\u2019inter\u00e8s fins a arribar al sorprenent final. A la vista de la gran acollida que va tenir en la seva estrena, el fenomen de l\u2019espaterrant \u00e8xit franc\u00e8s tornar\u00e0 a repetir-se a Barcelona\". <strong>Cesar L\u00f3pez Rosell. El Peri\u00f3dico de Catalunya.<\/strong><\/p>\n<p align=\"justify\">\"Joel Joan exhibeix un histrionisme abassegador i absolutament magn\u00e8tic. La seva direcci\u00f3 esc\u00e8nica \u00e9s d\u2019una efic\u00e0cia inq\u00fcestionable. Actuacions magn\u00edfiques, molt cuidades. A partir d\u2019un text intel\u00b7ligent, la dignitat de l\u2019entreteniment est\u00e0 assegurada\". <strong>Joan-Anton Benach. La Vanguardia.<\/strong><\/p>\n<p align=\"justify\">\u201cUna gran com\u00e8dia. Aquest nom fa olor d\u2019\u00e8xit.\u201d <strong>Santi Fondevila. ARA<\/strong><\/p>\n<p align=\"justify\">\u201cExcel\u00b7lent pe\u00e7a de falsedats. El Nom promet mesos d\u2019\u00e8xit.\u201d <strong>Jordi Bordes. El Punt Avui (Cultura)<\/strong><\/p>","hashtag":"","have_promo":"","slogan":"","id_exhibicio":777,"id_versio":601,"id_local":35,"txt_seo_desc":"","data_images":"[{\"localizer\":\"V2EXHBCARTELL\",\"url\":\"media\/ver\/cartell\/3125F\/01_079_00027101\/list3.jpg\",\"thumb_url\":\"media\/ver\/cartell\/3125F\/01_079_00027101\/list3_thumb.jpg\",\"title\":\"El nom\",\"description\":\"El nom\",\"copyright\":\"\",\"order\":1},{\"localizer\":\"V2CARTELL\",\"url\":\"media\/ver\/cartell\/311F8\/01_079_00021997\/list.jpg\",\"thumb_url\":\"media\/ver\/cartell\/311F8\/01_079_00021997\/list_thumb.jpg\",\"title\":\"El nom\",\"description\":\"El nom\",\"copyright\":\"https:\/\/d1wfclq6bigznq.cloudfront.net\/tkrfc\/default\/elnom3.jpg\",\"order\":2},{\"localizer\":\"V2SLIDE\",\"url\":\"media\/ftgalslide\/311FA\/01_076_00022682\/slide1.jpg\",\"thumb_url\":\"media\/ftgalslide\/311FA\/01_076_00022682\/slide1_thumb.jpg\",\"title\":\"El nom\",\"description\":\"Joel Joan, Llu\u00eds Villanueva, Xavi Mira, Sandra Moncl\u00fas i Mireia Piferrer\",\"copyright\":\"http:\/\/www.youtube.com\/watch?v=gyqPnZ8Yfww\",\"order\":11},{\"localizer\":\"V2SLIDE\",\"url\":\"media\/ftgalslide\/311FA\/01_076_00022678\/slide1.jpg\",\"thumb_url\":\"media\/ftgalslide\/311FA\/01_076_00022678\/slide1_thumb.jpg\",\"title\":\"El nom\",\"description\":\"Joel Joan, Llu\u00eds Villanueva, Xavi Mira, Sandra Moncl\u00fas i Mireia Piferrer\",\"copyright\":\"http:\/\/www.youtube.com\/watch?v=h1Lk0JC8DJY\",\"order\":12},{\"localizer\":\"V2SLIDE\",\"url\":\"media\/ftgalslide\/311FA\/01_076_00022716\/slide01.jpg\",\"thumb_url\":\"media\/ftgalslide\/311FA\/01_076_00022716\/slide01_thumb.jpg\",\"title\":\"El nom\",\"description\":\"Joel Joan, Llu\u00eds Villanueva, Xavi Mira, Sandra Moncl\u00fas i Mireia Piferrer\",\"copyright\":\"\",\"order\":13},{\"localizer\":\"V2SLIDE\",\"url\":\"media\/ftgalslide\/311FA\/01_076_00022717\/slide02.jpg\",\"thumb_url\":\"media\/ftgalslide\/311FA\/01_076_00022717\/slide02_thumb.jpg\",\"title\":\"El nom\",\"description\":\"Joel Joan, Llu\u00eds Villanueva, Xavi Mira, Sandra Moncl\u00fas i Mireia Piferrer\",\"copyright\":\"\",\"order\":14},{\"localizer\":\"V2SLIDE\",\"url\":\"media\/ftgalslide\/311FA\/01_076_00022718\/slide03.jpg\",\"thumb_url\":\"media\/ftgalslide\/311FA\/01_076_00022718\/slide03_thumb.jpg\",\"title\":\"El nom\",\"description\":\"Joel Joan, Llu\u00eds Villanueva, Xavi Mira i Mireia Piferrer\",\"copyright\":\"\",\"order\":15},{\"localizer\":\"V2SLIDE\",\"url\":\"media\/ftgalslide\/311FA\/01_076_00022719\/slide04.jpg\",\"thumb_url\":\"media\/ftgalslide\/311FA\/01_076_00022719\/slide04_thumb.jpg\",\"title\":\"El nom\",\"description\":\"Joel Joan, Llu\u00eds Villanueva, Xavi Mira, Sandra Moncl\u00fas i Mireia Piferrer\",\"copyright\":\"\",\"order\":16},{\"localizer\":\"V2SLIDE\",\"url\":\"media\/ftgalslide\/311FA\/01_076_00022720\/slide05.jpg\",\"thumb_url\":\"media\/ftgalslide\/311FA\/01_076_00022720\/slide05_thumb.jpg\",\"title\":\"El nom\",\"description\":\"Joel Joan, Llu\u00eds Villanueva, Xavi Mira, Sandra Moncl\u00fas i Mireia Piferrer\",\"copyright\":\"\",\"order\":17},{\"localizer\":\"V2SLIDE\",\"url\":\"media\/ftgalslide\/311FA\/01_076_00022721\/slide06.jpg\",\"thumb_url\":\"media\/ftgalslide\/311FA\/01_076_00022721\/slide06_thumb.jpg\",\"title\":\"El nom\",\"description\":\"Joel Joan, Llu\u00eds Villanueva, Xavi Mira, Sandra Moncl\u00fas i Mireia Piferrer\",\"copyright\":\"\",\"order\":18},{\"localizer\":\"V2SLIDE\",\"url\":\"media\/ftgalslide\/311FA\/01_076_00022722\/slide07.jpg\",\"thumb_url\":\"media\/ftgalslide\/311FA\/01_076_00022722\/slide07_thumb.jpg\",\"title\":\"El nom\",\"description\":\"Joel Joan, Llu\u00eds Villanueva, Xavi Mira, Sandra Moncl\u00fas\",\"copyright\":\"\",\"order\":19},{\"localizer\":\"VERS_IMATGE_ESPECTACLE\",\"url\":\"media\/ftespect\/311FA\/01_020_00022723\/gal01.jpg\",\"thumb_url\":\"media\/ftespect\/311FA\/01_020_00022723\/gal01_thumb.jpg\",\"title\":\"El nom\",\"description\":\"El nom\",\"copyright\":\"\",\"order\":20},{\"localizer\":\"VERS_IMATGE_ESPECTACLE\",\"url\":\"media\/ftespect\/311FA\/01_020_00022724\/gal02.jpg\",\"thumb_url\":\"media\/ftespect\/311FA\/01_020_00022724\/gal02_thumb.jpg\",\"title\":\"El nom\",\"description\":\"El nom\",\"copyright\":\"\",\"order\":21},{\"localizer\":\"VERS_IMATGE_ESPECTACLE\",\"url\":\"media\/ftespect\/311FA\/01_020_00022725\/gal03.jpg\",\"thumb_url\":\"media\/ftespect\/311FA\/01_020_00022725\/gal03_thumb.jpg\",\"title\":\"El nom\",\"description\":\"El nom\",\"copyright\":\"\",\"order\":22},{\"localizer\":\"VERS_IMATGE_ESPECTACLE\",\"url\":\"media\/ftespect\/311FA\/01_020_00022726\/gal04.jpg\",\"thumb_url\":\"media\/ftespect\/311FA\/01_020_00022726\/gal04_thumb.jpg\",\"title\":\"El nom\",\"description\":\"El nom\",\"copyright\":\"\",\"order\":23},{\"localizer\":\"VERS_IMATGE_ESPECTACLE\",\"url\":\"media\/ftespect\/311FA\/01_020_00022727\/gal05.jpg\",\"thumb_url\":\"media\/ftespect\/311FA\/01_020_00022727\/gal05_thumb.jpg\",\"title\":\"El nom\",\"description\":\"El nom\",\"copyright\":\"\",\"order\":24},{\"localizer\":\"VERS_IMATGE_ESPECTACLE\",\"url\":\"media\/ftespect\/311FA\/01_020_00022728\/gal06.jpg\",\"thumb_url\":\"media\/ftespect\/311FA\/01_020_00022728\/gal06_thumb.jpg\",\"title\":\"El nom\",\"description\":\"El nom\",\"copyright\":\"\",\"order\":25},{\"localizer\":\"VERS_IMATGE_ESPECTACLE\",\"url\":\"media\/ftespect\/311FA\/01_020_00022729\/gal07.jpg\",\"thumb_url\":\"media\/ftespect\/311FA\/01_020_00022729\/gal07_thumb.jpg\",\"title\":\"El nom\",\"description\":\"El nom\",\"copyright\":\"\",\"order\":26},{\"localizer\":\"V2PORTADA\",\"url\":\"media\/ver\/port\/312BA\/01_078_00028058\/nomweb.jpg\",\"thumb_url\":\"media\/ver\/port\/312BA\/01_078_00028058\/nomweb_thumb.jpg\",\"title\":\"El nom\",\"description\":\"El nom\",\"copyright\":\"\",\"order\":30}]","material__texto_intro":"","data_material":null,"data_gallery":"","data_discounts":"[{\"InfoAddicional\":\"<p><strong>Tarifa especial:<\/strong> Targeta Rosa, Targeta Discapacitat, Club TR3SC i Carnet Jove.*<\/p><p><em>*Descomptes Targeta Rosa i Targeta Discapacitat nom\u00e9s aplicables comprant a taquilla <\/em><\/p><p><strong>Descomptes per a grups i escoles<br \/><\/strong><\/p>\",\"Url\":\"http:\/\/www.promentrada.com\",\"Codi\":\"0\",\"LogoUrl\":\"media\/fimage\/31389\/01_005_00038530\/logo_prome_nuevo_v_web.jpg\"},{\"InfoAddicional\":\"<p><strong>Descomptes per a particulars<br \/><\/strong><\/p>\",\"Url\":\"http:\/\/vip.promentrada.com\",\"Codi\":\"0\",\"LogoUrl\":\"media\/fimage\/31389\/01_005_00038559\/logo_prome_vip_v_web.jpg\"}]","contract_is_open":false,"in_tour":false},"yoast_head":"<!-- This site is optimized with the Yoast SEO plugin v27.5 - https:\/\/yoast.com\/product\/yoast-seo-wordpress\/ -->\n<title>El nom - Teatre Goya<\/title>\n<meta name=\"robots\" content=\"index, follow, max-snippet:-1, max-image-preview:large, max-video-preview:-1\" \/>\n<link rel=\"canonical\" href=\"https:\/\/www.teatregoya.cat\/ca\/ex\/el-nom\/\" \/>\n<script type=\"application\/ld+json\" class=\"yoast-schema-graph\">{\"@context\":\"https:\\\/\\\/schema.org\",\"@graph\":[{\"@type\":\"WebPage\",\"@id\":\"https:\\\/\\\/www.teatregoya.cat\\\/ca\\\/ex\\\/el-nom\\\/\",\"url\":\"https:\\\/\\\/www.teatregoya.cat\\\/ca\\\/ex\\\/el-nom\\\/\",\"name\":\"El nom - Teatre Goya\",\"isPartOf\":{\"@id\":\"https:\\\/\\\/www.teatregoya.cat\\\/ca\\\/#website\"},\"datePublished\":\"2017-09-19T06:36:41+00:00\",\"breadcrumb\":{\"@id\":\"https:\\\/\\\/www.teatregoya.cat\\\/ca\\\/ex\\\/el-nom\\\/#breadcrumb\"},\"inLanguage\":\"ca\",\"potentialAction\":[{\"@type\":\"ReadAction\",\"target\":[\"https:\\\/\\\/www.teatregoya.cat\\\/ca\\\/ex\\\/el-nom\\\/\"]}]},{\"@type\":\"BreadcrumbList\",\"@id\":\"https:\\\/\\\/www.teatregoya.cat\\\/ca\\\/ex\\\/el-nom\\\/#breadcrumb\",\"itemListElement\":[{\"@type\":\"ListItem\",\"position\":1,\"name\":\"Home\",\"item\":\"https:\\\/\\\/www.teatregoya.cat\\\/ca\\\/\"},{\"@type\":\"ListItem\",\"position\":2,\"name\":\"Espectacles\",\"item\":\"https:\\\/\\\/www.teatregoya.cat\\\/ca\\\/ex\\\/\"},{\"@type\":\"ListItem\",\"position\":3,\"name\":\"El nom\"}]},{\"@type\":\"WebSite\",\"@id\":\"https:\\\/\\\/www.teatregoya.cat\\\/ca\\\/#website\",\"url\":\"https:\\\/\\\/www.teatregoya.cat\\\/ca\\\/\",\"name\":\"Teatre Goya\",\"description\":\"\",\"publisher\":{\"@id\":\"https:\\\/\\\/www.teatregoya.cat\\\/ca\\\/#organization\"},\"potentialAction\":[{\"@type\":\"SearchAction\",\"target\":{\"@type\":\"EntryPoint\",\"urlTemplate\":\"https:\\\/\\\/www.teatregoya.cat\\\/ca\\\/?s={search_term_string}\"},\"query-input\":{\"@type\":\"PropertyValueSpecification\",\"valueRequired\":true,\"valueName\":\"search_term_string\"}}],\"inLanguage\":\"ca\"},{\"@type\":\"Organization\",\"@id\":\"https:\\\/\\\/www.teatregoya.cat\\\/ca\\\/#organization\",\"name\":\"Teatre Goya\",\"url\":\"https:\\\/\\\/www.teatregoya.cat\\\/ca\\\/\",\"logo\":{\"@type\":\"ImageObject\",\"inLanguage\":\"ca\",\"@id\":\"https:\\\/\\\/www.teatregoya.cat\\\/ca\\\/#\\\/schema\\\/logo\\\/image\\\/\",\"url\":\"https:\\\/\\\/www.teatregoya.cat\\\/wp-content\\\/uploads\\\/sites\\\/4\\\/2017\\\/09\\\/teatre-goya-logo.svg\",\"contentUrl\":\"https:\\\/\\\/www.teatregoya.cat\\\/wp-content\\\/uploads\\\/sites\\\/4\\\/2017\\\/09\\\/teatre-goya-logo.svg\",\"width\":1,\"height\":1,\"caption\":\"Teatre Goya\"},\"image\":{\"@id\":\"https:\\\/\\\/www.teatregoya.cat\\\/ca\\\/#\\\/schema\\\/logo\\\/image\\\/\"},\"sameAs\":[\"http:\\\/\\\/www.facebook.com\\\/TeatreGoya\",\"https:\\\/\\\/x.com\\\/Teatre_Goya\",\"http:\\\/\\\/instagram.com\\\/teatre_goya\",\"http:\\\/\\\/www.youtube.com\\\/user\\\/TeatreGoya\"]}]}<\/script>\n<!-- \/ Yoast SEO plugin. -->","yoast_head_json":{"title":"El nom - Teatre Goya","robots":{"index":"index","follow":"follow","max-snippet":"max-snippet:-1","max-image-preview":"max-image-preview:large","max-video-preview":"max-video-preview:-1"},"canonical":"https:\/\/www.teatregoya.cat\/ca\/ex\/el-nom\/","schema":{"@context":"https:\/\/schema.org","@graph":[{"@type":"WebPage","@id":"https:\/\/www.teatregoya.cat\/ca\/ex\/el-nom\/","url":"https:\/\/www.teatregoya.cat\/ca\/ex\/el-nom\/","name":"El nom - Teatre Goya","isPartOf":{"@id":"https:\/\/www.teatregoya.cat\/ca\/#website"},"datePublished":"2017-09-19T06:36:41+00:00","breadcrumb":{"@id":"https:\/\/www.teatregoya.cat\/ca\/ex\/el-nom\/#breadcrumb"},"inLanguage":"ca","potentialAction":[{"@type":"ReadAction","target":["https:\/\/www.teatregoya.cat\/ca\/ex\/el-nom\/"]}]},{"@type":"BreadcrumbList","@id":"https:\/\/www.teatregoya.cat\/ca\/ex\/el-nom\/#breadcrumb","itemListElement":[{"@type":"ListItem","position":1,"name":"Home","item":"https:\/\/www.teatregoya.cat\/ca\/"},{"@type":"ListItem","position":2,"name":"Espectacles","item":"https:\/\/www.teatregoya.cat\/ca\/ex\/"},{"@type":"ListItem","position":3,"name":"El nom"}]},{"@type":"WebSite","@id":"https:\/\/www.teatregoya.cat\/ca\/#website","url":"https:\/\/www.teatregoya.cat\/ca\/","name":"Teatre Goya","description":"","publisher":{"@id":"https:\/\/www.teatregoya.cat\/ca\/#organization"},"potentialAction":[{"@type":"SearchAction","target":{"@type":"EntryPoint","urlTemplate":"https:\/\/www.teatregoya.cat\/ca\/?s={search_term_string}"},"query-input":{"@type":"PropertyValueSpecification","valueRequired":true,"valueName":"search_term_string"}}],"inLanguage":"ca"},{"@type":"Organization","@id":"https:\/\/www.teatregoya.cat\/ca\/#organization","name":"Teatre Goya","url":"https:\/\/www.teatregoya.cat\/ca\/","logo":{"@type":"ImageObject","inLanguage":"ca","@id":"https:\/\/www.teatregoya.cat\/ca\/#\/schema\/logo\/image\/","url":"https:\/\/www.teatregoya.cat\/wp-content\/uploads\/sites\/4\/2017\/09\/teatre-goya-logo.svg","contentUrl":"https:\/\/www.teatregoya.cat\/wp-content\/uploads\/sites\/4\/2017\/09\/teatre-goya-logo.svg","width":1,"height":1,"caption":"Teatre Goya"},"image":{"@id":"https:\/\/www.teatregoya.cat\/ca\/#\/schema\/logo\/image\/"},"sameAs":["http:\/\/www.facebook.com\/TeatreGoya","https:\/\/x.com\/Teatre_Goya","http:\/\/instagram.com\/teatre_goya","http:\/\/www.youtube.com\/user\/TeatreGoya"]}]}},"translations":[{"id":2791,"locale":"ca"},{"id":2933,"locale":"es"}],"_links":{"self":[{"href":"https:\/\/www.teatregoya.cat\/ca\/wp-json\/wp\/v2\/ex\/2791","targetHints":{"allow":["GET"]}}],"collection":[{"href":"https:\/\/www.teatregoya.cat\/ca\/wp-json\/wp\/v2\/ex"}],"about":[{"href":"https:\/\/www.teatregoya.cat\/ca\/wp-json\/wp\/v2\/types\/ex"}],"author":[{"embeddable":true,"href":"https:\/\/www.teatregoya.cat\/ca\/wp-json\/wp\/v2\/users\/2"}],"replies":[{"embeddable":true,"href":"https:\/\/www.teatregoya.cat\/ca\/wp-json\/wp\/v2\/comments?post=2791"}],"acf:term":[{"embeddable":true,"taxonomy":"season","href":"https:\/\/www.teatregoya.cat\/ca\/wp-json\/wp\/v2\/season\/60"}],"wp:attachment":[{"href":"https:\/\/www.teatregoya.cat\/ca\/wp-json\/wp\/v2\/media?parent=2791"}],"curies":[{"name":"wp","href":"https:\/\/api.w.org\/{rel}","templated":true}]}}